{"id":14529,"date":"2026-01-26T09:44:39","date_gmt":"2026-01-26T09:44:39","guid":{"rendered":"https:\/\/franciscodevitoria.eus\/innovacion\/"},"modified":"2026-01-26T11:26:36","modified_gmt":"2026-01-26T11:26:36","slug":"berrikuntza","status":"publish","type":"page","link":"https:\/\/franciscodevitoria.eus\/eu\/berrikuntza\/","title":{"rendered":"Berrikuntza"},"content":{"rendered":"<div class=\"wpb-content-wrapper\"><div class=\"vc_row wpb_row vc_row-fluid wpex-relative hidden\"><div class=\"wpb_column vc_column_container vc_col-sm-12\"><div class=\"vc_column-inner\"><div class=\"wpb_wrapper\"><div class=\"templatera_shortcode\"><style type=\"text\/css\" data-type=\"vc_shortcodes-custom-css\">.vc_custom_1643712789515{margin-top: -70px !important;margin-right: 0px !important;margin-bottom: 0px !important;margin-left: 0px !important;padding-top: 0px !important;padding-right: 0px !important;padding-bottom: 8px !important;padding-left: 0px !important;background-position: center !important;background-repeat: no-repeat !important;background-size: cover !important;}.vc_custom_1643309417186{margin-top: 0px !important;margin-right: 0px !important;margin-bottom: 0px !important;margin-left: 0px !important;padding-top: 0px !important;padding-right: 0px !important;padding-bottom: 0px !important;padding-left: 0px !important;}.vc_custom_1643308885458{margin-top: 0px !important;margin-right: 0px !important;margin-bottom: 0px !important;margin-left: 0px !important;padding-top: 0px !important;padding-right: 0px !important;padding-bottom: 0px !important;padding-left: 0px !important;}.vc_custom_1643709633166{background-color: #ffffff !important;}.vc_custom_1643308967378{margin-bottom: 15px !important;}.vc_custom_1750332405185{margin-top: 10px !important;margin-bottom: 10px !important;}.vc_custom_1750332414793{margin-top: 5px !important;margin-bottom: 5px !important;}<\/style><div class=\"vc_row wpb_row vc_row-fluid top_negativo vc_custom_1643712789515 vc_row-o-content-middle vc_row-flex wpex-relative wpex-vc_row-has-fill wpex-vc-reset-negative-margin\"><div class=\"wpb_column caja_iconos_top vc_column_container vc_col-sm-8\"><div class=\"vc_column-inner vc_custom_1643309417186\"><div class=\"wpb_wrapper\"><div class=\"vc_row wpb_row vc_inner vc_row-fluid degra_morado vc_custom_1643308885458 wpex-relative\"><div class=\"wpb_column vc_column_container vc_col-sm-12\"><div class=\"vc_column-inner vc_custom_1643308967378\"><div class=\"wpb_wrapper\"><div class=\"vcex-spacing wpex-w-100 wpex-clear visible-phone\" style=\"height:5px;\"><\/div><\/div><\/div><\/div><\/div><div id=\"descripcion\" class=\"vc_row wpb_row vc_inner vc_row-fluid titus_menu vc_custom_1643709633166 wpex-relative wpex-vc_row-has-fill wpex-vc-reset-negative-margin\"><div class=\"wpb_column enlaces_top_margin vc_column_container vc_col-sm-12\"><div class=\"vc_column-inner\"><div class=\"wpb_wrapper\"><style>.vcex_69f4754ca2d12{font-size:18px!important;}@media (max-width:1024px){.vcex_69f4754ca2d12{font-size:18px!important;}}@media (max-width:959px){.vcex_69f4754ca2d12{font-size:16px!important;}}@media (max-width:767px){.vcex_69f4754ca2d12{font-size:16px!important;}}@media (max-width:479px){.vcex_69f4754ca2d12{font-size:16px!important;}}<\/style>\n\t<div style=\"color:#000000;font-family:&#039;Roboto Condensed&#039;;font-weight:400;text-align:center;line-height:20px;\" class=\"wpb_text_column vcex_69f4754ca2d12 has-custom-color wpex-child-inherit-color hidden-phone wpb_content_element vc_custom_1750332405185\" >\n\t\t<div class=\"wpb_wrapper\">\n\t\t\t<p style=\"text-align: center!important;\"><a class=\"local-scroll\" style=\"text-decoration: none;\" href=\"#modulos\"> M\u00f3dulos<\/a> <a class=\"local-scroll\" style=\"text-decoration: none;\" href=\"#perfil\"> Requisitos de Acceso<\/a> <a class=\"local-scroll\" style=\"text-decoration: none;\" href=\"#salidas\"> Salidas<\/a> <a class=\"local-scroll\" style=\"text-decoration: none;\" href=\"#galeria\"> Im\u00e1genes<\/a> <a class=\"local-scroll\" style=\"text-decoration: none;\" href=\"#calendario\"> Calendario<\/a> <a class=\"local-scroll\" style=\"text-decoration: none;\" href=\"https:\/\/franciscodevitoria.eus\/contacto\/\"> Inf\u00f3rmate <i class=\"fa fa-info-circle\" aria-hidden=\"true\"><\/i><\/a><\/p>\n\n\t\t<\/div>\n\t<\/div>\n<style>.vcex_69f4754ca301b{font-size:18px!important;}@media (max-width:1024px){.vcex_69f4754ca301b{font-size:18px!important;}}@media (max-width:959px){.vcex_69f4754ca301b{font-size:16px!important;}}@media (max-width:767px){.vcex_69f4754ca301b{font-size:16px!important;}}@media (max-width:479px){.vcex_69f4754ca301b{font-size:16px!important;}}<\/style>\n\t<div style=\"color:#000000;font-family:&#039;Roboto Condensed&#039;;font-weight:400;text-align:center;line-height:20px;\" class=\"wpb_text_column vcex_69f4754ca301b has-custom-color wpex-child-inherit-color visible-phone wpb_content_element vc_custom_1750332414793\" >\n\t\t<div class=\"wpb_wrapper\">\n\t\t\t<p style=\"text-align: center!important;\"><a class=\"local-scroll\" style=\"text-decoration: none;\" href=\"#modulos\"> M\u00f3dulos<\/a> <a class=\"local-scroll\" style=\"text-decoration: none;\" href=\"#perfil\"> Requisitos de Acceso<\/a> <a class=\"local-scroll\" style=\"text-decoration: none;\" href=\"#salidas\"> Salidas<\/a><br \/>\n<a class=\"local-scroll\" style=\"text-decoration: none;\" href=\"#galeria\">Im\u00e1genes<\/a><a class=\"local-scroll\" style=\"text-decoration: none;\" href=\"#calendario\">Calendario<\/a><a class=\"local-scroll\" style=\"text-decoration: none;\" href=\"https:\/\/franciscodevitoria.eus\/contacto\/\">Inf\u00f3rmate <i class=\"fa fa-info-circle\" aria-hidden=\"true\"><\/i><\/a><\/p>\n\n\t\t<\/div>\n\t<\/div>\n<\/div><\/div><\/div><\/div><\/div><\/div><\/div><div class=\"wpb_column vc_column_container vc_col-sm-4\"><div class=\"vc_column-inner\"><div class=\"wpb_wrapper\"><\/div><\/div><\/div><\/div><\/div><\/div><\/div><\/div><\/div><div class=\"vc_row wpb_row vc_row-fluid fondo_top_ciclosss vc_rtl-columns-reverse wpex-vc-full-width-row wpex-vc-full-width-row--centered wpex-relative\"><div class=\"wpb_column vc_column_container vc_col-sm-8\"><div class=\"vc_column-inner\"><div class=\"wpb_wrapper\"><div class=\"vc_row wpb_row vc_inner vc_row-fluid caja_iconos_top borde_grana vc_custom_1751279320679 wpex-relative wpex-vc_row-has-fill visible-phone wpex-vc-reset-negative-margin\"><div class=\"wpb_column vc_column_container vc_col-sm-12 wpex-vc_col-has-fill\"><div class=\"vc_column-inner vc_custom_1643624980315\"><div class=\"wpb_wrapper\">\n\t<div style=\"color:#ffffff;font-family:Exo;font-size:30px;font-weight:600;\" class=\"wpb_text_column has-custom-color wpex-child-inherit-color wpb_content_element vc_custom_1769424231607 degra_morado_vertical\" >\n\t\t<div class=\"wpb_wrapper\">\n\t\t\t<p style=\"text-align: center!important;\">+ Informazioa<\/p>\n\n\t\t<\/div>\n\t<\/div>\n<div class=\"vc_empty_space\"   style=\"height: 30px\"><span class=\"vc_empty_space_inner\"><\/span><\/div>\n\t<div style=\"color:#000000;font-size:16px;text-align:start;line-height:18px;\" class=\"wpb_text_column has-custom-color wpex-child-inherit-color wpb_content_element vc_custom_1769426763868\" >\n\t\t<div class=\"wpb_wrapper\">\n\t\t\t<p><strong style=\"color: #82368c;\">Arloa: <\/strong>Osasuna, zahartze aktiboa,<br \/>\njasangarritasuna, LH<\/p>\n<p><strong style=\"color: #82368c;\">Talde hartzailea: <\/strong>Mastekatzeko zailtasunak dituzten adinekoak<\/p>\n<p><strong style=\"color: #82368c;\">Ikastetxeak: <\/strong>IES Francisco de Vitoria BHI \u00b7 Gamarrako Ostalaritza Eskola<\/p>\n<p><strong style=\"color: #82368c;\">Bazkide teknologikoa: <\/strong>Cocuus<\/p>\n<p><strong style=\"color: #82368c;\"> Iraupena: <\/strong>2024-2025 eta 2025-2026 ikastaroak<\/p>\n<p><strong style=\"color: #82368c;\">Lurraldea: <\/strong>Vitoria-Gasteiz<\/p>\n<p><strong style=\"color: #82368c;\">Lortu nahi den inpaktua: <\/strong>Soziala, hezkuntzakoa eta osasunekoa<\/p>\n<p><strong style=\"color: #82368c;\">Harremanetarako pertsona: <\/strong>Laura Zabaleta Unanue (laura.zabaleta@franciscodevitoria.net)<\/p>\n\n\t\t<\/div>\n\t<\/div>\n<div class=\"vc_empty_space\"   style=\"height: 30px\"><span class=\"vc_empty_space_inner\"><\/span><\/div>\n\t<div style=\"font-family:Exo;font-size:20px;font-weight:400;\" class=\"wpb_text_column wpb_content_element vc_custom_1769420634663 link_noticias\" >\n\t\t<div class=\"wpb_wrapper\">\n\t\t\t\n\t\t<\/div>\n\t<\/div>\n<\/div><\/div><\/div><\/div><div class=\"vc_empty_space\"   style=\"height: 30px\"><span class=\"vc_empty_space_inner\"><\/span><\/div><style>.vcex-heading.vcex_69f4754ca74b6{color:#82368c;font-size:46px;font-family:'Roboto Condensed';font-weight:400;line-height:50px;}<\/style><h3 class=\"vcex-heading vcex-heading-plain vcex-module wpex-heading wpex-text-2xl wpex-mb-25 wpex-text-left  wpb_animate_when_almost_visible wpb_fadeInLeft fadeInLeft vc_custom_1769421321326 subrayado_tit_grande verde mas_abajo_linea vcex_69f4754ca74b6\"><span class=\"vcex-heading-inner wpex-inline-block\">Fusionando Tradici\u00f3n y Tecnolog\u00eda para Nutrir Memoria<\/span><\/h3>\n\t<div style=\"color:#000000;font-size:17px;font-weight:300;line-height:26px;\" class=\"wpb_text_column has-custom-color wpex-child-inherit-color wpb_content_element wpb_animate_when_almost_visible wpb_fadeIn fadeIn vc_custom_1769424988586\" >\n\t\t<div class=\"wpb_wrapper\">\n\t\t\t<p style=\"text-align: justify;\"><strong>Lanbide Heziketako Sailburuordetzak finantzatutako<\/strong> proiektu hau <strong>bi ikasturtetan<\/strong> garatzen da <strong>(2024-2025 eta 2025-2026)<\/strong>, eta bigarren fase honetan Cocuus enpresa bazkide teknologiko gisa gehitu da. Proiektuan <strong>IES Francisco de Vitoria BHI eta Gamarra Ostalaritza Eskola<\/strong> aritzen dira elkarlanean, dietetika eta sukaldaritzarekin lotutako heziketa-zikloak modu koordinatuan uztartuz.<\/p>\n<p style=\"text-align: justify;\">Helburu nagusia <strong>mastekatzeko zailtasunak dituzten adineko pertsonen elikadura hobetzea da<\/strong>, sukaldaritza tradizionala, iraunkortasuna eta elikadura-teknologia humanizatua bateratuz. <strong>Lehen ikasturtean<\/strong>, 65 urtetik gorako pertsonek testura <strong>egokituko dietetan zer jan nahi luketen identifikatzea<\/strong> izan zen ardatza, Bizan zentroetan egindako inkesten eta Vico Aurora egoitzan garatutako jarduera parte-hartzaileen bidez. Aldi berean, errezeta horiek modu seguruan eta errepikagarrian ekoizteko beharrezko teknologiak txertatu ziren.<\/p>\n\n\t\t<\/div>\n\t<\/div>\n<div class=\"vc_empty_space\"   style=\"height: 30px\"><span class=\"vc_empty_space_inner\"><\/span><\/div><div class=\"vc_row wpb_row vc_inner vc_row-fluid wpex-relative\"><div class=\"wpb_column vc_column_container vc_col-sm-6\"><div class=\"vc_column-inner\"><div class=\"wpb_wrapper\">\n\t<div  class=\"wpb_single_image wpb_content_element vc_align_center wpb_content_element wpb_animate_when_almost_visible wpb_fadeIn fadeIn vc_custom_1769421888091  over_hidden wpex-lightbox\">\n\t\t\n\t\t<figure class=\"wpb_wrapper vc_figure\">\n\t\t\t<a href=\"https:\/\/franciscodevitoria.eus\/wp-content\/uploads\/2026\/01\/muslo-de-pollo-asado-con-su-jugo_cu-1500x1500.jpg\" target=\"_self\" class=\"vc_single_image-wrapper   vc_box_border_grey\"><img width=\"980\" height=\"980\" src=\"https:\/\/franciscodevitoria.eus\/wp-content\/uploads\/2026\/01\/muslo-de-pollo-asado-con-su-jugo_cu-1024x1024.jpg\" class=\"vc_single_image-img attachment-large\" alt=\"Muslo de pollo asado con su jugo\" title=\"muslo-de-pollo-asado-con-su-jugo_cu\" srcset=\"https:\/\/franciscodevitoria.eus\/wp-content\/uploads\/2026\/01\/muslo-de-pollo-asado-con-su-jugo_cu-1024x1024.jpg 1024w, https:\/\/franciscodevitoria.eus\/wp-content\/uploads\/2026\/01\/muslo-de-pollo-asado-con-su-jugo_cu-300x300.jpg 300w, https:\/\/franciscodevitoria.eus\/wp-content\/uploads\/2026\/01\/muslo-de-pollo-asado-con-su-jugo_cu-150x150.jpg 150w, https:\/\/franciscodevitoria.eus\/wp-content\/uploads\/2026\/01\/muslo-de-pollo-asado-con-su-jugo_cu-768x768.jpg 768w, https:\/\/franciscodevitoria.eus\/wp-content\/uploads\/2026\/01\/muslo-de-pollo-asado-con-su-jugo_cu-1536x1536.jpg 1536w, https:\/\/franciscodevitoria.eus\/wp-content\/uploads\/2026\/01\/muslo-de-pollo-asado-con-su-jugo_cu-1500x1500.jpg 1500w, https:\/\/franciscodevitoria.eus\/wp-content\/uploads\/2026\/01\/muslo-de-pollo-asado-con-su-jugo_cu.jpg 1700w\" sizes=\"(max-width: 980px) 100vw, 980px\" \/><\/a>\n\t\t<\/figure>\n\t<\/div>\n<div class=\"vc_empty_space\"   style=\"height: 30px\"><span class=\"vc_empty_space_inner\"><\/span><\/div><\/div><\/div><\/div><div class=\"wpb_column vc_column_container vc_col-sm-6\"><div class=\"vc_column-inner\"><div class=\"wpb_wrapper\">\n\t<div  class=\"wpb_single_image wpb_content_element vc_align_center wpb_content_element wpb_animate_when_almost_visible wpb_fadeIn fadeIn vc_custom_1769421814327  over_hidden wpex-lightbox\">\n\t\t\n\t\t<figure class=\"wpb_wrapper vc_figure\">\n\t\t\t<a href=\"https:\/\/franciscodevitoria.eus\/wp-content\/uploads\/2026\/01\/merluza-en-salsa-verde-1500x1500.jpg\" target=\"_self\" class=\"vc_single_image-wrapper   vc_box_border_grey\"><img width=\"980\" height=\"980\" src=\"https:\/\/franciscodevitoria.eus\/wp-content\/uploads\/2026\/01\/merluza-en-salsa-verde-1024x1024.jpg\" class=\"vc_single_image-img attachment-large\" alt=\"Merluza en salsa verde\" title=\"merluza-en-salsa-verde\" srcset=\"https:\/\/franciscodevitoria.eus\/wp-content\/uploads\/2026\/01\/merluza-en-salsa-verde-1024x1024.jpg 1024w, https:\/\/franciscodevitoria.eus\/wp-content\/uploads\/2026\/01\/merluza-en-salsa-verde-300x300.jpg 300w, https:\/\/franciscodevitoria.eus\/wp-content\/uploads\/2026\/01\/merluza-en-salsa-verde-150x150.jpg 150w, https:\/\/franciscodevitoria.eus\/wp-content\/uploads\/2026\/01\/merluza-en-salsa-verde-768x768.jpg 768w, https:\/\/franciscodevitoria.eus\/wp-content\/uploads\/2026\/01\/merluza-en-salsa-verde-1536x1536.jpg 1536w, https:\/\/franciscodevitoria.eus\/wp-content\/uploads\/2026\/01\/merluza-en-salsa-verde-1500x1500.jpg 1500w, https:\/\/franciscodevitoria.eus\/wp-content\/uploads\/2026\/01\/merluza-en-salsa-verde.jpg 1700w\" sizes=\"(max-width: 980px) 100vw, 980px\" \/><\/a>\n\t\t<\/figure>\n\t<\/div>\n<div class=\"vc_empty_space\"   style=\"height: 30px\"><span class=\"vc_empty_space_inner\"><\/span><\/div><\/div><\/div><\/div><\/div>\n\t<div style=\"color:#000000;font-size:17px;font-weight:300;line-height:26px;\" class=\"wpb_text_column has-custom-color wpex-child-inherit-color wpb_content_element wpb_animate_when_almost_visible wpb_fadeIn fadeIn vc_custom_1769425031155\" >\n\t\t<div class=\"wpb_wrapper\">\n\t\t\t<p><strong>Bigarren ikasturtean<\/strong>, <strong>garatutako errezeten onarpena testuinguru errealetan baloratuko da<\/strong>, eta haien nutrizio-kalitatea eta iraunkortasuna hobetuko dira, elikagaien aprobetxamendua eta kolektiboaren behar espezifikoetara egokitzapena indartuz.<\/p>\n<p>Proiektuaren ardatz nagusietako bat ikasleentzako transferentzia eta dimentsio pedagogikoa da. Bi ikastetxeetako ikasleek parte-hartze aktiboa dute proiektuaren fase guztietan, errezeten diseinutik eta egokitzapenetik hasi eta ebaluaziora arte, eta beren ikaskuntzaren protagonistak bihurtzen dira. Erronka errealetan oinarritutako metodologiak aplikatuz, gaitasun teknikoak, digitalak eta sozialak garatzen dira, eta Lanbide Heziketako zikloetako berrikuntza aplikatuaren balioa azpimarratzen da, zahartzearekin eta zaintzarekin lotutako erronka sozialei erantzuteko tresna gisa.<\/p>\n\n\t\t<\/div>\n\t<\/div>\n<div class=\"vc_empty_space\"   style=\"height: 30px\"><span class=\"vc_empty_space_inner\"><\/span><\/div><style>.vcex-heading.vcex_69f4754cb15f7{color:#82368c;font-size:46px;font-family:'Roboto Condensed';font-weight:400;line-height:50px;}<\/style><h3 class=\"vcex-heading vcex-heading-plain vcex-module wpex-heading wpex-text-2xl wpex-mb-25 wpex-text-left  wpb_animate_when_almost_visible wpb_fadeInLeft fadeInLeft vc_custom_1769424187767 subrayado_tit_grande verde mas_abajo_linea vcex_69f4754cb15f7\"><span class=\"vcex-heading-inner wpex-inline-block\">Erlazionatutako berriak<\/span><\/h3>\n<div class=\"vc_grid-container-wrapper vc_clearfix vc_grid-animation-fadeInDown\">\n\t<div class=\"vc_grid-container vc_clearfix wpb_content_element vc_basic_grid sombrayradius\" data-initial-loading-animation=\"fadeInDown\" data-vc-grid-settings=\"{&quot;page_id&quot;:14529,&quot;style&quot;:&quot;all&quot;,&quot;action&quot;:&quot;vc_get_vc_grid_data&quot;,&quot;shortcode_id&quot;:&quot;1769426781536-42116618-d25d-1&quot;,&quot;tag&quot;:&quot;vc_basic_grid&quot;}\" data-vc-request=\"https:\/\/franciscodevitoria.eus\/wp-admin\/admin-ajax.php?lang=eu\" data-vc-post-id=\"14529\" data-vc-public-nonce=\"2cff7250db\">\n\t\t<style data-type=\"vc_shortcodes-custom-css\">.vc_custom_1643015000822{background-color: #ffffff !important;}.vc_custom_1643014993987{margin-top: 0px !important;margin-right: 0px !important;margin-bottom: 0px !important;margin-left: 0px !important;padding-top: 0px !important;padding-right: 0px !important;padding-bottom: 0px !important;padding-left: 0px !important;background-color: #ffffff !important;}.vc_custom_1643016875389{margin-top: 0px !important;margin-right: 0px !important;margin-bottom: 0px !important;margin-left: 0px !important;padding-top: 0px !important;padding-right: 0px !important;padding-bottom: 0px !important;padding-left: 0px !important;}.vc_custom_1643015126761{margin-top: 0px !important;margin-right: 0px !important;margin-bottom: 0px !important;margin-left: 0px !important;border-right-width: 15px !important;padding-top: 15px !important;padding-bottom: 15px !important;padding-left: 15px !important;background-color: #ffffff !important;}.vc_custom_1643014169565{margin-bottom: 5px !important;}.vc_custom_1648212680856{margin-bottom: 10px !important;padding-top: 0px !important;padding-bottom: 0px !important;}<\/style><div class=\"vc_grid vc_row vc_grid-gutter-35px vc_pageable-wrapper vc_hook_hover\" data-vc-pageable-content=\"true\"><div class=\"vc_pageable-slide-wrapper vc_clearfix\" data-vc-grid-content=\"true\"><div class=\"vc_grid-item vc_clearfix vc_col-sm-6 vc_grid-item-zone-c-bottom\"><div class=\"vc_grid-item-mini vc_clearfix \"><div class=\"vc_gitem-animated-block\" ><div class=\"vc_gitem-zone vc_gitem-zone-a vc_custom_1643014993987 vc-gitem-zone-height-mode-auto vc-gitem-zone-height-mode-auto-16-9\" style=\"background-image: url('https:\/\/franciscodevitoria.eus\/wp-content\/uploads\/2026\/03\/start_innova_logo.jpg') !important;\"><img class=\"vc_gitem-zone-img\" src=\"https:\/\/franciscodevitoria.eus\/wp-content\/uploads\/2026\/03\/start_innova_logo.jpg\" alt=\"Startinnova 2025-2026 edizioan +18 urteko kategoriako 5 finalisten artean IES Francisco de Vitoriako 4 talde egon dira\" loading=\"lazy\"><div class=\"vc_gitem-zone-mini\"><div class=\"vc_gitem_row vc_row vc_gitem-row-position-top\"><div class=\"vc_col-sm-12 vc_gitem-col vc_gitem-col-align- vc_custom_1643016875389\"><div field_61ea9bbf8a9fb class=\"vc_gitem-acf videoWrapper vc_gitem-align-justify field_61ea9bbf8a9fb\"><\/div><\/div><\/div><\/div><\/div><\/div><div class=\"vc_gitem-zone vc_gitem-zone-c vc_custom_1643015000822\"><div class=\"vc_gitem-zone-mini\"><div class=\"vc_gitem_row vc_row vc_gitem-row-position-top\"><div class=\"vc_col-sm-12 vc_gitem-col vc_gitem-col-align- vc_custom_1643015126761\"><div class=\"vc_custom_heading vc_gitem-post-data vc_gitem-post-data-source-post_title\" ><h3 style=\"font-size: 22px;color: #000000;line-height: 24px;text-align: left;font-family:Exo;font-weight:500;font-style:normal\" ><a href=\"https:\/\/franciscodevitoria.eus\/eu\/startinnova-2025-2026-edizioan-18-urteko-kategoriako-5-finalisten-artean-ies-francisco-de-vitoriako-4-talde-egon-dira\/\" class=\"vc_gitem-link\" title=\"Startinnova 2025-2026 edizioan +18 urteko kategoriako 5 finalisten artean IES Francisco de Vitoriako 4 talde egon dira\">Startinnova 2025-2026 edizioan +18 urteko kategoriako 5 finalisten artean IES Francisco de Vitoriako 4 talde egon dira<\/a><\/h3><\/div><div class=\"vc_custom_heading vc_custom_1643014169565 vc_gitem-post-data vc_gitem-post-data-source-post_date\" ><div style=\"font-size: 18px;color: #82368c;line-height: 1.1;text-align: left;font-family:Roboto Condensed;font-weight:700;font-style:normal\" >2026\/03\/16<\/div><\/div><div class=\"vc_separator wpb_content_element vc_separator_align_center vc_sep_width_30 vc_sep_border_width_3 vc_sep_pos_align_left vc_separator_no_text wpb_content_element  wpb_content_element\" ><span class=\"vc_sep_holder vc_sep_holder_l\"><span style=\"border-color:#5b9c28;\" class=\"vc_sep_line\"><\/span><\/span><span class=\"vc_sep_holder vc_sep_holder_r\"><span style=\"border-color:#5b9c28;\" class=\"vc_sep_line\"><\/span><\/span>\n<\/div><div class=\"vc_gitem-post-meta-field-resumen resumen_size_mini vc_gitem-align-justify\">Martxoaren 12an ospatu zen sari banaketan Komunikazio Bitartekotzako bigarren mailako ikasleak izan ziren garaile. Martina, Nerea, Anne, Aitzol eta Sarak osatutako InkluNet taldea. \r\n\r\n<\/div><div class=\"vc_empty_space\"   style=\"height: 20px\"><span class=\"vc_empty_space_inner\"><\/span><\/div><div class=\"vc_btn3-container  btn_background_news_mini vc_btn3-center vc_custom_1648212680856\"><a onmouseleave=\"this.style.borderColor='#82368c'; this.style.backgroundColor='transparent'; this.style.color='#82368c'\" onmouseenter=\"this.style.borderColor='#82368c'; this.style.backgroundColor='#82368c'; this.style.color='#ffffff';\" style=\"border-color:#82368c; color:#82368c;\" class=\"vc_general vc_btn3 vc_btn3-size-xs vc_btn3-shape-square vc_btn3-style-outline-custom\" a href=\"https:\/\/franciscodevitoria.eus\/eu\/startinnova-2025-2026-edizioan-18-urteko-kategoriako-5-finalisten-artean-ies-francisco-de-vitoriako-4-talde-egon-dira\/\" class=\"vc_gitem-link vc_general vc_btn3 vc_general vc_btn3 vc_btn3-size-xs vc_btn3-shape-square vc_btn3-style-outline-custom btn_background_news_mini\" title=\"Gehiago irakurri\">Gehiago irakurri<\/a><\/div><\/div><\/div><\/div><\/div><\/div><div class=\"vc_clearfix\"><\/div><\/div><div class=\"vc_grid-item vc_clearfix vc_col-sm-6 vc_grid-item-zone-c-bottom\"><div class=\"vc_grid-item-mini vc_clearfix \"><div class=\"vc_gitem-animated-block\" ><div class=\"vc_gitem-zone vc_gitem-zone-a vc_custom_1643014993987 vc-gitem-zone-height-mode-auto vc-gitem-zone-height-mode-auto-16-9\" style=\"background-image: url('https:\/\/franciscodevitoria.eus\/wp-content\/uploads\/2026\/02\/7_DSC04400-scaled.jpg') !important;\"><img class=\"vc_gitem-zone-img\" src=\"https:\/\/franciscodevitoria.eus\/wp-content\/uploads\/2026\/02\/7_DSC04400-scaled.jpg\" alt=\"Institutura bisita\" loading=\"lazy\"><div class=\"vc_gitem-zone-mini\"><div class=\"vc_gitem_row vc_row vc_gitem-row-position-top\"><div class=\"vc_col-sm-12 vc_gitem-col vc_gitem-col-align- vc_custom_1643016875389\"><div field_61ea9bbf8a9fb class=\"vc_gitem-acf videoWrapper vc_gitem-align-justify field_61ea9bbf8a9fb\"><\/div><\/div><\/div><\/div><\/div><\/div><div class=\"vc_gitem-zone vc_gitem-zone-c vc_custom_1643015000822\"><div class=\"vc_gitem-zone-mini\"><div class=\"vc_gitem_row vc_row vc_gitem-row-position-top\"><div class=\"vc_col-sm-12 vc_gitem-col vc_gitem-col-align- vc_custom_1643015126761\"><div class=\"vc_custom_heading vc_gitem-post-data vc_gitem-post-data-source-post_title\" ><h3 style=\"font-size: 22px;color: #000000;line-height: 24px;text-align: left;font-family:Exo;font-weight:500;font-style:normal\" ><a href=\"https:\/\/franciscodevitoria.eus\/eu\/institutura-bisita\/\" class=\"vc_gitem-link\" title=\"Institutura bisita\">Institutura bisita<\/a><\/h3><\/div><div class=\"vc_custom_heading vc_custom_1643014169565 vc_gitem-post-data vc_gitem-post-data-source-post_date\" ><div style=\"font-size: 18px;color: #82368c;line-height: 1.1;text-align: left;font-family:Roboto Condensed;font-weight:700;font-style:normal\" >2026\/02\/13<\/div><\/div><div class=\"vc_separator wpb_content_element vc_separator_align_center vc_sep_width_30 vc_sep_border_width_3 vc_sep_pos_align_left vc_separator_no_text wpb_content_element  wpb_content_element\" ><span class=\"vc_sep_holder vc_sep_holder_l\"><span style=\"border-color:#5b9c28;\" class=\"vc_sep_line\"><\/span><\/span><span class=\"vc_sep_holder vc_sep_holder_r\"><span style=\"border-color:#5b9c28;\" class=\"vc_sep_line\"><\/span><\/span>\n<\/div><div class=\"vc_gitem-post-meta-field-resumen resumen_size_mini vc_gitem-align-justify\">Institutuaren eraginkortasun energetikoa hobetzeko lanak amaitu ondoren, otsailaren 12an, Hezkuntza sailburua Bego\u00f1a Pedrosa, Arabako ahaldun nagusi Ramiro Gonz\u00e1lez eta Lanbide Heziketako sailburuordea Jon Labaka bisitan etorri ziren ikastetxearen errealitatea ezagutzeko.<\/div><div class=\"vc_empty_space\"   style=\"height: 20px\"><span class=\"vc_empty_space_inner\"><\/span><\/div><div class=\"vc_btn3-container  btn_background_news_mini vc_btn3-center vc_custom_1648212680856\"><a onmouseleave=\"this.style.borderColor='#82368c'; this.style.backgroundColor='transparent'; this.style.color='#82368c'\" onmouseenter=\"this.style.borderColor='#82368c'; this.style.backgroundColor='#82368c'; this.style.color='#ffffff';\" style=\"border-color:#82368c; color:#82368c;\" class=\"vc_general vc_btn3 vc_btn3-size-xs vc_btn3-shape-square vc_btn3-style-outline-custom\" a href=\"https:\/\/franciscodevitoria.eus\/eu\/institutura-bisita\/\" class=\"vc_gitem-link vc_general vc_btn3 vc_general vc_btn3 vc_btn3-size-xs vc_btn3-shape-square vc_btn3-style-outline-custom btn_background_news_mini\" title=\"Gehiago irakurri\">Gehiago irakurri<\/a><\/div><\/div><\/div><\/div><\/div><\/div><div class=\"vc_clearfix\"><\/div><\/div><\/div><\/div>\n\t<\/div>\n<\/div><div class=\"vc_empty_space\" id=\"modulos\"  style=\"height: 80px\"><span class=\"vc_empty_space_inner\"><\/span><\/div><\/div><\/div><\/div><div class=\"wpb_column vc_column_container vc_col-sm-4\"><div class=\"vc_column-inner\"><div class=\"wpb_wrapper\">\t<style>.vcex_69f4754cc198e{height:30px;}@media (max-width:479px){.vcex_69f4754cc198e{height:0px;}}<\/style>\n<div class=\"vcex-spacing wpex-w-100 wpex-clear vcex_69f4754cc198e\"><\/div><div class=\"vc_row wpb_row vc_inner vc_row-fluid caja_iconos_top borde_grana vc_custom_1751279309361 wpex-relative wpex-vc_row-has-fill hidden-phone wpex-vc-reset-negative-margin\"><div class=\"wpb_column vc_column_container vc_col-sm-12 wpex-vc_col-has-fill\"><div class=\"vc_column-inner vc_custom_1643624980315\"><div class=\"wpb_wrapper\"><style>.vcex_69f4754cc1ff5{font-size:30px!important;}@media (max-width:959px){.vcex_69f4754cc1ff5{font-size:28px!important;}}@media (max-width:767px){.vcex_69f4754cc1ff5{font-size:28px!important;}}@media (max-width:479px){.vcex_69f4754cc1ff5{font-size:28px!important;}}<\/style>\n\t<div style=\"color:#ffffff;font-family:Exo;font-weight:600;\" class=\"wpb_text_column vcex_69f4754cc1ff5 has-custom-color wpex-child-inherit-color wpb_content_element vc_custom_1769424221089 degra_morado_vertical\" >\n\t\t<div class=\"wpb_wrapper\">\n\t\t\t<p style=\"text-align: center;\">+ Informazioa<\/p>\n\n\t\t<\/div>\n\t<\/div>\n<div class=\"vc_empty_space\"   style=\"height: 30px\"><span class=\"vc_empty_space_inner\"><\/span><\/div>\n\t<div style=\"color:#000000;font-size:16px;text-align:start;line-height:18px;\" class=\"wpb_text_column has-custom-color wpex-child-inherit-color wpb_content_element vc_custom_1769426756399\" >\n\t\t<div class=\"wpb_wrapper\">\n\t\t\t<p><strong style=\"color: #82368c;\">Arloa: <\/strong>Osasuna, zahartze aktiboa,<br \/>\njasangarritasuna, LH<\/p>\n<p><strong style=\"color: #82368c;\">Talde hartzailea: <\/strong>Mastekatzeko zailtasunak dituzten adinekoak<\/p>\n<p><strong style=\"color: #82368c;\">Ikastetxeak: <\/strong>IES Francisco de Vitoria BHI \u00b7 Gamarrako Ostalaritza Eskola<\/p>\n<p><strong style=\"color: #82368c;\">Bazkide teknologikoa: <\/strong>Cocuus<\/p>\n<p><strong style=\"color: #82368c;\"> Iraupena: <\/strong>2024-2025 eta 2025-2026 ikastaroak<\/p>\n<p><strong style=\"color: #82368c;\">Lurraldea: <\/strong>Vitoria-Gasteiz<\/p>\n<p><strong style=\"color: #82368c;\">Lortu nahi den inpaktua: <\/strong>Soziala, hezkuntzakoa eta osasunekoa<\/p>\n<p><strong style=\"color: #82368c;\">Harremanetarako pertsona: <\/strong>Laura Zabaleta Unanue (laura.zabaleta@franciscodevitoria.net)<\/p>\n\n\t\t<\/div>\n\t<\/div>\n<div class=\"vc_empty_space\"   style=\"height: 30px\"><span class=\"vc_empty_space_inner\"><\/span><\/div>\n\t<div style=\"font-family:Exo;font-size:20px;font-weight:400;\" class=\"wpb_text_column wpb_content_element vc_custom_1769420616765 link_noticias\" >\n\t\t<div class=\"wpb_wrapper\">\n\t\t\t\n\t\t<\/div>\n\t<\/div>\n<\/div><\/div><\/div><\/div><div class=\"vc_empty_space\"   style=\"height: 30px\"><span class=\"vc_empty_space_inner\"><\/span><\/div><div class=\"vc_row wpb_row vc_inner vc_row-fluid caja_iconos_top borde_grana vc_custom_1643626217084 wpex-relative wpex-vc_row-has-fill wpex-vc-reset-negative-margin\"><div class=\"wpb_column vc_column_container vc_col-sm-12 wpex-vc_col-has-fill\"><div class=\"vc_column-inner vc_custom_1643624980315\"><div class=\"wpb_wrapper\"><style>.vcex_69f4754cc2c5f{font-size:30px!important;}@media (max-width:959px){.vcex_69f4754cc2c5f{font-size:28px!important;}}@media (max-width:767px){.vcex_69f4754cc2c5f{font-size:28px!important;}}@media (max-width:479px){.vcex_69f4754cc2c5f{font-size:28px!important;}}<\/style>\n\t<div style=\"color:#ffffff;font-family:Exo;font-weight:600;\" class=\"wpb_text_column vcex_69f4754cc2c5f has-custom-color wpex-child-inherit-color wpb_content_element vc_custom_1769424304619 degra_morado_vertical\" >\n\t\t<div class=\"wpb_wrapper\">\n\t\t\t<p style=\"text-align: center;\">+ Formakuntza<\/p>\n\n\t\t<\/div>\n\t<\/div>\n<div class=\"vc_empty_space\"   style=\"height: 20px\"><span class=\"vc_empty_space_inner\"><\/span><\/div>\n\t<div class=\"wpb_text_column wpb_content_element\" >\n\t\t<div class=\"wpb_wrapper\">\n\t\t\t<div id=\"mega-menu-wrap-max_mega_menu_1\" class=\"mega-menu-wrap\"><div class=\"mega-menu-toggle\"><div class=\"mega-toggle-blocks-left\"><\/div><div class=\"mega-toggle-blocks-center\"><\/div><div class=\"mega-toggle-blocks-right\"><div class='mega-toggle-block mega-menu-toggle-animated-block mega-toggle-block-0' id='mega-toggle-block-0'><button aria-label=\"Toggle Menu\" class=\"mega-toggle-animated mega-toggle-animated-slider\" type=\"button\" aria-haspopup=\"true\" aria-expanded=\"false\" aria-controls=\"mega-menu-max_mega_menu_1\">\n                  <span class=\"mega-toggle-animated-box\">\n                    <span class=\"mega-toggle-animated-inner\"><\/span>\n                  <\/span>\n                <\/button><\/div><\/div><\/div><ul id=\"mega-menu-max_mega_menu_1\" class=\"mega-menu max-mega-menu mega-menu-accordion mega-no-js\" data-event=\"click\" data-effect=\"slide\" data-effect-speed=\"200\" data-effect-mobile=\"disabled\" data-effect-speed-mobile=\"0\" data-mobile-force-width=\"false\" data-second-click=\"go\" data-document-click=\"disabled\" data-vertical-behaviour=\"accordion\" data-breakpoint=\"0\" data-unbind=\"true\" data-mobile-state=\"collapse_all\" data-mobile-direction=\"vertical\" data-hover-intent-timeout=\"300\" data-hover-intent-interval=\"100\"><li class=\"mega-borde_abajo mega-menu-item mega-menu-item-type-custom mega-menu-item-object-custom mega-menu-item-has-children mega-align-bottom-left mega-menu-flyout mega-disable-link mega-menu-item-5621 borde_abajo\" id=\"mega-menu-item-5621\"><a class=\"mega-menu-link\" tabindex=\"0\" aria-expanded=\"false\" aria-controls=\"mega-sub-menu-5621\" role=\"button\"><span style=\"letter-spacing: -0.5px;\">Ciclos Grado Superior (Grado D)<\/span><span class=\"mega-indicator\" aria-hidden=\"true\"><\/span><\/a>\n<ul class=\"mega-sub-menu\" id='mega-sub-menu-5621'>\n<li class=\"mega-menu-item mega-menu-item-type-post_type mega-menu-item-object-page mega-has-icon mega-icon-left mega-menu-item-5711\" id=\"mega-menu-item-5711\"><a class=\"genericon-stop mega-menu-link\" href=\"https:\/\/franciscodevitoria.eus\/formacion-profesional\/dietetica\/\">Diet\u00e9tica<\/a><\/li><li class=\"mega-menu-item mega-menu-item-type-post_type mega-menu-item-object-page mega-has-icon mega-icon-left mega-menu-item-5616\" id=\"mega-menu-item-5616\"><a class=\"genericon-stop mega-menu-link\" href=\"https:\/\/franciscodevitoria.eus\/formacion-profesional\/higiene-bucal-y-dental\/\">Higiene Bucodental<\/a><\/li><li class=\"mega-menu-item mega-menu-item-type-post_type mega-menu-item-object-page mega-has-icon mega-icon-left mega-menu-item-5721\" id=\"mega-menu-item-5721\"><a class=\"genericon-stop mega-menu-link\" href=\"https:\/\/franciscodevitoria.eus\/formacion-profesional\/educacion-infantil\/\">Educaci\u00f3n Infantil<\/a><\/li><li class=\"mega-menu-item mega-menu-item-type-post_type mega-menu-item-object-page mega-has-icon mega-icon-left mega-menu-item-5736\" id=\"mega-menu-item-5736\"><a class=\"genericon-stop mega-menu-link\" href=\"https:\/\/franciscodevitoria.eus\/formacion-profesional\/integracion-social\/\">Integraci\u00f3n Social<\/a><\/li><li class=\"mega-menu-item mega-menu-item-type-post_type mega-menu-item-object-page mega-has-icon mega-icon-left mega-menu-item-5752\" id=\"mega-menu-item-5752\"><a class=\"genericon-stop mega-menu-link\" href=\"https:\/\/franciscodevitoria.eus\/formacion-profesional\/tgil-turismo\/\">GIAT-Turismo<\/a><\/li><li class=\"mega-menu-item mega-menu-item-type-post_type mega-menu-item-object-page mega-has-icon mega-icon-left mega-menu-item-9874\" id=\"mega-menu-item-9874\"><a class=\"genericon-stop mega-menu-link\" href=\"https:\/\/franciscodevitoria.eus\/formacion-profesional\/tecnico-superior-en-protesis-dentales\/\">Pr\u00f3tesis Dentales<\/a><\/li><li class=\"mega-menu-item mega-menu-item-type-post_type mega-menu-item-object-page mega-has-icon mega-icon-left mega-menu-item-9906\" id=\"mega-menu-item-9906\"><a class=\"genericon-stop mega-menu-link\" href=\"https:\/\/franciscodevitoria.eus\/formacion-profesional\/tecnico-superior-en-mediacion-comunicativa\/\">Mediaci\u00f3n Comunicativa<\/a><\/li><\/ul>\n<\/li><li class=\"mega-borde_abajo mega-menu-item mega-menu-item-type-custom mega-menu-item-object-custom mega-menu-item-has-children mega-align-bottom-left mega-menu-flyout mega-disable-link mega-menu-item-5622 borde_abajo\" id=\"mega-menu-item-5622\"><a class=\"mega-menu-link\" tabindex=\"0\" aria-expanded=\"false\" aria-controls=\"mega-sub-menu-5622\" role=\"button\">Ciclos Grado Medio (Grado D)<span class=\"mega-indicator\" aria-hidden=\"true\"><\/span><\/a>\n<ul class=\"mega-sub-menu\" id='mega-sub-menu-5622'>\n<li class=\"mega-menu-item mega-menu-item-type-post_type mega-menu-item-object-page mega-has-icon mega-icon-left mega-menu-item-5765\" id=\"mega-menu-item-5765\"><a class=\"genericon-stop mega-menu-link\" href=\"https:\/\/franciscodevitoria.eus\/formacion-profesional\/atencion-a-personas-en-situacion-de-dependencia\/\">Atenci\u00f3n a Personas en Situaci\u00f3n de Dependencia<\/a><\/li><li class=\"mega-menu-item mega-menu-item-type-post_type mega-menu-item-object-page mega-has-icon mega-icon-left mega-menu-item-5776\" id=\"mega-menu-item-5776\"><a class=\"genericon-stop mega-menu-link\" href=\"https:\/\/franciscodevitoria.eus\/formacion-profesional\/cuidados-auxiliares-de-enfermeria\/\">Cuidados Auxiliares de Enfermer\u00eda<\/a><\/li><li class=\"mega-menu-item mega-menu-item-type-post_type mega-menu-item-object-page mega-has-icon mega-icon-left mega-menu-item-5788\" id=\"mega-menu-item-5788\"><a class=\"genericon-stop mega-menu-link\" href=\"https:\/\/franciscodevitoria.eus\/formacion-profesional\/emergencias-sanitarias\/\">Emergencias Sanitarias<\/a><\/li><li class=\"mega-menu-item mega-menu-item-type-post_type mega-menu-item-object-page mega-has-icon mega-icon-left mega-menu-item-5800\" id=\"mega-menu-item-5800\"><a class=\"genericon-stop mega-menu-link\" href=\"https:\/\/franciscodevitoria.eus\/formacion-profesional\/farmacia-y-parafarmacia\/\">Farmacia y Parafarmacia<\/a><\/li><\/ul>\n<\/li><li class=\"mega-borde_abajo mega-menu-item mega-menu-item-type-custom mega-menu-item-object-custom mega-menu-item-has-children mega-align-bottom-left mega-menu-flyout mega-disable-link mega-menu-item-5624 borde_abajo\" id=\"mega-menu-item-5624\"><a class=\"mega-menu-link\" tabindex=\"0\" aria-expanded=\"false\" aria-controls=\"mega-sub-menu-5624\" role=\"button\">ESO<span class=\"mega-indicator\" aria-hidden=\"true\"><\/span><\/a>\n<ul class=\"mega-sub-menu\" id='mega-sub-menu-5624'>\n<li class=\"mega-menu-item mega-menu-item-type-post_type mega-menu-item-object-page mega-has-icon mega-icon-left mega-menu-item-5810\" id=\"mega-menu-item-5810\"><a class=\"genericon-stop mega-menu-link\" href=\"https:\/\/franciscodevitoria.eus\/eso-oferta-educativa\/\">Oferta Formativa<\/a><\/li><li class=\"mega-menu-item mega-menu-item-type-post_type mega-menu-item-object-page mega-has-icon mega-icon-left mega-menu-item-5814\" id=\"mega-menu-item-5814\"><a class=\"genericon-stop mega-menu-link\" href=\"https:\/\/franciscodevitoria.eus\/eso-oferta-educativa\/calendario\/\">Calendario 2025-2026<\/a><\/li><li class=\"mega-menu-item mega-menu-item-type-post_type mega-menu-item-object-page mega-has-icon mega-icon-left mega-menu-item-10457\" id=\"mega-menu-item-10457\"><a class=\"genericon-stop mega-menu-link\" href=\"https:\/\/franciscodevitoria.eus\/eso-oferta-educativa\/libros-eso\/\">Libros Curso 2025-2026<\/a><\/li><li class=\"mega-menu-item mega-menu-item-type-post_type mega-menu-item-object-page mega-has-icon mega-icon-left mega-menu-item-5821\" id=\"mega-menu-item-5821\"><a class=\"genericon-stop mega-menu-link\" href=\"https:\/\/franciscodevitoria.eus\/eso-oferta-educativa\/horarios-de-visita\/\">Horarios de Visita 2025-2026<\/a><\/li><li class=\"mega-menu-item mega-menu-item-type-post_type mega-menu-item-object-page mega-has-icon mega-icon-left mega-menu-item-5827\" id=\"mega-menu-item-5827\"><a class=\"genericon-stop mega-menu-link\" href=\"https:\/\/franciscodevitoria.eus\/ikasgunea\/\">Ikasgunea<\/a><\/li><li class=\"mega-menu-item mega-menu-item-type-post_type mega-menu-item-object-page mega-has-icon mega-icon-left mega-menu-item-5835\" id=\"mega-menu-item-5835\"><a class=\"genericon-stop mega-menu-link\" href=\"https:\/\/franciscodevitoria.eus\/aula-estable\/\">Aula Estable<\/a><\/li><\/ul>\n<\/li><li class=\"mega-borde_abajo mega-menu-item mega-menu-item-type-post_type mega-menu-item-object-page mega-align-bottom-left mega-menu-flyout mega-menu-item-5954 borde_abajo\" id=\"mega-menu-item-5954\"><a class=\"mega-menu-link\" href=\"https:\/\/franciscodevitoria.eus\/formacion-profesional\/formacion-para-el-empleo\/\">Formaci\u00f3n para el Empleo<\/a><\/li><\/ul><\/div>\n\n\t\t<\/div>\n\t<\/div>\n<div class=\"vc_empty_space\"   style=\"height: 35px\"><span class=\"vc_empty_space_inner\"><\/span><\/div><\/div><\/div><\/div><\/div><\/div><\/div><\/div><\/div><div id=\"informacion\" class=\"vc_row wpb_row vc_row-fluid fondo_formulario vc_custom_1643705081514 wpex-vc-full-width-row wpex-vc-full-width-row--centered wpex-relative wpex-vc_row-has-fill wpex-vc-reset-negative-margin\"><div class=\"wpb_column vc_column_container vc_col-sm-12\"><div class=\"vc_column-inner vc_custom_1643364637988\"><div class=\"wpb_wrapper\"><div class=\"vc_empty_space\"   style=\"height: 50px\"><span class=\"vc_empty_space_inner\"><\/span><\/div><style>.vcex-heading.vcex_69f4754cd43d0{color:#82368c;font-size:46px;font-family:'Roboto Condensed';font-weight:400;line-height:50px;}<\/style><h3 class=\"vcex-heading vcex-heading-plain vcex-module wpex-heading wpex-text-2xl wpex-mb-25 wpex-text-left  wpb_animate_when_almost_visible wpb_fadeInLeft fadeInLeft vc_custom_1643634308212 subrayado_tit_grande verde mas_abajo_linea vcex_69f4754cd43d0\"><span class=\"vcex-heading-inner wpex-inline-block\">M\u00e1s informaci\u00f3n<\/span><\/h3>\n\t<div style=\"color:#000000;font-size:22px;text-align:start;line-height:30px;\" class=\"wpb_text_column has-custom-color wpex-child-inherit-color wpb_content_element vc_custom_1647860309760\" >\n\t\t<div class=\"wpb_wrapper\">\n\t\t\t<p>Para m\u00e1s informaci\u00f3n,<br \/>\nrellene el siguiente formulario.<\/p>\n\n\t\t<\/div>\n\t<\/div>\n<div class=\"vc_empty_space\"   style=\"height: 30px\"><span class=\"vc_empty_space_inner\"><\/span><\/div><noscript class=\"ninja-forms-noscript-message\">\n\tNotice: JavaScript is required for this content.<\/noscript>\n<div id=\"nf-form-2-cont\" class=\"nf-form-cont\" aria-live=\"polite\" aria-labelledby=\"nf-form-title-2\" aria-describedby=\"nf-form-errors-2\" role=\"form\">\n\n    <div class=\"nf-loading-spinner\"><\/div>\n\n<\/div>\n        <!-- That data is being printed as a workaround to page builders reordering the order of the scripts loaded-->\n        <script>var formDisplay=1;var nfForms=nfForms||[];var form=[];form.id='2';form.settings={\"objectType\":\"Form Setting\",\"editActive\":true,\"title\":\"FORMULARIO MAS INFORMACION\",\"form_title\":\"FORMULARIO PRODUCTOS\",\"default_label_pos\":\"above\",\"show_title\":\"0\",\"clear_complete\":\"1\",\"hide_complete\":\"0\",\"logged_in\":\"0\",\"wrapper_class\":\"\",\"element_class\":\"\",\"key\":\"\",\"add_submit\":\"0\",\"changeEmailErrorMsg\":\"Please enter a valid email address!\",\"changeDateErrorMsg\":\"Please enter a valid date!\",\"confirmFieldErrorMsg\":\"These fields must match!\",\"fieldNumberNumMinError\":\"Number Min Error\",\"fieldNumberNumMaxError\":\"Number Max Error\",\"fieldNumberIncrementBy\":\"Please increment by \",\"formErrorsCorrectErrors\":\"Please correct errors before submitting this form.\",\"validateRequiredField\":\"This is a required field.\",\"honeypotHoneypotError\":\"Honeypot Error\",\"fieldsMarkedRequired\":\"Fields marked with an <span class=\\\"ninja-forms-req-symbol\\\">*<\\\/span> are required\",\"currency\":\"\",\"unique_field_error\":\"Ya se ha enviado un formulario con este valor.\",\"not_logged_in_msg\":\"\",\"sub_limit_msg\":\"Has alcanzado el l\\u00edmite de env\\u00edos en el formulario.\",\"calculations\":[],\"formContentData\":[\"nombre_1606895169067\",\"apellidos_1606895171057\",\"email_1606895173523\",\"phone_1604506117803\",\"codigo_postal_1606895176840\",\"localidad_1616406106968\",\"selecciona_ciclo_1647858481252\",\"asunto_1606895184570\",\"comentario_1604506294443\",\"acepto_la_less_than_a_href_https_franciscodevitoria_eus_aviso-legal-y-politica-de-privacidad_target_blank_style_text-decoration_underline_color_5b9c28_greater_than_politica_de_privacidad_less_than_a_greater_than_1648120538530\",\"quiero_recibir_notificaciones_1643711855113\",\"submit_1604506355681\"],\"drawerDisabled\":false,\"repeatable_fieldsets\":\"\",\"allow_public_link\":0,\"embed_form\":\"\",\"form_title_heading_level\":\"3\",\"ninjaForms\":\"Ninja Forms\",\"fieldTextareaRTEInsertLink\":\"Insert Link\",\"fieldTextareaRTEInsertMedia\":\"Insert Media\",\"fieldTextareaRTESelectAFile\":\"Select a file\",\"formHoneypot\":\"If you are a human seeing this field, please leave it empty.\",\"fileUploadOldCodeFileUploadInProgress\":\"File Upload in Progress.\",\"fileUploadOldCodeFileUpload\":\"FILE UPLOAD\",\"currencySymbol\":\"&euro;\",\"thousands_sep\":\",\",\"decimal_point\":\".\",\"siteLocale\":\"eu_ES\",\"dateFormat\":\"m\\\/d\\\/Y\",\"startOfWeek\":\"1\",\"of\":\"of\",\"previousMonth\":\"Previous Month\",\"nextMonth\":\"Next Month\",\"months\":[\"January\",\"February\",\"March\",\"April\",\"May\",\"June\",\"July\",\"August\",\"September\",\"October\",\"November\",\"December\"],\"monthsShort\":[\"Jan\",\"Feb\",\"Mar\",\"Apr\",\"May\",\"Jun\",\"Jul\",\"Aug\",\"Sep\",\"Oct\",\"Nov\",\"Dec\"],\"weekdays\":[\"Sunday\",\"Monday\",\"Tuesday\",\"Wednesday\",\"Thursday\",\"Friday\",\"Saturday\"],\"weekdaysShort\":[\"Sun\",\"Mon\",\"Tue\",\"Wed\",\"Thu\",\"Fri\",\"Sat\"],\"weekdaysMin\":[\"Su\",\"Mo\",\"Tu\",\"We\",\"Th\",\"Fr\",\"Sa\"],\"recaptchaConsentMissing\":\"reCaptcha validation couldn&#039;t load.\",\"recaptchaMissingCookie\":\"reCaptcha v3 validation couldn&#039;t load the cookie needed to submit the form.\",\"recaptchaConsentEvent\":\"Accept reCaptcha cookies before sending the form.\",\"currency_symbol\":\"\",\"beforeForm\":\"\",\"beforeFields\":\"\",\"afterFields\":\"\",\"afterForm\":\"\"};form.fields=[{\"objectType\":\"Field\",\"objectDomain\":\"fields\",\"editActive\":false,\"order\":1,\"idAttribute\":\"id\",\"type\":\"firstname\",\"label\":\"Nombre\",\"key\":\"nombre_1606895169067\",\"label_pos\":\"above\",\"required\":1,\"default\":\"\",\"placeholder\":\"\",\"container_class\":\"one-third first\",\"element_class\":\"elementoformulario\",\"admin_label\":\"\",\"help_text\":\"\",\"custom_name_attribute\":\"fname\",\"personally_identifiable\":1,\"value\":\"\",\"drawerDisabled\":\"\",\"field_label\":\"Nombre\",\"field_key\":\"nombre_1606895169067\",\"id\":7,\"beforeField\":\"\",\"afterField\":\"\",\"parentType\":\"firstname\",\"element_templates\":[\"firstname\",\"input\"],\"old_classname\":\"\",\"wrap_template\":\"wrap\"},{\"objectType\":\"Field\",\"objectDomain\":\"fields\",\"editActive\":false,\"order\":2,\"idAttribute\":\"id\",\"type\":\"lastname\",\"label\":\"Apellidos\",\"key\":\"apellidos_1606895171057\",\"label_pos\":\"above\",\"required\":1,\"default\":\"\",\"placeholder\":\"\",\"container_class\":\"one-third\",\"element_class\":\"elementoformulario\",\"admin_label\":\"\",\"help_text\":\"\",\"custom_name_attribute\":\"lname\",\"personally_identifiable\":1,\"value\":\"\",\"drawerDisabled\":\"\",\"field_label\":\"Apellidos\",\"field_key\":\"apellidos_1606895171057\",\"id\":8,\"beforeField\":\"\",\"afterField\":\"\",\"parentType\":\"lastname\",\"element_templates\":[\"lastname\",\"input\"],\"old_classname\":\"\",\"wrap_template\":\"wrap\"},{\"objectType\":\"Field\",\"objectDomain\":\"fields\",\"editActive\":false,\"order\":3,\"idAttribute\":\"id\",\"type\":\"email\",\"label\":\"Email\",\"key\":\"email_1606895173523\",\"label_pos\":\"above\",\"required\":1,\"default\":\"\",\"placeholder\":\"\",\"container_class\":\"one-third\",\"element_class\":\"elementoformulario\",\"admin_label\":\"\",\"help_text\":\"\",\"custom_name_attribute\":\"email\",\"personally_identifiable\":1,\"value\":\"\",\"drawerDisabled\":\"\",\"field_label\":\"Email\",\"field_key\":\"email_1606895173523\",\"id\":9,\"beforeField\":\"\",\"afterField\":\"\",\"parentType\":\"email\",\"element_templates\":[\"email\",\"input\"],\"old_classname\":\"\",\"wrap_template\":\"wrap\"},{\"objectType\":\"Field\",\"objectDomain\":\"fields\",\"editActive\":false,\"order\":4,\"idAttribute\":\"id\",\"type\":\"phone\",\"label\":\"Tel\\u00e9fono\",\"key\":\"phone_1604506117803\",\"label_pos\":\"above\",\"required\":\"\",\"default\":\"\",\"placeholder\":\"\",\"container_class\":\"one-third first\",\"element_class\":\"elementoformulario\",\"input_limit\":\"\",\"input_limit_type\":\"characters\",\"input_limit_msg\":\"Caracteres restantes\",\"manual_key\":\"\",\"admin_label\":\"\",\"help_text\":\"\",\"mask\":\"\",\"custom_mask\":\"\",\"custom_name_attribute\":\"phone\",\"personally_identifiable\":1,\"value\":\"\",\"drawerDisabled\":\"\",\"field_label\":\"Tel\\u00e9fono\",\"field_key\":\"phone_1604506117803\",\"id\":10,\"beforeField\":\"\",\"afterField\":\"\",\"parentType\":\"textbox\",\"element_templates\":[\"tel\",\"textbox\",\"input\"],\"old_classname\":\"\",\"wrap_template\":\"wrap\"},{\"objectType\":\"Field\",\"objectDomain\":\"fields\",\"editActive\":false,\"order\":5,\"idAttribute\":\"id\",\"type\":\"textbox\",\"label\":\"C\\u00f3digo postal\",\"key\":\"codigo_postal_1606895176840\",\"label_pos\":\"above\",\"required\":1,\"default\":\"\",\"placeholder\":\"\",\"container_class\":\"one-third\",\"element_class\":\"elementoformulario\",\"input_limit\":\"\",\"input_limit_type\":\"characters\",\"input_limit_msg\":\"Caracteres restantes\",\"manual_key\":\"\",\"admin_label\":\"\",\"help_text\":\"\",\"mask\":\"\",\"custom_mask\":\"\",\"custom_name_attribute\":\"\",\"personally_identifiable\":\"\",\"value\":\"\",\"drawerDisabled\":\"\",\"field_label\":\"C\\u00f3digo postal\",\"field_key\":\"codigo_postal_1606895176840\",\"id\":12,\"beforeField\":\"\",\"afterField\":\"\",\"parentType\":\"textbox\",\"element_templates\":[\"textbox\",\"input\"],\"old_classname\":\"\",\"wrap_template\":\"wrap\"},{\"objectType\":\"Field\",\"objectDomain\":\"fields\",\"editActive\":false,\"order\":6,\"idAttribute\":\"id\",\"type\":\"textbox\",\"label\":\"Localidad\",\"key\":\"localidad_1616406106968\",\"label_pos\":\"above\",\"required\":1,\"default\":\"\",\"placeholder\":\"\",\"container_class\":\"one-third\",\"element_class\":\"elementoformulario\",\"input_limit\":\"\",\"input_limit_type\":\"characters\",\"input_limit_msg\":\"Caracteres restantes\",\"manual_key\":1,\"admin_label\":\"\",\"help_text\":\"\",\"mask\":\"\",\"custom_mask\":\"\",\"custom_name_attribute\":\"\",\"personally_identifiable\":\"\",\"value\":\"\",\"drawerDisabled\":\"\",\"field_label\":\"Localidad\",\"field_key\":\"localidad_1616406106968\",\"id\":11,\"beforeField\":\"\",\"afterField\":\"\",\"parentType\":\"textbox\",\"element_templates\":[\"textbox\",\"input\"],\"old_classname\":\"\",\"wrap_template\":\"wrap\"},{\"objectType\":\"Field\",\"objectDomain\":\"fields\",\"editActive\":false,\"order\":7,\"idAttribute\":\"id\",\"label\":\"Selecciona Formaci\\u00f3n\",\"type\":\"listselect\",\"key\":\"selecciona_ciclo_1647858481252\",\"label_pos\":\"above\",\"required\":false,\"options\":[{\"errors\":[],\"max_options\":0,\"order\":0,\"new\":false,\"options\":[],\"label\":\"\",\"value\":\"\",\"calc\":\"\",\"selected\":0,\"settingModel\":{\"settings\":false,\"hide_merge_tags\":false,\"error\":false,\"name\":\"options\",\"type\":\"option-repeater\",\"label\":\"Opciones <a href=\\\"#\\\" class=\\\"nf-add-new\\\">A\\u00f1adir nuevo<\\\/a> <a href=\\\"#\\\" class=\\\"extra nf-open-import-tooltip\\\"><i class=\\\"fa fa-sign-in\\\" aria-hidden=\\\"true\\\"><\\\/i> Importar<\\\/a>\",\"width\":\"full\",\"group\":\"\",\"value\":[{\"label\":\"Uno\",\"value\":\"uno\",\"calc\":\"\",\"selected\":0,\"order\":0},{\"label\":\"Dos\",\"value\":\"dos\",\"calc\":\"\",\"selected\":0,\"order\":1},{\"label\":\"Tres\",\"value\":\"tres\",\"calc\":\"\",\"selected\":0,\"order\":2}],\"columns\":{\"label\":{\"header\":\"Etiqueta\",\"default\":\"\"},\"value\":{\"header\":\"Valor\",\"default\":\"\"},\"calc\":{\"header\":\"Valor calc\",\"default\":\"\"},\"selected\":{\"header\":\"<span class=\\\"dashicons dashicons-yes\\\"><\\\/span>\",\"default\":0}}}},{\"errors\":[],\"max_options\":0,\"label\":\"Diet\\u00e9tica\",\"value\":\"Dietetica\",\"calc\":\"\",\"selected\":0,\"order\":1,\"settingModel\":{\"settings\":false,\"hide_merge_tags\":false,\"error\":false,\"name\":\"options\",\"type\":\"option-repeater\",\"label\":\"Opciones <a href=\\\"#\\\" class=\\\"nf-add-new\\\">A\\u00f1adir nuevo<\\\/a> <a href=\\\"#\\\" class=\\\"extra nf-open-import-tooltip\\\"><i class=\\\"fa fa-sign-in\\\" aria-hidden=\\\"true\\\"><\\\/i> Importar<\\\/a>\",\"width\":\"full\",\"group\":\"\",\"value\":[{\"label\":\"Uno\",\"value\":\"uno\",\"calc\":\"\",\"selected\":0,\"order\":0},{\"label\":\"Dos\",\"value\":\"dos\",\"calc\":\"\",\"selected\":0,\"order\":1},{\"label\":\"Tres\",\"value\":\"tres\",\"calc\":\"\",\"selected\":0,\"order\":2}],\"columns\":{\"label\":{\"header\":\"Etiqueta\",\"default\":\"\"},\"value\":{\"header\":\"Valor\",\"default\":\"\"},\"calc\":{\"header\":\"Valor calc\",\"default\":\"\"},\"selected\":{\"header\":\"<span class=\\\"dashicons dashicons-yes\\\"><\\\/span>\",\"default\":0}}},\"manual_value\":true},{\"errors\":[],\"max_options\":0,\"label\":\"Higiene Bucodental\",\"value\":\"Higiene Bucodental\",\"calc\":\"\",\"selected\":0,\"order\":2,\"settingModel\":{\"settings\":false,\"hide_merge_tags\":false,\"error\":false,\"name\":\"options\",\"type\":\"option-repeater\",\"label\":\"Opciones <a href=\\\"#\\\" class=\\\"nf-add-new\\\">A\\u00f1adir nuevo<\\\/a> <a href=\\\"#\\\" class=\\\"extra nf-open-import-tooltip\\\"><i class=\\\"fa fa-sign-in\\\" aria-hidden=\\\"true\\\"><\\\/i> Importar<\\\/a>\",\"width\":\"full\",\"group\":\"\",\"value\":[{\"label\":\"Uno\",\"value\":\"uno\",\"calc\":\"\",\"selected\":0,\"order\":0},{\"label\":\"Dos\",\"value\":\"dos\",\"calc\":\"\",\"selected\":0,\"order\":1},{\"label\":\"Tres\",\"value\":\"tres\",\"calc\":\"\",\"selected\":0,\"order\":2}],\"columns\":{\"label\":{\"header\":\"Etiqueta\",\"default\":\"\"},\"value\":{\"header\":\"Valor\",\"default\":\"\"},\"calc\":{\"header\":\"Valor calc\",\"default\":\"\"},\"selected\":{\"header\":\"<span class=\\\"dashicons dashicons-yes\\\"><\\\/span>\",\"default\":0}}},\"manual_value\":true},{\"errors\":[],\"max_options\":0,\"label\":\"Educaci\\u00f3n Infantil\",\"value\":\"Educacion Infantil\",\"calc\":\"\",\"selected\":0,\"order\":3,\"settingModel\":{\"settings\":false,\"hide_merge_tags\":false,\"error\":false,\"name\":\"options\",\"type\":\"option-repeater\",\"label\":\"Opciones <a href=\\\"#\\\" class=\\\"nf-add-new\\\">A\\u00f1adir nuevo<\\\/a> <a href=\\\"#\\\" class=\\\"extra nf-open-import-tooltip\\\"><i class=\\\"fa fa-sign-in\\\" aria-hidden=\\\"true\\\"><\\\/i> Importar<\\\/a>\",\"width\":\"full\",\"group\":\"\",\"value\":[{\"label\":\"Uno\",\"value\":\"uno\",\"calc\":\"\",\"selected\":0,\"order\":0},{\"label\":\"Dos\",\"value\":\"dos\",\"calc\":\"\",\"selected\":0,\"order\":1},{\"label\":\"Tres\",\"value\":\"tres\",\"calc\":\"\",\"selected\":0,\"order\":2}],\"columns\":{\"label\":{\"header\":\"Etiqueta\",\"default\":\"\"},\"value\":{\"header\":\"Valor\",\"default\":\"\"},\"calc\":{\"header\":\"Valor calc\",\"default\":\"\"},\"selected\":{\"header\":\"<span class=\\\"dashicons dashicons-yes\\\"><\\\/span>\",\"default\":0}}},\"manual_value\":true},{\"errors\":[],\"max_options\":0,\"order\":4,\"new\":false,\"options\":[],\"label\":\"Integraci\\u00f3n Social\",\"value\":\"Integracion Social\",\"calc\":\"\",\"selected\":0,\"settingModel\":{\"settings\":false,\"hide_merge_tags\":false,\"error\":false,\"name\":\"options\",\"type\":\"option-repeater\",\"label\":\"Opciones <a href=\\\"#\\\" class=\\\"nf-add-new\\\">A\\u00f1adir nuevo<\\\/a> <a href=\\\"#\\\" class=\\\"extra nf-open-import-tooltip\\\"><i class=\\\"fa fa-sign-in\\\" aria-hidden=\\\"true\\\"><\\\/i> Importar<\\\/a>\",\"width\":\"full\",\"group\":\"\",\"value\":[{\"label\":\"Uno\",\"value\":\"uno\",\"calc\":\"\",\"selected\":0,\"order\":0},{\"label\":\"Dos\",\"value\":\"dos\",\"calc\":\"\",\"selected\":0,\"order\":1},{\"label\":\"Tres\",\"value\":\"tres\",\"calc\":\"\",\"selected\":0,\"order\":2}],\"columns\":{\"label\":{\"header\":\"Etiqueta\",\"default\":\"\"},\"value\":{\"header\":\"Valor\",\"default\":\"\"},\"calc\":{\"header\":\"Valor calc\",\"default\":\"\"},\"selected\":{\"header\":\"<span class=\\\"dashicons dashicons-yes\\\"><\\\/span>\",\"default\":0}}},\"manual_value\":true},{\"errors\":[],\"max_options\":0,\"order\":5,\"new\":false,\"options\":[],\"label\":\"GIAT-Turismo\",\"value\":\"GIAT-Turismo\",\"calc\":\"\",\"selected\":0,\"settingModel\":{\"settings\":false,\"hide_merge_tags\":false,\"error\":false,\"name\":\"options\",\"type\":\"option-repeater\",\"label\":\"Opciones <a href=\\\"#\\\" class=\\\"nf-add-new\\\">A\\u00f1adir nuevo<\\\/a> <a href=\\\"#\\\" class=\\\"extra nf-open-import-tooltip\\\"><i class=\\\"fa fa-sign-in\\\" aria-hidden=\\\"true\\\"><\\\/i> Importar<\\\/a>\",\"width\":\"full\",\"group\":\"\",\"value\":[{\"label\":\"Uno\",\"value\":\"uno\",\"calc\":\"\",\"selected\":0,\"order\":0},{\"label\":\"Dos\",\"value\":\"dos\",\"calc\":\"\",\"selected\":0,\"order\":1},{\"label\":\"Tres\",\"value\":\"tres\",\"calc\":\"\",\"selected\":0,\"order\":2}],\"columns\":{\"label\":{\"header\":\"Etiqueta\",\"default\":\"\"},\"value\":{\"header\":\"Valor\",\"default\":\"\"},\"calc\":{\"header\":\"Valor calc\",\"default\":\"\"},\"selected\":{\"header\":\"<span class=\\\"dashicons dashicons-yes\\\"><\\\/span>\",\"default\":0}}},\"manual_value\":true},{\"errors\":[],\"max_options\":0,\"order\":6,\"new\":false,\"options\":[],\"label\":\"Pr\\u00f3tesis Dentales\",\"value\":\"Protesis Dentales\",\"calc\":\"\",\"selected\":0,\"settingModel\":{\"settings\":false,\"hide_merge_tags\":false,\"error\":false,\"name\":\"options\",\"type\":\"option-repeater\",\"label\":\"Opciones <a href=\\\"#\\\" class=\\\"nf-add-new\\\">A\\u00f1adir nuevo<\\\/a> <a href=\\\"#\\\" class=\\\"extra nf-open-import-tooltip\\\"><i class=\\\"fa fa-sign-in\\\" aria-hidden=\\\"true\\\"><\\\/i> Importar<\\\/a>\",\"width\":\"full\",\"group\":\"\",\"value\":[{\"label\":\"Uno\",\"value\":\"uno\",\"calc\":\"\",\"selected\":0,\"order\":0},{\"label\":\"Dos\",\"value\":\"dos\",\"calc\":\"\",\"selected\":0,\"order\":1},{\"label\":\"Tres\",\"value\":\"tres\",\"calc\":\"\",\"selected\":0,\"order\":2}],\"columns\":{\"label\":{\"header\":\"Etiqueta\",\"default\":\"\"},\"value\":{\"header\":\"Valor\",\"default\":\"\"},\"calc\":{\"header\":\"Valor calc\",\"default\":\"\"},\"selected\":{\"header\":\"<span class=\\\"dashicons dashicons-yes\\\"><\\\/span>\",\"default\":0}}},\"manual_value\":true},{\"errors\":[],\"max_options\":0,\"order\":7,\"new\":false,\"options\":[],\"label\":\"Mediaci\\u00f3n Comunicativa\",\"value\":\"Mediacion Comunicativa\",\"calc\":\"\",\"selected\":0,\"settingModel\":{\"settings\":false,\"hide_merge_tags\":false,\"error\":false,\"name\":\"options\",\"type\":\"option-repeater\",\"label\":\"Opciones <a href=\\\"#\\\" class=\\\"nf-add-new\\\">A\\u00f1adir nuevo<\\\/a> <a href=\\\"#\\\" class=\\\"extra nf-open-import-tooltip\\\"><i class=\\\"fa fa-sign-in\\\" aria-hidden=\\\"true\\\"><\\\/i> Importar<\\\/a>\",\"width\":\"full\",\"group\":\"\",\"value\":[{\"label\":\"Uno\",\"value\":\"uno\",\"calc\":\"\",\"selected\":0,\"order\":0},{\"label\":\"Dos\",\"value\":\"dos\",\"calc\":\"\",\"selected\":0,\"order\":1},{\"label\":\"Tres\",\"value\":\"tres\",\"calc\":\"\",\"selected\":0,\"order\":2}],\"columns\":{\"label\":{\"header\":\"Etiqueta\",\"default\":\"\"},\"value\":{\"header\":\"Valor\",\"default\":\"\"},\"calc\":{\"header\":\"Valor calc\",\"default\":\"\"},\"selected\":{\"header\":\"<span class=\\\"dashicons dashicons-yes\\\"><\\\/span>\",\"default\":0}}},\"manual_value\":true},{\"errors\":[],\"max_options\":0,\"order\":8,\"new\":false,\"options\":[],\"label\":\"Atenci\\u00f3n a Personas en Situaci\\u00f3n de Dependencia\",\"value\":\"Atencion a Personas en Situacion de Dependencia\",\"calc\":\"\",\"selected\":0,\"settingModel\":{\"settings\":false,\"hide_merge_tags\":false,\"error\":false,\"name\":\"options\",\"type\":\"option-repeater\",\"label\":\"Opciones <a href=\\\"#\\\" class=\\\"nf-add-new\\\">A\\u00f1adir nuevo<\\\/a> <a href=\\\"#\\\" class=\\\"extra nf-open-import-tooltip\\\"><i class=\\\"fa fa-sign-in\\\" aria-hidden=\\\"true\\\"><\\\/i> Importar<\\\/a>\",\"width\":\"full\",\"group\":\"\",\"value\":[{\"label\":\"Uno\",\"value\":\"uno\",\"calc\":\"\",\"selected\":0,\"order\":0},{\"label\":\"Dos\",\"value\":\"dos\",\"calc\":\"\",\"selected\":0,\"order\":1},{\"label\":\"Tres\",\"value\":\"tres\",\"calc\":\"\",\"selected\":0,\"order\":2}],\"columns\":{\"label\":{\"header\":\"Etiqueta\",\"default\":\"\"},\"value\":{\"header\":\"Valor\",\"default\":\"\"},\"calc\":{\"header\":\"Valor calc\",\"default\":\"\"},\"selected\":{\"header\":\"<span class=\\\"dashicons dashicons-yes\\\"><\\\/span>\",\"default\":0}}},\"manual_value\":true},{\"errors\":[],\"max_options\":0,\"order\":9,\"new\":false,\"options\":[],\"label\":\"Cuidados Auxiliares de Enfermer\\u00eda\",\"value\":\"Cuidados Auxiliares de Enfermeria\",\"calc\":\"\",\"selected\":0,\"settingModel\":{\"settings\":false,\"hide_merge_tags\":false,\"error\":false,\"name\":\"options\",\"type\":\"option-repeater\",\"label\":\"Opciones <a href=\\\"#\\\" class=\\\"nf-add-new\\\">A\\u00f1adir nuevo<\\\/a> <a href=\\\"#\\\" class=\\\"extra nf-open-import-tooltip\\\"><i class=\\\"fa fa-sign-in\\\" aria-hidden=\\\"true\\\"><\\\/i> Importar<\\\/a>\",\"width\":\"full\",\"group\":\"\",\"value\":[{\"label\":\"Uno\",\"value\":\"uno\",\"calc\":\"\",\"selected\":0,\"order\":0},{\"label\":\"Dos\",\"value\":\"dos\",\"calc\":\"\",\"selected\":0,\"order\":1},{\"label\":\"Tres\",\"value\":\"tres\",\"calc\":\"\",\"selected\":0,\"order\":2}],\"columns\":{\"label\":{\"header\":\"Etiqueta\",\"default\":\"\"},\"value\":{\"header\":\"Valor\",\"default\":\"\"},\"calc\":{\"header\":\"Valor calc\",\"default\":\"\"},\"selected\":{\"header\":\"<span class=\\\"dashicons dashicons-yes\\\"><\\\/span>\",\"default\":0}}},\"manual_value\":true},{\"errors\":[],\"max_options\":0,\"order\":10,\"new\":false,\"options\":[],\"label\":\"Emergencias Sanitarias\",\"value\":\"Emergencias Sanitarias\",\"calc\":\"\",\"selected\":0,\"settingModel\":{\"settings\":false,\"hide_merge_tags\":false,\"error\":false,\"name\":\"options\",\"type\":\"option-repeater\",\"label\":\"Opciones <a href=\\\"#\\\" class=\\\"nf-add-new\\\">A\\u00f1adir nuevo<\\\/a> <a href=\\\"#\\\" class=\\\"extra nf-open-import-tooltip\\\"><i class=\\\"fa fa-sign-in\\\" aria-hidden=\\\"true\\\"><\\\/i> Importar<\\\/a>\",\"width\":\"full\",\"group\":\"\",\"value\":[{\"label\":\"Uno\",\"value\":\"uno\",\"calc\":\"\",\"selected\":0,\"order\":0},{\"label\":\"Dos\",\"value\":\"dos\",\"calc\":\"\",\"selected\":0,\"order\":1},{\"label\":\"Tres\",\"value\":\"tres\",\"calc\":\"\",\"selected\":0,\"order\":2}],\"columns\":{\"label\":{\"header\":\"Etiqueta\",\"default\":\"\"},\"value\":{\"header\":\"Valor\",\"default\":\"\"},\"calc\":{\"header\":\"Valor calc\",\"default\":\"\"},\"selected\":{\"header\":\"<span class=\\\"dashicons dashicons-yes\\\"><\\\/span>\",\"default\":0}}},\"manual_value\":true},{\"errors\":[],\"max_options\":0,\"order\":11,\"new\":false,\"options\":[],\"label\":\"Farmacia y Parafarmacia\",\"value\":\"Farmacia y Parafarmacia\",\"calc\":\"\",\"selected\":0,\"settingModel\":{\"settings\":false,\"hide_merge_tags\":false,\"error\":false,\"name\":\"options\",\"type\":\"option-repeater\",\"label\":\"Opciones <a href=\\\"#\\\" class=\\\"nf-add-new\\\">A\\u00f1adir nuevo<\\\/a> <a href=\\\"#\\\" class=\\\"extra nf-open-import-tooltip\\\"><i class=\\\"fa fa-sign-in\\\" aria-hidden=\\\"true\\\"><\\\/i> Importar<\\\/a>\",\"width\":\"full\",\"group\":\"\",\"value\":[{\"label\":\"Uno\",\"value\":\"uno\",\"calc\":\"\",\"selected\":0,\"order\":0},{\"label\":\"Dos\",\"value\":\"dos\",\"calc\":\"\",\"selected\":0,\"order\":1},{\"label\":\"Tres\",\"value\":\"tres\",\"calc\":\"\",\"selected\":0,\"order\":2}],\"columns\":{\"label\":{\"header\":\"Etiqueta\",\"default\":\"\"},\"value\":{\"header\":\"Valor\",\"default\":\"\"},\"calc\":{\"header\":\"Valor calc\",\"default\":\"\"},\"selected\":{\"header\":\"<span class=\\\"dashicons dashicons-yes\\\"><\\\/span>\",\"default\":0}}},\"manual_value\":true},{\"errors\":[],\"max_options\":0,\"order\":12,\"new\":false,\"options\":[],\"label\":\"ESO\",\"value\":\"ESO\",\"calc\":\"\",\"selected\":0,\"settingModel\":{\"settings\":false,\"hide_merge_tags\":false,\"error\":false,\"name\":\"options\",\"type\":\"option-repeater\",\"label\":\"Opciones <a href=\\\"#\\\" class=\\\"nf-add-new\\\">A\\u00f1adir nuevo<\\\/a> <a href=\\\"#\\\" class=\\\"extra nf-open-import-tooltip\\\"><i class=\\\"fa fa-sign-in\\\" aria-hidden=\\\"true\\\"><\\\/i> Importar<\\\/a>\",\"width\":\"full\",\"group\":\"\",\"value\":[{\"label\":\"Uno\",\"value\":\"uno\",\"calc\":\"\",\"selected\":0,\"order\":0},{\"label\":\"Dos\",\"value\":\"dos\",\"calc\":\"\",\"selected\":0,\"order\":1},{\"label\":\"Tres\",\"value\":\"tres\",\"calc\":\"\",\"selected\":0,\"order\":2}],\"columns\":{\"label\":{\"header\":\"Etiqueta\",\"default\":\"\"},\"value\":{\"header\":\"Valor\",\"default\":\"\"},\"calc\":{\"header\":\"Valor calc\",\"default\":\"\"},\"selected\":{\"header\":\"<span class=\\\"dashicons dashicons-yes\\\"><\\\/span>\",\"default\":0}}},\"manual_value\":true},{\"errors\":[],\"max_options\":0,\"order\":13,\"new\":false,\"options\":[],\"label\":\"Otras Informaciones\",\"value\":\"Otras Informaciones\",\"calc\":\"\",\"selected\":0,\"settingModel\":{\"settings\":false,\"hide_merge_tags\":false,\"error\":false,\"name\":\"options\",\"type\":\"option-repeater\",\"label\":\"Opciones <a href=\\\"#\\\" class=\\\"nf-add-new\\\">A\\u00f1adir nuevo<\\\/a> <a href=\\\"#\\\" class=\\\"extra nf-open-import-tooltip\\\"><i class=\\\"fa fa-sign-in\\\" aria-hidden=\\\"true\\\"><\\\/i> Importar<\\\/a>\",\"width\":\"full\",\"group\":\"\",\"value\":[{\"label\":\"Uno\",\"value\":\"uno\",\"calc\":\"\",\"selected\":0,\"order\":0},{\"label\":\"Dos\",\"value\":\"dos\",\"calc\":\"\",\"selected\":0,\"order\":1},{\"label\":\"Tres\",\"value\":\"tres\",\"calc\":\"\",\"selected\":0,\"order\":2}],\"columns\":{\"label\":{\"header\":\"Etiqueta\",\"default\":\"\"},\"value\":{\"header\":\"Valor\",\"default\":\"\"},\"calc\":{\"header\":\"Valor calc\",\"default\":\"\"},\"selected\":{\"header\":\"<span class=\\\"dashicons dashicons-yes\\\"><\\\/span>\",\"default\":0}}},\"manual_value\":true}],\"container_class\":\"one-half first\",\"element_class\":\"\",\"admin_label\":\"\",\"help_text\":\"\",\"drawerDisabled\":false,\"manual_key\":true,\"id\":36,\"beforeField\":\"\",\"afterField\":\"\",\"value\":\"\",\"parentType\":\"list\",\"element_templates\":[\"listselect\",\"input\"],\"old_classname\":\"list-select\",\"wrap_template\":\"wrap\"},{\"objectType\":\"Field\",\"objectDomain\":\"fields\",\"editActive\":false,\"order\":9,\"idAttribute\":\"id\",\"type\":\"textbox\",\"label\":\"Asunto\",\"key\":\"asunto_1606895184570\",\"label_pos\":\"above\",\"required\":1,\"default\":\"\",\"placeholder\":\"\",\"container_class\":\"one-half\",\"element_class\":\"elementoformulario\",\"input_limit\":\"\",\"input_limit_type\":\"characters\",\"input_limit_msg\":\"Caracteres restantes\",\"manual_key\":\"\",\"admin_label\":\"\",\"help_text\":\"\",\"mask\":\"\",\"custom_mask\":\"\",\"custom_name_attribute\":\"\",\"personally_identifiable\":\"\",\"value\":\"\",\"drawerDisabled\":false,\"field_label\":\"Asunto\",\"field_key\":\"asunto_1606895184570\",\"id\":14,\"beforeField\":\"\",\"afterField\":\"\",\"parentType\":\"textbox\",\"element_templates\":[\"textbox\",\"input\"],\"old_classname\":\"\",\"wrap_template\":\"wrap\"},{\"objectType\":\"Field\",\"objectDomain\":\"fields\",\"editActive\":false,\"order\":10,\"idAttribute\":\"id\",\"type\":\"textarea\",\"label\":\"Comentario\",\"key\":\"comentario_1604506294443\",\"label_pos\":\"above\",\"required\":\"\",\"default\":\"\",\"placeholder\":\"\",\"container_class\":\"\",\"element_class\":\"elementoformulario\",\"input_limit\":\"\",\"input_limit_type\":\"characters\",\"input_limit_msg\":\"Caracteres restantes\",\"manual_key\":\"\",\"admin_label\":\"\",\"help_text\":\"\",\"textarea_rte\":\"\",\"disable_rte_mobile\":\"\",\"textarea_media\":\"\",\"value\":\"\",\"drawerDisabled\":\"\",\"field_label\":\"Comentario\",\"field_key\":\"comentario_1604506294443\",\"id\":15,\"beforeField\":\"\",\"afterField\":\"\",\"parentType\":\"textarea\",\"element_templates\":[\"textarea\",\"input\"],\"old_classname\":\"\",\"wrap_template\":\"wrap\"},{\"objectType\":\"Field\",\"objectDomain\":\"fields\",\"editActive\":false,\"order\":11,\"idAttribute\":\"id\",\"type\":\"checkbox\",\"label\":\"Acepto la <a href=\\\"https:\\\/\\\/franciscodevitoria.eus\\\/aviso-legal-y-politica-de-privacidad\\\/\\\" target=\\\"_blank\\\" style=\\\"text-decoration:underline;color:#5b9c28\\\">Pol\\u00edtica de Privacidad<\\\/a>\",\"key\":\"acepto_la_less_than_a_href_https_franciscodevitoria_eus_aviso-legal-y-politica-de-privacidad_target_blank_style_text-decoration_underline_color_5b9c28_greater_than_politica_de_privacidad_less_than_a_greater_than_1648120538530\",\"label_pos\":\"right\",\"required\":1,\"container_class\":\"one-half first\",\"element_class\":\"\",\"manual_key\":\"\",\"admin_label\":\"\",\"help_text\":\"\",\"desc_text\":\"<p><br><\\\/p>\",\"default_value\":\"unchecked\",\"checked_value\":\"Marcado\",\"unchecked_value\":\"Desmarcado\",\"checked_calc_value\":\"\",\"unchecked_calc_value\":\"\",\"drawerDisabled\":false,\"default\":\"unchecked\",\"field_label\":\"\",\"field_key\":\"acepto_la_politica_de_privacidad_1604506321906\",\"value\":\"unchecked\",\"id\":17,\"beforeField\":\"\",\"afterField\":\"\",\"parentType\":\"checkbox\",\"element_templates\":[\"checkbox\",\"input\"],\"old_classname\":\"\",\"wrap_template\":\"wrap\"},{\"objectType\":\"Field\",\"objectDomain\":\"fields\",\"editActive\":false,\"order\":12,\"idAttribute\":\"id\",\"type\":\"checkbox\",\"label\":\"Quiero recibir notificaciones\",\"key\":\"quiero_recibir_notificaciones_1643711855113\",\"label_pos\":\"right\",\"required\":0,\"container_class\":\"one-half \",\"element_class\":\"\",\"manual_key\":\"\",\"admin_label\":\"\",\"help_text\":\"\",\"default_value\":\"checked\",\"checked_value\":\"Marcado\",\"unchecked_value\":\"Desmarcado\",\"checked_calc_value\":\"\",\"unchecked_calc_value\":\"\",\"drawerDisabled\":false,\"default\":\"checked\",\"field_label\":\"\",\"field_key\":\"quiero_recibir_notificaciones_de_lekune_1604506347691\",\"value\":\"checked\",\"id\":19,\"beforeField\":\"\",\"afterField\":\"\",\"parentType\":\"checkbox\",\"element_templates\":[\"checkbox\",\"input\"],\"old_classname\":\"\",\"wrap_template\":\"wrap\"},{\"objectType\":\"Field\",\"objectDomain\":\"fields\",\"editActive\":false,\"order\":13,\"idAttribute\":\"id\",\"type\":\"submit\",\"label\":\"Enviar\",\"processing_label\":\"Procesando...\",\"container_class\":\"\",\"element_class\":\"\",\"key\":\"submit_1604506355681\",\"drawerDisabled\":false,\"field_label\":\"Enviar\",\"field_key\":\"submit_1604506355681\",\"admin_label\":\"\",\"id\":20,\"beforeField\":\"\",\"afterField\":\"\",\"value\":\"\",\"label_pos\":\"above\",\"parentType\":\"textbox\",\"element_templates\":[\"submit\",\"button\",\"input\"],\"old_classname\":\"\",\"wrap_template\":\"wrap-no-label\"}];nfForms.push(form);<\/script>\n        <div class=\"vc_empty_space\"   style=\"height: 30px\"><span class=\"vc_empty_space_inner\"><\/span><\/div><\/div><\/div><\/div><\/div>\n<\/div>","protected":false},"excerpt":{"rendered":"M\u00f3dulos Requisitos de Acceso Salidas Im\u00e1genes Calendario Inf\u00f3rmate M\u00f3dulos Requisitos de Acceso Salidas Im\u00e1genesCalendarioInf\u00f3rmate + Informazioa Arloa: Osasuna, zahartze aktiboa, jasangarritasuna, LH Talde hartzailea: Mastekatzeko zailtasunak dituzten adinekoak Ikastetxeak: IES Francisco de Vitoria BHI \u00b7 Gamarrako Ostalaritza Eskola Bazkide teknologikoa: Cocuus Iraupena: 2024-2025 eta 2025-2026 ikastaroak Lurraldea: Vitoria-Gasteiz Lortu nahi den inpaktua: Soziala, hezkuntzakoa eta&hellip;","protected":false},"author":1,"featured_media":0,"parent":0,"menu_order":0,"comment_status":"closed","ping_status":"closed","template":"","meta":{"_acf_changed":false,"footnotes":""},"class_list":["post-14529","page","type-page","status-publish","hentry","entry","no-media"],"acf":[],"yoast_head":"<!-- This site is optimized with the Yoast SEO plugin v27.4 - https:\/\/yoast.com\/product\/yoast-seo-wordpress\/ -->\n<title>Berrikuntza - IES Francisco de Vitoria BHI<\/title>\n<meta name=\"robots\" content=\"index, follow, max-snippet:-1, max-image-preview:large, max-video-preview:-1\" \/>\n<link rel=\"canonical\" href=\"https:\/\/franciscodevitoria.eus\/eu\/berrikuntza\/\" \/>\n<meta property=\"og:locale\" content=\"eu_ES\" \/>\n<meta property=\"og:type\" content=\"article\" \/>\n<meta property=\"og:title\" content=\"Berrikuntza - IES Francisco de Vitoria BHI\" \/>\n<meta property=\"og:url\" content=\"https:\/\/franciscodevitoria.eus\/eu\/berrikuntza\/\" \/>\n<meta property=\"og:site_name\" content=\"IES Francisco de Vitoria BHI\" \/>\n<meta property=\"article:publisher\" content=\"https:\/\/www.facebook.com\/IES-Francisco-de-Vitoria-BHI-189128608245045\/\" \/>\n<meta property=\"article:modified_time\" content=\"2026-01-26T11:26:36+00:00\" \/>\n<meta property=\"og:image\" content=\"https:\/\/franciscodevitoria.eus\/wp-content\/uploads\/2024\/08\/yoast_por_defecto.jpg\" \/>\n\t<meta property=\"og:image:width\" content=\"1200\" \/>\n\t<meta property=\"og:image:height\" content=\"675\" \/>\n\t<meta property=\"og:image:type\" content=\"image\/jpeg\" \/>\n<meta name=\"twitter:card\" content=\"summary_large_image\" \/>\n<meta name=\"twitter:site\" content=\"@IES_FDV_BHI\" \/>\n<meta name=\"twitter:label1\" content=\"Est. reading time\" \/>\n\t<meta name=\"twitter:data1\" content=\"3 minutes\" \/>\n<script type=\"application\/ld+json\" class=\"yoast-schema-graph\">{\"@context\":\"https:\\\/\\\/schema.org\",\"@graph\":[{\"@type\":\"WebPage\",\"@id\":\"https:\\\/\\\/franciscodevitoria.eus\\\/eu\\\/berrikuntza\\\/\",\"url\":\"https:\\\/\\\/franciscodevitoria.eus\\\/eu\\\/berrikuntza\\\/\",\"name\":\"Berrikuntza - IES Francisco de Vitoria BHI\",\"isPartOf\":{\"@id\":\"https:\\\/\\\/franciscodevitoria.eus\\\/#website\"},\"datePublished\":\"2026-01-26T09:44:39+00:00\",\"dateModified\":\"2026-01-26T11:26:36+00:00\",\"breadcrumb\":{\"@id\":\"https:\\\/\\\/franciscodevitoria.eus\\\/eu\\\/berrikuntza\\\/#breadcrumb\"},\"inLanguage\":\"eu-ES\",\"potentialAction\":[{\"@type\":\"ReadAction\",\"target\":[\"https:\\\/\\\/franciscodevitoria.eus\\\/eu\\\/berrikuntza\\\/\"]}]},{\"@type\":\"BreadcrumbList\",\"@id\":\"https:\\\/\\\/franciscodevitoria.eus\\\/eu\\\/berrikuntza\\\/#breadcrumb\",\"itemListElement\":[{\"@type\":\"ListItem\",\"position\":1,\"name\":\"Portada\",\"item\":\"https:\\\/\\\/franciscodevitoria.eus\\\/eu\\\/\"},{\"@type\":\"ListItem\",\"position\":2,\"name\":\"Berrikuntza\"}]},{\"@type\":\"WebSite\",\"@id\":\"https:\\\/\\\/franciscodevitoria.eus\\\/#website\",\"url\":\"https:\\\/\\\/franciscodevitoria.eus\\\/\",\"name\":\"IES Francisco de Vitoria BHI\",\"description\":\"Instituto de Ense\u00f1anza Secundaria - Francisco de Vitoria en Vitoria-Gasteiz (Araba)\",\"publisher\":{\"@id\":\"https:\\\/\\\/franciscodevitoria.eus\\\/#organization\"},\"alternateName\":\"IES Francisco de Vitoria BHI\",\"potentialAction\":[{\"@type\":\"SearchAction\",\"target\":{\"@type\":\"EntryPoint\",\"urlTemplate\":\"https:\\\/\\\/franciscodevitoria.eus\\\/?s={search_term_string}\"},\"query-input\":{\"@type\":\"PropertyValueSpecification\",\"valueRequired\":true,\"valueName\":\"search_term_string\"}}],\"inLanguage\":\"eu-ES\"},{\"@type\":\"Organization\",\"@id\":\"https:\\\/\\\/franciscodevitoria.eus\\\/#organization\",\"name\":\"IES Francisco de Vitoria BHI\",\"url\":\"https:\\\/\\\/franciscodevitoria.eus\\\/\",\"logo\":{\"@type\":\"ImageObject\",\"inLanguage\":\"eu-ES\",\"@id\":\"https:\\\/\\\/franciscodevitoria.eus\\\/#\\\/schema\\\/logo\\\/image\\\/\",\"url\":\"https:\\\/\\\/franciscodevitoria.eus\\\/wp-content\\\/uploads\\\/2022\\\/04\\\/logo_francisco_vitoria_mail.png\",\"contentUrl\":\"https:\\\/\\\/franciscodevitoria.eus\\\/wp-content\\\/uploads\\\/2022\\\/04\\\/logo_francisco_vitoria_mail.png\",\"width\":180,\"height\":78,\"caption\":\"IES Francisco de Vitoria BHI\"},\"image\":{\"@id\":\"https:\\\/\\\/franciscodevitoria.eus\\\/#\\\/schema\\\/logo\\\/image\\\/\"},\"sameAs\":[\"https:\\\/\\\/www.facebook.com\\\/IES-Francisco-de-Vitoria-BHI-189128608245045\\\/\",\"https:\\\/\\\/x.com\\\/IES_FDV_BHI\",\"https:\\\/\\\/www.instagram.com\\\/omij_fdv\\\/\",\"https:\\\/\\\/www.youtube.com\\\/@FDVStreaming\\\/streams\"]}]}<\/script>\n<!-- \/ Yoast SEO plugin. -->","yoast_head_json":{"title":"Berrikuntza - IES Francisco de Vitoria BHI","robots":{"index":"index","follow":"follow","max-snippet":"max-snippet:-1","max-image-preview":"max-image-preview:large","max-video-preview":"max-video-preview:-1"},"canonical":"https:\/\/franciscodevitoria.eus\/eu\/berrikuntza\/","og_locale":"eu_ES","og_type":"article","og_title":"Berrikuntza - IES Francisco de Vitoria BHI","og_url":"https:\/\/franciscodevitoria.eus\/eu\/berrikuntza\/","og_site_name":"IES Francisco de Vitoria BHI","article_publisher":"https:\/\/www.facebook.com\/IES-Francisco-de-Vitoria-BHI-189128608245045\/","article_modified_time":"2026-01-26T11:26:36+00:00","og_image":[{"width":1200,"height":675,"url":"https:\/\/franciscodevitoria.eus\/wp-content\/uploads\/2024\/08\/yoast_por_defecto.jpg","type":"image\/jpeg"}],"twitter_card":"summary_large_image","twitter_site":"@IES_FDV_BHI","twitter_misc":{"Est. reading time":"3 minutes"},"schema":{"@context":"https:\/\/schema.org","@graph":[{"@type":"WebPage","@id":"https:\/\/franciscodevitoria.eus\/eu\/berrikuntza\/","url":"https:\/\/franciscodevitoria.eus\/eu\/berrikuntza\/","name":"Berrikuntza - IES Francisco de Vitoria BHI","isPartOf":{"@id":"https:\/\/franciscodevitoria.eus\/#website"},"datePublished":"2026-01-26T09:44:39+00:00","dateModified":"2026-01-26T11:26:36+00:00","breadcrumb":{"@id":"https:\/\/franciscodevitoria.eus\/eu\/berrikuntza\/#breadcrumb"},"inLanguage":"eu-ES","potentialAction":[{"@type":"ReadAction","target":["https:\/\/franciscodevitoria.eus\/eu\/berrikuntza\/"]}]},{"@type":"BreadcrumbList","@id":"https:\/\/franciscodevitoria.eus\/eu\/berrikuntza\/#breadcrumb","itemListElement":[{"@type":"ListItem","position":1,"name":"Portada","item":"https:\/\/franciscodevitoria.eus\/eu\/"},{"@type":"ListItem","position":2,"name":"Berrikuntza"}]},{"@type":"WebSite","@id":"https:\/\/franciscodevitoria.eus\/#website","url":"https:\/\/franciscodevitoria.eus\/","name":"IES Francisco de Vitoria BHI","description":"Instituto de Ense\u00f1anza Secundaria - Francisco de Vitoria en Vitoria-Gasteiz (Araba)","publisher":{"@id":"https:\/\/franciscodevitoria.eus\/#organization"},"alternateName":"IES Francisco de Vitoria BHI","potentialAction":[{"@type":"SearchAction","target":{"@type":"EntryPoint","urlTemplate":"https:\/\/franciscodevitoria.eus\/?s={search_term_string}"},"query-input":{"@type":"PropertyValueSpecification","valueRequired":true,"valueName":"search_term_string"}}],"inLanguage":"eu-ES"},{"@type":"Organization","@id":"https:\/\/franciscodevitoria.eus\/#organization","name":"IES Francisco de Vitoria BHI","url":"https:\/\/franciscodevitoria.eus\/","logo":{"@type":"ImageObject","inLanguage":"eu-ES","@id":"https:\/\/franciscodevitoria.eus\/#\/schema\/logo\/image\/","url":"https:\/\/franciscodevitoria.eus\/wp-content\/uploads\/2022\/04\/logo_francisco_vitoria_mail.png","contentUrl":"https:\/\/franciscodevitoria.eus\/wp-content\/uploads\/2022\/04\/logo_francisco_vitoria_mail.png","width":180,"height":78,"caption":"IES Francisco de Vitoria BHI"},"image":{"@id":"https:\/\/franciscodevitoria.eus\/#\/schema\/logo\/image\/"},"sameAs":["https:\/\/www.facebook.com\/IES-Francisco-de-Vitoria-BHI-189128608245045\/","https:\/\/x.com\/IES_FDV_BHI","https:\/\/www.instagram.com\/omij_fdv\/","https:\/\/www.youtube.com\/@FDVStreaming\/streams"]}]}},"_links":{"self":[{"href":"https:\/\/franciscodevitoria.eus\/eu\/wp-json\/wp\/v2\/pages\/14529","targetHints":{"allow":["GET"]}}],"collection":[{"href":"https:\/\/franciscodevitoria.eus\/eu\/wp-json\/wp\/v2\/pages"}],"about":[{"href":"https:\/\/franciscodevitoria.eus\/eu\/wp-json\/wp\/v2\/types\/page"}],"author":[{"embeddable":true,"href":"https:\/\/franciscodevitoria.eus\/eu\/wp-json\/wp\/v2\/users\/1"}],"replies":[{"embeddable":true,"href":"https:\/\/franciscodevitoria.eus\/eu\/wp-json\/wp\/v2\/comments?post=14529"}],"version-history":[{"count":11,"href":"https:\/\/franciscodevitoria.eus\/eu\/wp-json\/wp\/v2\/pages\/14529\/revisions"}],"predecessor-version":[{"id":14547,"href":"https:\/\/franciscodevitoria.eus\/eu\/wp-json\/wp\/v2\/pages\/14529\/revisions\/14547"}],"wp:attachment":[{"href":"https:\/\/franciscodevitoria.eus\/eu\/wp-json\/wp\/v2\/media?parent=14529"}],"curies":[{"name":"wp","href":"https:\/\/api.w.org\/{rel}","templated":true}]}}