{"id":7075,"date":"2022-02-02T17:00:44","date_gmt":"2022-02-02T17:00:44","guid":{"rendered":"https:\/\/franciscodevitoria.eus\/noticias\/"},"modified":"2026-04-27T07:52:16","modified_gmt":"2026-04-27T07:52:16","slug":"noticias","status":"publish","type":"page","link":"https:\/\/franciscodevitoria.eus\/eu\/noticias\/","title":{"rendered":"Albisteak"},"content":{"rendered":"<div class=\"wpb-content-wrapper\"><div class=\"vc_row wpb_row vc_row-fluid fondo_top_ciclosss noticiass vc_custom_1643823387455 wpex-vc-full-width-row wpex-vc-full-width-row--centered wpex-relative wpex-vc_row-has-fill no-bottom-margins wpex-vc-reset-negative-margin\"><div class=\"wpb_column vc_column_container vc_col-sm-12\"><div class=\"vc_column-inner\"><div class=\"wpb_wrapper\"><style>.vcex-heading.vcex_69f474fe2c042{color:#82368c;font-size:65px;font-family:Exo;font-weight:600;}<\/style><h3 class=\"vcex-heading vcex-heading-plain vcex-module wpex-heading wpex-text-2xl wpex-mb-25 wpex-text-right  wpb_animate_when_almost_visible wpb_fadeInRight fadeInRight subrayado_tit_grande verde derecha vcex_69f474fe2c042\"><span class=\"vcex-heading-inner wpex-inline-block\">Azken Albisteak<\/span><\/h3><div class=\"vc_empty_space\"   style=\"height: 30px\"><span class=\"vc_empty_space_inner\"><\/span><\/div>\n<div class=\"vc_grid-container-wrapper vc_clearfix vc_grid-animation-fadeInDown\">\n\t<div class=\"vc_grid-container vc_clearfix wpb_content_element vc_basic_grid\" data-initial-loading-animation=\"fadeInDown\" data-vc-grid-settings=\"{&quot;page_id&quot;:7075,&quot;style&quot;:&quot;all&quot;,&quot;action&quot;:&quot;vc_get_vc_grid_data&quot;,&quot;shortcode_id&quot;:&quot;1777276305042-d8ffaa67-853c-4&quot;,&quot;tag&quot;:&quot;vc_basic_grid&quot;}\" data-vc-request=\"https:\/\/franciscodevitoria.eus\/wp-admin\/admin-ajax.php?lang=eu\" data-vc-post-id=\"7075\" data-vc-public-nonce=\"2cff7250db\">\n\t\t<style data-type=\"vc_shortcodes-custom-css\">.vc_custom_1642768723103{padding-top: 25px !important;padding-right: 25px !important;padding-bottom: 5px !important;padding-left: 25px !important;}.vc_custom_1643012067410{margin-top: 0px !important;margin-right: 0px !important;margin-bottom: 0px !important;margin-left: 0px !important;padding-top: 0px !important;padding-right: 0px !important;padding-bottom: 0px !important;padding-left: 0px !important;background-color: #ffffff !important;background-position: center !important;background-repeat: no-repeat !important;background-size: cover !important;}.vc_custom_1643013621678{margin-bottom: 5px !important;}.vc_custom_1647866514772{margin-bottom: 15px !important;padding-top: 0px !important;padding-bottom: 0px !important;}<\/style><div class=\"vc_grid vc_row vc_pageable-wrapper vc_hook_hover\" data-vc-pageable-content=\"true\"><div class=\"vc_pageable-slide-wrapper vc_clearfix\" data-vc-grid-content=\"true\"><div class=\"vc_grid-item vc_clearfix albiste_destacada vc_col-sm-12 vc_grid-item-zone-c-right\"><div class=\"vc_grid-item-mini vc_clearfix \"><div class=\"vc_gitem-animated-block\" ><div class=\"vc_gitem-zone vc_gitem-zone-a vc_custom_1643012067410 radius vc-gitem-zone-height-mode-auto vc-gitem-zone-height-mode-auto-16-9\" style=\"background-image: url('https:\/\/franciscodevitoria.eus\/wp-content\/uploads\/2026\/03\/start_innova_logo.jpg') !important;\"><img class=\"vc_gitem-zone-img\" src=\"https:\/\/franciscodevitoria.eus\/wp-content\/uploads\/2026\/03\/start_innova_logo.jpg\" alt=\"Startinnova 2025-2026 edizioan +18 urteko kategoriako 5 finalisten artean IES Francisco de Vitoriako 4 talde egon dira\" loading=\"lazy\"><div class=\"vc_gitem-zone-mini\"><div class=\"vc_gitem_row vc_row vc_gitem-row-position-bottom\"><div class=\"vc_col-sm-12 vc_gitem-col vc_gitem-col-align-\"><div field_61ea9bbf8a9fb class=\"vc_gitem-acf videoWrapper vc_gitem-align-center field_61ea9bbf8a9fb\"><\/div><\/div><\/div><\/div><\/div><\/div><div class=\"vc_gitem-zone vc_gitem-zone-c vc_custom_1642768723103\"><div class=\"vc_gitem-zone-mini\"><div class=\"vc_gitem_row vc_row vc_gitem-row-position-top\"><div class=\"vc_col-sm-12 vc_gitem-col vc_gitem-col-align-\"><div class=\"vc_custom_heading tit_entrada vc_gitem-post-data vc_gitem-post-data-source-post_title\" ><h3 style=\"font-size: 26px;color: #000000;line-height: 1.2;text-align: left;font-family:Exo;font-weight:500;font-style:normal\" ><a href=\"https:\/\/franciscodevitoria.eus\/eu\/startinnova-2025-2026-edizioan-18-urteko-kategoriako-5-finalisten-artean-ies-francisco-de-vitoriako-4-talde-egon-dira\/\" class=\"vc_gitem-link\" title=\"Startinnova 2025-2026 edizioan +18 urteko kategoriako 5 finalisten artean IES Francisco de Vitoriako 4 talde egon dira\">Startinnova 2025-2026 edizioan +18 urteko kategoriako 5 finalisten artean IES Francisco de Vitoriako 4 talde egon dira<\/a><\/h3><\/div><div class=\"vc_custom_heading vc_custom_1643013621678 vc_gitem-post-data vc_gitem-post-data-source-post_date\" ><div style=\"font-size: 18px;color: #82368c;line-height: 1.1;text-align: left;font-family:Roboto Condensed;font-weight:700;font-style:normal\" >2026\/03\/16<\/div><\/div><div class=\"vc_separator wpb_content_element vc_separator_align_center vc_sep_width_20 vc_sep_border_width_3 vc_sep_pos_align_left vc_separator_no_text wpb_content_element  wpb_content_element\" ><span class=\"vc_sep_holder vc_sep_holder_l\"><span style=\"border-color:#5b9c28;\" class=\"vc_sep_line\"><\/span><\/span><span class=\"vc_sep_holder vc_sep_holder_r\"><span style=\"border-color:#5b9c28;\" class=\"vc_sep_line\"><\/span><\/span>\n<\/div><div field_61ea9b833f2ac class=\"vc_gitem-acf resumen_size field_61ea9b833f2ac\"><p>Martxoaren 12an ospatu zen sari banaketan Komunikazio Bitartekotzako bigarren mailako ikasleak izan ziren garaile. Martina, Nerea, Anne, Aitzol eta Sarak osatutako InkluNet taldea. <\/p>\n<\/div><div class=\"vc_btn3-container  btn_background_news vc_btn3-center vc_custom_1647866514772\"><a onmouseleave=\"this.style.borderColor='#82368c'; this.style.backgroundColor='transparent'; this.style.color='#82368c'\" onmouseenter=\"this.style.borderColor='#82368c'; this.style.backgroundColor='#82368c'; this.style.color='#ffffff';\" style=\"border-color:#82368c; color:#82368c;\" class=\"vc_general vc_btn3 vc_btn3-size-md vc_btn3-shape-square vc_btn3-style-outline-custom\" a href=\"https:\/\/franciscodevitoria.eus\/eu\/startinnova-2025-2026-edizioan-18-urteko-kategoriako-5-finalisten-artean-ies-francisco-de-vitoriako-4-talde-egon-dira\/\" class=\"vc_gitem-link vc_general vc_btn3 vc_general vc_btn3 vc_btn3-size-md vc_btn3-shape-square vc_btn3-style-outline-custom btn_background_news\" title=\"Gehiago irakurri\">Gehiago irakurri<\/a><\/div><\/div><\/div><\/div><\/div><\/div><div class=\"vc_clearfix\"><\/div><\/div><\/div><\/div>\n\t<\/div>\n<\/div><div class=\"vc_empty_space\"   style=\"height: 30px\"><span class=\"vc_empty_space_inner\"><\/span><\/div>\n<div class=\"vc_grid-container-wrapper vc_clearfix vc_grid-animation-fadeInDown\">\n\t<div class=\"vc_grid-container vc_clearfix wpb_content_element vc_basic_grid sombrayradius\" data-initial-loading-animation=\"fadeInDown\" data-vc-grid-settings=\"{&quot;page_id&quot;:7075,&quot;style&quot;:&quot;all&quot;,&quot;action&quot;:&quot;vc_get_vc_grid_data&quot;,&quot;shortcode_id&quot;:&quot;1777276305043-a4695cbc-6849-0&quot;,&quot;tag&quot;:&quot;vc_basic_grid&quot;}\" data-vc-request=\"https:\/\/franciscodevitoria.eus\/wp-admin\/admin-ajax.php?lang=eu\" data-vc-post-id=\"7075\" data-vc-public-nonce=\"2cff7250db\">\n\t\t<style data-type=\"vc_shortcodes-custom-css\">.vc_custom_1643015000822{background-color: #ffffff !important;}.vc_custom_1643014993987{margin-top: 0px !important;margin-right: 0px !important;margin-bottom: 0px !important;margin-left: 0px !important;padding-top: 0px !important;padding-right: 0px !important;padding-bottom: 0px !important;padding-left: 0px !important;background-color: #ffffff !important;}.vc_custom_1643016875389{margin-top: 0px !important;margin-right: 0px !important;margin-bottom: 0px !important;margin-left: 0px !important;padding-top: 0px !important;padding-right: 0px !important;padding-bottom: 0px !important;padding-left: 0px !important;}.vc_custom_1643015126761{margin-top: 0px !important;margin-right: 0px !important;margin-bottom: 0px !important;margin-left: 0px !important;border-right-width: 15px !important;padding-top: 15px !important;padding-bottom: 15px !important;padding-left: 15px !important;background-color: #ffffff !important;}.vc_custom_1643014169565{margin-bottom: 5px !important;}.vc_custom_1648212009051{margin-bottom: 10px !important;padding-top: 0px !important;padding-bottom: 0px !important;}<\/style><div class=\"vc_grid vc_row vc_grid-gutter-35px vc_pageable-wrapper vc_hook_hover\" data-vc-pageable-content=\"true\"><div class=\"vc_pageable-slide-wrapper vc_clearfix\" data-vc-grid-content=\"true\"><div class=\"vc_grid-item vc_clearfix vc_col-sm-4 vc_grid-item-zone-c-bottom\"><div class=\"vc_grid-item-mini vc_clearfix \"><div class=\"vc_gitem-animated-block\" ><div class=\"vc_gitem-zone vc_gitem-zone-a vc_custom_1643014993987 vc-gitem-zone-height-mode-auto vc-gitem-zone-height-mode-auto-16-9\" style=\"background-image: url('https:\/\/franciscodevitoria.eus\/wp-content\/uploads\/2026\/02\/7_DSC04400-scaled.jpg') !important;\"><img class=\"vc_gitem-zone-img\" src=\"https:\/\/franciscodevitoria.eus\/wp-content\/uploads\/2026\/02\/7_DSC04400-scaled.jpg\" alt=\"Institutura bisita\" loading=\"lazy\"><div class=\"vc_gitem-zone-mini\"><div class=\"vc_gitem_row vc_row vc_gitem-row-position-top\"><div class=\"vc_col-sm-12 vc_gitem-col vc_gitem-col-align- vc_custom_1643016875389\"><div field_61ea9bbf8a9fb class=\"vc_gitem-acf videoWrapper vc_gitem-align-justify field_61ea9bbf8a9fb\"><\/div><\/div><\/div><\/div><\/div><\/div><div class=\"vc_gitem-zone vc_gitem-zone-c vc_custom_1643015000822\"><div class=\"vc_gitem-zone-mini\"><div class=\"vc_gitem_row vc_row vc_gitem-row-position-top\"><div class=\"vc_col-sm-12 vc_gitem-col vc_gitem-col-align- vc_custom_1643015126761\"><div class=\"vc_custom_heading vc_gitem-post-data vc_gitem-post-data-source-post_title\" ><h3 style=\"font-size: 22px;color: #000000;line-height: 24px;text-align: left;font-family:Exo;font-weight:500;font-style:normal\" ><a href=\"https:\/\/franciscodevitoria.eus\/eu\/institutura-bisita\/\" class=\"vc_gitem-link\" title=\"Institutura bisita\">Institutura bisita<\/a><\/h3><\/div><div class=\"vc_custom_heading vc_custom_1643014169565 vc_gitem-post-data vc_gitem-post-data-source-post_date\" ><div style=\"font-size: 18px;color: #82368c;line-height: 1.1;text-align: left;font-family:Roboto Condensed;font-weight:700;font-style:normal\" >2026\/02\/13<\/div><\/div><div class=\"vc_separator wpb_content_element vc_separator_align_center vc_sep_width_30 vc_sep_border_width_3 vc_sep_pos_align_left vc_separator_no_text wpb_content_element  wpb_content_element\" ><span class=\"vc_sep_holder vc_sep_holder_l\"><span style=\"border-color:#5b9c28;\" class=\"vc_sep_line\"><\/span><\/span><span class=\"vc_sep_holder vc_sep_holder_r\"><span style=\"border-color:#5b9c28;\" class=\"vc_sep_line\"><\/span><\/span>\n<\/div><div class=\"vc_gitem-post-meta-field-resumen resumen_size_mini vc_gitem-align-justify\">Institutuaren eraginkortasun energetikoa hobetzeko lanak amaitu ondoren, otsailaren 12an, Hezkuntza sailburua Bego\u00f1a Pedrosa, Arabako ahaldun nagusi Ramiro Gonz\u00e1lez eta Lanbide Heziketako sailburuordea Jon Labaka bisitan etorri ziren ikastetxearen errealitatea ezagutzeko.<\/div><div class=\"vc_empty_space\"   style=\"height: 20px\"><span class=\"vc_empty_space_inner\"><\/span><\/div><div class=\"vc_btn3-container  btn_background_news_mini vc_btn3-center vc_custom_1648212009051\"><a onmouseleave=\"this.style.borderColor='#82368c'; this.style.backgroundColor='transparent'; this.style.color='#82368c'\" onmouseenter=\"this.style.borderColor='#82368c'; this.style.backgroundColor='#82368c'; this.style.color='#ffffff';\" style=\"border-color:#82368c; color:#82368c;\" class=\"vc_general vc_btn3 vc_btn3-size-xs vc_btn3-shape-square vc_btn3-style-outline-custom\" a href=\"https:\/\/franciscodevitoria.eus\/eu\/institutura-bisita\/\" class=\"vc_gitem-link vc_general vc_btn3 vc_general vc_btn3 vc_btn3-size-xs vc_btn3-shape-square vc_btn3-style-outline-custom btn_background_news_mini\" title=\"Gehiago irakurri\">Gehiago irakurri<\/a><\/div><\/div><\/div><\/div><\/div><\/div><div class=\"vc_clearfix\"><\/div><\/div><div class=\"vc_grid-item vc_clearfix vc_col-sm-4 vc_grid-item-zone-c-bottom\"><div class=\"vc_grid-item-mini vc_clearfix \"><div class=\"vc_gitem-animated-block\" ><div class=\"vc_gitem-zone vc_gitem-zone-a vc_custom_1643014993987 vc-gitem-zone-height-mode-auto vc-gitem-zone-height-mode-auto-16-9\" style=\"background-image: url('https:\/\/franciscodevitoria.eus\/wp-content\/uploads\/2026\/02\/Ate_irekiak_2026.jpg') !important;\"><img class=\"vc_gitem-zone-img\" src=\"https:\/\/franciscodevitoria.eus\/wp-content\/uploads\/2026\/02\/Ate_irekiak_2026.jpg\" alt=\"BADATOZ 2026.eko ATE IREKIAK....\" loading=\"lazy\"><div class=\"vc_gitem-zone-mini\"><div class=\"vc_gitem_row vc_row vc_gitem-row-position-top\"><div class=\"vc_col-sm-12 vc_gitem-col vc_gitem-col-align- vc_custom_1643016875389\"><div field_61ea9bbf8a9fb class=\"vc_gitem-acf videoWrapper vc_gitem-align-justify field_61ea9bbf8a9fb\"><\/div><\/div><\/div><\/div><\/div><\/div><div class=\"vc_gitem-zone vc_gitem-zone-c vc_custom_1643015000822\"><div class=\"vc_gitem-zone-mini\"><div class=\"vc_gitem_row vc_row vc_gitem-row-position-top\"><div class=\"vc_col-sm-12 vc_gitem-col vc_gitem-col-align- vc_custom_1643015126761\"><div class=\"vc_custom_heading vc_gitem-post-data vc_gitem-post-data-source-post_title\" ><h3 style=\"font-size: 22px;color: #000000;line-height: 24px;text-align: left;font-family:Exo;font-weight:500;font-style:normal\" ><a href=\"https:\/\/franciscodevitoria.eus\/eu\/badatoz-2026-eko-ate-irekiak\/\" class=\"vc_gitem-link\" title=\"BADATOZ 2026.eko ATE IREKIAK&#8230;.\">BADATOZ 2026.eko ATE IREKIAK&#8230;.<\/a><\/h3><\/div><div class=\"vc_custom_heading vc_custom_1643014169565 vc_gitem-post-data vc_gitem-post-data-source-post_date\" ><div style=\"font-size: 18px;color: #82368c;line-height: 1.1;text-align: left;font-family:Roboto Condensed;font-weight:700;font-style:normal\" >2026\/02\/03<\/div><\/div><div class=\"vc_separator wpb_content_element vc_separator_align_center vc_sep_width_30 vc_sep_border_width_3 vc_sep_pos_align_left vc_separator_no_text wpb_content_element  wpb_content_element\" ><span class=\"vc_sep_holder vc_sep_holder_l\"><span style=\"border-color:#5b9c28;\" class=\"vc_sep_line\"><\/span><\/span><span class=\"vc_sep_holder vc_sep_holder_r\"><span style=\"border-color:#5b9c28;\" class=\"vc_sep_line\"><\/span><\/span>\n<\/div><div class=\"vc_gitem-post-meta-field-resumen resumen_size_mini vc_gitem-align-justify\">Guztiok gonbidatuta zaudete gure ikastetxea ikusi, ezagutu eta bisitatzera!!!<\/div><div class=\"vc_empty_space\"   style=\"height: 20px\"><span class=\"vc_empty_space_inner\"><\/span><\/div><div class=\"vc_btn3-container  btn_background_news_mini vc_btn3-center vc_custom_1648212009051\"><a onmouseleave=\"this.style.borderColor='#82368c'; this.style.backgroundColor='transparent'; this.style.color='#82368c'\" onmouseenter=\"this.style.borderColor='#82368c'; this.style.backgroundColor='#82368c'; this.style.color='#ffffff';\" style=\"border-color:#82368c; color:#82368c;\" class=\"vc_general vc_btn3 vc_btn3-size-xs vc_btn3-shape-square vc_btn3-style-outline-custom\" a href=\"https:\/\/franciscodevitoria.eus\/eu\/badatoz-2026-eko-ate-irekiak\/\" class=\"vc_gitem-link vc_general vc_btn3 vc_general vc_btn3 vc_btn3-size-xs vc_btn3-shape-square vc_btn3-style-outline-custom btn_background_news_mini\" title=\"Gehiago irakurri\">Gehiago irakurri<\/a><\/div><\/div><\/div><\/div><\/div><\/div><div class=\"vc_clearfix\"><\/div><\/div><div class=\"vc_grid-item vc_clearfix vc_col-sm-4 vc_grid-item-zone-c-bottom\"><div class=\"vc_grid-item-mini vc_clearfix \"><div class=\"vc_gitem-animated-block\" ><div class=\"vc_gitem-zone vc_gitem-zone-a vc_custom_1643014993987 vc-gitem-zone-height-mode-auto vc-gitem-zone-height-mode-auto-16-9\" style=\"background-image: url('https:\/\/franciscodevitoria.eus\/wp-content\/uploads\/2026\/01\/Dise\u00f1o sin t\u00edtulo.png') !important;\"><img class=\"vc_gitem-zone-img\" src=\"https:\/\/franciscodevitoria.eus\/wp-content\/uploads\/2026\/01\/Dise\u00f1o sin t\u00edtulo.png\" alt=\"VICO Aurora etxebizitza komunitarioan dastatzeko esperientzia pilotua\" loading=\"lazy\"><div class=\"vc_gitem-zone-mini\"><div class=\"vc_gitem_row vc_row vc_gitem-row-position-top\"><div class=\"vc_col-sm-12 vc_gitem-col vc_gitem-col-align- vc_custom_1643016875389\"><div field_61ea9bbf8a9fb class=\"vc_gitem-acf videoWrapper vc_gitem-align-justify field_61ea9bbf8a9fb\"><\/div><\/div><\/div><\/div><\/div><\/div><div class=\"vc_gitem-zone vc_gitem-zone-c vc_custom_1643015000822\"><div class=\"vc_gitem-zone-mini\"><div class=\"vc_gitem_row vc_row vc_gitem-row-position-top\"><div class=\"vc_col-sm-12 vc_gitem-col vc_gitem-col-align- vc_custom_1643015126761\"><div class=\"vc_custom_heading vc_gitem-post-data vc_gitem-post-data-source-post_title\" ><h3 style=\"font-size: 22px;color: #000000;line-height: 24px;text-align: left;font-family:Exo;font-weight:500;font-style:normal\" ><a href=\"https:\/\/franciscodevitoria.eus\/eu\/vico-aurora-etxebizitza-komunitarioan-dastatzeko-esperientzia-pilotua\/\" class=\"vc_gitem-link\" title=\"VICO Aurora etxebizitza komunitarioan dastatzeko esperientzia pilotua\">VICO Aurora etxebizitza komunitarioan dastatzeko esperientzia pilotua<\/a><\/h3><\/div><div class=\"vc_custom_heading vc_custom_1643014169565 vc_gitem-post-data vc_gitem-post-data-source-post_date\" ><div style=\"font-size: 18px;color: #82368c;line-height: 1.1;text-align: left;font-family:Roboto Condensed;font-weight:700;font-style:normal\" >2026\/01\/26<\/div><\/div><div class=\"vc_separator wpb_content_element vc_separator_align_center vc_sep_width_30 vc_sep_border_width_3 vc_sep_pos_align_left vc_separator_no_text wpb_content_element  wpb_content_element\" ><span class=\"vc_sep_holder vc_sep_holder_l\"><span style=\"border-color:#5b9c28;\" class=\"vc_sep_line\"><\/span><\/span><span class=\"vc_sep_holder vc_sep_holder_r\"><span style=\"border-color:#5b9c28;\" class=\"vc_sep_line\"><\/span><\/span>\n<\/div><div class=\"vc_gitem-post-meta-field-resumen resumen_size_mini vc_gitem-align-justify\">Pasa den urtarrilaren 22an arrakasta handiz egin da VICO Aurora etxebizitza komunitarioan dastatzeko esperientzia pilotu bat, Lanbide Heziketako berrikuntza-proiektu baten esparruan. Proiektu hori IES Francisco de Vitoria BHIren eta Gamarrako Ostalaritza Eskolaren artean garatu da, bi ikastetxeetako ikasleen parte-hartze aktiboarekin.<\/div><div class=\"vc_empty_space\"   style=\"height: 20px\"><span class=\"vc_empty_space_inner\"><\/span><\/div><div class=\"vc_btn3-container  btn_background_news_mini vc_btn3-center vc_custom_1648212009051\"><a onmouseleave=\"this.style.borderColor='#82368c'; this.style.backgroundColor='transparent'; this.style.color='#82368c'\" onmouseenter=\"this.style.borderColor='#82368c'; this.style.backgroundColor='#82368c'; this.style.color='#ffffff';\" style=\"border-color:#82368c; color:#82368c;\" class=\"vc_general vc_btn3 vc_btn3-size-xs vc_btn3-shape-square vc_btn3-style-outline-custom\" a href=\"https:\/\/franciscodevitoria.eus\/eu\/vico-aurora-etxebizitza-komunitarioan-dastatzeko-esperientzia-pilotua\/\" class=\"vc_gitem-link vc_general vc_btn3 vc_general vc_btn3 vc_btn3-size-xs vc_btn3-shape-square vc_btn3-style-outline-custom btn_background_news_mini\" title=\"Gehiago irakurri\">Gehiago irakurri<\/a><\/div><\/div><\/div><\/div><\/div><\/div><div class=\"vc_clearfix\"><\/div><\/div><div class=\"vc_grid-item vc_clearfix vc_col-sm-4 vc_grid-item-zone-c-bottom\"><div class=\"vc_grid-item-mini vc_clearfix \"><div class=\"vc_gitem-animated-block\" ><div class=\"vc_gitem-zone vc_gitem-zone-a vc_custom_1643014993987 vc-gitem-zone-height-mode-auto vc-gitem-zone-height-mode-auto-16-9\" style=\"background-image: url('https:\/\/franciscodevitoria.eus\/wp-content\/uploads\/2026\/01\/2_noticia_deia_fusionando.jpg') !important;\"><img class=\"vc_gitem-zone-img\" src=\"https:\/\/franciscodevitoria.eus\/wp-content\/uploads\/2026\/01\/2_noticia_deia_fusionando.jpg\" alt=\"\u201cFusionando tradici\u00f3n y tecnolog\u00eda para nutrir memoria\u201d proiektuaren esperientzia pilotua komunikabideetan\" loading=\"lazy\"><div class=\"vc_gitem-zone-mini\"><div class=\"vc_gitem_row vc_row vc_gitem-row-position-top\"><div class=\"vc_col-sm-12 vc_gitem-col vc_gitem-col-align- vc_custom_1643016875389\"><div field_61ea9bbf8a9fb class=\"vc_gitem-acf videoWrapper vc_gitem-align-justify field_61ea9bbf8a9fb\"><\/div><\/div><\/div><\/div><\/div><\/div><div class=\"vc_gitem-zone vc_gitem-zone-c vc_custom_1643015000822\"><div class=\"vc_gitem-zone-mini\"><div class=\"vc_gitem_row vc_row vc_gitem-row-position-top\"><div class=\"vc_col-sm-12 vc_gitem-col vc_gitem-col-align- vc_custom_1643015126761\"><div class=\"vc_custom_heading vc_gitem-post-data vc_gitem-post-data-source-post_title\" ><h3 style=\"font-size: 22px;color: #000000;line-height: 24px;text-align: left;font-family:Exo;font-weight:500;font-style:normal\" ><a href=\"https:\/\/franciscodevitoria.eus\/eu\/fusionando-tradicion-y-tecnologia-para-nutrir-memoria-proiektuaren-esperientzia-pilotua-komunikabideetan\/\" class=\"vc_gitem-link\" title=\"\u201cFusionando tradici\u00f3n y tecnolog\u00eda para nutrir memoria\u201d proiektuaren esperientzia pilotua komunikabideetan\">\u201cFusionando tradici\u00f3n y tecnolog\u00eda para nutrir memoria\u201d proiektuaren esperientzia pilotua komunikabideetan<\/a><\/h3><\/div><div class=\"vc_custom_heading vc_custom_1643014169565 vc_gitem-post-data vc_gitem-post-data-source-post_date\" ><div style=\"font-size: 18px;color: #82368c;line-height: 1.1;text-align: left;font-family:Roboto Condensed;font-weight:700;font-style:normal\" >2026\/01\/22<\/div><\/div><div class=\"vc_separator wpb_content_element vc_separator_align_center vc_sep_width_30 vc_sep_border_width_3 vc_sep_pos_align_left vc_separator_no_text wpb_content_element  wpb_content_element\" ><span class=\"vc_sep_holder vc_sep_holder_l\"><span style=\"border-color:#5b9c28;\" class=\"vc_sep_line\"><\/span><\/span><span class=\"vc_sep_holder vc_sep_holder_r\"><span style=\"border-color:#5b9c28;\" class=\"vc_sep_line\"><\/span><\/span>\n<\/div><div class=\"vc_gitem-post-meta-field-resumen resumen_size_mini vc_gitem-align-justify\">VICO Aurora Etxebizitza Komunitarioan dastatzeko esperientzia pilotua 2026ko urtarrilaren 22an egin zen, Francisco de Vitoria BHIk eta Gamarrako Ostalaritza Eskolak lankidetzan, bi komunikabide garrantzitsuetan jaso da: El Correo eta Noticias de \u00c1lava.<\/div><div class=\"vc_empty_space\"   style=\"height: 20px\"><span class=\"vc_empty_space_inner\"><\/span><\/div><div class=\"vc_btn3-container  btn_background_news_mini vc_btn3-center vc_custom_1648212009051\"><a onmouseleave=\"this.style.borderColor='#82368c'; this.style.backgroundColor='transparent'; this.style.color='#82368c'\" onmouseenter=\"this.style.borderColor='#82368c'; this.style.backgroundColor='#82368c'; this.style.color='#ffffff';\" style=\"border-color:#82368c; color:#82368c;\" class=\"vc_general vc_btn3 vc_btn3-size-xs vc_btn3-shape-square vc_btn3-style-outline-custom\" a href=\"https:\/\/franciscodevitoria.eus\/eu\/fusionando-tradicion-y-tecnologia-para-nutrir-memoria-proiektuaren-esperientzia-pilotua-komunikabideetan\/\" class=\"vc_gitem-link vc_general vc_btn3 vc_general vc_btn3 vc_btn3-size-xs vc_btn3-shape-square vc_btn3-style-outline-custom btn_background_news_mini\" title=\"Gehiago irakurri\">Gehiago irakurri<\/a><\/div><\/div><\/div><\/div><\/div><\/div><div class=\"vc_clearfix\"><\/div><\/div><div class=\"vc_grid-item vc_clearfix vc_col-sm-4 vc_grid-item-zone-c-bottom\"><div class=\"vc_grid-item-mini vc_clearfix \"><div class=\"vc_gitem-animated-block\" ><div class=\"vc_gitem-zone vc_gitem-zone-a vc_custom_1643014993987 vc-gitem-zone-height-mode-auto vc-gitem-zone-height-mode-auto-16-9\" style=\"background-image: url('https:\/\/franciscodevitoria.eus\/wp-content\/uploads\/2025\/12\/2_Foto capacitaci\u00f3n AZTI.png') !important;\"><img class=\"vc_gitem-zone-img\" src=\"https:\/\/franciscodevitoria.eus\/wp-content\/uploads\/2025\/12\/2_Foto capacitaci\u00f3n AZTI.png\" alt=\"DISFAGIA ETA ELIKAGAIEN REOLOGIARI BURUZKO IKASTAROA DIETETIKAKO IKASLEENTZAT\" loading=\"lazy\"><div class=\"vc_gitem-zone-mini\"><div class=\"vc_gitem_row vc_row vc_gitem-row-position-top\"><div class=\"vc_col-sm-12 vc_gitem-col vc_gitem-col-align- vc_custom_1643016875389\"><div field_61ea9bbf8a9fb class=\"vc_gitem-acf videoWrapper vc_gitem-align-justify field_61ea9bbf8a9fb\"><\/div><\/div><\/div><\/div><\/div><\/div><div class=\"vc_gitem-zone vc_gitem-zone-c vc_custom_1643015000822\"><div class=\"vc_gitem-zone-mini\"><div class=\"vc_gitem_row vc_row vc_gitem-row-position-top\"><div class=\"vc_col-sm-12 vc_gitem-col vc_gitem-col-align- vc_custom_1643015126761\"><div class=\"vc_custom_heading vc_gitem-post-data vc_gitem-post-data-source-post_title\" ><h3 style=\"font-size: 22px;color: #000000;line-height: 24px;text-align: left;font-family:Exo;font-weight:500;font-style:normal\" ><a href=\"https:\/\/franciscodevitoria.eus\/eu\/disfagia-eta-elikagaien-reologiari-buruzko-ikastaroa-dietetikako-ikasleentzat\/\" class=\"vc_gitem-link\" title=\"DISFAGIA ETA ELIKAGAIEN REOLOGIARI BURUZKO IKASTAROA DIETETIKAKO IKASLEENTZAT\">DISFAGIA ETA ELIKAGAIEN REOLOGIARI BURUZKO IKASTAROA DIETETIKAKO IKASLEENTZAT<\/a><\/h3><\/div><div class=\"vc_custom_heading vc_custom_1643014169565 vc_gitem-post-data vc_gitem-post-data-source-post_date\" ><div style=\"font-size: 18px;color: #82368c;line-height: 1.1;text-align: left;font-family:Roboto Condensed;font-weight:700;font-style:normal\" >2025\/12\/01<\/div><\/div><div class=\"vc_separator wpb_content_element vc_separator_align_center vc_sep_width_30 vc_sep_border_width_3 vc_sep_pos_align_left vc_separator_no_text wpb_content_element  wpb_content_element\" ><span class=\"vc_sep_holder vc_sep_holder_l\"><span style=\"border-color:#5b9c28;\" class=\"vc_sep_line\"><\/span><\/span><span class=\"vc_sep_holder vc_sep_holder_r\"><span style=\"border-color:#5b9c28;\" class=\"vc_sep_line\"><\/span><\/span>\n<\/div><div class=\"vc_gitem-post-meta-field-resumen resumen_size_mini vc_gitem-align-justify\">Joan den azaroaren 24an Irene Peral eta Esther Sanmart\u00edn, biak AZTIko ikertzaileak, institutura etorri ziren\u00a0 elikagaien garapenean ikertzaile gisa lan egiten duten ildoak azaltzera.<\/div><div class=\"vc_empty_space\"   style=\"height: 20px\"><span class=\"vc_empty_space_inner\"><\/span><\/div><div class=\"vc_btn3-container  btn_background_news_mini vc_btn3-center vc_custom_1648212009051\"><a onmouseleave=\"this.style.borderColor='#82368c'; this.style.backgroundColor='transparent'; this.style.color='#82368c'\" onmouseenter=\"this.style.borderColor='#82368c'; this.style.backgroundColor='#82368c'; this.style.color='#ffffff';\" style=\"border-color:#82368c; color:#82368c;\" class=\"vc_general vc_btn3 vc_btn3-size-xs vc_btn3-shape-square vc_btn3-style-outline-custom\" a href=\"https:\/\/franciscodevitoria.eus\/eu\/disfagia-eta-elikagaien-reologiari-buruzko-ikastaroa-dietetikako-ikasleentzat\/\" class=\"vc_gitem-link vc_general vc_btn3 vc_general vc_btn3 vc_btn3-size-xs vc_btn3-shape-square vc_btn3-style-outline-custom btn_background_news_mini\" title=\"Gehiago irakurri\">Gehiago irakurri<\/a><\/div><\/div><\/div><\/div><\/div><\/div><div class=\"vc_clearfix\"><\/div><\/div><div class=\"vc_grid-item vc_clearfix vc_col-sm-4 vc_grid-item-zone-c-bottom\"><div class=\"vc_grid-item-mini vc_clearfix \"><div class=\"vc_gitem-animated-block\" ><div class=\"vc_gitem-zone vc_gitem-zone-a vc_custom_1643014993987 vc-gitem-zone-height-mode-auto vc-gitem-zone-height-mode-auto-16-9\" style=\"background-image: url('https:\/\/franciscodevitoria.eus\/wp-content\/uploads\/2025\/10\/image.png') !important;\"><img class=\"vc_gitem-zone-img\" src=\"https:\/\/franciscodevitoria.eus\/wp-content\/uploads\/2025\/10\/image.png\" alt=\"Hizkelanen X. edizioa Francisco de Vitoria BHIn egin zen\" loading=\"lazy\"><div class=\"vc_gitem-zone-mini\"><div class=\"vc_gitem_row vc_row vc_gitem-row-position-top\"><div class=\"vc_col-sm-12 vc_gitem-col vc_gitem-col-align- vc_custom_1643016875389\"><div field_61ea9bbf8a9fb class=\"vc_gitem-acf videoWrapper vc_gitem-align-justify field_61ea9bbf8a9fb\"><\/div><\/div><\/div><\/div><\/div><\/div><div class=\"vc_gitem-zone vc_gitem-zone-c vc_custom_1643015000822\"><div class=\"vc_gitem-zone-mini\"><div class=\"vc_gitem_row vc_row vc_gitem-row-position-top\"><div class=\"vc_col-sm-12 vc_gitem-col vc_gitem-col-align- vc_custom_1643015126761\"><div class=\"vc_custom_heading vc_gitem-post-data vc_gitem-post-data-source-post_title\" ><h3 style=\"font-size: 22px;color: #000000;line-height: 24px;text-align: left;font-family:Exo;font-weight:500;font-style:normal\" ><a href=\"https:\/\/franciscodevitoria.eus\/eu\/hizkelanen-x-edizioa-francisco-de-vitoria-bhin-egin-zen\/\" class=\"vc_gitem-link\" title=\"Hizkelanen X. edizioa Francisco de Vitoria BHIn egin zen\">Hizkelanen X. edizioa Francisco de Vitoria BHIn egin zen<\/a><\/h3><\/div><div class=\"vc_custom_heading vc_custom_1643014169565 vc_gitem-post-data vc_gitem-post-data-source-post_date\" ><div style=\"font-size: 18px;color: #82368c;line-height: 1.1;text-align: left;font-family:Roboto Condensed;font-weight:700;font-style:normal\" >2025\/10\/22<\/div><\/div><div class=\"vc_separator wpb_content_element vc_separator_align_center vc_sep_width_30 vc_sep_border_width_3 vc_sep_pos_align_left vc_separator_no_text wpb_content_element  wpb_content_element\" ><span class=\"vc_sep_holder vc_sep_holder_l\"><span style=\"border-color:#5b9c28;\" class=\"vc_sep_line\"><\/span><\/span><span class=\"vc_sep_holder vc_sep_holder_r\"><span style=\"border-color:#5b9c28;\" class=\"vc_sep_line\"><\/span><\/span>\n<\/div><div class=\"vc_gitem-post-meta-field-resumen resumen_size_mini vc_gitem-align-justify\">Urriaren 14an Hizkelan jardunaldia izan da instituan, eta euskarazko lana eta prestakuntza sustatzea izan du helburu. Jardunaldian irakasleak, ikasleak, profesionalak eta sektoreko eragileak bildu dira, hezkuntza eta lan inguruneetan euskararen erabilerak dituen erronkei eta aukerei buruz hausnartzeko.\r\n\r\nHitzordua 9: 00etatik 13:30era izan da, eta askotariko programazioa izan du: hitzaldi inspiratzaileak, hausnarketarako guneak eta hizkuntza normalizazioarekin konprometitutako pertsonen arteko topaguneak. Ekimen berritzaileak ere aurkeztu dira, hala nola adimen artifizialak irakaslana aberasteko tresna gisa duen zeregina. Hainbat gaik osatu dute jardunaldia, hala nola komunikazio irisgarria, gazteen arteko motibazioa eta euskarazko LH Duala.<\/div><div class=\"vc_empty_space\"   style=\"height: 20px\"><span class=\"vc_empty_space_inner\"><\/span><\/div><div class=\"vc_btn3-container  btn_background_news_mini vc_btn3-center vc_custom_1648212009051\"><a onmouseleave=\"this.style.borderColor='#82368c'; this.style.backgroundColor='transparent'; this.style.color='#82368c'\" onmouseenter=\"this.style.borderColor='#82368c'; this.style.backgroundColor='#82368c'; this.style.color='#ffffff';\" style=\"border-color:#82368c; color:#82368c;\" class=\"vc_general vc_btn3 vc_btn3-size-xs vc_btn3-shape-square vc_btn3-style-outline-custom\" a href=\"https:\/\/franciscodevitoria.eus\/eu\/hizkelanen-x-edizioa-francisco-de-vitoria-bhin-egin-zen\/\" class=\"vc_gitem-link vc_general vc_btn3 vc_general vc_btn3 vc_btn3-size-xs vc_btn3-shape-square vc_btn3-style-outline-custom btn_background_news_mini\" title=\"Gehiago irakurri\">Gehiago irakurri<\/a><\/div><\/div><\/div><\/div><\/div><\/div><div class=\"vc_clearfix\"><\/div><\/div><div class=\"vc_grid-item vc_clearfix vc_col-sm-4 vc_grid-item-zone-c-bottom\"><div class=\"vc_grid-item-mini vc_clearfix \"><div class=\"vc_gitem-animated-block\" ><div class=\"vc_gitem-zone vc_gitem-zone-a vc_custom_1643014993987 vc-gitem-zone-height-mode-auto vc-gitem-zone-height-mode-auto-16-9\" style=\"background-image: url('https:\/\/franciscodevitoria.eus\/wp-content\/uploads\/2022\/05\/template-img.jpg') !important;\"><img class=\"vc_gitem-zone-img\" src=\"https:\/\/franciscodevitoria.eus\/wp-content\/uploads\/2022\/05\/template-img.jpg\" alt=\"Gazako giza-eskubideen alde!\" loading=\"lazy\"><div class=\"vc_gitem-zone-mini\"><div class=\"vc_gitem_row vc_row vc_gitem-row-position-top\"><div class=\"vc_col-sm-12 vc_gitem-col vc_gitem-col-align- vc_custom_1643016875389\"><div field_61ea9bbf8a9fb class=\"vc_gitem-acf videoWrapper vc_gitem-align-justify field_61ea9bbf8a9fb\"><\/div><\/div><\/div><\/div><\/div><\/div><div class=\"vc_gitem-zone vc_gitem-zone-c vc_custom_1643015000822\"><div class=\"vc_gitem-zone-mini\"><div class=\"vc_gitem_row vc_row vc_gitem-row-position-top\"><div class=\"vc_col-sm-12 vc_gitem-col vc_gitem-col-align- vc_custom_1643015126761\"><div class=\"vc_custom_heading vc_gitem-post-data vc_gitem-post-data-source-post_title\" ><h3 style=\"font-size: 22px;color: #000000;line-height: 24px;text-align: left;font-family:Exo;font-weight:500;font-style:normal\" ><a href=\"https:\/\/franciscodevitoria.eus\/eu\/gazako-giza-eskubideen-alde\/\" class=\"vc_gitem-link\" title=\"Gazako giza-eskubideen alde!\">Gazako giza-eskubideen alde!<\/a><\/h3><\/div><div class=\"vc_custom_heading vc_custom_1643014169565 vc_gitem-post-data vc_gitem-post-data-source-post_date\" ><div style=\"font-size: 18px;color: #82368c;line-height: 1.1;text-align: left;font-family:Roboto Condensed;font-weight:700;font-style:normal\" >2025\/10\/07<\/div><\/div><div class=\"vc_separator wpb_content_element vc_separator_align_center vc_sep_width_30 vc_sep_border_width_3 vc_sep_pos_align_left vc_separator_no_text wpb_content_element  wpb_content_element\" ><span class=\"vc_sep_holder vc_sep_holder_l\"><span style=\"border-color:#5b9c28;\" class=\"vc_sep_line\"><\/span><\/span><span class=\"vc_sep_holder vc_sep_holder_r\"><span style=\"border-color:#5b9c28;\" class=\"vc_sep_line\"><\/span><\/span>\n<\/div><div class=\"vc_gitem-post-meta-field-resumen resumen_size_mini vc_gitem-align-justify\"><\/div><div class=\"vc_empty_space\"   style=\"height: 20px\"><span class=\"vc_empty_space_inner\"><\/span><\/div><div class=\"vc_btn3-container  btn_background_news_mini vc_btn3-center vc_custom_1648212009051\"><a onmouseleave=\"this.style.borderColor='#82368c'; this.style.backgroundColor='transparent'; this.style.color='#82368c'\" onmouseenter=\"this.style.borderColor='#82368c'; this.style.backgroundColor='#82368c'; this.style.color='#ffffff';\" style=\"border-color:#82368c; color:#82368c;\" class=\"vc_general vc_btn3 vc_btn3-size-xs vc_btn3-shape-square vc_btn3-style-outline-custom\" a href=\"https:\/\/franciscodevitoria.eus\/eu\/gazako-giza-eskubideen-alde\/\" class=\"vc_gitem-link vc_general vc_btn3 vc_general vc_btn3 vc_btn3-size-xs vc_btn3-shape-square vc_btn3-style-outline-custom btn_background_news_mini\" title=\"Gehiago irakurri\">Gehiago irakurri<\/a><\/div><\/div><\/div><\/div><\/div><\/div><div class=\"vc_clearfix\"><\/div><\/div><div class=\"vc_grid-item vc_clearfix vc_col-sm-4 vc_grid-item-zone-c-bottom\"><div class=\"vc_grid-item-mini vc_clearfix \"><div class=\"vc_gitem-animated-block\" ><div class=\"vc_gitem-zone vc_gitem-zone-a vc_custom_1643014993987 vc-gitem-zone-height-mode-auto vc-gitem-zone-height-mode-auto-16-9\" style=\"background-image: url('https:\/\/franciscodevitoria.eus\/wp-content\/uploads\/2022\/05\/template-img.jpg') !important;\"><img class=\"vc_gitem-zone-img\" src=\"https:\/\/franciscodevitoria.eus\/wp-content\/uploads\/2022\/05\/template-img.jpg\" alt=\"Irailean berrikuntza-proiektua berriz martxan: adinekoentzako errezeta egokituak, teknologiaren laguntzaz\" loading=\"lazy\"><div class=\"vc_gitem-zone-mini\"><div class=\"vc_gitem_row vc_row vc_gitem-row-position-top\"><div class=\"vc_col-sm-12 vc_gitem-col vc_gitem-col-align- vc_custom_1643016875389\"><div field_61ea9bbf8a9fb class=\"vc_gitem-acf videoWrapper vc_gitem-align-justify field_61ea9bbf8a9fb\"><\/div><\/div><\/div><\/div><\/div><\/div><div class=\"vc_gitem-zone vc_gitem-zone-c vc_custom_1643015000822\"><div class=\"vc_gitem-zone-mini\"><div class=\"vc_gitem_row vc_row vc_gitem-row-position-top\"><div class=\"vc_col-sm-12 vc_gitem-col vc_gitem-col-align- vc_custom_1643015126761\"><div class=\"vc_custom_heading vc_gitem-post-data vc_gitem-post-data-source-post_title\" ><h3 style=\"font-size: 22px;color: #000000;line-height: 24px;text-align: left;font-family:Exo;font-weight:500;font-style:normal\" ><a href=\"https:\/\/franciscodevitoria.eus\/eu\/irailean-berrikuntza-proiektua-berriz-martxan-adinekoentzako-errezeta-egokituak-teknologiaren-laguntzaz\/\" class=\"vc_gitem-link\" title=\"Irailean berrikuntza-proiektua berriz martxan: adinekoentzako errezeta egokituak, teknologiaren laguntzaz\">Irailean berrikuntza-proiektua berriz martxan: adinekoentzako errezeta egokituak, teknologiaren laguntzaz<\/a><\/h3><\/div><div class=\"vc_custom_heading vc_custom_1643014169565 vc_gitem-post-data vc_gitem-post-data-source-post_date\" ><div style=\"font-size: 18px;color: #82368c;line-height: 1.1;text-align: left;font-family:Roboto Condensed;font-weight:700;font-style:normal\" >2025\/09\/22<\/div><\/div><div class=\"vc_separator wpb_content_element vc_separator_align_center vc_sep_width_30 vc_sep_border_width_3 vc_sep_pos_align_left vc_separator_no_text wpb_content_element  wpb_content_element\" ><span class=\"vc_sep_holder vc_sep_holder_l\"><span style=\"border-color:#5b9c28;\" class=\"vc_sep_line\"><\/span><\/span><span class=\"vc_sep_holder vc_sep_holder_r\"><span style=\"border-color:#5b9c28;\" class=\"vc_sep_line\"><\/span><\/span>\n<\/div><div class=\"vc_gitem-post-meta-field-resumen resumen_size_mini vc_gitem-align-justify\">Irailean berrikuntza-proiektuari ekingo diogu berriro. Adinekoen erreminiszentzia lantzen jarraitzen dugu, teknologia berritzailea erabiliz, mastekatzeko arazoak dituzten adinekoei egokitutako errezetak eginez. Proiektuaren bigarren urte honetan IES Francisco de Vitoria BHIk eta Gamarrako Ostalaritza Eskolak elkarlanean jarraituko dugu.<\/div><div class=\"vc_empty_space\"   style=\"height: 20px\"><span class=\"vc_empty_space_inner\"><\/span><\/div><div class=\"vc_btn3-container  btn_background_news_mini vc_btn3-center vc_custom_1648212009051\"><a onmouseleave=\"this.style.borderColor='#82368c'; this.style.backgroundColor='transparent'; this.style.color='#82368c'\" onmouseenter=\"this.style.borderColor='#82368c'; this.style.backgroundColor='#82368c'; this.style.color='#ffffff';\" style=\"border-color:#82368c; color:#82368c;\" class=\"vc_general vc_btn3 vc_btn3-size-xs vc_btn3-shape-square vc_btn3-style-outline-custom\" a href=\"https:\/\/franciscodevitoria.eus\/eu\/irailean-berrikuntza-proiektua-berriz-martxan-adinekoentzako-errezeta-egokituak-teknologiaren-laguntzaz\/\" class=\"vc_gitem-link vc_general vc_btn3 vc_general vc_btn3 vc_btn3-size-xs vc_btn3-shape-square vc_btn3-style-outline-custom btn_background_news_mini\" title=\"Gehiago irakurri\">Gehiago irakurri<\/a><\/div><\/div><\/div><\/div><\/div><\/div><div class=\"vc_clearfix\"><\/div><\/div><div class=\"vc_grid-item vc_clearfix vc_col-sm-4 vc_grid-item-zone-c-bottom\"><div class=\"vc_grid-item-mini vc_clearfix \"><div class=\"vc_gitem-animated-block\" ><div class=\"vc_gitem-zone vc_gitem-zone-a vc_custom_1643014993987 vc-gitem-zone-height-mode-auto vc-gitem-zone-height-mode-auto-16-9\" style=\"background-image: url('https:\/\/franciscodevitoria.eus\/wp-content\/uploads\/2025\/09\/2_GT AFM-IKASLAN 25-26.jpg') !important;\"><img class=\"vc_gitem-zone-img\" src=\"https:\/\/franciscodevitoria.eus\/wp-content\/uploads\/2025\/09\/2_GT AFM-IKASLAN 25-26.jpg\" alt=\"GLOBAL TRAINING programaren izen-emate epea irailaren 12ra arte dago zabalik! \ud83d\udd14\" loading=\"lazy\"><div class=\"vc_gitem-zone-mini\"><div class=\"vc_gitem_row vc_row vc_gitem-row-position-top\"><div class=\"vc_col-sm-12 vc_gitem-col vc_gitem-col-align- vc_custom_1643016875389\"><div field_61ea9bbf8a9fb class=\"vc_gitem-acf videoWrapper vc_gitem-align-justify field_61ea9bbf8a9fb\"><\/div><\/div><\/div><\/div><\/div><\/div><div class=\"vc_gitem-zone vc_gitem-zone-c vc_custom_1643015000822\"><div class=\"vc_gitem-zone-mini\"><div class=\"vc_gitem_row vc_row vc_gitem-row-position-top\"><div class=\"vc_col-sm-12 vc_gitem-col vc_gitem-col-align- vc_custom_1643015126761\"><div class=\"vc_custom_heading vc_gitem-post-data vc_gitem-post-data-source-post_title\" ><h3 style=\"font-size: 22px;color: #000000;line-height: 24px;text-align: left;font-family:Exo;font-weight:500;font-style:normal\" ><a href=\"https:\/\/franciscodevitoria.eus\/eu\/global-training-programaren-izen-emate-epea-irailaren-12ra-arte-dago-zabalik-%f0%9f%94%94\/\" class=\"vc_gitem-link\" title=\"GLOBAL TRAINING programaren izen-emate epea irailaren 12ra arte dago zabalik! \ud83d\udd14\">GLOBAL TRAINING programaren izen-emate epea irailaren 12ra arte dago zabalik! \ud83d\udd14<\/a><\/h3><\/div><div class=\"vc_custom_heading vc_custom_1643014169565 vc_gitem-post-data vc_gitem-post-data-source-post_date\" ><div style=\"font-size: 18px;color: #82368c;line-height: 1.1;text-align: left;font-family:Roboto Condensed;font-weight:700;font-style:normal\" >2025\/09\/17<\/div><\/div><div class=\"vc_separator wpb_content_element vc_separator_align_center vc_sep_width_30 vc_sep_border_width_3 vc_sep_pos_align_left vc_separator_no_text wpb_content_element  wpb_content_element\" ><span class=\"vc_sep_holder vc_sep_holder_l\"><span style=\"border-color:#5b9c28;\" class=\"vc_sep_line\"><\/span><\/span><span class=\"vc_sep_holder vc_sep_holder_r\"><span style=\"border-color:#5b9c28;\" class=\"vc_sep_line\"><\/span><\/span>\n<\/div><div class=\"vc_gitem-post-meta-field-resumen resumen_size_mini vc_gitem-align-justify\">Informazio gehiagorako eta betebeharrak ikusteko, sartu hemen \ud83d\udc49https:\/\/www.gazteakatzerrian.eus\/es\/inicio\/ \ud83d\udcdd\r\n\r\nBeka hauek euskaldun gazte tituludunei zuzenduak daude (unibertsitarioa eta goi mailako lanbide-heziketa) eta atzerrian 6 eta 12 hilabete artean praktika ordainduak egiteko aukera eskaintzen dute.\r\n\r\nIKASLAN-ek webinar bat egingo du euskaraz irailaren 4an, 11:00etan. Bertan sartzeko esteka honako hau da: https:\/\/us06web.zoom.us\/j\/86946005398\r\n\r\nAnima zaitezte!<\/div><div class=\"vc_empty_space\"   style=\"height: 20px\"><span class=\"vc_empty_space_inner\"><\/span><\/div><div class=\"vc_btn3-container  btn_background_news_mini vc_btn3-center vc_custom_1648212009051\"><a onmouseleave=\"this.style.borderColor='#82368c'; this.style.backgroundColor='transparent'; this.style.color='#82368c'\" onmouseenter=\"this.style.borderColor='#82368c'; this.style.backgroundColor='#82368c'; this.style.color='#ffffff';\" style=\"border-color:#82368c; color:#82368c;\" class=\"vc_general vc_btn3 vc_btn3-size-xs vc_btn3-shape-square vc_btn3-style-outline-custom\" a href=\"https:\/\/franciscodevitoria.eus\/eu\/global-training-programaren-izen-emate-epea-irailaren-12ra-arte-dago-zabalik-%f0%9f%94%94\/\" class=\"vc_gitem-link vc_general vc_btn3 vc_general vc_btn3 vc_btn3-size-xs vc_btn3-shape-square vc_btn3-style-outline-custom btn_background_news_mini\" title=\"Gehiago irakurri\">Gehiago irakurri<\/a><\/div><\/div><\/div><\/div><\/div><\/div><div class=\"vc_clearfix\"><\/div><\/div><div class=\"vc_grid-item vc_clearfix vc_col-sm-4 vc_grid-item-zone-c-bottom\"><div class=\"vc_grid-item-mini vc_clearfix \"><div class=\"vc_gitem-animated-block\" ><div class=\"vc_gitem-zone vc_gitem-zone-a vc_custom_1643014993987 vc-gitem-zone-height-mode-auto vc-gitem-zone-height-mode-auto-16-9\" style=\"background-image: url('https:\/\/franciscodevitoria.eus\/wp-content\/uploads\/2025\/07\/aurkezpen-eguna-cabecera.jpg') !important;\"><img class=\"vc_gitem-zone-img\" src=\"https:\/\/franciscodevitoria.eus\/wp-content\/uploads\/2025\/07\/aurkezpen-eguna-cabecera.jpg\" alt=\"2025-26 ikasturteko aurkezpen eguna\" loading=\"lazy\"><div class=\"vc_gitem-zone-mini\"><div class=\"vc_gitem_row vc_row vc_gitem-row-position-top\"><div class=\"vc_col-sm-12 vc_gitem-col vc_gitem-col-align- vc_custom_1643016875389\"><div field_61ea9bbf8a9fb class=\"vc_gitem-acf videoWrapper vc_gitem-align-justify field_61ea9bbf8a9fb\"><\/div><\/div><\/div><\/div><\/div><\/div><div class=\"vc_gitem-zone vc_gitem-zone-c vc_custom_1643015000822\"><div class=\"vc_gitem-zone-mini\"><div class=\"vc_gitem_row vc_row vc_gitem-row-position-top\"><div class=\"vc_col-sm-12 vc_gitem-col vc_gitem-col-align- vc_custom_1643015126761\"><div class=\"vc_custom_heading vc_gitem-post-data vc_gitem-post-data-source-post_title\" ><h3 style=\"font-size: 22px;color: #000000;line-height: 24px;text-align: left;font-family:Exo;font-weight:500;font-style:normal\" ><a href=\"https:\/\/franciscodevitoria.eus\/eu\/2025-26-ikasturteko-aurkezpen-eguna\/\" class=\"vc_gitem-link\" title=\"2025-26 ikasturteko aurkezpen eguna\">2025-26 ikasturteko aurkezpen eguna<\/a><\/h3><\/div><div class=\"vc_custom_heading vc_custom_1643014169565 vc_gitem-post-data vc_gitem-post-data-source-post_date\" ><div style=\"font-size: 18px;color: #82368c;line-height: 1.1;text-align: left;font-family:Roboto Condensed;font-weight:700;font-style:normal\" >2025\/07\/21<\/div><\/div><div class=\"vc_separator wpb_content_element vc_separator_align_center vc_sep_width_30 vc_sep_border_width_3 vc_sep_pos_align_left vc_separator_no_text wpb_content_element  wpb_content_element\" ><span class=\"vc_sep_holder vc_sep_holder_l\"><span style=\"border-color:#5b9c28;\" class=\"vc_sep_line\"><\/span><\/span><span class=\"vc_sep_holder vc_sep_holder_r\"><span style=\"border-color:#5b9c28;\" class=\"vc_sep_line\"><\/span><\/span>\n<\/div><div class=\"vc_gitem-post-meta-field-resumen resumen_size_mini vc_gitem-align-justify\">Datorren Iraikak 5, ikasturteko aurkezpen eguna izango da. Jarraian, maila bakoitzaren aurkezpen ordutegia ikus dezakezue.<\/div><div class=\"vc_empty_space\"   style=\"height: 20px\"><span class=\"vc_empty_space_inner\"><\/span><\/div><div class=\"vc_btn3-container  btn_background_news_mini vc_btn3-center vc_custom_1648212009051\"><a onmouseleave=\"this.style.borderColor='#82368c'; this.style.backgroundColor='transparent'; this.style.color='#82368c'\" onmouseenter=\"this.style.borderColor='#82368c'; this.style.backgroundColor='#82368c'; this.style.color='#ffffff';\" style=\"border-color:#82368c; color:#82368c;\" class=\"vc_general vc_btn3 vc_btn3-size-xs vc_btn3-shape-square vc_btn3-style-outline-custom\" a href=\"https:\/\/franciscodevitoria.eus\/eu\/2025-26-ikasturteko-aurkezpen-eguna\/\" class=\"vc_gitem-link vc_general vc_btn3 vc_general vc_btn3 vc_btn3-size-xs vc_btn3-shape-square vc_btn3-style-outline-custom btn_background_news_mini\" title=\"Gehiago irakurri\">Gehiago irakurri<\/a><\/div><\/div><\/div><\/div><\/div><\/div><div class=\"vc_clearfix\"><\/div><\/div><div class=\"vc_grid-item vc_clearfix vc_col-sm-4 vc_grid-item-zone-c-bottom\"><div class=\"vc_grid-item-mini vc_clearfix \"><div class=\"vc_gitem-animated-block\" ><div class=\"vc_gitem-zone vc_gitem-zone-a vc_custom_1643014993987 vc-gitem-zone-height-mode-auto vc-gitem-zone-height-mode-auto-16-9\" style=\"background-image: url('https:\/\/franciscodevitoria.eus\/wp-content\/uploads\/2025\/06\/2_IMG_20250523_105721-scaled.jpg') !important;\"><img class=\"vc_gitem-zone-img\" src=\"https:\/\/franciscodevitoria.eus\/wp-content\/uploads\/2025\/06\/2_IMG_20250523_105721-scaled.jpg\" alt=\"I+Med-era bisita\" loading=\"lazy\"><div class=\"vc_gitem-zone-mini\"><div class=\"vc_gitem_row vc_row vc_gitem-row-position-top\"><div class=\"vc_col-sm-12 vc_gitem-col vc_gitem-col-align- vc_custom_1643016875389\"><div field_61ea9bbf8a9fb class=\"vc_gitem-acf videoWrapper vc_gitem-align-justify field_61ea9bbf8a9fb\"><\/div><\/div><\/div><\/div><\/div><\/div><div class=\"vc_gitem-zone vc_gitem-zone-c vc_custom_1643015000822\"><div class=\"vc_gitem-zone-mini\"><div class=\"vc_gitem_row vc_row vc_gitem-row-position-top\"><div class=\"vc_col-sm-12 vc_gitem-col vc_gitem-col-align- vc_custom_1643015126761\"><div class=\"vc_custom_heading vc_gitem-post-data vc_gitem-post-data-source-post_title\" ><h3 style=\"font-size: 22px;color: #000000;line-height: 24px;text-align: left;font-family:Exo;font-weight:500;font-style:normal\" ><a href=\"https:\/\/franciscodevitoria.eus\/eu\/imed-era-bisita\/\" class=\"vc_gitem-link\" title=\"I+Med-era bisita\">I+Med-era bisita<\/a><\/h3><\/div><div class=\"vc_custom_heading vc_custom_1643014169565 vc_gitem-post-data vc_gitem-post-data-source-post_date\" ><div style=\"font-size: 18px;color: #82368c;line-height: 1.1;text-align: left;font-family:Roboto Condensed;font-weight:700;font-style:normal\" >2025\/06\/05<\/div><\/div><div class=\"vc_separator wpb_content_element vc_separator_align_center vc_sep_width_30 vc_sep_border_width_3 vc_sep_pos_align_left vc_separator_no_text wpb_content_element  wpb_content_element\" ><span class=\"vc_sep_holder vc_sep_holder_l\"><span style=\"border-color:#5b9c28;\" class=\"vc_sep_line\"><\/span><\/span><span class=\"vc_sep_holder vc_sep_holder_r\"><span style=\"border-color:#5b9c28;\" class=\"vc_sep_line\"><\/span><\/span>\n<\/div><div class=\"vc_gitem-post-meta-field-resumen resumen_size_mini vc_gitem-align-justify\">Mi\u00f1anoko parte teknologikoan dagoen I+Med enpresara bisita engin dugu eta bertako intalazio berriak ikus ditugu. Bertan elkartu ginen Hezjuntza Sailburuordetzako berrikuntza proiektuan gauden Don Bosco-ko irakasleekin.\r\n<\/div><div class=\"vc_empty_space\"   style=\"height: 20px\"><span class=\"vc_empty_space_inner\"><\/span><\/div><div class=\"vc_btn3-container  btn_background_news_mini vc_btn3-center vc_custom_1648212009051\"><a onmouseleave=\"this.style.borderColor='#82368c'; this.style.backgroundColor='transparent'; this.style.color='#82368c'\" onmouseenter=\"this.style.borderColor='#82368c'; this.style.backgroundColor='#82368c'; this.style.color='#ffffff';\" style=\"border-color:#82368c; color:#82368c;\" class=\"vc_general vc_btn3 vc_btn3-size-xs vc_btn3-shape-square vc_btn3-style-outline-custom\" a href=\"https:\/\/franciscodevitoria.eus\/eu\/imed-era-bisita\/\" class=\"vc_gitem-link vc_general vc_btn3 vc_general vc_btn3 vc_btn3-size-xs vc_btn3-shape-square vc_btn3-style-outline-custom btn_background_news_mini\" title=\"Gehiago irakurri\">Gehiago irakurri<\/a><\/div><\/div><\/div><\/div><\/div><\/div><div class=\"vc_clearfix\"><\/div><\/div><div class=\"vc_grid-item vc_clearfix vc_col-sm-4 vc_grid-item-zone-c-bottom\"><div class=\"vc_grid-item-mini vc_clearfix \"><div class=\"vc_gitem-animated-block\" ><div class=\"vc_gitem-zone vc_gitem-zone-a vc_custom_1643014993987 vc-gitem-zone-height-mode-auto vc-gitem-zone-height-mode-auto-16-9\" style=\"background-image: url('https:\/\/franciscodevitoria.eus\/wp-content\/uploads\/2022\/05\/template-img.jpg') !important;\"><img class=\"vc_gitem-zone-img\" src=\"https:\/\/franciscodevitoria.eus\/wp-content\/uploads\/2022\/05\/template-img.jpg\" alt=\"Ingelesezko maila-proba \u2013 Osasun Larrialdietako Zikloa (eleanitza)\" loading=\"lazy\"><div class=\"vc_gitem-zone-mini\"><div class=\"vc_gitem_row vc_row vc_gitem-row-position-top\"><div class=\"vc_col-sm-12 vc_gitem-col vc_gitem-col-align- vc_custom_1643016875389\"><div field_61ea9bbf8a9fb class=\"vc_gitem-acf videoWrapper vc_gitem-align-justify field_61ea9bbf8a9fb\"><\/div><\/div><\/div><\/div><\/div><\/div><div class=\"vc_gitem-zone vc_gitem-zone-c vc_custom_1643015000822\"><div class=\"vc_gitem-zone-mini\"><div class=\"vc_gitem_row vc_row vc_gitem-row-position-top\"><div class=\"vc_col-sm-12 vc_gitem-col vc_gitem-col-align- vc_custom_1643015126761\"><div class=\"vc_custom_heading vc_gitem-post-data vc_gitem-post-data-source-post_title\" ><h3 style=\"font-size: 22px;color: #000000;line-height: 24px;text-align: left;font-family:Exo;font-weight:500;font-style:normal\" ><a href=\"https:\/\/franciscodevitoria.eus\/eu\/ingelesezko-maila-proba-osasun-larrialdietako-zikloa-eleanitza\/\" class=\"vc_gitem-link\" title=\"Ingelesezko maila-proba \u2013 Osasun Larrialdietako Zikloa (eleanitza)\">Ingelesezko maila-proba \u2013 Osasun Larrialdietako Zikloa (eleanitza)<\/a><\/h3><\/div><div class=\"vc_custom_heading vc_custom_1643014169565 vc_gitem-post-data vc_gitem-post-data-source-post_date\" ><div style=\"font-size: 18px;color: #82368c;line-height: 1.1;text-align: left;font-family:Roboto Condensed;font-weight:700;font-style:normal\" >2025\/06\/03<\/div><\/div><div class=\"vc_separator wpb_content_element vc_separator_align_center vc_sep_width_30 vc_sep_border_width_3 vc_sep_pos_align_left vc_separator_no_text wpb_content_element  wpb_content_element\" ><span class=\"vc_sep_holder vc_sep_holder_l\"><span style=\"border-color:#5b9c28;\" class=\"vc_sep_line\"><\/span><\/span><span class=\"vc_sep_holder vc_sep_holder_r\"><span style=\"border-color:#5b9c28;\" class=\"vc_sep_line\"><\/span><\/span>\n<\/div><div class=\"vc_gitem-post-meta-field-resumen resumen_size_mini vc_gitem-align-justify\">Osasun Larrialdietako Ingeleseko frogaren informazioa<\/div><div class=\"vc_empty_space\"   style=\"height: 20px\"><span class=\"vc_empty_space_inner\"><\/span><\/div><div class=\"vc_btn3-container  btn_background_news_mini vc_btn3-center vc_custom_1648212009051\"><a onmouseleave=\"this.style.borderColor='#82368c'; this.style.backgroundColor='transparent'; this.style.color='#82368c'\" onmouseenter=\"this.style.borderColor='#82368c'; this.style.backgroundColor='#82368c'; this.style.color='#ffffff';\" style=\"border-color:#82368c; color:#82368c;\" class=\"vc_general vc_btn3 vc_btn3-size-xs vc_btn3-shape-square vc_btn3-style-outline-custom\" a href=\"https:\/\/franciscodevitoria.eus\/eu\/ingelesezko-maila-proba-osasun-larrialdietako-zikloa-eleanitza\/\" class=\"vc_gitem-link vc_general vc_btn3 vc_general vc_btn3 vc_btn3-size-xs vc_btn3-shape-square vc_btn3-style-outline-custom btn_background_news_mini\" title=\"Gehiago irakurri\">Gehiago irakurri<\/a><\/div><\/div><\/div><\/div><\/div><\/div><div class=\"vc_clearfix\"><\/div><\/div><div class=\"vc_grid-item vc_clearfix vc_col-sm-4 vc_grid-item-zone-c-bottom\"><div class=\"vc_grid-item-mini vc_clearfix \"><div class=\"vc_gitem-animated-block\" ><div class=\"vc_gitem-zone vc_gitem-zone-a vc_custom_1643014993987 vc-gitem-zone-height-mode-auto vc-gitem-zone-height-mode-auto-16-9\" style=\"background-image: url('https:\/\/franciscodevitoria.eus\/wp-content\/uploads\/2025\/05\/Dise\u00f1o sin t\u00edtulo.png') !important;\"><img class=\"vc_gitem-zone-img\" src=\"https:\/\/franciscodevitoria.eus\/wp-content\/uploads\/2025\/05\/Dise\u00f1o sin t\u00edtulo.png\" alt=\"IES Francisco de Vitoria BHI-ko irakaslea Food 4 Future nazioarteko kongresuan egon da, adinekoen elikadura hobetzeko helburuz\" loading=\"lazy\"><div class=\"vc_gitem-zone-mini\"><div class=\"vc_gitem_row vc_row vc_gitem-row-position-top\"><div class=\"vc_col-sm-12 vc_gitem-col vc_gitem-col-align- vc_custom_1643016875389\"><div field_61ea9bbf8a9fb class=\"vc_gitem-acf videoWrapper vc_gitem-align-justify field_61ea9bbf8a9fb\"><\/div><\/div><\/div><\/div><\/div><\/div><div class=\"vc_gitem-zone vc_gitem-zone-c vc_custom_1643015000822\"><div class=\"vc_gitem-zone-mini\"><div class=\"vc_gitem_row vc_row vc_gitem-row-position-top\"><div class=\"vc_col-sm-12 vc_gitem-col vc_gitem-col-align- vc_custom_1643015126761\"><div class=\"vc_custom_heading vc_gitem-post-data vc_gitem-post-data-source-post_title\" ><h3 style=\"font-size: 22px;color: #000000;line-height: 24px;text-align: left;font-family:Exo;font-weight:500;font-style:normal\" ><a href=\"https:\/\/franciscodevitoria.eus\/eu\/ies-francisco-de-vitoria-bhi-ko-irakaslea-food-4-future-nazioarteko-kongresuan-egon-da-adinekoen-elikadura-hobetzeko-helburuz\/\" class=\"vc_gitem-link\" title=\"IES Francisco de Vitoria BHI-ko irakaslea Food 4 Future nazioarteko kongresuan egon da, adinekoen elikadura hobetzeko helburuz\">IES Francisco de Vitoria BHI-ko irakaslea Food 4 Future nazioarteko kongresuan egon da, adinekoen elikadura hobetzeko helburuz<\/a><\/h3><\/div><div class=\"vc_custom_heading vc_custom_1643014169565 vc_gitem-post-data vc_gitem-post-data-source-post_date\" ><div style=\"font-size: 18px;color: #82368c;line-height: 1.1;text-align: left;font-family:Roboto Condensed;font-weight:700;font-style:normal\" >2025\/05\/16<\/div><\/div><div class=\"vc_separator wpb_content_element vc_separator_align_center vc_sep_width_30 vc_sep_border_width_3 vc_sep_pos_align_left vc_separator_no_text wpb_content_element  wpb_content_element\" ><span class=\"vc_sep_holder vc_sep_holder_l\"><span style=\"border-color:#5b9c28;\" class=\"vc_sep_line\"><\/span><\/span><span class=\"vc_sep_holder vc_sep_holder_r\"><span style=\"border-color:#5b9c28;\" class=\"vc_sep_line\"><\/span><\/span>\n<\/div><div class=\"vc_gitem-post-meta-field-resumen resumen_size_mini vc_gitem-align-justify\">2025eko maiatzak 14ean, gure ikastetxeko irakasle batek parte hartu du Food 4 Future \u2013 Expo Foodtech nazioarteko kongresuan, Bilboko BECen ospatua. Ekitaldiak 8.000 profesional baino gehiago, 250 enpresa erakusle eta 350 aditu bildu ditu elikadura arloko berrikuntzak, jasangarritasuna eta digitalizazioa jorratzeko.\r\n\r\nParte-hartzea Tknikak bultzatutako \"Tradizioa eta teknologia uztartuz adinekoen memoria elikatzeko\" berrikuntza-proiektuaren barruan kokatzen da. Proiektu honetan Gamarra Ostalaritza Eskolarekin elkarlanean ari gara, adineko pertsonen murtxikatze arazoei erantzun berritzaileak bilatuz.\r\n\r\nKongresuan gai interesgarriak jorratu dira, besteak beste, nutrizio zehatza, adimen artifizialaren aplikazioa elikagaien ekoizpenean, eta jasangarritasuna elikadura-kate osoan. Gai horiek guztiz lotuta daude gure proiektuarekin, zeinak elikadura irisgarriagoa, pertsonalizatuagoa eta teknologikoki berritzailea bilatzen duen.\r\n\r\nFood 4 Futurerako bisita aukera paregabea izan da sektoreko azken aurrerapenak ezagutzeko, harreman profesional berriak egiteko eta gure lanbide heziketaren etorkizun berritzailearekin bat egiteko.<\/div><div class=\"vc_empty_space\"   style=\"height: 20px\"><span class=\"vc_empty_space_inner\"><\/span><\/div><div class=\"vc_btn3-container  btn_background_news_mini vc_btn3-center vc_custom_1648212009051\"><a onmouseleave=\"this.style.borderColor='#82368c'; this.style.backgroundColor='transparent'; this.style.color='#82368c'\" onmouseenter=\"this.style.borderColor='#82368c'; this.style.backgroundColor='#82368c'; this.style.color='#ffffff';\" style=\"border-color:#82368c; color:#82368c;\" class=\"vc_general vc_btn3 vc_btn3-size-xs vc_btn3-shape-square vc_btn3-style-outline-custom\" a href=\"https:\/\/franciscodevitoria.eus\/eu\/ies-francisco-de-vitoria-bhi-ko-irakaslea-food-4-future-nazioarteko-kongresuan-egon-da-adinekoen-elikadura-hobetzeko-helburuz\/\" class=\"vc_gitem-link vc_general vc_btn3 vc_general vc_btn3 vc_btn3-size-xs vc_btn3-shape-square vc_btn3-style-outline-custom btn_background_news_mini\" title=\"Gehiago irakurri\">Gehiago irakurri<\/a><\/div><\/div><\/div><\/div><\/div><\/div><div class=\"vc_clearfix\"><\/div><\/div><div class=\"vc_grid-item vc_clearfix vc_col-sm-4 vc_grid-item-zone-c-bottom\"><div class=\"vc_grid-item-mini vc_clearfix \"><div class=\"vc_gitem-animated-block\" ><div class=\"vc_gitem-zone vc_gitem-zone-a vc_custom_1643014993987 vc-gitem-zone-height-mode-auto vc-gitem-zone-height-mode-auto-16-9\" style=\"background-image: url('https:\/\/franciscodevitoria.eus\/wp-content\/uploads\/2022\/05\/template-img.jpg') !important;\"><img class=\"vc_gitem-zone-img\" src=\"https:\/\/franciscodevitoria.eus\/wp-content\/uploads\/2022\/05\/template-img.jpg\" alt=\"Lanbide Heziketako ERREGIMEN PRESENTZIALEAN (ESKAINTZA OSOA) onartzeko eta matrikulatzeko egutegia (2025\/2026 Ikasturtea)\" loading=\"lazy\"><div class=\"vc_gitem-zone-mini\"><div class=\"vc_gitem_row vc_row vc_gitem-row-position-top\"><div class=\"vc_col-sm-12 vc_gitem-col vc_gitem-col-align- vc_custom_1643016875389\"><div field_61ea9bbf8a9fb class=\"vc_gitem-acf videoWrapper vc_gitem-align-justify field_61ea9bbf8a9fb\"><\/div><\/div><\/div><\/div><\/div><\/div><div class=\"vc_gitem-zone vc_gitem-zone-c vc_custom_1643015000822\"><div class=\"vc_gitem-zone-mini\"><div class=\"vc_gitem_row vc_row vc_gitem-row-position-top\"><div class=\"vc_col-sm-12 vc_gitem-col vc_gitem-col-align- vc_custom_1643015126761\"><div class=\"vc_custom_heading vc_gitem-post-data vc_gitem-post-data-source-post_title\" ><h3 style=\"font-size: 22px;color: #000000;line-height: 24px;text-align: left;font-family:Exo;font-weight:500;font-style:normal\" ><a href=\"https:\/\/franciscodevitoria.eus\/eu\/lanbide-heziketako-erregimen-presentzialean-eskaintza-osoa-onartzeko-eta-matrikulatzeko-egutegia-2025-2026-ikasturtea\/\" class=\"vc_gitem-link\" title=\"Lanbide Heziketako ERREGIMEN PRESENTZIALEAN (ESKAINTZA OSOA) onartzeko eta matrikulatzeko egutegia (2025\/2026 Ikasturtea)\">Lanbide Heziketako ERREGIMEN PRESENTZIALEAN (ESKAINTZA OSOA) onartzeko eta matrikulatzeko egutegia (2025\/2026 Ikasturtea)<\/a><\/h3><\/div><div class=\"vc_custom_heading vc_custom_1643014169565 vc_gitem-post-data vc_gitem-post-data-source-post_date\" ><div style=\"font-size: 18px;color: #82368c;line-height: 1.1;text-align: left;font-family:Roboto Condensed;font-weight:700;font-style:normal\" >2025\/05\/06<\/div><\/div><div class=\"vc_separator wpb_content_element vc_separator_align_center vc_sep_width_30 vc_sep_border_width_3 vc_sep_pos_align_left vc_separator_no_text wpb_content_element  wpb_content_element\" ><span class=\"vc_sep_holder vc_sep_holder_l\"><span style=\"border-color:#5b9c28;\" class=\"vc_sep_line\"><\/span><\/span><span class=\"vc_sep_holder vc_sep_holder_r\"><span style=\"border-color:#5b9c28;\" class=\"vc_sep_line\"><\/span><\/span>\n<\/div><div class=\"vc_gitem-post-meta-field-resumen resumen_size_mini vc_gitem-align-justify\">Eskabideak eta dokumentazioaren aurkezpena:\r\n- Ikastetxean bertan maiatzaren 5etik 23ra arte, biak barne.\r\n- ONLINE eskabideak, maiatzaren 23ra arte.<\/div><div class=\"vc_empty_space\"   style=\"height: 20px\"><span class=\"vc_empty_space_inner\"><\/span><\/div><div class=\"vc_btn3-container  btn_background_news_mini vc_btn3-center vc_custom_1648212009051\"><a onmouseleave=\"this.style.borderColor='#82368c'; this.style.backgroundColor='transparent'; this.style.color='#82368c'\" onmouseenter=\"this.style.borderColor='#82368c'; this.style.backgroundColor='#82368c'; this.style.color='#ffffff';\" style=\"border-color:#82368c; color:#82368c;\" class=\"vc_general vc_btn3 vc_btn3-size-xs vc_btn3-shape-square vc_btn3-style-outline-custom\" a href=\"https:\/\/franciscodevitoria.eus\/eu\/lanbide-heziketako-erregimen-presentzialean-eskaintza-osoa-onartzeko-eta-matrikulatzeko-egutegia-2025-2026-ikasturtea\/\" class=\"vc_gitem-link vc_general vc_btn3 vc_general vc_btn3 vc_btn3-size-xs vc_btn3-shape-square vc_btn3-style-outline-custom btn_background_news_mini\" title=\"Gehiago irakurri\">Gehiago irakurri<\/a><\/div><\/div><\/div><\/div><\/div><\/div><div class=\"vc_clearfix\"><\/div><\/div><div class=\"vc_grid-item vc_clearfix vc_col-sm-4 vc_grid-item-zone-c-bottom\"><div class=\"vc_grid-item-mini vc_clearfix \"><div class=\"vc_gitem-animated-block\" ><div class=\"vc_gitem-zone vc_gitem-zone-a vc_custom_1643014993987 vc-gitem-zone-height-mode-auto vc-gitem-zone-height-mode-auto-16-9\" style=\"background-image: url('https:\/\/franciscodevitoria.eus\/wp-content\/uploads\/2025\/04\/20250331_110229 esferificaci\u00f3n inversa 1-scaled.jpg') !important;\"><img class=\"vc_gitem-zone-img\" src=\"https:\/\/franciscodevitoria.eus\/wp-content\/uploads\/2025\/04\/20250331_110229 esferificaci\u00f3n inversa 1-scaled.jpg\" alt=\"Bioaktiboen mikrokapsulazioa: soluzio pertsonalizatuen eta jasangarrien garapena\" loading=\"lazy\"><div class=\"vc_gitem-zone-mini\"><div class=\"vc_gitem_row vc_row vc_gitem-row-position-top\"><div class=\"vc_col-sm-12 vc_gitem-col vc_gitem-col-align- vc_custom_1643016875389\"><div field_61ea9bbf8a9fb class=\"vc_gitem-acf videoWrapper vc_gitem-align-justify field_61ea9bbf8a9fb\"><iframe title=\"MICROENCAPSULACI\u00d3N (Esperificaci\u00f3n Inversa)\" width=\"640\" height=\"360\" src=\"https:\/\/www.youtube.com\/embed\/VxRwwbg21Qs?start=36&feature=oembed\" frameborder=\"0\" allow=\"accelerometer; autoplay; clipboard-write; encrypted-media; gyroscope; picture-in-picture; web-share\" referrerpolicy=\"strict-origin-when-cross-origin\" allowfullscreen><\/iframe><\/div><\/div><\/div><\/div><\/div><\/div><div class=\"vc_gitem-zone vc_gitem-zone-c vc_custom_1643015000822\"><div class=\"vc_gitem-zone-mini\"><div class=\"vc_gitem_row vc_row vc_gitem-row-position-top\"><div class=\"vc_col-sm-12 vc_gitem-col vc_gitem-col-align- vc_custom_1643015126761\"><div class=\"vc_custom_heading vc_gitem-post-data vc_gitem-post-data-source-post_title\" ><h3 style=\"font-size: 22px;color: #000000;line-height: 24px;text-align: left;font-family:Exo;font-weight:500;font-style:normal\" ><a href=\"https:\/\/franciscodevitoria.eus\/eu\/bioaktiboen-mikrokapsulazioa-soluzio-pertsonalizatuen-eta-jasangarrien-garapena\/\" class=\"vc_gitem-link\" title=\"Bioaktiboen mikrokapsulazioa: soluzio pertsonalizatuen eta jasangarrien garapena\">Bioaktiboen mikrokapsulazioa: soluzio pertsonalizatuen eta jasangarrien garapena<\/a><\/h3><\/div><div class=\"vc_custom_heading vc_custom_1643014169565 vc_gitem-post-data vc_gitem-post-data-source-post_date\" ><div style=\"font-size: 18px;color: #82368c;line-height: 1.1;text-align: left;font-family:Roboto Condensed;font-weight:700;font-style:normal\" >2025\/04\/07<\/div><\/div><div class=\"vc_separator wpb_content_element vc_separator_align_center vc_sep_width_30 vc_sep_border_width_3 vc_sep_pos_align_left vc_separator_no_text wpb_content_element  wpb_content_element\" ><span class=\"vc_sep_holder vc_sep_holder_l\"><span style=\"border-color:#5b9c28;\" class=\"vc_sep_line\"><\/span><\/span><span class=\"vc_sep_holder vc_sep_holder_r\"><span style=\"border-color:#5b9c28;\" class=\"vc_sep_line\"><\/span><\/span>\n<\/div><div class=\"vc_gitem-post-meta-field-resumen resumen_size_mini vc_gitem-align-justify\">Proiektu honen barnean polifenolen erauzketa egin ondoren mikroenkapsulazioaren saiakerarekin ari gara.\r\n\r\n1- Alginato eta sodio kloruroarekin polifenolak mikroenkapsulatzeko saiakera\r\n2- Tantaz-tanta polifenolen nahasketa botatzen mikrokapsulak sor daitezen\r\n3- Denbora bat utzi esferak ondo sortzeko eta kanpoko geruza gogortzeko\r\n4.- Filtratzen mikrokapsula sortutako mikrokapsula hoiek.\r\n5- Petri plakara pasatzen hobetoago ikus ahal izateko\r\n6- Eskuan lehertzen barruan duten likidoa nabaritzeko.\r\n\r\n@kimika_donbosco, Tknika, berrikuntza.\r\n<\/div><div class=\"vc_empty_space\"   style=\"height: 20px\"><span class=\"vc_empty_space_inner\"><\/span><\/div><div class=\"vc_btn3-container  btn_background_news_mini vc_btn3-center vc_custom_1648212009051\"><a onmouseleave=\"this.style.borderColor='#82368c'; this.style.backgroundColor='transparent'; this.style.color='#82368c'\" onmouseenter=\"this.style.borderColor='#82368c'; this.style.backgroundColor='#82368c'; this.style.color='#ffffff';\" style=\"border-color:#82368c; color:#82368c;\" class=\"vc_general vc_btn3 vc_btn3-size-xs vc_btn3-shape-square vc_btn3-style-outline-custom\" a href=\"https:\/\/franciscodevitoria.eus\/eu\/bioaktiboen-mikrokapsulazioa-soluzio-pertsonalizatuen-eta-jasangarrien-garapena\/\" class=\"vc_gitem-link vc_general vc_btn3 vc_general vc_btn3 vc_btn3-size-xs vc_btn3-shape-square vc_btn3-style-outline-custom btn_background_news_mini\" title=\"Gehiago irakurri\">Gehiago irakurri<\/a><\/div><\/div><\/div><\/div><\/div><\/div><div class=\"vc_clearfix\"><\/div><\/div><div class=\"vc_grid-item vc_clearfix vc_col-sm-4 vc_grid-item-zone-c-bottom\"><div class=\"vc_grid-item-mini vc_clearfix \"><div class=\"vc_gitem-animated-block\" ><div class=\"vc_gitem-zone vc_gitem-zone-a vc_custom_1643014993987 vc-gitem-zone-height-mode-auto vc-gitem-zone-height-mode-auto-16-9\" style=\"background-image: url('https:\/\/franciscodevitoria.eus\/wp-content\/uploads\/2025\/03\/6_Din.png') !important;\"><img class=\"vc_gitem-zone-img\" src=\"https:\/\/franciscodevitoria.eus\/wp-content\/uploads\/2025\/03\/6_Din.png\" alt=\"Tradizioa eta teknologia uztartuz VICO Auroran \u2013 Martxoaren 20a\" loading=\"lazy\"><div class=\"vc_gitem-zone-mini\"><div class=\"vc_gitem_row vc_row vc_gitem-row-position-top\"><div class=\"vc_col-sm-12 vc_gitem-col vc_gitem-col-align- vc_custom_1643016875389\"><div field_61ea9bbf8a9fb class=\"vc_gitem-acf videoWrapper vc_gitem-align-justify field_61ea9bbf8a9fb\"><\/div><\/div><\/div><\/div><\/div><\/div><div class=\"vc_gitem-zone vc_gitem-zone-c vc_custom_1643015000822\"><div class=\"vc_gitem-zone-mini\"><div class=\"vc_gitem_row vc_row vc_gitem-row-position-top\"><div class=\"vc_col-sm-12 vc_gitem-col vc_gitem-col-align- vc_custom_1643015126761\"><div class=\"vc_custom_heading vc_gitem-post-data vc_gitem-post-data-source-post_title\" ><h3 style=\"font-size: 22px;color: #000000;line-height: 24px;text-align: left;font-family:Exo;font-weight:500;font-style:normal\" ><a href=\"https:\/\/franciscodevitoria.eus\/eu\/tradizioa-eta-teknologia-uztartuz-vico-auroran-martxoaren-20a-2\/\" class=\"vc_gitem-link\" title=\"Tradizioa eta teknologia uztartuz VICO Auroran \u2013 Martxoaren 20a\">Tradizioa eta teknologia uztartuz VICO Auroran \u2013 Martxoaren 20a<\/a><\/h3><\/div><div class=\"vc_custom_heading vc_custom_1643014169565 vc_gitem-post-data vc_gitem-post-data-source-post_date\" ><div style=\"font-size: 18px;color: #82368c;line-height: 1.1;text-align: left;font-family:Roboto Condensed;font-weight:700;font-style:normal\" >2025\/03\/26<\/div><\/div><div class=\"vc_separator wpb_content_element vc_separator_align_center vc_sep_width_30 vc_sep_border_width_3 vc_sep_pos_align_left vc_separator_no_text wpb_content_element  wpb_content_element\" ><span class=\"vc_sep_holder vc_sep_holder_l\"><span style=\"border-color:#5b9c28;\" class=\"vc_sep_line\"><\/span><\/span><span class=\"vc_sep_holder vc_sep_holder_r\"><span style=\"border-color:#5b9c28;\" class=\"vc_sep_line\"><\/span><\/span>\n<\/div><div class=\"vc_gitem-post-meta-field-resumen resumen_size_mini vc_gitem-align-justify\">Martxoaren 20an, ostegunean, IES Francisco de Vitoria BHIko Mendekotasun-egoeran dauden Pertsonei Arreta emateko zikloko 1. mailako ikasleek dinamika kooperatibo hunkigarri batean parte hartu zuten VICO Aurora bizikidetza-etxebizitzako erabiltzaileekin.\r\n\r\nJarduera hau FP Euskadiren \u201cTradizioa eta teknologia uztartuz irensteko eta\/edo murtxikatzeko arazoak dituzten gure adinekoen memoria elikatzeko\u201d izeneko proiektuaren barruan kokatzen da. Proiektu honetan IES Francisco de Vitoria BHI eta Gamarrako Ostalaritza Eskola ari dira elkarlanean.\r\n\r\nSaioan zehar, ikasleek eta erabiltzaileek collageak sortu zituzten, haurtzaroko errezeta kuttunen irudiekin. Helburua da errezeta horiek berreraikitzea 3D inprimaketaren moduko teknologiak erabiliz, eta murtxikatzeko arazoak dituzten pertsonei egokitzea.\r\n\r\nOso goiz berezia izan zen: hurbiltasuna, emozioa eta elkarlana nagusi.\r\n\r\nEskerrik asko VICO Aurora-ri harrera beroagatik! Laster arte!<\/div><div class=\"vc_empty_space\"   style=\"height: 20px\"><span class=\"vc_empty_space_inner\"><\/span><\/div><div class=\"vc_btn3-container  btn_background_news_mini vc_btn3-center vc_custom_1648212009051\"><a onmouseleave=\"this.style.borderColor='#82368c'; this.style.backgroundColor='transparent'; this.style.color='#82368c'\" onmouseenter=\"this.style.borderColor='#82368c'; this.style.backgroundColor='#82368c'; this.style.color='#ffffff';\" style=\"border-color:#82368c; color:#82368c;\" class=\"vc_general vc_btn3 vc_btn3-size-xs vc_btn3-shape-square vc_btn3-style-outline-custom\" a href=\"https:\/\/franciscodevitoria.eus\/eu\/tradizioa-eta-teknologia-uztartuz-vico-auroran-martxoaren-20a-2\/\" class=\"vc_gitem-link vc_general vc_btn3 vc_general vc_btn3 vc_btn3-size-xs vc_btn3-shape-square vc_btn3-style-outline-custom btn_background_news_mini\" title=\"Gehiago irakurri\">Gehiago irakurri<\/a><\/div><\/div><\/div><\/div><\/div><\/div><div class=\"vc_clearfix\"><\/div><\/div><div class=\"vc_grid-item vc_clearfix vc_col-sm-4 vc_grid-item-zone-c-bottom\"><div class=\"vc_grid-item-mini vc_clearfix \"><div class=\"vc_gitem-animated-block\" ><div class=\"vc_gitem-zone vc_gitem-zone-a vc_custom_1643014993987 vc-gitem-zone-height-mode-auto vc-gitem-zone-height-mode-auto-16-9\" style=\"background-image: url('https:\/\/franciscodevitoria.eus\/wp-content\/uploads\/2025\/03\/2_RRPP JUEGO SALUD MENTAL _QF_7835 QUINTAS-scaled.jpg') !important;\"><img class=\"vc_gitem-zone-img\" src=\"https:\/\/franciscodevitoria.eus\/wp-content\/uploads\/2025\/03\/2_RRPP JUEGO SALUD MENTAL _QF_7835 QUINTAS-scaled.jpg\" alt=\"Nneka, Francisco de Vitoriako ikaslea, osasun mentalari ahotsa ematen dion bere liburua eta jolasa aurkeztu du\" loading=\"lazy\"><div class=\"vc_gitem-zone-mini\"><div class=\"vc_gitem_row vc_row vc_gitem-row-position-top\"><div class=\"vc_col-sm-12 vc_gitem-col vc_gitem-col-align- vc_custom_1643016875389\"><div field_61ea9bbf8a9fb class=\"vc_gitem-acf videoWrapper vc_gitem-align-justify field_61ea9bbf8a9fb\"><\/div><\/div><\/div><\/div><\/div><\/div><div class=\"vc_gitem-zone vc_gitem-zone-c vc_custom_1643015000822\"><div class=\"vc_gitem-zone-mini\"><div class=\"vc_gitem_row vc_row vc_gitem-row-position-top\"><div class=\"vc_col-sm-12 vc_gitem-col vc_gitem-col-align- vc_custom_1643015126761\"><div class=\"vc_custom_heading vc_gitem-post-data vc_gitem-post-data-source-post_title\" ><h3 style=\"font-size: 22px;color: #000000;line-height: 24px;text-align: left;font-family:Exo;font-weight:500;font-style:normal\" ><a href=\"https:\/\/franciscodevitoria.eus\/eu\/nneka-francisco-de-vitoriako-ikaslea-osasun-mentalari-ahotsa-ematen-dion-bere-liburua-eta-jolasa-aurkeztu-du\/\" class=\"vc_gitem-link\" title=\"Nneka, Francisco de Vitoriako ikaslea, osasun mentalari ahotsa ematen dion bere liburua eta jolasa aurkeztu du\">Nneka, Francisco de Vitoriako ikaslea, osasun mentalari ahotsa ematen dion bere liburua eta jolasa aurkeztu du<\/a><\/h3><\/div><div class=\"vc_custom_heading vc_custom_1643014169565 vc_gitem-post-data vc_gitem-post-data-source-post_date\" ><div style=\"font-size: 18px;color: #82368c;line-height: 1.1;text-align: left;font-family:Roboto Condensed;font-weight:700;font-style:normal\" >2025\/03\/24<\/div><\/div><div class=\"vc_separator wpb_content_element vc_separator_align_center vc_sep_width_30 vc_sep_border_width_3 vc_sep_pos_align_left vc_separator_no_text wpb_content_element  wpb_content_element\" ><span class=\"vc_sep_holder vc_sep_holder_l\"><span style=\"border-color:#5b9c28;\" class=\"vc_sep_line\"><\/span><\/span><span class=\"vc_sep_holder vc_sep_holder_r\"><span style=\"border-color:#5b9c28;\" class=\"vc_sep_line\"><\/span><\/span>\n<\/div><div class=\"vc_gitem-post-meta-field-resumen resumen_size_mini vc_gitem-align-justify\">Gure ikaslea den Nneka, bi urte eta erdian zehar, Arantza Argote hezkuntza-laguntzako espezialistarekin batera, lan artistiko bat egin du osasun mentalari ahotsa emateko. Hezkuntza-sailaren, elkarte desberdinen eta familien esku jarriko den liburua eta jolasan datza. Vital Fundazioa arduratuko da lurraldeko ikastetxe guztietan zabaltzeaz.<\/div><div class=\"vc_empty_space\"   style=\"height: 20px\"><span class=\"vc_empty_space_inner\"><\/span><\/div><div class=\"vc_btn3-container  btn_background_news_mini vc_btn3-center vc_custom_1648212009051\"><a onmouseleave=\"this.style.borderColor='#82368c'; this.style.backgroundColor='transparent'; this.style.color='#82368c'\" onmouseenter=\"this.style.borderColor='#82368c'; this.style.backgroundColor='#82368c'; this.style.color='#ffffff';\" style=\"border-color:#82368c; color:#82368c;\" class=\"vc_general vc_btn3 vc_btn3-size-xs vc_btn3-shape-square vc_btn3-style-outline-custom\" a href=\"https:\/\/franciscodevitoria.eus\/eu\/nneka-francisco-de-vitoriako-ikaslea-osasun-mentalari-ahotsa-ematen-dion-bere-liburua-eta-jolasa-aurkeztu-du\/\" class=\"vc_gitem-link vc_general vc_btn3 vc_general vc_btn3 vc_btn3-size-xs vc_btn3-shape-square vc_btn3-style-outline-custom btn_background_news_mini\" title=\"Gehiago irakurri\">Gehiago irakurri<\/a><\/div><\/div><\/div><\/div><\/div><\/div><div class=\"vc_clearfix\"><\/div><\/div><div class=\"vc_grid-item vc_clearfix vc_col-sm-4 vc_grid-item-zone-c-bottom\"><div class=\"vc_grid-item-mini vc_clearfix \"><div class=\"vc_gitem-animated-block\" ><div class=\"vc_gitem-zone vc_gitem-zone-a vc_custom_1643014993987 vc-gitem-zone-height-mode-auto vc-gitem-zone-height-mode-auto-16-9\" style=\"background-image: url('https:\/\/franciscodevitoria.eus\/wp-content\/uploads\/2025\/03\/STARTINNOVA saria.png') !important;\"><img class=\"vc_gitem-zone-img\" src=\"https:\/\/franciscodevitoria.eus\/wp-content\/uploads\/2025\/03\/STARTINNOVA saria.png\" alt=\"STARTINNOVA sariak\" loading=\"lazy\"><div class=\"vc_gitem-zone-mini\"><div class=\"vc_gitem_row vc_row vc_gitem-row-position-top\"><div class=\"vc_col-sm-12 vc_gitem-col vc_gitem-col-align- vc_custom_1643016875389\"><div field_61ea9bbf8a9fb class=\"vc_gitem-acf videoWrapper vc_gitem-align-justify field_61ea9bbf8a9fb\"><\/div><\/div><\/div><\/div><\/div><\/div><div class=\"vc_gitem-zone vc_gitem-zone-c vc_custom_1643015000822\"><div class=\"vc_gitem-zone-mini\"><div class=\"vc_gitem_row vc_row vc_gitem-row-position-top\"><div class=\"vc_col-sm-12 vc_gitem-col vc_gitem-col-align- vc_custom_1643015126761\"><div class=\"vc_custom_heading vc_gitem-post-data vc_gitem-post-data-source-post_title\" ><h3 style=\"font-size: 22px;color: #000000;line-height: 24px;text-align: left;font-family:Exo;font-weight:500;font-style:normal\" ><a href=\"https:\/\/franciscodevitoria.eus\/eu\/startinnova-sariak-2\/\" class=\"vc_gitem-link\" title=\"STARTINNOVA sariak\">STARTINNOVA sariak<\/a><\/h3><\/div><div class=\"vc_custom_heading vc_custom_1643014169565 vc_gitem-post-data vc_gitem-post-data-source-post_date\" ><div style=\"font-size: 18px;color: #82368c;line-height: 1.1;text-align: left;font-family:Roboto Condensed;font-weight:700;font-style:normal\" >2025\/03\/19<\/div><\/div><div class=\"vc_separator wpb_content_element vc_separator_align_center vc_sep_width_30 vc_sep_border_width_3 vc_sep_pos_align_left vc_separator_no_text wpb_content_element  wpb_content_element\" ><span class=\"vc_sep_holder vc_sep_holder_l\"><span style=\"border-color:#5b9c28;\" class=\"vc_sep_line\"><\/span><\/span><span class=\"vc_sep_holder vc_sep_holder_r\"><span style=\"border-color:#5b9c28;\" class=\"vc_sep_line\"><\/span><\/span>\n<\/div><div class=\"vc_gitem-post-meta-field-resumen resumen_size_mini vc_gitem-align-justify\">Francisco de Vitoriako ikasleek STARTINNOVA sariak jaso dituzte<\/div><div class=\"vc_empty_space\"   style=\"height: 20px\"><span class=\"vc_empty_space_inner\"><\/span><\/div><div class=\"vc_btn3-container  btn_background_news_mini vc_btn3-center vc_custom_1648212009051\"><a onmouseleave=\"this.style.borderColor='#82368c'; this.style.backgroundColor='transparent'; this.style.color='#82368c'\" onmouseenter=\"this.style.borderColor='#82368c'; this.style.backgroundColor='#82368c'; this.style.color='#ffffff';\" style=\"border-color:#82368c; color:#82368c;\" class=\"vc_general vc_btn3 vc_btn3-size-xs vc_btn3-shape-square vc_btn3-style-outline-custom\" a href=\"https:\/\/franciscodevitoria.eus\/eu\/startinnova-sariak-2\/\" class=\"vc_gitem-link vc_general vc_btn3 vc_general vc_btn3 vc_btn3-size-xs vc_btn3-shape-square vc_btn3-style-outline-custom btn_background_news_mini\" title=\"Gehiago irakurri\">Gehiago irakurri<\/a><\/div><\/div><\/div><\/div><\/div><\/div><div class=\"vc_clearfix\"><\/div><\/div><div class=\"vc_grid-item vc_clearfix vc_col-sm-4 vc_grid-item-zone-c-bottom\"><div class=\"vc_grid-item-mini vc_clearfix \"><div class=\"vc_gitem-animated-block\" ><div class=\"vc_gitem-zone vc_gitem-zone-a vc_custom_1643014993987 vc-gitem-zone-height-mode-auto vc-gitem-zone-height-mode-auto-16-9\" style=\"background-image: url('https:\/\/franciscodevitoria.eus\/wp-content\/uploads\/2025\/02\/5_Argazkia_Foto-scaled.jpg') !important;\"><img class=\"vc_gitem-zone-img\" src=\"https:\/\/franciscodevitoria.eus\/wp-content\/uploads\/2025\/02\/5_Argazkia_Foto-scaled.jpg\" alt=\"Ikasleen 2025eko Erasmus+ mugikortasunak\" loading=\"lazy\"><div class=\"vc_gitem-zone-mini\"><div class=\"vc_gitem_row vc_row vc_gitem-row-position-top\"><div class=\"vc_col-sm-12 vc_gitem-col vc_gitem-col-align- vc_custom_1643016875389\"><div field_61ea9bbf8a9fb class=\"vc_gitem-acf videoWrapper vc_gitem-align-justify field_61ea9bbf8a9fb\"><\/div><\/div><\/div><\/div><\/div><\/div><div class=\"vc_gitem-zone vc_gitem-zone-c vc_custom_1643015000822\"><div class=\"vc_gitem-zone-mini\"><div class=\"vc_gitem_row vc_row vc_gitem-row-position-top\"><div class=\"vc_col-sm-12 vc_gitem-col vc_gitem-col-align- vc_custom_1643015126761\"><div class=\"vc_custom_heading vc_gitem-post-data vc_gitem-post-data-source-post_title\" ><h3 style=\"font-size: 22px;color: #000000;line-height: 24px;text-align: left;font-family:Exo;font-weight:500;font-style:normal\" ><a href=\"https:\/\/franciscodevitoria.eus\/eu\/ikasleen-2025eko-erasmus-mugikortasunak-2\/\" class=\"vc_gitem-link\" title=\"Ikasleen 2025eko Erasmus+ mugikortasunak\">Ikasleen 2025eko Erasmus+ mugikortasunak<\/a><\/h3><\/div><div class=\"vc_custom_heading vc_custom_1643014169565 vc_gitem-post-data vc_gitem-post-data-source-post_date\" ><div style=\"font-size: 18px;color: #82368c;line-height: 1.1;text-align: left;font-family:Roboto Condensed;font-weight:700;font-style:normal\" >2025\/02\/12<\/div><\/div><div class=\"vc_separator wpb_content_element vc_separator_align_center vc_sep_width_30 vc_sep_border_width_3 vc_sep_pos_align_left vc_separator_no_text wpb_content_element  wpb_content_element\" ><span class=\"vc_sep_holder vc_sep_holder_l\"><span style=\"border-color:#5b9c28;\" class=\"vc_sep_line\"><\/span><\/span><span class=\"vc_sep_holder vc_sep_holder_r\"><span style=\"border-color:#5b9c28;\" class=\"vc_sep_line\"><\/span><\/span>\n<\/div><div class=\"vc_gitem-post-meta-field-resumen resumen_size_mini vc_gitem-align-justify\">Atzo gure aurtengo Ikaslaneko #ErasmusPlus\ud83c\uddea\ud83c\uddfa ikasleek haien mugikortasunetarako beharrezkoa izango den informazioa jaso zuten. Ikaslanek Bilboko Bizkaia Aretoan antolatutako ekitaldian izan zen. Europar Batasunak (SEPIEren bitartez) eta Eusko Jaurlaritzak kofinantziatutako bekak dira. Eskerrik asko ekitaldiaren antolakuntzan parte hartu zuten guztiei!<\/div><div class=\"vc_empty_space\"   style=\"height: 20px\"><span class=\"vc_empty_space_inner\"><\/span><\/div><div class=\"vc_btn3-container  btn_background_news_mini vc_btn3-center vc_custom_1648212009051\"><a onmouseleave=\"this.style.borderColor='#82368c'; this.style.backgroundColor='transparent'; this.style.color='#82368c'\" onmouseenter=\"this.style.borderColor='#82368c'; this.style.backgroundColor='#82368c'; this.style.color='#ffffff';\" style=\"border-color:#82368c; color:#82368c;\" class=\"vc_general vc_btn3 vc_btn3-size-xs vc_btn3-shape-square vc_btn3-style-outline-custom\" a href=\"https:\/\/franciscodevitoria.eus\/eu\/ikasleen-2025eko-erasmus-mugikortasunak-2\/\" class=\"vc_gitem-link vc_general vc_btn3 vc_general vc_btn3 vc_btn3-size-xs vc_btn3-shape-square vc_btn3-style-outline-custom btn_background_news_mini\" title=\"Gehiago irakurri\">Gehiago irakurri<\/a><\/div><\/div><\/div><\/div><\/div><\/div><div class=\"vc_clearfix\"><\/div><\/div><div class=\"vc_grid-item vc_clearfix vc_col-sm-4 vc_grid-item-zone-c-bottom\"><div class=\"vc_grid-item-mini vc_clearfix \"><div class=\"vc_gitem-animated-block\" ><div class=\"vc_gitem-zone vc_gitem-zone-a vc_custom_1643014993987 vc-gitem-zone-height-mode-auto vc-gitem-zone-height-mode-auto-16-9\" style=\"background-image: url('https:\/\/franciscodevitoria.eus\/wp-content\/uploads\/2022\/05\/template-img.jpg') !important;\"><img class=\"vc_gitem-zone-img\" src=\"https:\/\/franciscodevitoria.eus\/wp-content\/uploads\/2022\/05\/template-img.jpg\" alt=\"Ikasleen 2025eko Erasmus+ mugikortasunak\" loading=\"lazy\"><div class=\"vc_gitem-zone-mini\"><div class=\"vc_gitem_row vc_row vc_gitem-row-position-top\"><div class=\"vc_col-sm-12 vc_gitem-col vc_gitem-col-align- vc_custom_1643016875389\"><div field_61ea9bbf8a9fb class=\"vc_gitem-acf videoWrapper vc_gitem-align-justify field_61ea9bbf8a9fb\"><\/div><\/div><\/div><\/div><\/div><\/div><div class=\"vc_gitem-zone vc_gitem-zone-c vc_custom_1643015000822\"><div class=\"vc_gitem-zone-mini\"><div class=\"vc_gitem_row vc_row vc_gitem-row-position-top\"><div class=\"vc_col-sm-12 vc_gitem-col vc_gitem-col-align- vc_custom_1643015126761\"><div class=\"vc_custom_heading vc_gitem-post-data vc_gitem-post-data-source-post_title\" ><h3 style=\"font-size: 22px;color: #000000;line-height: 24px;text-align: left;font-family:Exo;font-weight:500;font-style:normal\" ><a href=\"https:\/\/franciscodevitoria.eus\/eu\/ikasleen-2025eko-erasmus-mugikortasunak\/\" class=\"vc_gitem-link\" title=\"Ikasleen 2025eko Erasmus+ mugikortasunak\">Ikasleen 2025eko Erasmus+ mugikortasunak<\/a><\/h3><\/div><div class=\"vc_custom_heading vc_custom_1643014169565 vc_gitem-post-data vc_gitem-post-data-source-post_date\" ><div style=\"font-size: 18px;color: #82368c;line-height: 1.1;text-align: left;font-family:Roboto Condensed;font-weight:700;font-style:normal\" >2025\/02\/10<\/div><\/div><div class=\"vc_separator wpb_content_element vc_separator_align_center vc_sep_width_30 vc_sep_border_width_3 vc_sep_pos_align_left vc_separator_no_text wpb_content_element  wpb_content_element\" ><span class=\"vc_sep_holder vc_sep_holder_l\"><span style=\"border-color:#5b9c28;\" class=\"vc_sep_line\"><\/span><\/span><span class=\"vc_sep_holder vc_sep_holder_r\"><span style=\"border-color:#5b9c28;\" class=\"vc_sep_line\"><\/span><\/span>\n<\/div><div class=\"vc_gitem-post-meta-field-resumen resumen_size_mini vc_gitem-align-justify\">Gure aurtengo #ErasmusPlus ikasleek haien mugikortasunetarako beharrezkoa izango den informazioa jasotzen jarraitzen dute. Europar Batasunak (SEPIEren bitartez) eta Eusko Jaurlaritzak kofinantziatutako bekak dira. Erasmus taldeak onena opa dizue!<\/div><div class=\"vc_empty_space\"   style=\"height: 20px\"><span class=\"vc_empty_space_inner\"><\/span><\/div><div class=\"vc_btn3-container  btn_background_news_mini vc_btn3-center vc_custom_1648212009051\"><a onmouseleave=\"this.style.borderColor='#82368c'; this.style.backgroundColor='transparent'; this.style.color='#82368c'\" onmouseenter=\"this.style.borderColor='#82368c'; this.style.backgroundColor='#82368c'; this.style.color='#ffffff';\" style=\"border-color:#82368c; color:#82368c;\" class=\"vc_general vc_btn3 vc_btn3-size-xs vc_btn3-shape-square vc_btn3-style-outline-custom\" a href=\"https:\/\/franciscodevitoria.eus\/eu\/ikasleen-2025eko-erasmus-mugikortasunak\/\" class=\"vc_gitem-link vc_general vc_btn3 vc_general vc_btn3 vc_btn3-size-xs vc_btn3-shape-square vc_btn3-style-outline-custom btn_background_news_mini\" title=\"Gehiago irakurri\">Gehiago irakurri<\/a><\/div><\/div><\/div><\/div><\/div><\/div><div class=\"vc_clearfix\"><\/div><\/div><div class=\"vc_grid-item vc_clearfix vc_col-sm-4 vc_grid-item-zone-c-bottom\"><div class=\"vc_grid-item-mini vc_clearfix \"><div class=\"vc_gitem-animated-block\" ><div class=\"vc_gitem-zone vc_gitem-zone-a vc_custom_1643014993987 vc-gitem-zone-height-mode-auto vc-gitem-zone-height-mode-auto-16-9\" style=\"background-image: url('https:\/\/franciscodevitoria.eus\/wp-content\/uploads\/2025\/02\/2_Argazkia_Foto (1)-scaled.jpg') !important;\"><img class=\"vc_gitem-zone-img\" src=\"https:\/\/franciscodevitoria.eus\/wp-content\/uploads\/2025\/02\/2_Argazkia_Foto (1)-scaled.jpg\" alt=\"Ikasleen 2025ko Erasmus+ mugikortasunak\" loading=\"lazy\"><div class=\"vc_gitem-zone-mini\"><div class=\"vc_gitem_row vc_row vc_gitem-row-position-top\"><div class=\"vc_col-sm-12 vc_gitem-col vc_gitem-col-align- vc_custom_1643016875389\"><div field_61ea9bbf8a9fb class=\"vc_gitem-acf videoWrapper vc_gitem-align-justify field_61ea9bbf8a9fb\"><\/div><\/div><\/div><\/div><\/div><\/div><div class=\"vc_gitem-zone vc_gitem-zone-c vc_custom_1643015000822\"><div class=\"vc_gitem-zone-mini\"><div class=\"vc_gitem_row vc_row vc_gitem-row-position-top\"><div class=\"vc_col-sm-12 vc_gitem-col vc_gitem-col-align- vc_custom_1643015126761\"><div class=\"vc_custom_heading vc_gitem-post-data vc_gitem-post-data-source-post_title\" ><h3 style=\"font-size: 22px;color: #000000;line-height: 24px;text-align: left;font-family:Exo;font-weight:500;font-style:normal\" ><a href=\"https:\/\/franciscodevitoria.eus\/eu\/ikasleen-2025ko-erasmus-mugikortasunak\/\" class=\"vc_gitem-link\" title=\"Ikasleen 2025ko Erasmus+ mugikortasunak\">Ikasleen 2025ko Erasmus+ mugikortasunak<\/a><\/h3><\/div><div class=\"vc_custom_heading vc_custom_1643014169565 vc_gitem-post-data vc_gitem-post-data-source-post_date\" ><div style=\"font-size: 18px;color: #82368c;line-height: 1.1;text-align: left;font-family:Roboto Condensed;font-weight:700;font-style:normal\" >2025\/02\/07<\/div><\/div><div class=\"vc_separator wpb_content_element vc_separator_align_center vc_sep_width_30 vc_sep_border_width_3 vc_sep_pos_align_left vc_separator_no_text wpb_content_element  wpb_content_element\" ><span class=\"vc_sep_holder vc_sep_holder_l\"><span style=\"border-color:#5b9c28;\" class=\"vc_sep_line\"><\/span><\/span><span class=\"vc_sep_holder vc_sep_holder_r\"><span style=\"border-color:#5b9c28;\" class=\"vc_sep_line\"><\/span><\/span>\n<\/div><div class=\"vc_gitem-post-meta-field-resumen resumen_size_mini vc_gitem-align-justify\">Hilabete honen bukaeran, gure Lanbide Heziketako 15 ikaslek #ErasmusPlus mugikortasunak hasiko dituzte. Europar Batasunak (SEPIEren bitartez) eta Eusko Jaurlaritzak kofinantziatutako bekak dira. Atzerriko enpresetan egingo dituzte praktikak 3 hilabetez. Hungaria, Italia, Grezia, Portugal, Txekiar Errepublika... ziur gaude esperientzia aberasgarria izango dela! Kudeaketa eta prestaketa hilabeteen ondoren, Erasmus taldeak onena opa dizue.<\/div><div class=\"vc_empty_space\"   style=\"height: 20px\"><span class=\"vc_empty_space_inner\"><\/span><\/div><div class=\"vc_btn3-container  btn_background_news_mini vc_btn3-center vc_custom_1648212009051\"><a onmouseleave=\"this.style.borderColor='#82368c'; this.style.backgroundColor='transparent'; this.style.color='#82368c'\" onmouseenter=\"this.style.borderColor='#82368c'; this.style.backgroundColor='#82368c'; this.style.color='#ffffff';\" style=\"border-color:#82368c; color:#82368c;\" class=\"vc_general vc_btn3 vc_btn3-size-xs vc_btn3-shape-square vc_btn3-style-outline-custom\" a href=\"https:\/\/franciscodevitoria.eus\/eu\/ikasleen-2025ko-erasmus-mugikortasunak\/\" class=\"vc_gitem-link vc_general vc_btn3 vc_general vc_btn3 vc_btn3-size-xs vc_btn3-shape-square vc_btn3-style-outline-custom btn_background_news_mini\" title=\"Gehiago irakurri\">Gehiago irakurri<\/a><\/div><\/div><\/div><\/div><\/div><\/div><div class=\"vc_clearfix\"><\/div><\/div><div class=\"vc_grid-item vc_clearfix vc_col-sm-4 vc_grid-item-zone-c-bottom\"><div class=\"vc_grid-item-mini vc_clearfix \"><div class=\"vc_gitem-animated-block\" ><div class=\"vc_gitem-zone vc_gitem-zone-a vc_custom_1643014993987 vc-gitem-zone-height-mode-auto vc-gitem-zone-height-mode-auto-16-9\" style=\"background-image: url('https:\/\/franciscodevitoria.eus\/wp-content\/uploads\/2025\/02\/puertas_abiertas_2025_contorno_defi.jpg') !important;\"><img class=\"vc_gitem-zone-img\" src=\"https:\/\/franciscodevitoria.eus\/wp-content\/uploads\/2025\/02\/puertas_abiertas_2025_contorno_defi.jpg\" alt=\"Ezagutu zure etorkizun profesionala gure Ate Irekien Jardunaldian!\" loading=\"lazy\"><div class=\"vc_gitem-zone-mini\"><div class=\"vc_gitem_row vc_row vc_gitem-row-position-top\"><div class=\"vc_col-sm-12 vc_gitem-col vc_gitem-col-align- vc_custom_1643016875389\"><div field_61ea9bbf8a9fb class=\"vc_gitem-acf videoWrapper vc_gitem-align-justify field_61ea9bbf8a9fb\"><\/div><\/div><\/div><\/div><\/div><\/div><div class=\"vc_gitem-zone vc_gitem-zone-c vc_custom_1643015000822\"><div class=\"vc_gitem-zone-mini\"><div class=\"vc_gitem_row vc_row vc_gitem-row-position-top\"><div class=\"vc_col-sm-12 vc_gitem-col vc_gitem-col-align- vc_custom_1643015126761\"><div class=\"vc_custom_heading vc_gitem-post-data vc_gitem-post-data-source-post_title\" ><h3 style=\"font-size: 22px;color: #000000;line-height: 24px;text-align: left;font-family:Exo;font-weight:500;font-style:normal\" ><a href=\"https:\/\/franciscodevitoria.eus\/eu\/ezagutu-zure-etorkizun-profesionala-gure-ate-irekien-jardunaldian\/\" class=\"vc_gitem-link\" title=\"Ezagutu zure etorkizun profesionala gure Ate Irekien Jardunaldian!\">Ezagutu zure etorkizun profesionala gure Ate Irekien Jardunaldian!<\/a><\/h3><\/div><div class=\"vc_custom_heading vc_custom_1643014169565 vc_gitem-post-data vc_gitem-post-data-source-post_date\" ><div style=\"font-size: 18px;color: #82368c;line-height: 1.1;text-align: left;font-family:Roboto Condensed;font-weight:700;font-style:normal\" >2025\/02\/03<\/div><\/div><div class=\"vc_separator wpb_content_element vc_separator_align_center vc_sep_width_30 vc_sep_border_width_3 vc_sep_pos_align_left vc_separator_no_text wpb_content_element  wpb_content_element\" ><span class=\"vc_sep_holder vc_sep_holder_l\"><span style=\"border-color:#5b9c28;\" class=\"vc_sep_line\"><\/span><\/span><span class=\"vc_sep_holder vc_sep_holder_r\"><span style=\"border-color:#5b9c28;\" class=\"vc_sep_line\"><\/span><\/span>\n<\/div><div class=\"vc_gitem-post-meta-field-resumen resumen_size_mini vc_gitem-align-justify\">Prest zaude zure etorkizuneko hurrengo urratsa emateko? Zatoz lanbide-heziketak IES Francisco de Vitoria BHI-n eskaintzen dizkizun aukera guztiak ezagutzera.<\/div><div class=\"vc_empty_space\"   style=\"height: 20px\"><span class=\"vc_empty_space_inner\"><\/span><\/div><div class=\"vc_btn3-container  btn_background_news_mini vc_btn3-center vc_custom_1648212009051\"><a onmouseleave=\"this.style.borderColor='#82368c'; this.style.backgroundColor='transparent'; this.style.color='#82368c'\" onmouseenter=\"this.style.borderColor='#82368c'; this.style.backgroundColor='#82368c'; this.style.color='#ffffff';\" style=\"border-color:#82368c; color:#82368c;\" class=\"vc_general vc_btn3 vc_btn3-size-xs vc_btn3-shape-square vc_btn3-style-outline-custom\" a href=\"https:\/\/franciscodevitoria.eus\/eu\/ezagutu-zure-etorkizun-profesionala-gure-ate-irekien-jardunaldian\/\" class=\"vc_gitem-link vc_general vc_btn3 vc_general vc_btn3 vc_btn3-size-xs vc_btn3-shape-square vc_btn3-style-outline-custom btn_background_news_mini\" title=\"Gehiago irakurri\">Gehiago irakurri<\/a><\/div><\/div><\/div><\/div><\/div><\/div><div class=\"vc_clearfix\"><\/div><\/div><div class=\"vc_grid-item vc_clearfix vc_col-sm-4 vc_grid-item-zone-c-bottom\"><div class=\"vc_grid-item-mini vc_clearfix \"><div class=\"vc_gitem-animated-block\" ><div class=\"vc_gitem-zone vc_gitem-zone-a vc_custom_1643014993987 vc-gitem-zone-height-mode-auto vc-gitem-zone-height-mode-auto-16-9\" style=\"background-image: url('https:\/\/franciscodevitoria.eus\/wp-content\/uploads\/2022\/05\/template-img.jpg') !important;\"><img class=\"vc_gitem-zone-img\" src=\"https:\/\/franciscodevitoria.eus\/wp-content\/uploads\/2022\/05\/template-img.jpg\" alt=\"Arabako gazteek kaletik ekiten diote\" loading=\"lazy\"><div class=\"vc_gitem-zone-mini\"><div class=\"vc_gitem_row vc_row vc_gitem-row-position-top\"><div class=\"vc_col-sm-12 vc_gitem-col vc_gitem-col-align- vc_custom_1643016875389\"><div field_61ea9bbf8a9fb class=\"vc_gitem-acf videoWrapper vc_gitem-align-justify field_61ea9bbf8a9fb\"><\/div><\/div><\/div><\/div><\/div><\/div><div class=\"vc_gitem-zone vc_gitem-zone-c vc_custom_1643015000822\"><div class=\"vc_gitem-zone-mini\"><div class=\"vc_gitem_row vc_row vc_gitem-row-position-top\"><div class=\"vc_col-sm-12 vc_gitem-col vc_gitem-col-align- vc_custom_1643015126761\"><div class=\"vc_custom_heading vc_gitem-post-data vc_gitem-post-data-source-post_title\" ><h3 style=\"font-size: 22px;color: #000000;line-height: 24px;text-align: left;font-family:Exo;font-weight:500;font-style:normal\" ><a href=\"https:\/\/franciscodevitoria.eus\/eu\/arabako-gazteek-kaletik-ekiten-diote\/\" class=\"vc_gitem-link\" title=\"Arabako gazteek kaletik ekiten diote\">Arabako gazteek kaletik ekiten diote<\/a><\/h3><\/div><div class=\"vc_custom_heading vc_custom_1643014169565 vc_gitem-post-data vc_gitem-post-data-source-post_date\" ><div style=\"font-size: 18px;color: #82368c;line-height: 1.1;text-align: left;font-family:Roboto Condensed;font-weight:700;font-style:normal\" >2025\/01\/29<\/div><\/div><div class=\"vc_separator wpb_content_element vc_separator_align_center vc_sep_width_30 vc_sep_border_width_3 vc_sep_pos_align_left vc_separator_no_text wpb_content_element  wpb_content_element\" ><span class=\"vc_sep_holder vc_sep_holder_l\"><span style=\"border-color:#5b9c28;\" class=\"vc_sep_line\"><\/span><\/span><span class=\"vc_sep_holder vc_sep_holder_r\"><span style=\"border-color:#5b9c28;\" class=\"vc_sep_line\"><\/span><\/span>\n<\/div><div class=\"vc_gitem-post-meta-field-resumen resumen_size_mini vc_gitem-align-justify\">Lurraldeko zortzi ikastetxetako Lanbide Heziketako ikasleek euren proiektuak erakusten dituzte Eskola Enpresen Azokan<\/div><div class=\"vc_empty_space\"   style=\"height: 20px\"><span class=\"vc_empty_space_inner\"><\/span><\/div><div class=\"vc_btn3-container  btn_background_news_mini vc_btn3-center vc_custom_1648212009051\"><a onmouseleave=\"this.style.borderColor='#82368c'; this.style.backgroundColor='transparent'; this.style.color='#82368c'\" onmouseenter=\"this.style.borderColor='#82368c'; this.style.backgroundColor='#82368c'; this.style.color='#ffffff';\" style=\"border-color:#82368c; color:#82368c;\" class=\"vc_general vc_btn3 vc_btn3-size-xs vc_btn3-shape-square vc_btn3-style-outline-custom\" a href=\"https:\/\/franciscodevitoria.eus\/eu\/arabako-gazteek-kaletik-ekiten-diote\/\" class=\"vc_gitem-link vc_general vc_btn3 vc_general vc_btn3 vc_btn3-size-xs vc_btn3-shape-square vc_btn3-style-outline-custom btn_background_news_mini\" title=\"Gehiago irakurri\">Gehiago irakurri<\/a><\/div><\/div><\/div><\/div><\/div><\/div><div class=\"vc_clearfix\"><\/div><\/div><div class=\"vc_grid-item vc_clearfix vc_col-sm-4 vc_grid-item-zone-c-bottom\"><div class=\"vc_grid-item-mini vc_clearfix \"><div class=\"vc_gitem-animated-block\" ><div class=\"vc_gitem-zone vc_gitem-zone-a vc_custom_1643014993987 vc-gitem-zone-height-mode-auto vc-gitem-zone-height-mode-auto-16-9\" style=\"background-image: url('https:\/\/franciscodevitoria.eus\/wp-content\/uploads\/2025\/01\/2_IMG-20250121-WA0001.jpg') !important;\"><img class=\"vc_gitem-zone-img\" src=\"https:\/\/franciscodevitoria.eus\/wp-content\/uploads\/2025\/01\/2_IMG-20250121-WA0001.jpg\" alt=\"IES Francisco de Vitoria BHIko Turismoko ikasleak Fituren parte hartzen daude\" loading=\"lazy\"><div class=\"vc_gitem-zone-mini\"><div class=\"vc_gitem_row vc_row vc_gitem-row-position-top\"><div class=\"vc_col-sm-12 vc_gitem-col vc_gitem-col-align- vc_custom_1643016875389\"><div field_61ea9bbf8a9fb class=\"vc_gitem-acf videoWrapper vc_gitem-align-justify field_61ea9bbf8a9fb\"><\/div><\/div><\/div><\/div><\/div><\/div><div class=\"vc_gitem-zone vc_gitem-zone-c vc_custom_1643015000822\"><div class=\"vc_gitem-zone-mini\"><div class=\"vc_gitem_row vc_row vc_gitem-row-position-top\"><div class=\"vc_col-sm-12 vc_gitem-col vc_gitem-col-align- vc_custom_1643015126761\"><div class=\"vc_custom_heading vc_gitem-post-data vc_gitem-post-data-source-post_title\" ><h3 style=\"font-size: 22px;color: #000000;line-height: 24px;text-align: left;font-family:Exo;font-weight:500;font-style:normal\" ><a href=\"https:\/\/franciscodevitoria.eus\/eu\/ies-francisco-de-vitoria-bhiko-turismoko-ikasleak-fituren-parte-hartzen-daude\/\" class=\"vc_gitem-link\" title=\"IES Francisco de Vitoria BHIko Turismoko ikasleak Fituren parte hartzen daude\">IES Francisco de Vitoria BHIko Turismoko ikasleak Fituren parte hartzen daude<\/a><\/h3><\/div><div class=\"vc_custom_heading vc_custom_1643014169565 vc_gitem-post-data vc_gitem-post-data-source-post_date\" ><div style=\"font-size: 18px;color: #82368c;line-height: 1.1;text-align: left;font-family:Roboto Condensed;font-weight:700;font-style:normal\" >2025\/01\/23<\/div><\/div><div class=\"vc_separator wpb_content_element vc_separator_align_center vc_sep_width_30 vc_sep_border_width_3 vc_sep_pos_align_left vc_separator_no_text wpb_content_element  wpb_content_element\" ><span class=\"vc_sep_holder vc_sep_holder_l\"><span style=\"border-color:#5b9c28;\" class=\"vc_sep_line\"><\/span><\/span><span class=\"vc_sep_holder vc_sep_holder_r\"><span style=\"border-color:#5b9c28;\" class=\"vc_sep_line\"><\/span><\/span>\n<\/div><div class=\"vc_gitem-post-meta-field-resumen resumen_size_mini vc_gitem-align-justify\">Gure Turismoko ikasleak informatzaile bezala daude 22tik 26ra Madrileko IFEMAn ospatzen hari den Fituren<\/div><div class=\"vc_empty_space\"   style=\"height: 20px\"><span class=\"vc_empty_space_inner\"><\/span><\/div><div class=\"vc_btn3-container  btn_background_news_mini vc_btn3-center vc_custom_1648212009051\"><a onmouseleave=\"this.style.borderColor='#82368c'; this.style.backgroundColor='transparent'; this.style.color='#82368c'\" onmouseenter=\"this.style.borderColor='#82368c'; this.style.backgroundColor='#82368c'; this.style.color='#ffffff';\" style=\"border-color:#82368c; color:#82368c;\" class=\"vc_general vc_btn3 vc_btn3-size-xs vc_btn3-shape-square vc_btn3-style-outline-custom\" a href=\"https:\/\/franciscodevitoria.eus\/eu\/ies-francisco-de-vitoria-bhiko-turismoko-ikasleak-fituren-parte-hartzen-daude\/\" class=\"vc_gitem-link vc_general vc_btn3 vc_general vc_btn3 vc_btn3-size-xs vc_btn3-shape-square vc_btn3-style-outline-custom btn_background_news_mini\" title=\"Gehiago irakurri\">Gehiago irakurri<\/a><\/div><\/div><\/div><\/div><\/div><\/div><div class=\"vc_clearfix\"><\/div><\/div><div class=\"vc_grid-item vc_clearfix vc_col-sm-4 vc_grid-item-zone-c-bottom\"><div class=\"vc_grid-item-mini vc_clearfix \"><div class=\"vc_gitem-animated-block\" ><div class=\"vc_gitem-zone vc_gitem-zone-a vc_custom_1643014993987 vc-gitem-zone-height-mode-auto vc-gitem-zone-height-mode-auto-16-9\" style=\"background-image: url('https:\/\/franciscodevitoria.eus\/wp-content\/uploads\/2025\/01\/KARTELA OBRAK.JPG') !important;\"><img class=\"vc_gitem-zone-img\" src=\"https:\/\/franciscodevitoria.eus\/wp-content\/uploads\/2025\/01\/KARTELA OBRAK.JPG\" alt=\"INSTITUTUA OBRENGATIK IREKITA\" loading=\"lazy\"><div class=\"vc_gitem-zone-mini\"><div class=\"vc_gitem_row vc_row vc_gitem-row-position-top\"><div class=\"vc_col-sm-12 vc_gitem-col vc_gitem-col-align- vc_custom_1643016875389\"><div field_61ea9bbf8a9fb class=\"vc_gitem-acf videoWrapper vc_gitem-align-justify field_61ea9bbf8a9fb\"><\/div><\/div><\/div><\/div><\/div><\/div><div class=\"vc_gitem-zone vc_gitem-zone-c vc_custom_1643015000822\"><div class=\"vc_gitem-zone-mini\"><div class=\"vc_gitem_row vc_row vc_gitem-row-position-top\"><div class=\"vc_col-sm-12 vc_gitem-col vc_gitem-col-align- vc_custom_1643015126761\"><div class=\"vc_custom_heading vc_gitem-post-data vc_gitem-post-data-source-post_title\" ><h3 style=\"font-size: 22px;color: #000000;line-height: 24px;text-align: left;font-family:Exo;font-weight:500;font-style:normal\" ><a href=\"https:\/\/franciscodevitoria.eus\/eu\/institutua-obrengatik-irekita\/\" class=\"vc_gitem-link\" title=\"INSTITUTUA OBRENGATIK IREKITA\">INSTITUTUA OBRENGATIK IREKITA<\/a><\/h3><\/div><div class=\"vc_custom_heading vc_custom_1643014169565 vc_gitem-post-data vc_gitem-post-data-source-post_date\" ><div style=\"font-size: 18px;color: #82368c;line-height: 1.1;text-align: left;font-family:Roboto Condensed;font-weight:700;font-style:normal\" >2025\/01\/20<\/div><\/div><div class=\"vc_separator wpb_content_element vc_separator_align_center vc_sep_width_30 vc_sep_border_width_3 vc_sep_pos_align_left vc_separator_no_text wpb_content_element  wpb_content_element\" ><span class=\"vc_sep_holder vc_sep_holder_l\"><span style=\"border-color:#5b9c28;\" class=\"vc_sep_line\"><\/span><\/span><span class=\"vc_sep_holder vc_sep_holder_r\"><span style=\"border-color:#5b9c28;\" class=\"vc_sep_line\"><\/span><\/span>\n<\/div><div class=\"vc_gitem-post-meta-field-resumen resumen_size_mini vc_gitem-align-justify\">Hezkuntza Sailak, Hezkuntza Sailburuordetzaren bitartez, IES FRANCISCO DE VITORIA BHI INGURATZAILE TERMIKOA BIRGAITZEKO obrak egiteko beharra ikusi zuen.\r\nProposamenak fatxada guztietan esku hartuko du, fatxadak kanpotik isolatuz SATE sistemarekin, arotzeriak ordezkatuz, eta estalki guztiak birgaituz, erretenak eta zorrotenak ordezkatuz, baita behar den euri-urak biltzeko sarea ere.<\/div><div class=\"vc_empty_space\"   style=\"height: 20px\"><span class=\"vc_empty_space_inner\"><\/span><\/div><div class=\"vc_btn3-container  btn_background_news_mini vc_btn3-center vc_custom_1648212009051\"><a onmouseleave=\"this.style.borderColor='#82368c'; this.style.backgroundColor='transparent'; this.style.color='#82368c'\" onmouseenter=\"this.style.borderColor='#82368c'; this.style.backgroundColor='#82368c'; this.style.color='#ffffff';\" style=\"border-color:#82368c; color:#82368c;\" class=\"vc_general vc_btn3 vc_btn3-size-xs vc_btn3-shape-square vc_btn3-style-outline-custom\" a href=\"https:\/\/franciscodevitoria.eus\/eu\/institutua-obrengatik-irekita\/\" class=\"vc_gitem-link vc_general vc_btn3 vc_general vc_btn3 vc_btn3-size-xs vc_btn3-shape-square vc_btn3-style-outline-custom btn_background_news_mini\" title=\"Gehiago irakurri\">Gehiago irakurri<\/a><\/div><\/div><\/div><\/div><\/div><\/div><div class=\"vc_clearfix\"><\/div><\/div><div class=\"vc_grid-item vc_clearfix vc_col-sm-4 vc_grid-item-zone-c-bottom\"><div class=\"vc_grid-item-mini vc_clearfix \"><div class=\"vc_gitem-animated-block\" ><div class=\"vc_gitem-zone vc_gitem-zone-a vc_custom_1643014993987 vc-gitem-zone-height-mode-auto vc-gitem-zone-height-mode-auto-16-9\" style=\"background-image: url('https:\/\/franciscodevitoria.eus\/wp-content\/uploads\/2025\/01\/3_lanbide.jpg') !important;\"><img class=\"vc_gitem-zone-img\" src=\"https:\/\/franciscodevitoria.eus\/wp-content\/uploads\/2025\/01\/3_lanbide.jpg\" alt=\"Lanbide ikastaroen eskaintza berria\" loading=\"lazy\"><div class=\"vc_gitem-zone-mini\"><div class=\"vc_gitem_row vc_row vc_gitem-row-position-top\"><div class=\"vc_col-sm-12 vc_gitem-col vc_gitem-col-align- vc_custom_1643016875389\"><div field_61ea9bbf8a9fb class=\"vc_gitem-acf videoWrapper vc_gitem-align-justify field_61ea9bbf8a9fb\"><\/div><\/div><\/div><\/div><\/div><\/div><div class=\"vc_gitem-zone vc_gitem-zone-c vc_custom_1643015000822\"><div class=\"vc_gitem-zone-mini\"><div class=\"vc_gitem_row vc_row vc_gitem-row-position-top\"><div class=\"vc_col-sm-12 vc_gitem-col vc_gitem-col-align- vc_custom_1643015126761\"><div class=\"vc_custom_heading vc_gitem-post-data vc_gitem-post-data-source-post_title\" ><h3 style=\"font-size: 22px;color: #000000;line-height: 24px;text-align: left;font-family:Exo;font-weight:500;font-style:normal\" ><a href=\"https:\/\/franciscodevitoria.eus\/eu\/lanbide-ikastaroen-eskaintza-berria\/\" class=\"vc_gitem-link\" title=\"Lanbide ikastaroen eskaintza berria\">Lanbide ikastaroen eskaintza berria<\/a><\/h3><\/div><div class=\"vc_custom_heading vc_custom_1643014169565 vc_gitem-post-data vc_gitem-post-data-source-post_date\" ><div style=\"font-size: 18px;color: #82368c;line-height: 1.1;text-align: left;font-family:Roboto Condensed;font-weight:700;font-style:normal\" >2025\/01\/16<\/div><\/div><div class=\"vc_separator wpb_content_element vc_separator_align_center vc_sep_width_30 vc_sep_border_width_3 vc_sep_pos_align_left vc_separator_no_text wpb_content_element  wpb_content_element\" ><span class=\"vc_sep_holder vc_sep_holder_l\"><span style=\"border-color:#5b9c28;\" class=\"vc_sep_line\"><\/span><\/span><span class=\"vc_sep_holder vc_sep_holder_r\"><span style=\"border-color:#5b9c28;\" class=\"vc_sep_line\"><\/span><\/span>\n<\/div><div class=\"vc_gitem-post-meta-field-resumen resumen_size_mini vc_gitem-align-justify\"><\/div><div class=\"vc_empty_space\"   style=\"height: 20px\"><span class=\"vc_empty_space_inner\"><\/span><\/div><div class=\"vc_btn3-container  btn_background_news_mini vc_btn3-center vc_custom_1648212009051\"><a onmouseleave=\"this.style.borderColor='#82368c'; this.style.backgroundColor='transparent'; this.style.color='#82368c'\" onmouseenter=\"this.style.borderColor='#82368c'; this.style.backgroundColor='#82368c'; this.style.color='#ffffff';\" style=\"border-color:#82368c; color:#82368c;\" class=\"vc_general vc_btn3 vc_btn3-size-xs vc_btn3-shape-square vc_btn3-style-outline-custom\" a href=\"https:\/\/franciscodevitoria.eus\/eu\/lanbide-ikastaroen-eskaintza-berria\/\" class=\"vc_gitem-link vc_general vc_btn3 vc_general vc_btn3 vc_btn3-size-xs vc_btn3-shape-square vc_btn3-style-outline-custom btn_background_news_mini\" title=\"Gehiago irakurri\">Gehiago irakurri<\/a><\/div><\/div><\/div><\/div><\/div><\/div><div class=\"vc_clearfix\"><\/div><\/div><div class=\"vc_grid-item vc_clearfix vc_col-sm-4 vc_grid-item-zone-c-bottom\"><div class=\"vc_grid-item-mini vc_clearfix \"><div class=\"vc_gitem-animated-block\" ><div class=\"vc_gitem-zone vc_gitem-zone-a vc_custom_1643014993987 vc-gitem-zone-height-mode-auto vc-gitem-zone-height-mode-auto-16-9\" style=\"background-image: url('https:\/\/franciscodevitoria.eus\/wp-content\/uploads\/2024\/12\/juego_lee_imagina_relaciona.jpg') !important;\"><img class=\"vc_gitem-zone-img\" src=\"https:\/\/franciscodevitoria.eus\/wp-content\/uploads\/2024\/12\/juego_lee_imagina_relaciona.jpg\" alt=\"\"Eskola inklusiboa, bizikidetza eta ongizatea\" Liburu-jolasa\" loading=\"lazy\"><div class=\"vc_gitem-zone-mini\"><div class=\"vc_gitem_row vc_row vc_gitem-row-position-top\"><div class=\"vc_col-sm-12 vc_gitem-col vc_gitem-col-align- vc_custom_1643016875389\"><div field_61ea9bbf8a9fb class=\"vc_gitem-acf videoWrapper vc_gitem-align-justify field_61ea9bbf8a9fb\"><\/div><\/div><\/div><\/div><\/div><\/div><div class=\"vc_gitem-zone vc_gitem-zone-c vc_custom_1643015000822\"><div class=\"vc_gitem-zone-mini\"><div class=\"vc_gitem_row vc_row vc_gitem-row-position-top\"><div class=\"vc_col-sm-12 vc_gitem-col vc_gitem-col-align- vc_custom_1643015126761\"><div class=\"vc_custom_heading vc_gitem-post-data vc_gitem-post-data-source-post_title\" ><h3 style=\"font-size: 22px;color: #000000;line-height: 24px;text-align: left;font-family:Exo;font-weight:500;font-style:normal\" ><a href=\"https:\/\/franciscodevitoria.eus\/eu\/eskola-inklusiboa-bizikidetza-eta-ongizatea-ikasturtea\/\" class=\"vc_gitem-link\" title=\"&#8220;Eskola inklusiboa, bizikidetza eta ongizatea&#8221; Liburu-jolasa\">&#8220;Eskola inklusiboa, bizikidetza eta ongizatea&#8221; Liburu-jolasa<\/a><\/h3><\/div><div class=\"vc_custom_heading vc_custom_1643014169565 vc_gitem-post-data vc_gitem-post-data-source-post_date\" ><div style=\"font-size: 18px;color: #82368c;line-height: 1.1;text-align: left;font-family:Roboto Condensed;font-weight:700;font-style:normal\" >2024\/12\/17<\/div><\/div><div class=\"vc_separator wpb_content_element vc_separator_align_center vc_sep_width_30 vc_sep_border_width_3 vc_sep_pos_align_left vc_separator_no_text wpb_content_element  wpb_content_element\" ><span class=\"vc_sep_holder vc_sep_holder_l\"><span style=\"border-color:#5b9c28;\" class=\"vc_sep_line\"><\/span><\/span><span class=\"vc_sep_holder vc_sep_holder_r\"><span style=\"border-color:#5b9c28;\" class=\"vc_sep_line\"><\/span><\/span>\n<\/div><div class=\"vc_gitem-post-meta-field-resumen resumen_size_mini vc_gitem-align-justify\">\"Eskola inklusiboa, bizikidetza eta ongizatea\" ikasturtearen hasierako ebazpenaren bosgarren ildo estrategikoa mundu errealera itzultzea da esku artean duzuena, edo, behintzat, hau ere zuen interpretazioa izatea espero dugu.\r\n\r\nSinbiosi bikoitzaren lekuko izango zarete, alde batetik ikaslea eta hezitzaile, eta bestetik narrazioa eta marrazkia.\r\n\r\nNnekak eta Arantzak hezkuntza-sisteman duten rola ulertu dute, eta kontakizun grafikoak interpretatu dituzte marrazki narratibo bihurtuz.\r\n\r\nItzultzea erraza da, deszifratzea eta irudikatzea ez hainbeste.\r\n\r\nLerroen artean\u2026 irakurtzera gonbidatzen zaituztegu testuenak eta marrazkienak, eta zuen ikasleek proposatutako jokoaz gozatzea espero dugu.<\/div><div class=\"vc_empty_space\"   style=\"height: 20px\"><span class=\"vc_empty_space_inner\"><\/span><\/div><div class=\"vc_btn3-container  btn_background_news_mini vc_btn3-center vc_custom_1648212009051\"><a onmouseleave=\"this.style.borderColor='#82368c'; this.style.backgroundColor='transparent'; this.style.color='#82368c'\" onmouseenter=\"this.style.borderColor='#82368c'; this.style.backgroundColor='#82368c'; this.style.color='#ffffff';\" style=\"border-color:#82368c; color:#82368c;\" class=\"vc_general vc_btn3 vc_btn3-size-xs vc_btn3-shape-square vc_btn3-style-outline-custom\" a href=\"https:\/\/franciscodevitoria.eus\/eu\/eskola-inklusiboa-bizikidetza-eta-ongizatea-ikasturtea\/\" class=\"vc_gitem-link vc_general vc_btn3 vc_general vc_btn3 vc_btn3-size-xs vc_btn3-shape-square vc_btn3-style-outline-custom btn_background_news_mini\" title=\"Gehiago irakurri\">Gehiago irakurri<\/a><\/div><\/div><\/div><\/div><\/div><\/div><div class=\"vc_clearfix\"><\/div><\/div><div class=\"vc_grid-item vc_clearfix vc_col-sm-4 vc_grid-item-zone-c-bottom\"><div class=\"vc_grid-item-mini vc_clearfix \"><div class=\"vc_gitem-animated-block\" ><div class=\"vc_gitem-zone vc_gitem-zone-a vc_custom_1643014993987 vc-gitem-zone-height-mode-auto vc-gitem-zone-height-mode-auto-16-9\" style=\"background-image: url('https:\/\/franciscodevitoria.eus\/wp-content\/uploads\/2022\/05\/template-img.jpg') !important;\"><img class=\"vc_gitem-zone-img\" src=\"https:\/\/franciscodevitoria.eus\/wp-content\/uploads\/2022\/05\/template-img.jpg\" alt=\"Komunikazio Bitartekotza zikloa EITB Maratoian\" loading=\"lazy\"><div class=\"vc_gitem-zone-mini\"><div class=\"vc_gitem_row vc_row vc_gitem-row-position-top\"><div class=\"vc_col-sm-12 vc_gitem-col vc_gitem-col-align- vc_custom_1643016875389\"><div field_61ea9bbf8a9fb class=\"vc_gitem-acf videoWrapper vc_gitem-align-justify field_61ea9bbf8a9fb\"><\/div><\/div><\/div><\/div><\/div><\/div><div class=\"vc_gitem-zone vc_gitem-zone-c vc_custom_1643015000822\"><div class=\"vc_gitem-zone-mini\"><div class=\"vc_gitem_row vc_row vc_gitem-row-position-top\"><div class=\"vc_col-sm-12 vc_gitem-col vc_gitem-col-align- vc_custom_1643015126761\"><div class=\"vc_custom_heading vc_gitem-post-data vc_gitem-post-data-source-post_title\" ><h3 style=\"font-size: 22px;color: #000000;line-height: 24px;text-align: left;font-family:Exo;font-weight:500;font-style:normal\" ><a href=\"https:\/\/franciscodevitoria.eus\/eu\/komunikazio-bitartekotza-zikloa-eitb-maratoian\/\" class=\"vc_gitem-link\" title=\"Komunikazio Bitartekotza zikloa EITB Maratoian\">Komunikazio Bitartekotza zikloa EITB Maratoian<\/a><\/h3><\/div><div class=\"vc_custom_heading vc_custom_1643014169565 vc_gitem-post-data vc_gitem-post-data-source-post_date\" ><div style=\"font-size: 18px;color: #82368c;line-height: 1.1;text-align: left;font-family:Roboto Condensed;font-weight:700;font-style:normal\" >2024\/12\/13<\/div><\/div><div class=\"vc_separator wpb_content_element vc_separator_align_center vc_sep_width_30 vc_sep_border_width_3 vc_sep_pos_align_left vc_separator_no_text wpb_content_element  wpb_content_element\" ><span class=\"vc_sep_holder vc_sep_holder_l\"><span style=\"border-color:#5b9c28;\" class=\"vc_sep_line\"><\/span><\/span><span class=\"vc_sep_holder vc_sep_holder_r\"><span style=\"border-color:#5b9c28;\" class=\"vc_sep_line\"><\/span><\/span>\n<\/div><div class=\"vc_gitem-post-meta-field-resumen resumen_size_mini vc_gitem-align-justify\">Komunikazio Bitartekotzako zikloko ikasleek, Zeinu Hizkuntzako moduloan EITB Maratoian parte hartu dute bideo honekin. Nerea Zelaiak, Zeinu Hizkuntzako irakasleak itzuli du abestia eta ikasleek prestatu dute koreografia eta lokalizazioak aukeratu. \r\n\r\nLan ederra egin dute!<\/div><div class=\"vc_empty_space\"   style=\"height: 20px\"><span class=\"vc_empty_space_inner\"><\/span><\/div><div class=\"vc_btn3-container  btn_background_news_mini vc_btn3-center vc_custom_1648212009051\"><a onmouseleave=\"this.style.borderColor='#82368c'; this.style.backgroundColor='transparent'; this.style.color='#82368c'\" onmouseenter=\"this.style.borderColor='#82368c'; this.style.backgroundColor='#82368c'; this.style.color='#ffffff';\" style=\"border-color:#82368c; color:#82368c;\" class=\"vc_general vc_btn3 vc_btn3-size-xs vc_btn3-shape-square vc_btn3-style-outline-custom\" a href=\"https:\/\/franciscodevitoria.eus\/eu\/komunikazio-bitartekotza-zikloa-eitb-maratoian\/\" class=\"vc_gitem-link vc_general vc_btn3 vc_general vc_btn3 vc_btn3-size-xs vc_btn3-shape-square vc_btn3-style-outline-custom btn_background_news_mini\" title=\"Gehiago irakurri\">Gehiago irakurri<\/a><\/div><\/div><\/div><\/div><\/div><\/div><div class=\"vc_clearfix\"><\/div><\/div><div class=\"vc_grid-item vc_clearfix vc_col-sm-4 vc_grid-item-zone-c-bottom\"><div class=\"vc_grid-item-mini vc_clearfix \"><div class=\"vc_gitem-animated-block\" ><div class=\"vc_gitem-zone vc_gitem-zone-a vc_custom_1643014993987 vc-gitem-zone-height-mode-auto vc-gitem-zone-height-mode-auto-16-9\" style=\"background-image: url('https:\/\/franciscodevitoria.eus\/wp-content\/uploads\/2024\/12\/2_Foto Encuestas para redes.png') !important;\"><img class=\"vc_gitem-zone-img\" src=\"https:\/\/franciscodevitoria.eus\/wp-content\/uploads\/2024\/12\/2_Foto Encuestas para redes.png\" alt=\"Jarduera berezia Menpekotasun Egoeran dauden Pertsonen Arreta zikloan\" loading=\"lazy\"><div class=\"vc_gitem-zone-mini\"><div class=\"vc_gitem_row vc_row vc_gitem-row-position-top\"><div class=\"vc_col-sm-12 vc_gitem-col vc_gitem-col-align- vc_custom_1643016875389\"><div field_61ea9bbf8a9fb class=\"vc_gitem-acf videoWrapper vc_gitem-align-justify field_61ea9bbf8a9fb\"><\/div><\/div><\/div><\/div><\/div><\/div><div class=\"vc_gitem-zone vc_gitem-zone-c vc_custom_1643015000822\"><div class=\"vc_gitem-zone-mini\"><div class=\"vc_gitem_row vc_row vc_gitem-row-position-top\"><div class=\"vc_col-sm-12 vc_gitem-col vc_gitem-col-align- vc_custom_1643015126761\"><div class=\"vc_custom_heading vc_gitem-post-data vc_gitem-post-data-source-post_title\" ><h3 style=\"font-size: 22px;color: #000000;line-height: 24px;text-align: left;font-family:Exo;font-weight:500;font-style:normal\" ><a href=\"https:\/\/franciscodevitoria.eus\/eu\/jarduera-berezia-menpekotasun-egoeran-dauden-pertsonen-arreta-zikloan-2\/\" class=\"vc_gitem-link\" title=\"Jarduera berezia Menpekotasun Egoeran dauden Pertsonen Arreta zikloan\">Jarduera berezia Menpekotasun Egoeran dauden Pertsonen Arreta zikloan<\/a><\/h3><\/div><div class=\"vc_custom_heading vc_custom_1643014169565 vc_gitem-post-data vc_gitem-post-data-source-post_date\" ><div style=\"font-size: 18px;color: #82368c;line-height: 1.1;text-align: left;font-family:Roboto Condensed;font-weight:700;font-style:normal\" >2024\/12\/11<\/div><\/div><div class=\"vc_separator wpb_content_element vc_separator_align_center vc_sep_width_30 vc_sep_border_width_3 vc_sep_pos_align_left vc_separator_no_text wpb_content_element  wpb_content_element\" ><span class=\"vc_sep_holder vc_sep_holder_l\"><span style=\"border-color:#5b9c28;\" class=\"vc_sep_line\"><\/span><\/span><span class=\"vc_sep_holder vc_sep_holder_r\"><span style=\"border-color:#5b9c28;\" class=\"vc_sep_line\"><\/span><\/span>\n<\/div><div class=\"vc_gitem-post-meta-field-resumen resumen_size_mini vc_gitem-align-justify\">Aste honetan, IES Francisco de Vitoria BHI-ko  Mendekotasun Egoeran dauden Pertosnen Arreta zikloko ikasleek eta irakasleek jarduera berezi bat burutu dute: El Pilar eta Coronaci\u00f3n BIZAN zentroetako erabiltzaileei galdetegiak egin dizkiegu! \ud83d\ude0a\ud83d\udcac 1. eta 2. mailako ikasleen parte-hartzearekin, esperientzia ederra bizi izan dugu, eta zalantzarik gabe, positiboa izan da bai guzendako bai goizean gurekin egon diren adineko pertsonentzat. Zentro guztiei mila esker harrera beroagatik! \ud83d\udc9c\r\n\r\nGaldetegi hauek \"Tradizioa eta teknologia uztartuz, mastiaketan eta\/edo igurtzian zailtasunak dituzten adineko pertsonen memoria elikatzea\" izeneko berrikuntza proiektuaren parte dira. Proiektu hau IES Francisco de Vitoria-ko irakasleek eta Gamarra Ostalaritza Eskolako irakasleek elkarlanean garatu dugu, eta FP Euskadik finantzatu du. \ud83d\udca1\ud83d\udcda\r\n\r\nGaldetegien helburua da jakitea zein plater eta errezeta gehien baloratzen dituzten adinekoek, mastiaketan edo igurtzian zailtasunak dituztenean. \ud83c\udf7d\ufe0f\ud83d\udc75\ud83d\udc74 Proiektu hauen bidez, adinekoen bizi-kalitatea hobetzeko eta tradizio gastronomikoaren eta teknologia aurreratuaren artean soluzioak eskaintzeko urratsak ematen ari gara. \ud83c\udf1f\r\n\r\nOso eskertuta gaude gurekin elkarlanean aritu diren zentro guztiei eta aukera hau emateagatik, ikasleei mendekotasunaren arretan eta adineko pertsonen ongizatean garrantzi handiko gaiei buruz hezten jarraitzeko. <\/div><div class=\"vc_empty_space\"   style=\"height: 20px\"><span class=\"vc_empty_space_inner\"><\/span><\/div><div class=\"vc_btn3-container  btn_background_news_mini vc_btn3-center vc_custom_1648212009051\"><a onmouseleave=\"this.style.borderColor='#82368c'; this.style.backgroundColor='transparent'; this.style.color='#82368c'\" onmouseenter=\"this.style.borderColor='#82368c'; this.style.backgroundColor='#82368c'; this.style.color='#ffffff';\" style=\"border-color:#82368c; color:#82368c;\" class=\"vc_general vc_btn3 vc_btn3-size-xs vc_btn3-shape-square vc_btn3-style-outline-custom\" a href=\"https:\/\/franciscodevitoria.eus\/eu\/jarduera-berezia-menpekotasun-egoeran-dauden-pertsonen-arreta-zikloan-2\/\" class=\"vc_gitem-link vc_general vc_btn3 vc_general vc_btn3 vc_btn3-size-xs vc_btn3-shape-square vc_btn3-style-outline-custom btn_background_news_mini\" title=\"Gehiago irakurri\">Gehiago irakurri<\/a><\/div><\/div><\/div><\/div><\/div><\/div><div class=\"vc_clearfix\"><\/div><\/div><div class=\"vc_grid-item vc_clearfix vc_col-sm-4 vc_grid-item-zone-c-bottom\"><div class=\"vc_grid-item-mini vc_clearfix \"><div class=\"vc_gitem-animated-block\" ><div class=\"vc_gitem-zone vc_gitem-zone-a vc_custom_1643014993987 vc-gitem-zone-height-mode-auto vc-gitem-zone-height-mode-auto-16-9\" style=\"background-image: url('https:\/\/franciscodevitoria.eus\/wp-content\/uploads\/2024\/12\/3_notiicia yerik.jpg') !important;\"><img class=\"vc_gitem-zone-img\" src=\"https:\/\/franciscodevitoria.eus\/wp-content\/uploads\/2024\/12\/3_notiicia yerik.jpg\" alt=\"Zorionak Yerik!\" loading=\"lazy\"><div class=\"vc_gitem-zone-mini\"><div class=\"vc_gitem_row vc_row vc_gitem-row-position-top\"><div class=\"vc_col-sm-12 vc_gitem-col vc_gitem-col-align- vc_custom_1643016875389\"><div field_61ea9bbf8a9fb class=\"vc_gitem-acf videoWrapper vc_gitem-align-justify field_61ea9bbf8a9fb\"><\/div><\/div><\/div><\/div><\/div><\/div><div class=\"vc_gitem-zone vc_gitem-zone-c vc_custom_1643015000822\"><div class=\"vc_gitem-zone-mini\"><div class=\"vc_gitem_row vc_row vc_gitem-row-position-top\"><div class=\"vc_col-sm-12 vc_gitem-col vc_gitem-col-align- vc_custom_1643015126761\"><div class=\"vc_custom_heading vc_gitem-post-data vc_gitem-post-data-source-post_title\" ><h3 style=\"font-size: 22px;color: #000000;line-height: 24px;text-align: left;font-family:Exo;font-weight:500;font-style:normal\" ><a href=\"https:\/\/franciscodevitoria.eus\/eu\/zorionak-yerik\/\" class=\"vc_gitem-link\" title=\"Zorionak Yerik!\">Zorionak Yerik!<\/a><\/h3><\/div><div class=\"vc_custom_heading vc_custom_1643014169565 vc_gitem-post-data vc_gitem-post-data-source-post_date\" ><div style=\"font-size: 18px;color: #82368c;line-height: 1.1;text-align: left;font-family:Roboto Condensed;font-weight:700;font-style:normal\" >2024\/12\/09<\/div><\/div><div class=\"vc_separator wpb_content_element vc_separator_align_center vc_sep_width_30 vc_sep_border_width_3 vc_sep_pos_align_left vc_separator_no_text wpb_content_element  wpb_content_element\" ><span class=\"vc_sep_holder vc_sep_holder_l\"><span style=\"border-color:#5b9c28;\" class=\"vc_sep_line\"><\/span><\/span><span class=\"vc_sep_holder vc_sep_holder_r\"><span style=\"border-color:#5b9c28;\" class=\"vc_sep_line\"><\/span><\/span>\n<\/div><div class=\"vc_gitem-post-meta-field-resumen resumen_size_mini vc_gitem-align-justify\">Aipamen berezia egiten diogu Yerik Mart\u00ednezi, garun-paralisia duen ikaslea. Gizarteratze Goi Mailako Heziketa Ziklo Teknikoko ikaslea bidean izandako oztopoak hausteko egindako ahaleginagatik.\r\nFrancisco de Vitoria Institutuan egindako goi-mailako ikasketekin batera, hainbat kirol egin zituen, eta arrakasta handia izan zuen, bai estatuan, bai nazioartean ere.\r\nZorionak Yerik!!!<\/div><div class=\"vc_empty_space\"   style=\"height: 20px\"><span class=\"vc_empty_space_inner\"><\/span><\/div><div class=\"vc_btn3-container  btn_background_news_mini vc_btn3-center vc_custom_1648212009051\"><a onmouseleave=\"this.style.borderColor='#82368c'; this.style.backgroundColor='transparent'; this.style.color='#82368c'\" onmouseenter=\"this.style.borderColor='#82368c'; this.style.backgroundColor='#82368c'; this.style.color='#ffffff';\" style=\"border-color:#82368c; color:#82368c;\" class=\"vc_general vc_btn3 vc_btn3-size-xs vc_btn3-shape-square vc_btn3-style-outline-custom\" a href=\"https:\/\/franciscodevitoria.eus\/eu\/zorionak-yerik\/\" class=\"vc_gitem-link vc_general vc_btn3 vc_general vc_btn3 vc_btn3-size-xs vc_btn3-shape-square vc_btn3-style-outline-custom btn_background_news_mini\" title=\"Gehiago irakurri\">Gehiago irakurri<\/a><\/div><\/div><\/div><\/div><\/div><\/div><div class=\"vc_clearfix\"><\/div><\/div><div class=\"vc_grid-item vc_clearfix vc_col-sm-4 vc_grid-item-zone-c-bottom\"><div class=\"vc_grid-item-mini vc_clearfix \"><div class=\"vc_gitem-animated-block\" ><div class=\"vc_gitem-zone vc_gitem-zone-a vc_custom_1643014993987 vc-gitem-zone-height-mode-auto vc-gitem-zone-height-mode-auto-16-9\" style=\"background-image: url('https:\/\/franciscodevitoria.eus\/wp-content\/uploads\/2024\/11\/20241127_110729-scaled.jpg') !important;\"><img class=\"vc_gitem-zone-img\" src=\"https:\/\/franciscodevitoria.eus\/wp-content\/uploads\/2024\/11\/20241127_110729-scaled.jpg\" alt=\"Bisita Basque Culinary Centerrera IES Francisco de Vitoria BHIko Dietetikako Goi Mailako ikasleekin\" loading=\"lazy\"><div class=\"vc_gitem-zone-mini\"><div class=\"vc_gitem_row vc_row vc_gitem-row-position-top\"><div class=\"vc_col-sm-12 vc_gitem-col vc_gitem-col-align- vc_custom_1643016875389\"><div field_61ea9bbf8a9fb class=\"vc_gitem-acf videoWrapper vc_gitem-align-justify field_61ea9bbf8a9fb\"><\/div><\/div><\/div><\/div><\/div><\/div><div class=\"vc_gitem-zone vc_gitem-zone-c vc_custom_1643015000822\"><div class=\"vc_gitem-zone-mini\"><div class=\"vc_gitem_row vc_row vc_gitem-row-position-top\"><div class=\"vc_col-sm-12 vc_gitem-col vc_gitem-col-align- vc_custom_1643015126761\"><div class=\"vc_custom_heading vc_gitem-post-data vc_gitem-post-data-source-post_title\" ><h3 style=\"font-size: 22px;color: #000000;line-height: 24px;text-align: left;font-family:Exo;font-weight:500;font-style:normal\" ><a href=\"https:\/\/franciscodevitoria.eus\/eu\/bisita-basque-culinary-centerrera-ies-francisco-de-vitoria-bhiko-dietetikako-goi-mailako-ikasleekin\/\" class=\"vc_gitem-link\" title=\"Bisita Basque Culinary Centerrera IES Francisco de Vitoria BHIko Dietetikako Goi Mailako ikasleekin\">Bisita Basque Culinary Centerrera IES Francisco de Vitoria BHIko Dietetikako Goi Mailako ikasleekin<\/a><\/h3><\/div><div class=\"vc_custom_heading vc_custom_1643014169565 vc_gitem-post-data vc_gitem-post-data-source-post_date\" ><div style=\"font-size: 18px;color: #82368c;line-height: 1.1;text-align: left;font-family:Roboto Condensed;font-weight:700;font-style:normal\" >2024\/11\/29<\/div><\/div><div class=\"vc_separator wpb_content_element vc_separator_align_center vc_sep_width_30 vc_sep_border_width_3 vc_sep_pos_align_left vc_separator_no_text wpb_content_element  wpb_content_element\" ><span class=\"vc_sep_holder vc_sep_holder_l\"><span style=\"border-color:#5b9c28;\" class=\"vc_sep_line\"><\/span><\/span><span class=\"vc_sep_holder vc_sep_holder_r\"><span style=\"border-color:#5b9c28;\" class=\"vc_sep_line\"><\/span><\/span>\n<\/div><div class=\"vc_gitem-post-meta-field-resumen resumen_size_mini vc_gitem-align-justify\"><\/div><div class=\"vc_empty_space\"   style=\"height: 20px\"><span class=\"vc_empty_space_inner\"><\/span><\/div><div class=\"vc_btn3-container  btn_background_news_mini vc_btn3-center vc_custom_1648212009051\"><a onmouseleave=\"this.style.borderColor='#82368c'; this.style.backgroundColor='transparent'; this.style.color='#82368c'\" onmouseenter=\"this.style.borderColor='#82368c'; this.style.backgroundColor='#82368c'; this.style.color='#ffffff';\" style=\"border-color:#82368c; color:#82368c;\" class=\"vc_general vc_btn3 vc_btn3-size-xs vc_btn3-shape-square vc_btn3-style-outline-custom\" a href=\"https:\/\/franciscodevitoria.eus\/eu\/bisita-basque-culinary-centerrera-ies-francisco-de-vitoria-bhiko-dietetikako-goi-mailako-ikasleekin\/\" class=\"vc_gitem-link vc_general vc_btn3 vc_general vc_btn3 vc_btn3-size-xs vc_btn3-shape-square vc_btn3-style-outline-custom btn_background_news_mini\" title=\"Gehiago irakurri\">Gehiago irakurri<\/a><\/div><\/div><\/div><\/div><\/div><\/div><div class=\"vc_clearfix\"><\/div><\/div><div class=\"vc_grid-item vc_clearfix vc_col-sm-4 vc_grid-item-zone-c-bottom\"><div class=\"vc_grid-item-mini vc_clearfix \"><div class=\"vc_gitem-animated-block\" ><div class=\"vc_gitem-zone vc_gitem-zone-a vc_custom_1643014993987 vc-gitem-zone-height-mode-auto vc-gitem-zone-height-mode-auto-16-9\" style=\"background-image: url('https:\/\/franciscodevitoria.eus\/wp-content\/uploads\/2024\/10\/3 (5).jpg') !important;\"><img class=\"vc_gitem-zone-img\" src=\"https:\/\/franciscodevitoria.eus\/wp-content\/uploads\/2024\/10\/3 (5).jpg\" alt=\"Tradizioa eta teknologia gure nagusien mesedetan uztartzen\" loading=\"lazy\"><div class=\"vc_gitem-zone-mini\"><div class=\"vc_gitem_row vc_row vc_gitem-row-position-top\"><div class=\"vc_col-sm-12 vc_gitem-col vc_gitem-col-align- vc_custom_1643016875389\"><div field_61ea9bbf8a9fb class=\"vc_gitem-acf videoWrapper vc_gitem-align-justify field_61ea9bbf8a9fb\"><\/div><\/div><\/div><\/div><\/div><\/div><div class=\"vc_gitem-zone vc_gitem-zone-c vc_custom_1643015000822\"><div class=\"vc_gitem-zone-mini\"><div class=\"vc_gitem_row vc_row vc_gitem-row-position-top\"><div class=\"vc_col-sm-12 vc_gitem-col vc_gitem-col-align- vc_custom_1643015126761\"><div class=\"vc_custom_heading vc_gitem-post-data vc_gitem-post-data-source-post_title\" ><h3 style=\"font-size: 22px;color: #000000;line-height: 24px;text-align: left;font-family:Exo;font-weight:500;font-style:normal\" ><a href=\"https:\/\/franciscodevitoria.eus\/eu\/tradizioa-eta-teknologia-gure-nagusien-mesedetan-uztartzen\/\" class=\"vc_gitem-link\" title=\"Tradizioa eta teknologia gure nagusien mesedetan uztartzen\">Tradizioa eta teknologia gure nagusien mesedetan uztartzen<\/a><\/h3><\/div><div class=\"vc_custom_heading vc_custom_1643014169565 vc_gitem-post-data vc_gitem-post-data-source-post_date\" ><div style=\"font-size: 18px;color: #82368c;line-height: 1.1;text-align: left;font-family:Roboto Condensed;font-weight:700;font-style:normal\" >2024\/10\/09<\/div><\/div><div class=\"vc_separator wpb_content_element vc_separator_align_center vc_sep_width_30 vc_sep_border_width_3 vc_sep_pos_align_left vc_separator_no_text wpb_content_element  wpb_content_element\" ><span class=\"vc_sep_holder vc_sep_holder_l\"><span style=\"border-color:#5b9c28;\" class=\"vc_sep_line\"><\/span><\/span><span class=\"vc_sep_holder vc_sep_holder_r\"><span style=\"border-color:#5b9c28;\" class=\"vc_sep_line\"><\/span><\/span>\n<\/div><div class=\"vc_gitem-post-meta-field-resumen resumen_size_mini vc_gitem-align-justify\">IES Francisco de Vitoria BHI eta Gamarrako Ostalaritza Eskola indarrak batu ditugu Tknikak  (Eusko Jaurlaritzako Hezkuntza Sailaren Lanbide Heziketako Sailburuordetza) finantzatutako berrikuntza-proiektu zirraragarri batean: \"Tradizioa eta teknologia uztartuz, mastekatzeko eta\/edo irensteko arazoak dituzten gure nagusien memoria elikatzeko\" izeneko proiektua.<\/div><div class=\"vc_empty_space\"   style=\"height: 20px\"><span class=\"vc_empty_space_inner\"><\/span><\/div><div class=\"vc_btn3-container  btn_background_news_mini vc_btn3-center vc_custom_1648212009051\"><a onmouseleave=\"this.style.borderColor='#82368c'; this.style.backgroundColor='transparent'; this.style.color='#82368c'\" onmouseenter=\"this.style.borderColor='#82368c'; this.style.backgroundColor='#82368c'; this.style.color='#ffffff';\" style=\"border-color:#82368c; color:#82368c;\" class=\"vc_general vc_btn3 vc_btn3-size-xs vc_btn3-shape-square vc_btn3-style-outline-custom\" a href=\"https:\/\/franciscodevitoria.eus\/eu\/tradizioa-eta-teknologia-gure-nagusien-mesedetan-uztartzen\/\" class=\"vc_gitem-link vc_general vc_btn3 vc_general vc_btn3 vc_btn3-size-xs vc_btn3-shape-square vc_btn3-style-outline-custom btn_background_news_mini\" title=\"Gehiago irakurri\">Gehiago irakurri<\/a><\/div><\/div><\/div><\/div><\/div><\/div><div class=\"vc_clearfix\"><\/div><\/div><div class=\"vc_grid-item vc_clearfix vc_col-sm-4 vc_grid-item-zone-c-bottom\"><div class=\"vc_grid-item-mini vc_clearfix \"><div class=\"vc_gitem-animated-block\" ><div class=\"vc_gitem-zone vc_gitem-zone-a vc_custom_1643014993987 vc-gitem-zone-height-mode-auto vc-gitem-zone-height-mode-auto-16-9\" style=\"background-image: url('https:\/\/franciscodevitoria.eus\/wp-content\/uploads\/2024\/07\/presenta_alumnos.jpg') !important;\"><img class=\"vc_gitem-zone-img\" src=\"https:\/\/franciscodevitoria.eus\/wp-content\/uploads\/2024\/07\/presenta_alumnos.jpg\" alt=\"2024-2025 Ikasturtearen Hasiera - Aurkezpena\" loading=\"lazy\"><div class=\"vc_gitem-zone-mini\"><div class=\"vc_gitem_row vc_row vc_gitem-row-position-top\"><div class=\"vc_col-sm-12 vc_gitem-col vc_gitem-col-align- vc_custom_1643016875389\"><div field_61ea9bbf8a9fb class=\"vc_gitem-acf videoWrapper vc_gitem-align-justify field_61ea9bbf8a9fb\"><\/div><\/div><\/div><\/div><\/div><\/div><div class=\"vc_gitem-zone vc_gitem-zone-c vc_custom_1643015000822\"><div class=\"vc_gitem-zone-mini\"><div class=\"vc_gitem_row vc_row vc_gitem-row-position-top\"><div class=\"vc_col-sm-12 vc_gitem-col vc_gitem-col-align- vc_custom_1643015126761\"><div class=\"vc_custom_heading vc_gitem-post-data vc_gitem-post-data-source-post_title\" ><h3 style=\"font-size: 22px;color: #000000;line-height: 24px;text-align: left;font-family:Exo;font-weight:500;font-style:normal\" ><a href=\"https:\/\/franciscodevitoria.eus\/eu\/2024-2025-ikasturtearen-hasiera-aurkezpena\/\" class=\"vc_gitem-link\" title=\"2024-2025 Ikasturtearen Hasiera &#8211; Aurkezpena\">2024-2025 Ikasturtearen Hasiera &#8211; Aurkezpena<\/a><\/h3><\/div><div class=\"vc_custom_heading vc_custom_1643014169565 vc_gitem-post-data vc_gitem-post-data-source-post_date\" ><div style=\"font-size: 18px;color: #82368c;line-height: 1.1;text-align: left;font-family:Roboto Condensed;font-weight:700;font-style:normal\" >2024\/07\/10<\/div><\/div><div class=\"vc_separator wpb_content_element vc_separator_align_center vc_sep_width_30 vc_sep_border_width_3 vc_sep_pos_align_left vc_separator_no_text wpb_content_element  wpb_content_element\" ><span class=\"vc_sep_holder vc_sep_holder_l\"><span style=\"border-color:#5b9c28;\" class=\"vc_sep_line\"><\/span><\/span><span class=\"vc_sep_holder vc_sep_holder_r\"><span style=\"border-color:#5b9c28;\" class=\"vc_sep_line\"><\/span><\/span>\n<\/div><div class=\"vc_gitem-post-meta-field-resumen resumen_size_mini vc_gitem-align-justify\">2024-2025 ikasturtea irailaren 6an hasiko da.<\/div><div class=\"vc_empty_space\"   style=\"height: 20px\"><span class=\"vc_empty_space_inner\"><\/span><\/div><div class=\"vc_btn3-container  btn_background_news_mini vc_btn3-center vc_custom_1648212009051\"><a onmouseleave=\"this.style.borderColor='#82368c'; this.style.backgroundColor='transparent'; this.style.color='#82368c'\" onmouseenter=\"this.style.borderColor='#82368c'; this.style.backgroundColor='#82368c'; this.style.color='#ffffff';\" style=\"border-color:#82368c; color:#82368c;\" class=\"vc_general vc_btn3 vc_btn3-size-xs vc_btn3-shape-square vc_btn3-style-outline-custom\" a href=\"https:\/\/franciscodevitoria.eus\/eu\/2024-2025-ikasturtearen-hasiera-aurkezpena\/\" class=\"vc_gitem-link vc_general vc_btn3 vc_general vc_btn3 vc_btn3-size-xs vc_btn3-shape-square vc_btn3-style-outline-custom btn_background_news_mini\" title=\"Gehiago irakurri\">Gehiago irakurri<\/a><\/div><\/div><\/div><\/div><\/div><\/div><div class=\"vc_clearfix\"><\/div><\/div><div class=\"vc_grid-item vc_clearfix vc_col-sm-4 vc_grid-item-zone-c-bottom\"><div class=\"vc_grid-item-mini vc_clearfix \"><div class=\"vc_gitem-animated-block\" ><div class=\"vc_gitem-zone vc_gitem-zone-a vc_custom_1643014993987 vc-gitem-zone-height-mode-auto vc-gitem-zone-height-mode-auto-16-9\" style=\"background-image: url('https:\/\/franciscodevitoria.eus\/wp-content\/uploads\/2024\/06\/GAZTEAK-ATZERRIAN-2022.png') !important;\"><img class=\"vc_gitem-zone-img\" src=\"https:\/\/franciscodevitoria.eus\/wp-content\/uploads\/2024\/06\/GAZTEAK-ATZERRIAN-2022.png\" alt=\"GLOBAL TRAINING BEKAK\" loading=\"lazy\"><div class=\"vc_gitem-zone-mini\"><div class=\"vc_gitem_row vc_row vc_gitem-row-position-top\"><div class=\"vc_col-sm-12 vc_gitem-col vc_gitem-col-align- vc_custom_1643016875389\"><div field_61ea9bbf8a9fb class=\"vc_gitem-acf videoWrapper vc_gitem-align-justify field_61ea9bbf8a9fb\"><\/div><\/div><\/div><\/div><\/div><\/div><div class=\"vc_gitem-zone vc_gitem-zone-c vc_custom_1643015000822\"><div class=\"vc_gitem-zone-mini\"><div class=\"vc_gitem_row vc_row vc_gitem-row-position-top\"><div class=\"vc_col-sm-12 vc_gitem-col vc_gitem-col-align- vc_custom_1643015126761\"><div class=\"vc_custom_heading vc_gitem-post-data vc_gitem-post-data-source-post_title\" ><h3 style=\"font-size: 22px;color: #000000;line-height: 24px;text-align: left;font-family:Exo;font-weight:500;font-style:normal\" ><a href=\"https:\/\/franciscodevitoria.eus\/eu\/global-training-bekak\/\" class=\"vc_gitem-link\" title=\"GLOBAL TRAINING BEKAK\">GLOBAL TRAINING BEKAK<\/a><\/h3><\/div><div class=\"vc_custom_heading vc_custom_1643014169565 vc_gitem-post-data vc_gitem-post-data-source-post_date\" ><div style=\"font-size: 18px;color: #82368c;line-height: 1.1;text-align: left;font-family:Roboto Condensed;font-weight:700;font-style:normal\" >2024\/07\/10<\/div><\/div><div class=\"vc_separator wpb_content_element vc_separator_align_center vc_sep_width_30 vc_sep_border_width_3 vc_sep_pos_align_left vc_separator_no_text wpb_content_element  wpb_content_element\" ><span class=\"vc_sep_holder vc_sep_holder_l\"><span style=\"border-color:#5b9c28;\" class=\"vc_sep_line\"><\/span><\/span><span class=\"vc_sep_holder vc_sep_holder_r\"><span style=\"border-color:#5b9c28;\" class=\"vc_sep_line\"><\/span><\/span>\n<\/div><div class=\"vc_gitem-post-meta-field-resumen resumen_size_mini vc_gitem-align-justify\">2024ko edizioko Eusko Jaurlaritzako GLOBAL TRAINING bekak eskuratzeko izen emate epea datorren ekainaren 17an zabalduko da. Eskaintza zabala eta interesgarria daukagu. Beka hauek aukera ematen dute profesionalki trebatzen jarraitzeko enpresetan ordaindutako praktikak eginez 6 hilabetez.<\/div><div class=\"vc_empty_space\"   style=\"height: 20px\"><span class=\"vc_empty_space_inner\"><\/span><\/div><div class=\"vc_btn3-container  btn_background_news_mini vc_btn3-center vc_custom_1648212009051\"><a onmouseleave=\"this.style.borderColor='#82368c'; this.style.backgroundColor='transparent'; this.style.color='#82368c'\" onmouseenter=\"this.style.borderColor='#82368c'; this.style.backgroundColor='#82368c'; this.style.color='#ffffff';\" style=\"border-color:#82368c; color:#82368c;\" class=\"vc_general vc_btn3 vc_btn3-size-xs vc_btn3-shape-square vc_btn3-style-outline-custom\" a href=\"https:\/\/franciscodevitoria.eus\/eu\/global-training-bekak\/\" class=\"vc_gitem-link vc_general vc_btn3 vc_general vc_btn3 vc_btn3-size-xs vc_btn3-shape-square vc_btn3-style-outline-custom btn_background_news_mini\" title=\"Gehiago irakurri\">Gehiago irakurri<\/a><\/div><\/div><\/div><\/div><\/div><\/div><div class=\"vc_clearfix\"><\/div><\/div><div class=\"vc_grid-item vc_clearfix vc_col-sm-4 vc_grid-item-zone-c-bottom\"><div class=\"vc_grid-item-mini vc_clearfix \"><div class=\"vc_gitem-animated-block\" ><div class=\"vc_gitem-zone vc_gitem-zone-a vc_custom_1643014993987 vc-gitem-zone-height-mode-auto vc-gitem-zone-height-mode-auto-16-9\" style=\"background-image: url('https:\/\/franciscodevitoria.eus\/wp-content\/uploads\/2024\/05\/azterketa.jpg') !important;\"><img class=\"vc_gitem-zone-img\" src=\"https:\/\/franciscodevitoria.eus\/wp-content\/uploads\/2024\/05\/azterketa.jpg\" alt=\"DBHko azterketen deialdi arrunta\" loading=\"lazy\"><div class=\"vc_gitem-zone-mini\"><div class=\"vc_gitem_row vc_row vc_gitem-row-position-top\"><div class=\"vc_col-sm-12 vc_gitem-col vc_gitem-col-align- vc_custom_1643016875389\"><div field_61ea9bbf8a9fb class=\"vc_gitem-acf videoWrapper vc_gitem-align-justify field_61ea9bbf8a9fb\"><\/div><\/div><\/div><\/div><\/div><\/div><div class=\"vc_gitem-zone vc_gitem-zone-c vc_custom_1643015000822\"><div class=\"vc_gitem-zone-mini\"><div class=\"vc_gitem_row vc_row vc_gitem-row-position-top\"><div class=\"vc_col-sm-12 vc_gitem-col vc_gitem-col-align- vc_custom_1643015126761\"><div class=\"vc_custom_heading vc_gitem-post-data vc_gitem-post-data-source-post_title\" ><h3 style=\"font-size: 22px;color: #000000;line-height: 24px;text-align: left;font-family:Exo;font-weight:500;font-style:normal\" ><a href=\"https:\/\/franciscodevitoria.eus\/eu\/dbhko-azterketen-deialdi-arrunta\/\" class=\"vc_gitem-link\" title=\"DBHko azterketen deialdi arrunta\">DBHko azterketen deialdi arrunta<\/a><\/h3><\/div><div class=\"vc_custom_heading vc_custom_1643014169565 vc_gitem-post-data vc_gitem-post-data-source-post_date\" ><div style=\"font-size: 18px;color: #82368c;line-height: 1.1;text-align: left;font-family:Roboto Condensed;font-weight:700;font-style:normal\" >2024\/05\/27<\/div><\/div><div class=\"vc_separator wpb_content_element vc_separator_align_center vc_sep_width_30 vc_sep_border_width_3 vc_sep_pos_align_left vc_separator_no_text wpb_content_element  wpb_content_element\" ><span class=\"vc_sep_holder vc_sep_holder_l\"><span style=\"border-color:#5b9c28;\" class=\"vc_sep_line\"><\/span><\/span><span class=\"vc_sep_holder vc_sep_holder_r\"><span style=\"border-color:#5b9c28;\" class=\"vc_sep_line\"><\/span><\/span>\n<\/div><div class=\"vc_gitem-post-meta-field-resumen resumen_size_mini vc_gitem-align-justify\">\r\nErantsitako pdf-n azterketen datak agertzen dira\r\n\r\n<\/div><div class=\"vc_empty_space\"   style=\"height: 20px\"><span class=\"vc_empty_space_inner\"><\/span><\/div><div class=\"vc_btn3-container  btn_background_news_mini vc_btn3-center vc_custom_1648212009051\"><a onmouseleave=\"this.style.borderColor='#82368c'; this.style.backgroundColor='transparent'; this.style.color='#82368c'\" onmouseenter=\"this.style.borderColor='#82368c'; this.style.backgroundColor='#82368c'; this.style.color='#ffffff';\" style=\"border-color:#82368c; color:#82368c;\" class=\"vc_general vc_btn3 vc_btn3-size-xs vc_btn3-shape-square vc_btn3-style-outline-custom\" a href=\"https:\/\/franciscodevitoria.eus\/eu\/dbhko-azterketen-deialdi-arrunta\/\" class=\"vc_gitem-link vc_general vc_btn3 vc_general vc_btn3 vc_btn3-size-xs vc_btn3-shape-square vc_btn3-style-outline-custom btn_background_news_mini\" title=\"Gehiago irakurri\">Gehiago irakurri<\/a><\/div><\/div><\/div><\/div><\/div><\/div><div class=\"vc_clearfix\"><\/div><\/div><div class=\"vc_grid-item vc_clearfix vc_col-sm-4 vc_grid-item-zone-c-bottom\"><div class=\"vc_grid-item-mini vc_clearfix \"><div class=\"vc_gitem-animated-block\" ><div class=\"vc_gitem-zone vc_gitem-zone-a vc_custom_1643014993987 vc-gitem-zone-height-mode-auto vc-gitem-zone-height-mode-auto-16-9\" style=\"background-image: url('https:\/\/franciscodevitoria.eus\/wp-content\/uploads\/2024\/05\/ikasgunea.png') !important;\"><img class=\"vc_gitem-zone-img\" src=\"https:\/\/franciscodevitoria.eus\/wp-content\/uploads\/2024\/05\/ikasgunea.png\" alt=\"Proba Libreak\" loading=\"lazy\"><div class=\"vc_gitem-zone-mini\"><div class=\"vc_gitem_row vc_row vc_gitem-row-position-top\"><div class=\"vc_col-sm-12 vc_gitem-col vc_gitem-col-align- vc_custom_1643016875389\"><div field_61ea9bbf8a9fb class=\"vc_gitem-acf videoWrapper vc_gitem-align-justify field_61ea9bbf8a9fb\"><\/div><\/div><\/div><\/div><\/div><\/div><div class=\"vc_gitem-zone vc_gitem-zone-c vc_custom_1643015000822\"><div class=\"vc_gitem-zone-mini\"><div class=\"vc_gitem_row vc_row vc_gitem-row-position-top\"><div class=\"vc_col-sm-12 vc_gitem-col vc_gitem-col-align- vc_custom_1643015126761\"><div class=\"vc_custom_heading vc_gitem-post-data vc_gitem-post-data-source-post_title\" ><h3 style=\"font-size: 22px;color: #000000;line-height: 24px;text-align: left;font-family:Exo;font-weight:500;font-style:normal\" ><a href=\"https:\/\/franciscodevitoria.eus\/eu\/proba-libreak\/\" class=\"vc_gitem-link\" title=\"Proba Libreak\">Proba Libreak<\/a><\/h3><\/div><div class=\"vc_custom_heading vc_custom_1643014169565 vc_gitem-post-data vc_gitem-post-data-source-post_date\" ><div style=\"font-size: 18px;color: #82368c;line-height: 1.1;text-align: left;font-family:Roboto Condensed;font-weight:700;font-style:normal\" >2024\/05\/15<\/div><\/div><div class=\"vc_separator wpb_content_element vc_separator_align_center vc_sep_width_30 vc_sep_border_width_3 vc_sep_pos_align_left vc_separator_no_text wpb_content_element  wpb_content_element\" ><span class=\"vc_sep_holder vc_sep_holder_l\"><span style=\"border-color:#5b9c28;\" class=\"vc_sep_line\"><\/span><\/span><span class=\"vc_sep_holder vc_sep_holder_r\"><span style=\"border-color:#5b9c28;\" class=\"vc_sep_line\"><\/span><\/span>\n<\/div><div class=\"vc_gitem-post-meta-field-resumen resumen_size_mini vc_gitem-align-justify\">Aurtengo proba libreak ekainaren 10 eta 14 artean egingo dira. Tailer edo\/eta laborategiko frogak (baleude) azterketa ostean definituko ditu moduluko irakasleak. Zehaztapenak (egun zehatzak, orduak eta gelak) 2024.eko maiatzaren 21ean argitaratuko dira web gunean eta sare sozialetan. <\/div><div class=\"vc_empty_space\"   style=\"height: 20px\"><span class=\"vc_empty_space_inner\"><\/span><\/div><div class=\"vc_btn3-container  btn_background_news_mini vc_btn3-center vc_custom_1648212009051\"><a onmouseleave=\"this.style.borderColor='#82368c'; this.style.backgroundColor='transparent'; this.style.color='#82368c'\" onmouseenter=\"this.style.borderColor='#82368c'; this.style.backgroundColor='#82368c'; this.style.color='#ffffff';\" style=\"border-color:#82368c; color:#82368c;\" class=\"vc_general vc_btn3 vc_btn3-size-xs vc_btn3-shape-square vc_btn3-style-outline-custom\" a href=\"https:\/\/franciscodevitoria.eus\/eu\/proba-libreak\/\" class=\"vc_gitem-link vc_general vc_btn3 vc_general vc_btn3 vc_btn3-size-xs vc_btn3-shape-square vc_btn3-style-outline-custom btn_background_news_mini\" title=\"Gehiago irakurri\">Gehiago irakurri<\/a><\/div><\/div><\/div><\/div><\/div><\/div><div class=\"vc_clearfix\"><\/div><\/div><div class=\"vc_grid-item vc_clearfix vc_col-sm-4 vc_grid-item-zone-c-bottom\"><div class=\"vc_grid-item-mini vc_clearfix \"><div class=\"vc_gitem-animated-block\" ><div class=\"vc_gitem-zone vc_gitem-zone-a vc_custom_1643014993987 vc-gitem-zone-height-mode-auto vc-gitem-zone-height-mode-auto-16-9\" style=\"background-image: url('https:\/\/franciscodevitoria.eus\/wp-content\/uploads\/2024\/04\/Captura de pantalla 2024-04-11 115423.png') !important;\"><img class=\"vc_gitem-zone-img\" src=\"https:\/\/franciscodevitoria.eus\/wp-content\/uploads\/2024\/04\/Captura de pantalla 2024-04-11 115423.png\" alt=\"Egin zaitez harrera-familia\" loading=\"lazy\"><div class=\"vc_gitem-zone-mini\"><div class=\"vc_gitem_row vc_row vc_gitem-row-position-top\"><div class=\"vc_col-sm-12 vc_gitem-col vc_gitem-col-align- vc_custom_1643016875389\"><div field_61ea9bbf8a9fb class=\"vc_gitem-acf videoWrapper vc_gitem-align-justify field_61ea9bbf8a9fb\"><\/div><\/div><\/div><\/div><\/div><\/div><div class=\"vc_gitem-zone vc_gitem-zone-c vc_custom_1643015000822\"><div class=\"vc_gitem-zone-mini\"><div class=\"vc_gitem_row vc_row vc_gitem-row-position-top\"><div class=\"vc_col-sm-12 vc_gitem-col vc_gitem-col-align- vc_custom_1643015126761\"><div class=\"vc_custom_heading vc_gitem-post-data vc_gitem-post-data-source-post_title\" ><h3 style=\"font-size: 22px;color: #000000;line-height: 24px;text-align: left;font-family:Exo;font-weight:500;font-style:normal\" ><a href=\"https:\/\/franciscodevitoria.eus\/eu\/egin-zaitez-harrera-familia\/\" class=\"vc_gitem-link\" title=\"Egin zaitez harrera-familia\">Egin zaitez harrera-familia<\/a><\/h3><\/div><div class=\"vc_custom_heading vc_custom_1643014169565 vc_gitem-post-data vc_gitem-post-data-source-post_date\" ><div style=\"font-size: 18px;color: #82368c;line-height: 1.1;text-align: left;font-family:Roboto Condensed;font-weight:700;font-style:normal\" >2024\/04\/11<\/div><\/div><div class=\"vc_separator wpb_content_element vc_separator_align_center vc_sep_width_30 vc_sep_border_width_3 vc_sep_pos_align_left vc_separator_no_text wpb_content_element  wpb_content_element\" ><span class=\"vc_sep_holder vc_sep_holder_l\"><span style=\"border-color:#5b9c28;\" class=\"vc_sep_line\"><\/span><\/span><span class=\"vc_sep_holder vc_sep_holder_r\"><span style=\"border-color:#5b9c28;\" class=\"vc_sep_line\"><\/span><\/span>\n<\/div><div class=\"vc_gitem-post-meta-field-resumen resumen_size_mini vc_gitem-align-justify\">2 eta 4 aste bitarteko ikasle europarrak hartuko dituzu\r\nKultura anitzeko esperientzia biziko duzu\r\nEtxetik bidaiatuko duzu\r\nOrdainsari ekonomikoa jasoko duzu\r\n\r\nZeintzuk dira erantzukizunak?\r\n1. Ikasleak iristen diren egunean jasotzea\r\n2. Logela unisex eta pribatuak eskaintzea (2-3 pertsona)\r\n3. Afaria gutxienez astean hirutan partekatzea<\/div><div class=\"vc_empty_space\"   style=\"height: 20px\"><span class=\"vc_empty_space_inner\"><\/span><\/div><div class=\"vc_btn3-container  btn_background_news_mini vc_btn3-center vc_custom_1648212009051\"><a onmouseleave=\"this.style.borderColor='#82368c'; this.style.backgroundColor='transparent'; this.style.color='#82368c'\" onmouseenter=\"this.style.borderColor='#82368c'; this.style.backgroundColor='#82368c'; this.style.color='#ffffff';\" style=\"border-color:#82368c; color:#82368c;\" class=\"vc_general vc_btn3 vc_btn3-size-xs vc_btn3-shape-square vc_btn3-style-outline-custom\" a href=\"https:\/\/franciscodevitoria.eus\/eu\/egin-zaitez-harrera-familia\/\" class=\"vc_gitem-link vc_general vc_btn3 vc_general vc_btn3 vc_btn3-size-xs vc_btn3-shape-square vc_btn3-style-outline-custom btn_background_news_mini\" title=\"Gehiago irakurri\">Gehiago irakurri<\/a><\/div><\/div><\/div><\/div><\/div><\/div><div class=\"vc_clearfix\"><\/div><\/div><div class=\"vc_grid-item vc_clearfix vc_col-sm-4 vc_grid-item-zone-c-bottom\"><div class=\"vc_grid-item-mini vc_clearfix \"><div class=\"vc_gitem-animated-block\" ><div class=\"vc_gitem-zone vc_gitem-zone-a vc_custom_1643014993987 vc-gitem-zone-height-mode-auto vc-gitem-zone-height-mode-auto-16-9\" style=\"background-image: url('https:\/\/franciscodevitoria.eus\/wp-content\/uploads\/2024\/04\/eco.jpg') !important;\"><img class=\"vc_gitem-zone-img\" src=\"https:\/\/franciscodevitoria.eus\/wp-content\/uploads\/2024\/04\/eco.jpg\" alt=\"Jasangarritasuna\" loading=\"lazy\"><div class=\"vc_gitem-zone-mini\"><div class=\"vc_gitem_row vc_row vc_gitem-row-position-top\"><div class=\"vc_col-sm-12 vc_gitem-col vc_gitem-col-align- vc_custom_1643016875389\"><div field_61ea9bbf8a9fb class=\"vc_gitem-acf videoWrapper vc_gitem-align-justify field_61ea9bbf8a9fb\"><\/div><\/div><\/div><\/div><\/div><\/div><div class=\"vc_gitem-zone vc_gitem-zone-c vc_custom_1643015000822\"><div class=\"vc_gitem-zone-mini\"><div class=\"vc_gitem_row vc_row vc_gitem-row-position-top\"><div class=\"vc_col-sm-12 vc_gitem-col vc_gitem-col-align- vc_custom_1643015126761\"><div class=\"vc_custom_heading vc_gitem-post-data vc_gitem-post-data-source-post_title\" ><h3 style=\"font-size: 22px;color: #000000;line-height: 24px;text-align: left;font-family:Exo;font-weight:500;font-style:normal\" ><a href=\"https:\/\/franciscodevitoria.eus\/eu\/jasangarritasuna\/\" class=\"vc_gitem-link\" title=\"Jasangarritasuna\">Jasangarritasuna<\/a><\/h3><\/div><div class=\"vc_custom_heading vc_custom_1643014169565 vc_gitem-post-data vc_gitem-post-data-source-post_date\" ><div style=\"font-size: 18px;color: #82368c;line-height: 1.1;text-align: left;font-family:Roboto Condensed;font-weight:700;font-style:normal\" >2024\/04\/11<\/div><\/div><div class=\"vc_separator wpb_content_element vc_separator_align_center vc_sep_width_30 vc_sep_border_width_3 vc_sep_pos_align_left vc_separator_no_text wpb_content_element  wpb_content_element\" ><span class=\"vc_sep_holder vc_sep_holder_l\"><span style=\"border-color:#5b9c28;\" class=\"vc_sep_line\"><\/span><\/span><span class=\"vc_sep_holder vc_sep_holder_r\"><span style=\"border-color:#5b9c28;\" class=\"vc_sep_line\"><\/span><\/span>\n<\/div><div class=\"vc_gitem-post-meta-field-resumen resumen_size_mini vc_gitem-align-justify\">Francisco de Vitoria ikastetxeak, beste urrats bat eman nahi du eta energia berriztagarrien alde ere apustu egin nahi. Ingurumen-konpromiso hori betetzeko, Francisco de Vitoria Ikastetxeak 54,54 kW-eko potentzia duen autokontsumorako instalazio fotovoltaikoak instalatu ditu. Eguzki sistema fotovoltaikoaren helburu nagusia ikastetxean bertan energia sortzea da, modu honetan gure ikastetxea jasangarriagoa bihurtuz.\r\n\r\nEnergia fotovoltaikoa energia garbia da eta ez du berotegi-efektuko gasik isurtzen. Hau dela eta teknologia honek energia eredua aldatzen laguntzen duela ziurtatu behar dugu, eraginkorrago eta iraunkorrago bihurtuz. Jarduera hau Europar Batasuneko funtsen laguntza publikoari esker egin da. Laguntza hau Euskal Autonomia Erkidegoan energia-iturri berriztagarriak erabiltzen dituzten energia elektrikoa sortzeko instalazioetan inbertsioak egiteko diru laguntzen lehen deialdian onartu izan da. Diru laguntza hau Next Generation funtsen bidez kofinantzatuta izango da.<\/div><div class=\"vc_empty_space\"   style=\"height: 20px\"><span class=\"vc_empty_space_inner\"><\/span><\/div><div class=\"vc_btn3-container  btn_background_news_mini vc_btn3-center vc_custom_1648212009051\"><a onmouseleave=\"this.style.borderColor='#82368c'; this.style.backgroundColor='transparent'; this.style.color='#82368c'\" onmouseenter=\"this.style.borderColor='#82368c'; this.style.backgroundColor='#82368c'; this.style.color='#ffffff';\" style=\"border-color:#82368c; color:#82368c;\" class=\"vc_general vc_btn3 vc_btn3-size-xs vc_btn3-shape-square vc_btn3-style-outline-custom\" a href=\"https:\/\/franciscodevitoria.eus\/eu\/jasangarritasuna\/\" class=\"vc_gitem-link vc_general vc_btn3 vc_general vc_btn3 vc_btn3-size-xs vc_btn3-shape-square vc_btn3-style-outline-custom btn_background_news_mini\" title=\"Gehiago irakurri\">Gehiago irakurri<\/a><\/div><\/div><\/div><\/div><\/div><\/div><div class=\"vc_clearfix\"><\/div><\/div><div class=\"vc_grid-item vc_clearfix vc_col-sm-4 vc_grid-item-zone-c-bottom\"><div class=\"vc_grid-item-mini vc_clearfix \"><div class=\"vc_gitem-animated-block\" ><div class=\"vc_gitem-zone vc_gitem-zone-a vc_custom_1643014993987 vc-gitem-zone-height-mode-auto vc-gitem-zone-height-mode-auto-16-9\" style=\"background-image: url('https:\/\/franciscodevitoria.eus\/wp-content\/uploads\/2024\/03\/2_irudia.png') !important;\"><img class=\"vc_gitem-zone-img\" src=\"https:\/\/franciscodevitoria.eus\/wp-content\/uploads\/2024\/03\/2_irudia.png\" alt=\"Komunikazio Bitartekotzako Topaketa\" loading=\"lazy\"><div class=\"vc_gitem-zone-mini\"><div class=\"vc_gitem_row vc_row vc_gitem-row-position-top\"><div class=\"vc_col-sm-12 vc_gitem-col vc_gitem-col-align- vc_custom_1643016875389\"><div field_61ea9bbf8a9fb class=\"vc_gitem-acf videoWrapper vc_gitem-align-justify field_61ea9bbf8a9fb\"><\/div><\/div><\/div><\/div><\/div><\/div><div class=\"vc_gitem-zone vc_gitem-zone-c vc_custom_1643015000822\"><div class=\"vc_gitem-zone-mini\"><div class=\"vc_gitem_row vc_row vc_gitem-row-position-top\"><div class=\"vc_col-sm-12 vc_gitem-col vc_gitem-col-align- vc_custom_1643015126761\"><div class=\"vc_custom_heading vc_gitem-post-data vc_gitem-post-data-source-post_title\" ><h3 style=\"font-size: 22px;color: #000000;line-height: 24px;text-align: left;font-family:Exo;font-weight:500;font-style:normal\" ><a href=\"https:\/\/franciscodevitoria.eus\/eu\/komunikazio-bitartekotzako-topaketa\/\" class=\"vc_gitem-link\" title=\"Komunikazio Bitartekotzako Topaketa\">Komunikazio Bitartekotzako Topaketa<\/a><\/h3><\/div><div class=\"vc_custom_heading vc_custom_1643014169565 vc_gitem-post-data vc_gitem-post-data-source-post_date\" ><div style=\"font-size: 18px;color: #82368c;line-height: 1.1;text-align: left;font-family:Roboto Condensed;font-weight:700;font-style:normal\" >2024\/03\/26<\/div><\/div><div class=\"vc_separator wpb_content_element vc_separator_align_center vc_sep_width_30 vc_sep_border_width_3 vc_sep_pos_align_left vc_separator_no_text wpb_content_element  wpb_content_element\" ><span class=\"vc_sep_holder vc_sep_holder_l\"><span style=\"border-color:#5b9c28;\" class=\"vc_sep_line\"><\/span><\/span><span class=\"vc_sep_holder vc_sep_holder_r\"><span style=\"border-color:#5b9c28;\" class=\"vc_sep_line\"><\/span><\/span>\n<\/div><div class=\"vc_gitem-post-meta-field-resumen resumen_size_mini vc_gitem-align-justify\">Martxoaren 19 eta 20an, Francisco de Vitoria BHIko Komunikazio Bitartekotzako\r\nzikloko ikasleek Madrilgo Pio Baroja BHIko ziklo bereko bisita jaso dute. Formatzen\r\ndauden 40 bitartekari izan dira Gasteizen, Zeinu-Hizkuntza sustatu eta Pertsona\r\nGorren komunitatearekiko sentsibilizazioan lan handia egiten duten erakundeekin elkar\r\nezagutzeko eta sare profesionalak eraikitzeko.\r\nBisitan lagun gisa eta jarduerak partekatuz, Uxue Franco, Aspasor Elkarteko\r\nGizarteratze Teknikaria eta elkarteko erabiltzaileak jardueretako laguntzaile izan\r\nditugu. Ainhoa Ruiz de Angulo eta Cristina Campo, Zeinu Kaxa Akademiaren\r\nsortzaileak zeinu-hizkuntza zabaldu, sentsibilizatu eta irakasteko helbururarekin sortu\r\nzena ere parte hartu zuten astearteko topaketan. Halaber, Komunikazio\r\nBitartekaritzaren zikloko ikasle-taldeak, atsegin handiz, Zeinu-Hizkuntza oinarri\r\nkomunikatibo gisa duten Madrileko lankideekin elkartzeko jarduerak prestatu ditu.<\/div><div class=\"vc_empty_space\"   style=\"height: 20px\"><span class=\"vc_empty_space_inner\"><\/span><\/div><div class=\"vc_btn3-container  btn_background_news_mini vc_btn3-center vc_custom_1648212009051\"><a onmouseleave=\"this.style.borderColor='#82368c'; this.style.backgroundColor='transparent'; this.style.color='#82368c'\" onmouseenter=\"this.style.borderColor='#82368c'; this.style.backgroundColor='#82368c'; this.style.color='#ffffff';\" style=\"border-color:#82368c; color:#82368c;\" class=\"vc_general vc_btn3 vc_btn3-size-xs vc_btn3-shape-square vc_btn3-style-outline-custom\" a href=\"https:\/\/franciscodevitoria.eus\/eu\/komunikazio-bitartekotzako-topaketa\/\" class=\"vc_gitem-link vc_general vc_btn3 vc_general vc_btn3 vc_btn3-size-xs vc_btn3-shape-square vc_btn3-style-outline-custom btn_background_news_mini\" title=\"Gehiago irakurri\">Gehiago irakurri<\/a><\/div><\/div><\/div><\/div><\/div><\/div><div class=\"vc_clearfix\"><\/div><\/div><div class=\"vc_grid-item vc_clearfix vc_col-sm-4 vc_grid-item-zone-c-bottom\"><div class=\"vc_grid-item-mini vc_clearfix \"><div class=\"vc_gitem-animated-block\" ><div class=\"vc_gitem-zone vc_gitem-zone-a vc_custom_1643014993987 vc-gitem-zone-height-mode-auto vc-gitem-zone-height-mode-auto-16-9\" style=\"background-image: url('https:\/\/franciscodevitoria.eus\/wp-content\/uploads\/2024\/03\/2_slide_osasun_astea.jpg') !important;\"><img class=\"vc_gitem-zone-img\" src=\"https:\/\/franciscodevitoria.eus\/wp-content\/uploads\/2024\/03\/2_slide_osasun_astea.jpg\" alt=\"Osasun Astea\" loading=\"lazy\"><div class=\"vc_gitem-zone-mini\"><div class=\"vc_gitem_row vc_row vc_gitem-row-position-top\"><div class=\"vc_col-sm-12 vc_gitem-col vc_gitem-col-align- vc_custom_1643016875389\"><div field_61ea9bbf8a9fb class=\"vc_gitem-acf videoWrapper vc_gitem-align-justify field_61ea9bbf8a9fb\"><\/div><\/div><\/div><\/div><\/div><\/div><div class=\"vc_gitem-zone vc_gitem-zone-c vc_custom_1643015000822\"><div class=\"vc_gitem-zone-mini\"><div class=\"vc_gitem_row vc_row vc_gitem-row-position-top\"><div class=\"vc_col-sm-12 vc_gitem-col vc_gitem-col-align- vc_custom_1643015126761\"><div class=\"vc_custom_heading vc_gitem-post-data vc_gitem-post-data-source-post_title\" ><h3 style=\"font-size: 22px;color: #000000;line-height: 24px;text-align: left;font-family:Exo;font-weight:500;font-style:normal\" ><a href=\"https:\/\/franciscodevitoria.eus\/eu\/osasun-astea\/\" class=\"vc_gitem-link\" title=\"Osasun Astea\">Osasun Astea<\/a><\/h3><\/div><div class=\"vc_custom_heading vc_custom_1643014169565 vc_gitem-post-data vc_gitem-post-data-source-post_date\" ><div style=\"font-size: 18px;color: #82368c;line-height: 1.1;text-align: left;font-family:Roboto Condensed;font-weight:700;font-style:normal\" >2024\/03\/22<\/div><\/div><div class=\"vc_separator wpb_content_element vc_separator_align_center vc_sep_width_30 vc_sep_border_width_3 vc_sep_pos_align_left vc_separator_no_text wpb_content_element  wpb_content_element\" ><span class=\"vc_sep_holder vc_sep_holder_l\"><span style=\"border-color:#5b9c28;\" class=\"vc_sep_line\"><\/span><\/span><span class=\"vc_sep_holder vc_sep_holder_r\"><span style=\"border-color:#5b9c28;\" class=\"vc_sep_line\"><\/span><\/span>\n<\/div><div class=\"vc_gitem-post-meta-field-resumen resumen_size_mini vc_gitem-align-justify\">Osasunak guregan duen garrantzia ezinbestekoa da. Horregatik, FdV-n heziketa ziklo ezberdinen kolaborazioari esker Martxoaren 25etik 27ra osasun astea antolatu dugu, egunerokotasunean eragina izan ditzateken gaiez gogoeta egin eta gure bizitzak hobetzeko asmoz. Streaming bidez eskuragarri izango da interesa duen ororentzat. Gonbidatuta zaudete.\r\n<br>\r\n<a target=\"_blank\" href=\"https:\/\/www.youtube.com\/@FDVStreaming\" rel=\"noopener\" style=\"color:#783c88;font-weight:bold;\">Jarraitu hemen Osasun Astea<\/a><\/div><div class=\"vc_empty_space\"   style=\"height: 20px\"><span class=\"vc_empty_space_inner\"><\/span><\/div><div class=\"vc_btn3-container  btn_background_news_mini vc_btn3-center vc_custom_1648212009051\"><a onmouseleave=\"this.style.borderColor='#82368c'; this.style.backgroundColor='transparent'; this.style.color='#82368c'\" onmouseenter=\"this.style.borderColor='#82368c'; this.style.backgroundColor='#82368c'; this.style.color='#ffffff';\" style=\"border-color:#82368c; color:#82368c;\" class=\"vc_general vc_btn3 vc_btn3-size-xs vc_btn3-shape-square vc_btn3-style-outline-custom\" a href=\"https:\/\/franciscodevitoria.eus\/eu\/osasun-astea\/\" class=\"vc_gitem-link vc_general vc_btn3 vc_general vc_btn3 vc_btn3-size-xs vc_btn3-shape-square vc_btn3-style-outline-custom btn_background_news_mini\" title=\"Gehiago irakurri\">Gehiago irakurri<\/a><\/div><\/div><\/div><\/div><\/div><\/div><div class=\"vc_clearfix\"><\/div><\/div><div class=\"vc_grid-item vc_clearfix vc_col-sm-4 vc_grid-item-zone-c-bottom\"><div class=\"vc_grid-item-mini vc_clearfix \"><div class=\"vc_gitem-animated-block\" ><div class=\"vc_gitem-zone vc_gitem-zone-a vc_custom_1643014993987 vc-gitem-zone-height-mode-auto vc-gitem-zone-height-mode-auto-16-9\" style=\"background-image: url('https:\/\/franciscodevitoria.eus\/wp-content\/uploads\/2024\/03\/Erasmus+.jpg') !important;\"><img class=\"vc_gitem-zone-img\" src=\"https:\/\/franciscodevitoria.eus\/wp-content\/uploads\/2024\/03\/Erasmus+.jpg\" alt=\"Frantziako Erasmus+ ikasleen bisita\" loading=\"lazy\"><div class=\"vc_gitem-zone-mini\"><div class=\"vc_gitem_row vc_row vc_gitem-row-position-top\"><div class=\"vc_col-sm-12 vc_gitem-col vc_gitem-col-align- vc_custom_1643016875389\"><div field_61ea9bbf8a9fb class=\"vc_gitem-acf videoWrapper vc_gitem-align-justify field_61ea9bbf8a9fb\"><\/div><\/div><\/div><\/div><\/div><\/div><div class=\"vc_gitem-zone vc_gitem-zone-c vc_custom_1643015000822\"><div class=\"vc_gitem-zone-mini\"><div class=\"vc_gitem_row vc_row vc_gitem-row-position-top\"><div class=\"vc_col-sm-12 vc_gitem-col vc_gitem-col-align- vc_custom_1643015126761\"><div class=\"vc_custom_heading vc_gitem-post-data vc_gitem-post-data-source-post_title\" ><h3 style=\"font-size: 22px;color: #000000;line-height: 24px;text-align: left;font-family:Exo;font-weight:500;font-style:normal\" ><a href=\"https:\/\/franciscodevitoria.eus\/eu\/frantziako-erasmus-ikasleen-bisita\/\" class=\"vc_gitem-link\" title=\"Frantziako Erasmus+ ikasleen bisita\">Frantziako Erasmus+ ikasleen bisita<\/a><\/h3><\/div><div class=\"vc_custom_heading vc_custom_1643014169565 vc_gitem-post-data vc_gitem-post-data-source-post_date\" ><div style=\"font-size: 18px;color: #82368c;line-height: 1.1;text-align: left;font-family:Roboto Condensed;font-weight:700;font-style:normal\" >2024\/03\/22<\/div><\/div><div class=\"vc_separator wpb_content_element vc_separator_align_center vc_sep_width_30 vc_sep_border_width_3 vc_sep_pos_align_left vc_separator_no_text wpb_content_element  wpb_content_element\" ><span class=\"vc_sep_holder vc_sep_holder_l\"><span style=\"border-color:#5b9c28;\" class=\"vc_sep_line\"><\/span><\/span><span class=\"vc_sep_holder vc_sep_holder_r\"><span style=\"border-color:#5b9c28;\" class=\"vc_sep_line\"><\/span><\/span>\n<\/div><div class=\"vc_gitem-post-meta-field-resumen resumen_size_mini vc_gitem-align-justify\">Atzo Ernest Ferroul Lyc\u00e9eko 4 ikasleren bisita izan genuen gure institutuan. Ikastetxe honekin #ErasmusPlus  mugikortasunen kudeaketan kolaboratzen dugu. Izan ere, ikasle hauek hilabete daramate Gasteizen praktikak egiten. Jaso duten prestakuntza nolakoa izan den eta gure hirian Erasmus+ esperientzia nolakoa izan den azaldu ziguten. Eskerrak eman nahi dizkiegu bisita honengatik eta ikasle hauen eta gure ikasleen artean izan ziren galdera eta erantzunengatik. Eskerrik asko parte-hartzaile guztiei!<\/div><div class=\"vc_empty_space\"   style=\"height: 20px\"><span class=\"vc_empty_space_inner\"><\/span><\/div><div class=\"vc_btn3-container  btn_background_news_mini vc_btn3-center vc_custom_1648212009051\"><a onmouseleave=\"this.style.borderColor='#82368c'; this.style.backgroundColor='transparent'; this.style.color='#82368c'\" onmouseenter=\"this.style.borderColor='#82368c'; this.style.backgroundColor='#82368c'; this.style.color='#ffffff';\" style=\"border-color:#82368c; color:#82368c;\" class=\"vc_general vc_btn3 vc_btn3-size-xs vc_btn3-shape-square vc_btn3-style-outline-custom\" a href=\"https:\/\/franciscodevitoria.eus\/eu\/frantziako-erasmus-ikasleen-bisita\/\" class=\"vc_gitem-link vc_general vc_btn3 vc_general vc_btn3 vc_btn3-size-xs vc_btn3-shape-square vc_btn3-style-outline-custom btn_background_news_mini\" title=\"Gehiago irakurri\">Gehiago irakurri<\/a><\/div><\/div><\/div><\/div><\/div><\/div><div class=\"vc_clearfix\"><\/div><\/div><div class=\"vc_grid-item vc_clearfix vc_col-sm-4 vc_grid-item-zone-c-bottom\"><div class=\"vc_grid-item-mini vc_clearfix \"><div class=\"vc_gitem-animated-block\" ><div class=\"vc_gitem-zone vc_gitem-zone-a vc_custom_1643014993987 vc-gitem-zone-height-mode-auto vc-gitem-zone-height-mode-auto-16-9\" style=\"background-image: url('https:\/\/franciscodevitoria.eus\/wp-content\/uploads\/2024\/03\/ikaslan.jpg') !important;\"><img class=\"vc_gitem-zone-img\" src=\"https:\/\/franciscodevitoria.eus\/wp-content\/uploads\/2024\/03\/ikaslan.jpg\" alt=\"Esperientzia partekatzen\" loading=\"lazy\"><div class=\"vc_gitem-zone-mini\"><div class=\"vc_gitem_row vc_row vc_gitem-row-position-top\"><div class=\"vc_col-sm-12 vc_gitem-col vc_gitem-col-align- vc_custom_1643016875389\"><div field_61ea9bbf8a9fb class=\"vc_gitem-acf videoWrapper vc_gitem-align-justify field_61ea9bbf8a9fb\"><\/div><\/div><\/div><\/div><\/div><\/div><div class=\"vc_gitem-zone vc_gitem-zone-c vc_custom_1643015000822\"><div class=\"vc_gitem-zone-mini\"><div class=\"vc_gitem_row vc_row vc_gitem-row-position-top\"><div class=\"vc_col-sm-12 vc_gitem-col vc_gitem-col-align- vc_custom_1643015126761\"><div class=\"vc_custom_heading vc_gitem-post-data vc_gitem-post-data-source-post_title\" ><h3 style=\"font-size: 22px;color: #000000;line-height: 24px;text-align: left;font-family:Exo;font-weight:500;font-style:normal\" ><a href=\"https:\/\/franciscodevitoria.eus\/eu\/esperientzia-partekatzen\/\" class=\"vc_gitem-link\" title=\"Esperientzia partekatzen\">Esperientzia partekatzen<\/a><\/h3><\/div><div class=\"vc_custom_heading vc_custom_1643014169565 vc_gitem-post-data vc_gitem-post-data-source-post_date\" ><div style=\"font-size: 18px;color: #82368c;line-height: 1.1;text-align: left;font-family:Roboto Condensed;font-weight:700;font-style:normal\" >2024\/03\/18<\/div><\/div><div class=\"vc_separator wpb_content_element vc_separator_align_center vc_sep_width_30 vc_sep_border_width_3 vc_sep_pos_align_left vc_separator_no_text wpb_content_element  wpb_content_element\" ><span class=\"vc_sep_holder vc_sep_holder_l\"><span style=\"border-color:#5b9c28;\" class=\"vc_sep_line\"><\/span><\/span><span class=\"vc_sep_holder vc_sep_holder_r\"><span style=\"border-color:#5b9c28;\" class=\"vc_sep_line\"><\/span><\/span>\n<\/div><div class=\"vc_gitem-post-meta-field-resumen resumen_size_mini vc_gitem-align-justify\">Aho eta Hortzen Higienea zikloko 2.mailako Bintou Traore ikasleak Dual Intentsiboko esperientzia kontatu zien DBH eta batxilergoko hainbat ikasleri martxoaren 12an, Parke Teknologikoan.\r\nParke teknologikoen sareak, Ikaslanek eta Hetelek antolatu zuten ekitaldi aberasgarri hau. \r\n\r\n<\/div><div class=\"vc_empty_space\"   style=\"height: 20px\"><span class=\"vc_empty_space_inner\"><\/span><\/div><div class=\"vc_btn3-container  btn_background_news_mini vc_btn3-center vc_custom_1648212009051\"><a onmouseleave=\"this.style.borderColor='#82368c'; this.style.backgroundColor='transparent'; this.style.color='#82368c'\" onmouseenter=\"this.style.borderColor='#82368c'; this.style.backgroundColor='#82368c'; this.style.color='#ffffff';\" style=\"border-color:#82368c; color:#82368c;\" class=\"vc_general vc_btn3 vc_btn3-size-xs vc_btn3-shape-square vc_btn3-style-outline-custom\" a href=\"https:\/\/franciscodevitoria.eus\/eu\/esperientzia-partekatzen\/\" class=\"vc_gitem-link vc_general vc_btn3 vc_general vc_btn3 vc_btn3-size-xs vc_btn3-shape-square vc_btn3-style-outline-custom btn_background_news_mini\" title=\"Gehiago irakurri\">Gehiago irakurri<\/a><\/div><\/div><\/div><\/div><\/div><\/div><div class=\"vc_clearfix\"><\/div><\/div><div class=\"vc_grid-item vc_clearfix vc_col-sm-4 vc_grid-item-zone-c-bottom\"><div class=\"vc_grid-item-mini vc_clearfix \"><div class=\"vc_gitem-animated-block\" ><div class=\"vc_gitem-zone vc_gitem-zone-a vc_custom_1643014993987 vc-gitem-zone-height-mode-auto vc-gitem-zone-height-mode-auto-16-9\" style=\"background-image: url('https:\/\/franciscodevitoria.eus\/wp-content\/uploads\/2024\/03\/jambo.png') !important;\"><img class=\"vc_gitem-zone-img\" src=\"https:\/\/franciscodevitoria.eus\/wp-content\/uploads\/2024\/03\/jambo.png\" alt=\"JAMBO CONGO\" loading=\"lazy\"><div class=\"vc_gitem-zone-mini\"><div class=\"vc_gitem_row vc_row vc_gitem-row-position-top\"><div class=\"vc_col-sm-12 vc_gitem-col vc_gitem-col-align- vc_custom_1643016875389\"><div field_61ea9bbf8a9fb class=\"vc_gitem-acf videoWrapper vc_gitem-align-justify field_61ea9bbf8a9fb\"><\/div><\/div><\/div><\/div><\/div><\/div><div class=\"vc_gitem-zone vc_gitem-zone-c vc_custom_1643015000822\"><div class=\"vc_gitem-zone-mini\"><div class=\"vc_gitem_row vc_row vc_gitem-row-position-top\"><div class=\"vc_col-sm-12 vc_gitem-col vc_gitem-col-align- vc_custom_1643015126761\"><div class=\"vc_custom_heading vc_gitem-post-data vc_gitem-post-data-source-post_title\" ><h3 style=\"font-size: 22px;color: #000000;line-height: 24px;text-align: left;font-family:Exo;font-weight:500;font-style:normal\" ><a href=\"https:\/\/franciscodevitoria.eus\/eu\/jambo-congo\/\" class=\"vc_gitem-link\" title=\"JAMBO CONGO\">JAMBO CONGO<\/a><\/h3><\/div><div class=\"vc_custom_heading vc_custom_1643014169565 vc_gitem-post-data vc_gitem-post-data-source-post_date\" ><div style=\"font-size: 18px;color: #82368c;line-height: 1.1;text-align: left;font-family:Roboto Condensed;font-weight:700;font-style:normal\" >2024\/03\/13<\/div><\/div><div class=\"vc_separator wpb_content_element vc_separator_align_center vc_sep_width_30 vc_sep_border_width_3 vc_sep_pos_align_left vc_separator_no_text wpb_content_element  wpb_content_element\" ><span class=\"vc_sep_holder vc_sep_holder_l\"><span style=\"border-color:#5b9c28;\" class=\"vc_sep_line\"><\/span><\/span><span class=\"vc_sep_holder vc_sep_holder_r\"><span style=\"border-color:#5b9c28;\" class=\"vc_sep_line\"><\/span><\/span>\n<\/div><div class=\"vc_gitem-post-meta-field-resumen resumen_size_mini vc_gitem-align-justify\">Martxoaren 12an, Gasteizko JAMBO CONGO Elkarteko presidentea den IDOIA MORENOren bisita izan genuen. Aho eta Hortzen Higienea zikloko 1. mailako ikasleek adi-adi jarraitu zuten bere hitzaldia, beraien 5. erronkarako oso baliograrria izango duten informazioa eskuratuz.  Idoiak Congoko errealitate latza azaldu zigun: alde batetik munduko herrialderik aberatsena da, mineralei dagokienez, bestetik emakumeentzako bortitzena eta arriskutsuena eta bertan jendeak ahal duen moduan bizirauten du. Horretaz gain, elkarteak bertan lantzen dituen proiektuak, eskola eta ospitalea, erakutsi zizkigun ere bai. \r\nESKERRIK ASKO IDOIA zure denbora gurekin partekatzeagatik eta Congoko errealitatea guregana hurbiltzeagatik. \r\n\r\nInformazio gehiago:\r\nhttps:\/\/jambocongoblog.wordpress.com\r\nFacebook e Instagram: JAMBOCONGO<\/div><div class=\"vc_empty_space\"   style=\"height: 20px\"><span class=\"vc_empty_space_inner\"><\/span><\/div><div class=\"vc_btn3-container  btn_background_news_mini vc_btn3-center vc_custom_1648212009051\"><a onmouseleave=\"this.style.borderColor='#82368c'; this.style.backgroundColor='transparent'; this.style.color='#82368c'\" onmouseenter=\"this.style.borderColor='#82368c'; this.style.backgroundColor='#82368c'; this.style.color='#ffffff';\" style=\"border-color:#82368c; color:#82368c;\" class=\"vc_general vc_btn3 vc_btn3-size-xs vc_btn3-shape-square vc_btn3-style-outline-custom\" a href=\"https:\/\/franciscodevitoria.eus\/eu\/jambo-congo\/\" class=\"vc_gitem-link vc_general vc_btn3 vc_general vc_btn3 vc_btn3-size-xs vc_btn3-shape-square vc_btn3-style-outline-custom btn_background_news_mini\" title=\"Gehiago irakurri\">Gehiago irakurri<\/a><\/div><\/div><\/div><\/div><\/div><\/div><div class=\"vc_clearfix\"><\/div><\/div><div class=\"vc_grid-item vc_clearfix vc_col-sm-4 vc_grid-item-zone-c-bottom\"><div class=\"vc_grid-item-mini vc_clearfix \"><div class=\"vc_gitem-animated-block\" ><div class=\"vc_gitem-zone vc_gitem-zone-a vc_custom_1643014993987 vc-gitem-zone-height-mode-auto vc-gitem-zone-height-mode-auto-16-9\" style=\"background-image: url('https:\/\/franciscodevitoria.eus\/wp-content\/uploads\/2024\/02\/puertas_abiertas_2024.jpg') !important;\"><img class=\"vc_gitem-zone-img\" src=\"https:\/\/franciscodevitoria.eus\/wp-content\/uploads\/2024\/02\/puertas_abiertas_2024.jpg\" alt=\"Ate Irekien Jaurdunaldiak Maiatzak 8-9\" loading=\"lazy\"><div class=\"vc_gitem-zone-mini\"><div class=\"vc_gitem_row vc_row vc_gitem-row-position-top\"><div class=\"vc_col-sm-12 vc_gitem-col vc_gitem-col-align- vc_custom_1643016875389\"><div field_61ea9bbf8a9fb class=\"vc_gitem-acf videoWrapper vc_gitem-align-justify field_61ea9bbf8a9fb\"><\/div><\/div><\/div><\/div><\/div><\/div><div class=\"vc_gitem-zone vc_gitem-zone-c vc_custom_1643015000822\"><div class=\"vc_gitem-zone-mini\"><div class=\"vc_gitem_row vc_row vc_gitem-row-position-top\"><div class=\"vc_col-sm-12 vc_gitem-col vc_gitem-col-align- vc_custom_1643015126761\"><div class=\"vc_custom_heading vc_gitem-post-data vc_gitem-post-data-source-post_title\" ><h3 style=\"font-size: 22px;color: #000000;line-height: 24px;text-align: left;font-family:Exo;font-weight:500;font-style:normal\" ><a href=\"https:\/\/franciscodevitoria.eus\/eu\/ate-irekien-jaurdunaldiak-maiatzak-8-9\/\" class=\"vc_gitem-link\" title=\"Ate Irekien Jaurdunaldiak Maiatzak 8-9\">Ate Irekien Jaurdunaldiak Maiatzak 8-9<\/a><\/h3><\/div><div class=\"vc_custom_heading vc_custom_1643014169565 vc_gitem-post-data vc_gitem-post-data-source-post_date\" ><div style=\"font-size: 18px;color: #82368c;line-height: 1.1;text-align: left;font-family:Roboto Condensed;font-weight:700;font-style:normal\" >2024\/02\/22<\/div><\/div><div class=\"vc_separator wpb_content_element vc_separator_align_center vc_sep_width_30 vc_sep_border_width_3 vc_sep_pos_align_left vc_separator_no_text wpb_content_element  wpb_content_element\" ><span class=\"vc_sep_holder vc_sep_holder_l\"><span style=\"border-color:#5b9c28;\" class=\"vc_sep_line\"><\/span><\/span><span class=\"vc_sep_holder vc_sep_holder_r\"><span style=\"border-color:#5b9c28;\" class=\"vc_sep_line\"><\/span><\/span>\n<\/div><div class=\"vc_gitem-post-meta-field-resumen resumen_size_mini vc_gitem-align-justify\">Erdi Mailako edo Goi Mailako Heziketa Ziklo bat ikastea pentsatzen ari bazara, IES FRANCISCO DE VITORIA BHIk Maiatzaren 8an eta 9an irekiko ditu ateak, \r\n16. 00etan, ikastetxea eta haren prestakuntza-eskaintza ezagutu ditzazun.\r\n<\/div><div class=\"vc_empty_space\"   style=\"height: 20px\"><span class=\"vc_empty_space_inner\"><\/span><\/div><div class=\"vc_btn3-container  btn_background_news_mini vc_btn3-center vc_custom_1648212009051\"><a onmouseleave=\"this.style.borderColor='#82368c'; this.style.backgroundColor='transparent'; this.style.color='#82368c'\" onmouseenter=\"this.style.borderColor='#82368c'; this.style.backgroundColor='#82368c'; this.style.color='#ffffff';\" style=\"border-color:#82368c; color:#82368c;\" class=\"vc_general vc_btn3 vc_btn3-size-xs vc_btn3-shape-square vc_btn3-style-outline-custom\" a href=\"https:\/\/franciscodevitoria.eus\/eu\/ate-irekien-jaurdunaldiak-maiatzak-8-9\/\" class=\"vc_gitem-link vc_general vc_btn3 vc_general vc_btn3 vc_btn3-size-xs vc_btn3-shape-square vc_btn3-style-outline-custom btn_background_news_mini\" title=\"Gehiago irakurri\">Gehiago irakurri<\/a><\/div><\/div><\/div><\/div><\/div><\/div><div class=\"vc_clearfix\"><\/div><\/div><div class=\"vc_grid-item vc_clearfix vc_col-sm-4 vc_grid-item-zone-c-bottom\"><div class=\"vc_grid-item-mini vc_clearfix \"><div class=\"vc_gitem-animated-block\" ><div class=\"vc_gitem-zone vc_gitem-zone-a vc_custom_1643014993987 vc-gitem-zone-height-mode-auto vc-gitem-zone-height-mode-auto-16-9\" style=\"background-image: url('https:\/\/franciscodevitoria.eus\/wp-content\/uploads\/2024\/02\/banco.jpeg') !important;\"><img class=\"vc_gitem-zone-img\" src=\"https:\/\/franciscodevitoria.eus\/wp-content\/uploads\/2024\/02\/banco.jpeg\" alt=\"Elikagaiak biltzeko eta dohaintzak egiteko kanpaina.\" loading=\"lazy\"><div class=\"vc_gitem-zone-mini\"><div class=\"vc_gitem_row vc_row vc_gitem-row-position-top\"><div class=\"vc_col-sm-12 vc_gitem-col vc_gitem-col-align- vc_custom_1643016875389\"><div field_61ea9bbf8a9fb class=\"vc_gitem-acf videoWrapper vc_gitem-align-justify field_61ea9bbf8a9fb\"><\/div><\/div><\/div><\/div><\/div><\/div><div class=\"vc_gitem-zone vc_gitem-zone-c vc_custom_1643015000822\"><div class=\"vc_gitem-zone-mini\"><div class=\"vc_gitem_row vc_row vc_gitem-row-position-top\"><div class=\"vc_col-sm-12 vc_gitem-col vc_gitem-col-align- vc_custom_1643015126761\"><div class=\"vc_custom_heading vc_gitem-post-data vc_gitem-post-data-source-post_title\" ><h3 style=\"font-size: 22px;color: #000000;line-height: 24px;text-align: left;font-family:Exo;font-weight:500;font-style:normal\" ><a href=\"https:\/\/franciscodevitoria.eus\/eu\/elikagaiak-biltzeko-eta-dohaintzak-egiteko-kanpaina\/\" class=\"vc_gitem-link\" title=\"Elikagaiak biltzeko eta dohaintzak egiteko kanpaina.\">Elikagaiak biltzeko eta dohaintzak egiteko kanpaina.<\/a><\/h3><\/div><div class=\"vc_custom_heading vc_custom_1643014169565 vc_gitem-post-data vc_gitem-post-data-source-post_date\" ><div style=\"font-size: 18px;color: #82368c;line-height: 1.1;text-align: left;font-family:Roboto Condensed;font-weight:700;font-style:normal\" >2024\/02\/08<\/div><\/div><div class=\"vc_separator wpb_content_element vc_separator_align_center vc_sep_width_30 vc_sep_border_width_3 vc_sep_pos_align_left vc_separator_no_text wpb_content_element  wpb_content_element\" ><span class=\"vc_sep_holder vc_sep_holder_l\"><span style=\"border-color:#5b9c28;\" class=\"vc_sep_line\"><\/span><\/span><span class=\"vc_sep_holder vc_sep_holder_r\"><span style=\"border-color:#5b9c28;\" class=\"vc_sep_line\"><\/span><\/span>\n<\/div><div class=\"vc_gitem-post-meta-field-resumen resumen_size_mini vc_gitem-align-justify\">Gure institutuak, Francisco de Vitoriak, \"Elikagaiak biltzeko eta dohaintzak egiteko kanpaina\" egin du Arabako Elikagaien Bankuarentzat. Kanpaina horretan, ikastetxeko ikasleek, irakasleek eta irakasle ez diren langileek parte hartu dute.\r\n<\/div><div class=\"vc_empty_space\"   style=\"height: 20px\"><span class=\"vc_empty_space_inner\"><\/span><\/div><div class=\"vc_btn3-container  btn_background_news_mini vc_btn3-center vc_custom_1648212009051\"><a onmouseleave=\"this.style.borderColor='#82368c'; this.style.backgroundColor='transparent'; this.style.color='#82368c'\" onmouseenter=\"this.style.borderColor='#82368c'; this.style.backgroundColor='#82368c'; this.style.color='#ffffff';\" style=\"border-color:#82368c; color:#82368c;\" class=\"vc_general vc_btn3 vc_btn3-size-xs vc_btn3-shape-square vc_btn3-style-outline-custom\" a href=\"https:\/\/franciscodevitoria.eus\/eu\/elikagaiak-biltzeko-eta-dohaintzak-egiteko-kanpaina\/\" class=\"vc_gitem-link vc_general vc_btn3 vc_general vc_btn3 vc_btn3-size-xs vc_btn3-shape-square vc_btn3-style-outline-custom btn_background_news_mini\" title=\"Gehiago irakurri\">Gehiago irakurri<\/a><\/div><\/div><\/div><\/div><\/div><\/div><div class=\"vc_clearfix\"><\/div><\/div><div class=\"vc_grid-item vc_clearfix vc_col-sm-4 vc_grid-item-zone-c-bottom\"><div class=\"vc_grid-item-mini vc_clearfix \"><div class=\"vc_gitem-animated-block\" ><div class=\"vc_gitem-zone vc_gitem-zone-a vc_custom_1643014993987 vc-gitem-zone-height-mode-auto vc-gitem-zone-height-mode-auto-16-9\" style=\"background-image: url('https:\/\/franciscodevitoria.eus\/wp-content\/uploads\/2024\/02\/globo.png') !important;\"><img class=\"vc_gitem-zone-img\" src=\"https:\/\/franciscodevitoria.eus\/wp-content\/uploads\/2024\/02\/globo.png\" alt=\"Hegan egiten lagunduko dizugu\" loading=\"lazy\"><div class=\"vc_gitem-zone-mini\"><div class=\"vc_gitem_row vc_row vc_gitem-row-position-top\"><div class=\"vc_col-sm-12 vc_gitem-col vc_gitem-col-align- vc_custom_1643016875389\"><div field_61ea9bbf8a9fb class=\"vc_gitem-acf videoWrapper vc_gitem-align-justify field_61ea9bbf8a9fb\"><\/div><\/div><\/div><\/div><\/div><\/div><div class=\"vc_gitem-zone vc_gitem-zone-c vc_custom_1643015000822\"><div class=\"vc_gitem-zone-mini\"><div class=\"vc_gitem_row vc_row vc_gitem-row-position-top\"><div class=\"vc_col-sm-12 vc_gitem-col vc_gitem-col-align- vc_custom_1643015126761\"><div class=\"vc_custom_heading vc_gitem-post-data vc_gitem-post-data-source-post_title\" ><h3 style=\"font-size: 22px;color: #000000;line-height: 24px;text-align: left;font-family:Exo;font-weight:500;font-style:normal\" ><a href=\"https:\/\/franciscodevitoria.eus\/eu\/hegan-egiten-lagunduko-dizugu\/\" class=\"vc_gitem-link\" title=\"Hegan egiten lagunduko dizugu\">Hegan egiten lagunduko dizugu<\/a><\/h3><\/div><div class=\"vc_custom_heading vc_custom_1643014169565 vc_gitem-post-data vc_gitem-post-data-source-post_date\" ><div style=\"font-size: 18px;color: #82368c;line-height: 1.1;text-align: left;font-family:Roboto Condensed;font-weight:700;font-style:normal\" >2024\/02\/07<\/div><\/div><div class=\"vc_separator wpb_content_element vc_separator_align_center vc_sep_width_30 vc_sep_border_width_3 vc_sep_pos_align_left vc_separator_no_text wpb_content_element  wpb_content_element\" ><span class=\"vc_sep_holder vc_sep_holder_l\"><span style=\"border-color:#5b9c28;\" class=\"vc_sep_line\"><\/span><\/span><span class=\"vc_sep_holder vc_sep_holder_r\"><span style=\"border-color:#5b9c28;\" class=\"vc_sep_line\"><\/span><\/span>\n<\/div><div class=\"vc_gitem-post-meta-field-resumen resumen_size_mini vc_gitem-align-justify\">Zure emantzipaziorako erantzun guztiak.\r\nGaztea bazara eta emantzipatu nahi baduzu, kontuan izan GAZ.\r\nZure emantzipazio-ibilbidean informatu, orientatu eta lagunduko dizugu.<\/div><div class=\"vc_empty_space\"   style=\"height: 20px\"><span class=\"vc_empty_space_inner\"><\/span><\/div><div class=\"vc_btn3-container  btn_background_news_mini vc_btn3-center vc_custom_1648212009051\"><a onmouseleave=\"this.style.borderColor='#82368c'; this.style.backgroundColor='transparent'; this.style.color='#82368c'\" onmouseenter=\"this.style.borderColor='#82368c'; this.style.backgroundColor='#82368c'; this.style.color='#ffffff';\" style=\"border-color:#82368c; color:#82368c;\" class=\"vc_general vc_btn3 vc_btn3-size-xs vc_btn3-shape-square vc_btn3-style-outline-custom\" a href=\"https:\/\/franciscodevitoria.eus\/eu\/hegan-egiten-lagunduko-dizugu\/\" class=\"vc_gitem-link vc_general vc_btn3 vc_general vc_btn3 vc_btn3-size-xs vc_btn3-shape-square vc_btn3-style-outline-custom btn_background_news_mini\" title=\"Gehiago irakurri\">Gehiago irakurri<\/a><\/div><\/div><\/div><\/div><\/div><\/div><div class=\"vc_clearfix\"><\/div><\/div><div class=\"vc_grid-item vc_clearfix vc_col-sm-4 vc_grid-item-zone-c-bottom\"><div class=\"vc_grid-item-mini vc_clearfix \"><div class=\"vc_gitem-animated-block\" ><div class=\"vc_gitem-zone vc_gitem-zone-a vc_custom_1643014993987 vc-gitem-zone-height-mode-auto vc-gitem-zone-height-mode-auto-16-9\" style=\"background-image: url('https:\/\/franciscodevitoria.eus\/wp-content\/uploads\/2024\/01\/eman odola.png') !important;\"><img class=\"vc_gitem-zone-img\" src=\"https:\/\/franciscodevitoria.eus\/wp-content\/uploads\/2024\/01\/eman odola.png\" alt=\"Eman odola, nigan bizi\" loading=\"lazy\"><div class=\"vc_gitem-zone-mini\"><div class=\"vc_gitem_row vc_row vc_gitem-row-position-top\"><div class=\"vc_col-sm-12 vc_gitem-col vc_gitem-col-align- vc_custom_1643016875389\"><div field_61ea9bbf8a9fb class=\"vc_gitem-acf videoWrapper vc_gitem-align-justify field_61ea9bbf8a9fb\"><\/div><\/div><\/div><\/div><\/div><\/div><div class=\"vc_gitem-zone vc_gitem-zone-c vc_custom_1643015000822\"><div class=\"vc_gitem-zone-mini\"><div class=\"vc_gitem_row vc_row vc_gitem-row-position-top\"><div class=\"vc_col-sm-12 vc_gitem-col vc_gitem-col-align- vc_custom_1643015126761\"><div class=\"vc_custom_heading vc_gitem-post-data vc_gitem-post-data-source-post_title\" ><h3 style=\"font-size: 22px;color: #000000;line-height: 24px;text-align: left;font-family:Exo;font-weight:500;font-style:normal\" ><a href=\"https:\/\/franciscodevitoria.eus\/eu\/eman-odola-nigan-bizi\/\" class=\"vc_gitem-link\" title=\"Eman odola, nigan bizi\">Eman odola, nigan bizi<\/a><\/h3><\/div><div class=\"vc_custom_heading vc_custom_1643014169565 vc_gitem-post-data vc_gitem-post-data-source-post_date\" ><div style=\"font-size: 18px;color: #82368c;line-height: 1.1;text-align: left;font-family:Roboto Condensed;font-weight:700;font-style:normal\" >2024\/01\/30<\/div><\/div><div class=\"vc_separator wpb_content_element vc_separator_align_center vc_sep_width_30 vc_sep_border_width_3 vc_sep_pos_align_left vc_separator_no_text wpb_content_element  wpb_content_element\" ><span class=\"vc_sep_holder vc_sep_holder_l\"><span style=\"border-color:#5b9c28;\" class=\"vc_sep_line\"><\/span><\/span><span class=\"vc_sep_holder vc_sep_holder_r\"><span style=\"border-color:#5b9c28;\" class=\"vc_sep_line\"><\/span><\/span>\n<\/div><div class=\"vc_gitem-post-meta-field-resumen resumen_size_mini vc_gitem-align-justify\">Urtarrilaren 30ean, odol ateraldiei buruzko hitzaldiak izan dira. Honekin, ikasleak sentsibilizatu nahi ditugu eta gai honen garrantzia argitara ekarri. Saio presentzialean ikasle batzuk egongo diren arren, streaming bidez lanbide heziketako ikasle talde guztiek jaso ahal izan dute informazioa. Streaming-a martxan jartzea talde lanaren ondorio izan da eta oso pozik gaude! Eskerrik asko parte hartu duzuen guztioi.\r\nOtsailaren 6an odol ateraldiak izango ditugu institutuan. Odol tantek bizitzak salbatu ditzakete eta. Eman odola, nigan bizi.<\/div><div class=\"vc_empty_space\"   style=\"height: 20px\"><span class=\"vc_empty_space_inner\"><\/span><\/div><div class=\"vc_btn3-container  btn_background_news_mini vc_btn3-center vc_custom_1648212009051\"><a onmouseleave=\"this.style.borderColor='#82368c'; this.style.backgroundColor='transparent'; this.style.color='#82368c'\" onmouseenter=\"this.style.borderColor='#82368c'; this.style.backgroundColor='#82368c'; this.style.color='#ffffff';\" style=\"border-color:#82368c; color:#82368c;\" class=\"vc_general vc_btn3 vc_btn3-size-xs vc_btn3-shape-square vc_btn3-style-outline-custom\" a href=\"https:\/\/franciscodevitoria.eus\/eu\/eman-odola-nigan-bizi\/\" class=\"vc_gitem-link vc_general vc_btn3 vc_general vc_btn3 vc_btn3-size-xs vc_btn3-shape-square vc_btn3-style-outline-custom btn_background_news_mini\" title=\"Gehiago irakurri\">Gehiago irakurri<\/a><\/div><\/div><\/div><\/div><\/div><\/div><div class=\"vc_clearfix\"><\/div><\/div><div class=\"vc_grid-item vc_clearfix vc_col-sm-4 vc_grid-item-zone-c-bottom\"><div class=\"vc_grid-item-mini vc_clearfix \"><div class=\"vc_gitem-animated-block\" ><div class=\"vc_gitem-zone vc_gitem-zone-a vc_custom_1643014993987 vc-gitem-zone-height-mode-auto vc-gitem-zone-height-mode-auto-16-9\" style=\"background-image: url('https:\/\/franciscodevitoria.eus\/wp-content\/uploads\/2023\/12\/60f50f7b-5811-48a3-bc55-33420b2a956b.png') !important;\"><img class=\"vc_gitem-zone-img\" src=\"https:\/\/franciscodevitoria.eus\/wp-content\/uploads\/2023\/12\/60f50f7b-5811-48a3-bc55-33420b2a956b.png\" alt=\"\"Recetas FdV, un mundo por descubrir\"\" loading=\"lazy\"><div class=\"vc_gitem-zone-mini\"><div class=\"vc_gitem_row vc_row vc_gitem-row-position-top\"><div class=\"vc_col-sm-12 vc_gitem-col vc_gitem-col-align- vc_custom_1643016875389\"><div field_61ea9bbf8a9fb class=\"vc_gitem-acf videoWrapper vc_gitem-align-justify field_61ea9bbf8a9fb\"><\/div><\/div><\/div><\/div><\/div><\/div><div class=\"vc_gitem-zone vc_gitem-zone-c vc_custom_1643015000822\"><div class=\"vc_gitem-zone-mini\"><div class=\"vc_gitem_row vc_row vc_gitem-row-position-top\"><div class=\"vc_col-sm-12 vc_gitem-col vc_gitem-col-align- vc_custom_1643015126761\"><div class=\"vc_custom_heading vc_gitem-post-data vc_gitem-post-data-source-post_title\" ><h3 style=\"font-size: 22px;color: #000000;line-height: 24px;text-align: left;font-family:Exo;font-weight:500;font-style:normal\" ><a href=\"https:\/\/franciscodevitoria.eus\/eu\/recetas-fdv-un-mundo-por-descubrir\/\" class=\"vc_gitem-link\" title=\"&#8220;Recetas FdV, un mundo por descubrir&#8221;\">&#8220;Recetas FdV, un mundo por descubrir&#8221;<\/a><\/h3><\/div><div class=\"vc_custom_heading vc_custom_1643014169565 vc_gitem-post-data vc_gitem-post-data-source-post_date\" ><div style=\"font-size: 18px;color: #82368c;line-height: 1.1;text-align: left;font-family:Roboto Condensed;font-weight:700;font-style:normal\" >2023\/12\/14<\/div><\/div><div class=\"vc_separator wpb_content_element vc_separator_align_center vc_sep_width_30 vc_sep_border_width_3 vc_sep_pos_align_left vc_separator_no_text wpb_content_element  wpb_content_element\" ><span class=\"vc_sep_holder vc_sep_holder_l\"><span style=\"border-color:#5b9c28;\" class=\"vc_sep_line\"><\/span><\/span><span class=\"vc_sep_holder vc_sep_holder_r\"><span style=\"border-color:#5b9c28;\" class=\"vc_sep_line\"><\/span><\/span>\n<\/div><div class=\"vc_gitem-post-meta-field-resumen resumen_size_mini vc_gitem-align-justify\">Joan den ikasturtean sukaldaritzako errezeta batzuk prestatu zenituzten euskara, ingelesa eta gaztelania klaseetan.  Gogoratzen duzue? \r\n\r\nZuen familiekin batera zuek guztiok egindako lana aurkezteko unea iritsi da. Hori dela eta, IES Francisco de Vitoria BHIko zuzendaritza taldeak eta irakasleok \"Recetas FdV, un mundo por descubrir\" liburuaren aurkezpen-ekitaldira gonbidatzen zaituztegu.\r\nAurkezpen-ekitaldia izango da, abenduaren 14an, 19:00etan, Dendarabako B aretoan (El Corte Inglesen aurrean). \r\n\r\n Bertaratzen zareten guztioi liburuaren kopia bat oparituko dizuegu.  Bestalde, liburua formatu digitalean, IES Francisco de Vitoria BHIren webgunean kontsulta dezakezue.\r\n\r\nElkar izango gara.<\/div><div class=\"vc_empty_space\"   style=\"height: 20px\"><span class=\"vc_empty_space_inner\"><\/span><\/div><div class=\"vc_btn3-container  btn_background_news_mini vc_btn3-center vc_custom_1648212009051\"><a onmouseleave=\"this.style.borderColor='#82368c'; this.style.backgroundColor='transparent'; this.style.color='#82368c'\" onmouseenter=\"this.style.borderColor='#82368c'; this.style.backgroundColor='#82368c'; this.style.color='#ffffff';\" style=\"border-color:#82368c; color:#82368c;\" class=\"vc_general vc_btn3 vc_btn3-size-xs vc_btn3-shape-square vc_btn3-style-outline-custom\" a href=\"https:\/\/franciscodevitoria.eus\/eu\/recetas-fdv-un-mundo-por-descubrir\/\" class=\"vc_gitem-link vc_general vc_btn3 vc_general vc_btn3 vc_btn3-size-xs vc_btn3-shape-square vc_btn3-style-outline-custom btn_background_news_mini\" title=\"Gehiago irakurri\">Gehiago irakurri<\/a><\/div><\/div><\/div><\/div><\/div><\/div><div class=\"vc_clearfix\"><\/div><\/div><div class=\"vc_grid-item vc_clearfix vc_col-sm-4 vc_grid-item-zone-c-bottom\"><div class=\"vc_grid-item-mini vc_clearfix \"><div class=\"vc_gitem-animated-block\" ><div class=\"vc_gitem-zone vc_gitem-zone-a vc_custom_1643014993987 vc-gitem-zone-height-mode-auto vc-gitem-zone-height-mode-auto-16-9\" style=\"background-image: url('https:\/\/franciscodevitoria.eus\/wp-content\/uploads\/2023\/12\/architecture-city-skyscraper-vacation-walk-europe-684698-pxhere.com.jpg') !important;\"><img class=\"vc_gitem-zone-img\" src=\"https:\/\/franciscodevitoria.eus\/wp-content\/uploads\/2023\/12\/architecture-city-skyscraper-vacation-walk-europe-684698-pxhere.com.jpg\" alt=\"TURISMO-ZIKLOA AMSTERDAMEN  (2023ko azaroaren 20ko astea)\" loading=\"lazy\"><div class=\"vc_gitem-zone-mini\"><div class=\"vc_gitem_row vc_row vc_gitem-row-position-top\"><div class=\"vc_col-sm-12 vc_gitem-col vc_gitem-col-align- vc_custom_1643016875389\"><div field_61ea9bbf8a9fb class=\"vc_gitem-acf videoWrapper vc_gitem-align-justify field_61ea9bbf8a9fb\"><\/div><\/div><\/div><\/div><\/div><\/div><div class=\"vc_gitem-zone vc_gitem-zone-c vc_custom_1643015000822\"><div class=\"vc_gitem-zone-mini\"><div class=\"vc_gitem_row vc_row vc_gitem-row-position-top\"><div class=\"vc_col-sm-12 vc_gitem-col vc_gitem-col-align- vc_custom_1643015126761\"><div class=\"vc_custom_heading vc_gitem-post-data vc_gitem-post-data-source-post_title\" ><h3 style=\"font-size: 22px;color: #000000;line-height: 24px;text-align: left;font-family:Exo;font-weight:500;font-style:normal\" ><a href=\"https:\/\/franciscodevitoria.eus\/eu\/turismo-zikloa-amsterdamen-2023ko-azaroaren-20ko-astea\/\" class=\"vc_gitem-link\" title=\"TURISMO-ZIKLOA AMSTERDAMEN  (2023ko azaroaren 20ko astea)\">TURISMO-ZIKLOA AMSTERDAMEN  (2023ko azaroaren 20ko astea)<\/a><\/h3><\/div><div class=\"vc_custom_heading vc_custom_1643014169565 vc_gitem-post-data vc_gitem-post-data-source-post_date\" ><div style=\"font-size: 18px;color: #82368c;line-height: 1.1;text-align: left;font-family:Roboto Condensed;font-weight:700;font-style:normal\" >2023\/12\/12<\/div><\/div><div class=\"vc_separator wpb_content_element vc_separator_align_center vc_sep_width_30 vc_sep_border_width_3 vc_sep_pos_align_left vc_separator_no_text wpb_content_element  wpb_content_element\" ><span class=\"vc_sep_holder vc_sep_holder_l\"><span style=\"border-color:#5b9c28;\" class=\"vc_sep_line\"><\/span><\/span><span class=\"vc_sep_holder vc_sep_holder_r\"><span style=\"border-color:#5b9c28;\" class=\"vc_sep_line\"><\/span><\/span>\n<\/div><div class=\"vc_gitem-post-meta-field-resumen resumen_size_mini vc_gitem-align-justify\">Azaroko aste honetan, Nerea Fz de Ortega Larruzea Francisco de Vitoria BHIko Turismo Zikloko irakaslea Amsterdamera joan zen TRIBE NLk antolatutako jardueretan parte hartzera.\r\n<\/div><div class=\"vc_empty_space\"   style=\"height: 20px\"><span class=\"vc_empty_space_inner\"><\/span><\/div><div class=\"vc_btn3-container  btn_background_news_mini vc_btn3-center vc_custom_1648212009051\"><a onmouseleave=\"this.style.borderColor='#82368c'; this.style.backgroundColor='transparent'; this.style.color='#82368c'\" onmouseenter=\"this.style.borderColor='#82368c'; this.style.backgroundColor='#82368c'; this.style.color='#ffffff';\" style=\"border-color:#82368c; color:#82368c;\" class=\"vc_general vc_btn3 vc_btn3-size-xs vc_btn3-shape-square vc_btn3-style-outline-custom\" a href=\"https:\/\/franciscodevitoria.eus\/eu\/turismo-zikloa-amsterdamen-2023ko-azaroaren-20ko-astea\/\" class=\"vc_gitem-link vc_general vc_btn3 vc_general vc_btn3 vc_btn3-size-xs vc_btn3-shape-square vc_btn3-style-outline-custom btn_background_news_mini\" title=\"Gehiago irakurri\">Gehiago irakurri<\/a><\/div><\/div><\/div><\/div><\/div><\/div><div class=\"vc_clearfix\"><\/div><\/div><div class=\"vc_grid-item vc_clearfix vc_col-sm-4 vc_grid-item-zone-c-bottom\"><div class=\"vc_grid-item-mini vc_clearfix \"><div class=\"vc_gitem-animated-block\" ><div class=\"vc_gitem-zone vc_gitem-zone-a vc_custom_1643014993987 vc-gitem-zone-height-mode-auto vc-gitem-zone-height-mode-auto-16-9\" style=\"background-image: url('https:\/\/franciscodevitoria.eus\/wp-content\/uploads\/2023\/12\/start.jpg') !important;\"><img class=\"vc_gitem-zone-img\" src=\"https:\/\/franciscodevitoria.eus\/wp-content\/uploads\/2023\/12\/start.jpg\" alt=\"STARTInnova\" loading=\"lazy\"><div class=\"vc_gitem-zone-mini\"><div class=\"vc_gitem_row vc_row vc_gitem-row-position-top\"><div class=\"vc_col-sm-12 vc_gitem-col vc_gitem-col-align- vc_custom_1643016875389\"><div field_61ea9bbf8a9fb class=\"vc_gitem-acf videoWrapper vc_gitem-align-justify field_61ea9bbf8a9fb\"><\/div><\/div><\/div><\/div><\/div><\/div><div class=\"vc_gitem-zone vc_gitem-zone-c vc_custom_1643015000822\"><div class=\"vc_gitem-zone-mini\"><div class=\"vc_gitem_row vc_row vc_gitem-row-position-top\"><div class=\"vc_col-sm-12 vc_gitem-col vc_gitem-col-align- vc_custom_1643015126761\"><div class=\"vc_custom_heading vc_gitem-post-data vc_gitem-post-data-source-post_title\" ><h3 style=\"font-size: 22px;color: #000000;line-height: 24px;text-align: left;font-family:Exo;font-weight:500;font-style:normal\" ><a href=\"https:\/\/franciscodevitoria.eus\/eu\/startinnova\/\" class=\"vc_gitem-link\" title=\"STARTInnova\">STARTInnova<\/a><\/h3><\/div><div class=\"vc_custom_heading vc_custom_1643014169565 vc_gitem-post-data vc_gitem-post-data-source-post_date\" ><div style=\"font-size: 18px;color: #82368c;line-height: 1.1;text-align: left;font-family:Roboto Condensed;font-weight:700;font-style:normal\" >2023\/12\/11<\/div><\/div><div class=\"vc_separator wpb_content_element vc_separator_align_center vc_sep_width_30 vc_sep_border_width_3 vc_sep_pos_align_left vc_separator_no_text wpb_content_element  wpb_content_element\" ><span class=\"vc_sep_holder vc_sep_holder_l\"><span style=\"border-color:#5b9c28;\" class=\"vc_sep_line\"><\/span><\/span><span class=\"vc_sep_holder vc_sep_holder_r\"><span style=\"border-color:#5b9c28;\" class=\"vc_sep_line\"><\/span><\/span>\n<\/div><div class=\"vc_gitem-post-meta-field-resumen resumen_size_mini vc_gitem-align-justify\">STARTInnovan sinergiak sortzen dira, ikasleentzat garrantzitsuak direnak, bai hezkuntza-mailan, bai lan-arloan.\r\n\r\n<\/div><div class=\"vc_empty_space\"   style=\"height: 20px\"><span class=\"vc_empty_space_inner\"><\/span><\/div><div class=\"vc_btn3-container  btn_background_news_mini vc_btn3-center vc_custom_1648212009051\"><a onmouseleave=\"this.style.borderColor='#82368c'; this.style.backgroundColor='transparent'; this.style.color='#82368c'\" onmouseenter=\"this.style.borderColor='#82368c'; this.style.backgroundColor='#82368c'; this.style.color='#ffffff';\" style=\"border-color:#82368c; color:#82368c;\" class=\"vc_general vc_btn3 vc_btn3-size-xs vc_btn3-shape-square vc_btn3-style-outline-custom\" a href=\"https:\/\/franciscodevitoria.eus\/eu\/startinnova\/\" class=\"vc_gitem-link vc_general vc_btn3 vc_general vc_btn3 vc_btn3-size-xs vc_btn3-shape-square vc_btn3-style-outline-custom btn_background_news_mini\" title=\"Gehiago irakurri\">Gehiago irakurri<\/a><\/div><\/div><\/div><\/div><\/div><\/div><div class=\"vc_clearfix\"><\/div><\/div><div class=\"vc_grid-item vc_clearfix vc_col-sm-4 vc_grid-item-zone-c-bottom\"><div class=\"vc_grid-item-mini vc_clearfix \"><div class=\"vc_gitem-animated-block\" ><div class=\"vc_gitem-zone vc_gitem-zone-a vc_custom_1643014993987 vc-gitem-zone-height-mode-auto vc-gitem-zone-height-mode-auto-16-9\" style=\"background-image: url('https:\/\/franciscodevitoria.eus\/wp-content\/uploads\/2023\/12\/image_123650291(3)-scaled.jpg') !important;\"><img class=\"vc_gitem-zone-img\" src=\"https:\/\/franciscodevitoria.eus\/wp-content\/uploads\/2023\/12\/image_123650291(3)-scaled.jpg\" alt=\"Euskararen Eguna\" loading=\"lazy\"><div class=\"vc_gitem-zone-mini\"><div class=\"vc_gitem_row vc_row vc_gitem-row-position-top\"><div class=\"vc_col-sm-12 vc_gitem-col vc_gitem-col-align- vc_custom_1643016875389\"><div field_61ea9bbf8a9fb class=\"vc_gitem-acf videoWrapper vc_gitem-align-justify field_61ea9bbf8a9fb\"><\/div><\/div><\/div><\/div><\/div><\/div><div class=\"vc_gitem-zone vc_gitem-zone-c vc_custom_1643015000822\"><div class=\"vc_gitem-zone-mini\"><div class=\"vc_gitem_row vc_row vc_gitem-row-position-top\"><div class=\"vc_col-sm-12 vc_gitem-col vc_gitem-col-align- vc_custom_1643015126761\"><div class=\"vc_custom_heading vc_gitem-post-data vc_gitem-post-data-source-post_title\" ><h3 style=\"font-size: 22px;color: #000000;line-height: 24px;text-align: left;font-family:Exo;font-weight:500;font-style:normal\" ><a href=\"https:\/\/franciscodevitoria.eus\/eu\/euskararen-eguna\/\" class=\"vc_gitem-link\" title=\"Euskararen Eguna\">Euskararen Eguna<\/a><\/h3><\/div><div class=\"vc_custom_heading vc_custom_1643014169565 vc_gitem-post-data vc_gitem-post-data-source-post_date\" ><div style=\"font-size: 18px;color: #82368c;line-height: 1.1;text-align: left;font-family:Roboto Condensed;font-weight:700;font-style:normal\" >2023\/12\/01<\/div><\/div><div class=\"vc_separator wpb_content_element vc_separator_align_center vc_sep_width_30 vc_sep_border_width_3 vc_sep_pos_align_left vc_separator_no_text wpb_content_element  wpb_content_element\" ><span class=\"vc_sep_holder vc_sep_holder_l\"><span style=\"border-color:#5b9c28;\" class=\"vc_sep_line\"><\/span><\/span><span class=\"vc_sep_holder vc_sep_holder_r\"><span style=\"border-color:#5b9c28;\" class=\"vc_sep_line\"><\/span><\/span>\n<\/div><div class=\"vc_gitem-post-meta-field-resumen resumen_size_mini vc_gitem-align-justify\">Euskararen Eguna giro onean ospatu dugu Francisco de Vitorian eta Garibain.<\/div><div class=\"vc_empty_space\"   style=\"height: 20px\"><span class=\"vc_empty_space_inner\"><\/span><\/div><div class=\"vc_btn3-container  btn_background_news_mini vc_btn3-center vc_custom_1648212009051\"><a onmouseleave=\"this.style.borderColor='#82368c'; this.style.backgroundColor='transparent'; this.style.color='#82368c'\" onmouseenter=\"this.style.borderColor='#82368c'; this.style.backgroundColor='#82368c'; this.style.color='#ffffff';\" style=\"border-color:#82368c; color:#82368c;\" class=\"vc_general vc_btn3 vc_btn3-size-xs vc_btn3-shape-square vc_btn3-style-outline-custom\" a href=\"https:\/\/franciscodevitoria.eus\/eu\/euskararen-eguna\/\" class=\"vc_gitem-link vc_general vc_btn3 vc_general vc_btn3 vc_btn3-size-xs vc_btn3-shape-square vc_btn3-style-outline-custom btn_background_news_mini\" title=\"Gehiago irakurri\">Gehiago irakurri<\/a><\/div><\/div><\/div><\/div><\/div><\/div><div class=\"vc_clearfix\"><\/div><\/div><div class=\"vc_grid-item vc_clearfix vc_col-sm-4 vc_grid-item-zone-c-bottom\"><div class=\"vc_grid-item-mini vc_clearfix \"><div class=\"vc_gitem-animated-block\" ><div class=\"vc_gitem-zone vc_gitem-zone-a vc_custom_1643014993987 vc-gitem-zone-height-mode-auto vc-gitem-zone-height-mode-auto-16-9\" style=\"background-image: url('https:\/\/franciscodevitoria.eus\/wp-content\/uploads\/2023\/11\/Captura de pantalla 2023-11-28 114436.png') !important;\"><img class=\"vc_gitem-zone-img\" src=\"https:\/\/franciscodevitoria.eus\/wp-content\/uploads\/2023\/11\/Captura de pantalla 2023-11-28 114436.png\" alt=\"Zaramagako ikastetxeek beren patioak eraberritzearen eta bizilagunei irekitzearen alde egin dute.\" loading=\"lazy\"><div class=\"vc_gitem-zone-mini\"><div class=\"vc_gitem_row vc_row vc_gitem-row-position-top\"><div class=\"vc_col-sm-12 vc_gitem-col vc_gitem-col-align- vc_custom_1643016875389\"><div field_61ea9bbf8a9fb class=\"vc_gitem-acf videoWrapper vc_gitem-align-justify field_61ea9bbf8a9fb\"><\/div><\/div><\/div><\/div><\/div><\/div><div class=\"vc_gitem-zone vc_gitem-zone-c vc_custom_1643015000822\"><div class=\"vc_gitem-zone-mini\"><div class=\"vc_gitem_row vc_row vc_gitem-row-position-top\"><div class=\"vc_col-sm-12 vc_gitem-col vc_gitem-col-align- vc_custom_1643015126761\"><div class=\"vc_custom_heading vc_gitem-post-data vc_gitem-post-data-source-post_title\" ><h3 style=\"font-size: 22px;color: #000000;line-height: 24px;text-align: left;font-family:Exo;font-weight:500;font-style:normal\" ><a href=\"https:\/\/franciscodevitoria.eus\/eu\/zaramagako-ikastetxeek-beren-patioak-eraberritzearen-eta-bizilagunei-irekitzearen-alde-egin-dute\/\" class=\"vc_gitem-link\" title=\"Zaramagako ikastetxeek beren patioak eraberritzearen eta bizilagunei irekitzearen alde egin dute.\">Zaramagako ikastetxeek beren patioak eraberritzearen eta bizilagunei irekitzearen alde egin dute.<\/a><\/h3><\/div><div class=\"vc_custom_heading vc_custom_1643014169565 vc_gitem-post-data vc_gitem-post-data-source-post_date\" ><div style=\"font-size: 18px;color: #82368c;line-height: 1.1;text-align: left;font-family:Roboto Condensed;font-weight:700;font-style:normal\" >2023\/12\/01<\/div><\/div><div class=\"vc_separator wpb_content_element vc_separator_align_center vc_sep_width_30 vc_sep_border_width_3 vc_sep_pos_align_left vc_separator_no_text wpb_content_element  wpb_content_element\" ><span class=\"vc_sep_holder vc_sep_holder_l\"><span style=\"border-color:#5b9c28;\" class=\"vc_sep_line\"><\/span><\/span><span class=\"vc_sep_holder vc_sep_holder_r\"><span style=\"border-color:#5b9c28;\" class=\"vc_sep_line\"><\/span><\/span>\n<\/div><div class=\"vc_gitem-post-meta-field-resumen resumen_size_mini vc_gitem-align-justify\">Candido Ruiz de Garibay, Koldo Mitxelena eta Odon de Apraiz auzoaren berroneratze planaren barruan dauden hainbat ekimenetan ari dira lanean.<\/div><div class=\"vc_empty_space\"   style=\"height: 20px\"><span class=\"vc_empty_space_inner\"><\/span><\/div><div class=\"vc_btn3-container  btn_background_news_mini vc_btn3-center vc_custom_1648212009051\"><a onmouseleave=\"this.style.borderColor='#82368c'; this.style.backgroundColor='transparent'; this.style.color='#82368c'\" onmouseenter=\"this.style.borderColor='#82368c'; this.style.backgroundColor='#82368c'; this.style.color='#ffffff';\" style=\"border-color:#82368c; color:#82368c;\" class=\"vc_general vc_btn3 vc_btn3-size-xs vc_btn3-shape-square vc_btn3-style-outline-custom\" a href=\"https:\/\/franciscodevitoria.eus\/eu\/zaramagako-ikastetxeek-beren-patioak-eraberritzearen-eta-bizilagunei-irekitzearen-alde-egin-dute\/\" class=\"vc_gitem-link vc_general vc_btn3 vc_general vc_btn3 vc_btn3-size-xs vc_btn3-shape-square vc_btn3-style-outline-custom btn_background_news_mini\" title=\"Gehiago irakurri\">Gehiago irakurri<\/a><\/div><\/div><\/div><\/div><\/div><\/div><div class=\"vc_clearfix\"><\/div><\/div><div class=\"vc_grid-item vc_clearfix vc_col-sm-4 vc_grid-item-zone-c-bottom\"><div class=\"vc_grid-item-mini vc_clearfix \"><div class=\"vc_gitem-animated-block\" ><div class=\"vc_gitem-zone vc_gitem-zone-a vc_custom_1643014993987 vc-gitem-zone-height-mode-auto vc-gitem-zone-height-mode-auto-16-9\" style=\"background-image: url('https:\/\/franciscodevitoria.eus\/wp-content\/uploads\/2023\/11\/stop.png') !important;\"><img class=\"vc_gitem-zone-img\" src=\"https:\/\/franciscodevitoria.eus\/wp-content\/uploads\/2023\/11\/stop.png\" alt=\"Urriak 25a emakumearen aurkako indarkeria salatzeko eguna!\" loading=\"lazy\"><div class=\"vc_gitem-zone-mini\"><div class=\"vc_gitem_row vc_row vc_gitem-row-position-top\"><div class=\"vc_col-sm-12 vc_gitem-col vc_gitem-col-align- vc_custom_1643016875389\"><div field_61ea9bbf8a9fb class=\"vc_gitem-acf videoWrapper vc_gitem-align-justify field_61ea9bbf8a9fb\"><\/div><\/div><\/div><\/div><\/div><\/div><div class=\"vc_gitem-zone vc_gitem-zone-c vc_custom_1643015000822\"><div class=\"vc_gitem-zone-mini\"><div class=\"vc_gitem_row vc_row vc_gitem-row-position-top\"><div class=\"vc_col-sm-12 vc_gitem-col vc_gitem-col-align- vc_custom_1643015126761\"><div class=\"vc_custom_heading vc_gitem-post-data vc_gitem-post-data-source-post_title\" ><h3 style=\"font-size: 22px;color: #000000;line-height: 24px;text-align: left;font-family:Exo;font-weight:500;font-style:normal\" ><a href=\"https:\/\/franciscodevitoria.eus\/eu\/urriak-25a-emakumearen-aurkako-indarkeria-salatzeko-eguna\/\" class=\"vc_gitem-link\" title=\"Urriak 25a emakumearen aurkako indarkeria salatzeko eguna!\">Urriak 25a emakumearen aurkako indarkeria salatzeko eguna!<\/a><\/h3><\/div><div class=\"vc_custom_heading vc_custom_1643014169565 vc_gitem-post-data vc_gitem-post-data-source-post_date\" ><div style=\"font-size: 18px;color: #82368c;line-height: 1.1;text-align: left;font-family:Roboto Condensed;font-weight:700;font-style:normal\" >2023\/12\/01<\/div><\/div><div class=\"vc_separator wpb_content_element vc_separator_align_center vc_sep_width_30 vc_sep_border_width_3 vc_sep_pos_align_left vc_separator_no_text wpb_content_element  wpb_content_element\" ><span class=\"vc_sep_holder vc_sep_holder_l\"><span style=\"border-color:#5b9c28;\" class=\"vc_sep_line\"><\/span><\/span><span class=\"vc_sep_holder vc_sep_holder_r\"><span style=\"border-color:#5b9c28;\" class=\"vc_sep_line\"><\/span><\/span>\n<\/div><div class=\"vc_gitem-post-meta-field-resumen resumen_size_mini vc_gitem-align-justify\">Gizarteratzeko ikaslegoak bideo hauek prestatu dituzte.<\/div><div class=\"vc_empty_space\"   style=\"height: 20px\"><span class=\"vc_empty_space_inner\"><\/span><\/div><div class=\"vc_btn3-container  btn_background_news_mini vc_btn3-center vc_custom_1648212009051\"><a onmouseleave=\"this.style.borderColor='#82368c'; this.style.backgroundColor='transparent'; this.style.color='#82368c'\" onmouseenter=\"this.style.borderColor='#82368c'; this.style.backgroundColor='#82368c'; this.style.color='#ffffff';\" style=\"border-color:#82368c; color:#82368c;\" class=\"vc_general vc_btn3 vc_btn3-size-xs vc_btn3-shape-square vc_btn3-style-outline-custom\" a href=\"https:\/\/franciscodevitoria.eus\/eu\/urriak-25a-emakumearen-aurkako-indarkeria-salatzeko-eguna\/\" class=\"vc_gitem-link vc_general vc_btn3 vc_general vc_btn3 vc_btn3-size-xs vc_btn3-shape-square vc_btn3-style-outline-custom btn_background_news_mini\" title=\"Gehiago irakurri\">Gehiago irakurri<\/a><\/div><\/div><\/div><\/div><\/div><\/div><div class=\"vc_clearfix\"><\/div><\/div><div class=\"vc_grid-item vc_clearfix vc_col-sm-4 vc_grid-item-zone-c-bottom\"><div class=\"vc_grid-item-mini vc_clearfix \"><div class=\"vc_gitem-animated-block\" ><div class=\"vc_gitem-zone vc_gitem-zone-a vc_custom_1643014993987 vc-gitem-zone-height-mode-auto vc-gitem-zone-height-mode-auto-16-9\" style=\"background-image: url('https:\/\/franciscodevitoria.eus\/wp-content\/uploads\/2023\/11\/Zaramaga.JPG') !important;\"><img class=\"vc_gitem-zone-img\" src=\"https:\/\/franciscodevitoria.eus\/wp-content\/uploads\/2023\/11\/Zaramaga.JPG\" alt=\"C\u00e1ndido Ruiz de Garibayk patioa berritu du\" loading=\"lazy\"><div class=\"vc_gitem-zone-mini\"><div class=\"vc_gitem_row vc_row vc_gitem-row-position-top\"><div class=\"vc_col-sm-12 vc_gitem-col vc_gitem-col-align- vc_custom_1643016875389\"><div field_61ea9bbf8a9fb class=\"vc_gitem-acf videoWrapper vc_gitem-align-justify field_61ea9bbf8a9fb\"><\/div><\/div><\/div><\/div><\/div><\/div><div class=\"vc_gitem-zone vc_gitem-zone-c vc_custom_1643015000822\"><div class=\"vc_gitem-zone-mini\"><div class=\"vc_gitem_row vc_row vc_gitem-row-position-top\"><div class=\"vc_col-sm-12 vc_gitem-col vc_gitem-col-align- vc_custom_1643015126761\"><div class=\"vc_custom_heading vc_gitem-post-data vc_gitem-post-data-source-post_title\" ><h3 style=\"font-size: 22px;color: #000000;line-height: 24px;text-align: left;font-family:Exo;font-weight:500;font-style:normal\" ><a href=\"https:\/\/franciscodevitoria.eus\/eu\/candido-ruiz-de-garibayk-patioa-berritu-du\/\" class=\"vc_gitem-link\" title=\"C\u00e1ndido Ruiz de Garibayk patioa berritu du\">C\u00e1ndido Ruiz de Garibayk patioa berritu du<\/a><\/h3><\/div><div class=\"vc_custom_heading vc_custom_1643014169565 vc_gitem-post-data vc_gitem-post-data-source-post_date\" ><div style=\"font-size: 18px;color: #82368c;line-height: 1.1;text-align: left;font-family:Roboto Condensed;font-weight:700;font-style:normal\" >2023\/11\/28<\/div><\/div><div class=\"vc_separator wpb_content_element vc_separator_align_center vc_sep_width_30 vc_sep_border_width_3 vc_sep_pos_align_left vc_separator_no_text wpb_content_element  wpb_content_element\" ><span class=\"vc_sep_holder vc_sep_holder_l\"><span style=\"border-color:#5b9c28;\" class=\"vc_sep_line\"><\/span><\/span><span class=\"vc_sep_holder vc_sep_holder_r\"><span style=\"border-color:#5b9c28;\" class=\"vc_sep_line\"><\/span><\/span>\n<\/div><div class=\"vc_gitem-post-meta-field-resumen resumen_size_mini vc_gitem-align-justify\">Candido Ruiz de Garibay, Koldo Mitxelena eta Odon de Apraiz auzoaren berritze planerako hainbat ekimenetan ari dira lanean.<\/div><div class=\"vc_empty_space\"   style=\"height: 20px\"><span class=\"vc_empty_space_inner\"><\/span><\/div><div class=\"vc_btn3-container  btn_background_news_mini vc_btn3-center vc_custom_1648212009051\"><a onmouseleave=\"this.style.borderColor='#82368c'; this.style.backgroundColor='transparent'; this.style.color='#82368c'\" onmouseenter=\"this.style.borderColor='#82368c'; this.style.backgroundColor='#82368c'; this.style.color='#ffffff';\" style=\"border-color:#82368c; color:#82368c;\" class=\"vc_general vc_btn3 vc_btn3-size-xs vc_btn3-shape-square vc_btn3-style-outline-custom\" a href=\"https:\/\/franciscodevitoria.eus\/eu\/candido-ruiz-de-garibayk-patioa-berritu-du\/\" class=\"vc_gitem-link vc_general vc_btn3 vc_general vc_btn3 vc_btn3-size-xs vc_btn3-shape-square vc_btn3-style-outline-custom btn_background_news_mini\" title=\"Gehiago irakurri\">Gehiago irakurri<\/a><\/div><\/div><\/div><\/div><\/div><\/div><div class=\"vc_clearfix\"><\/div><\/div><div class=\"vc_grid-item vc_clearfix vc_col-sm-4 vc_grid-item-zone-c-bottom\"><div class=\"vc_grid-item-mini vc_clearfix \"><div class=\"vc_gitem-animated-block\" ><div class=\"vc_gitem-zone vc_gitem-zone-a vc_custom_1643014993987 vc-gitem-zone-height-mode-auto vc-gitem-zone-height-mode-auto-16-9\" style=\"background-image: url('https:\/\/franciscodevitoria.eus\/wp-content\/uploads\/2023\/11\/3.png') !important;\"><img class=\"vc_gitem-zone-img\" src=\"https:\/\/franciscodevitoria.eus\/wp-content\/uploads\/2023\/11\/3.png\" alt=\"Bizikidetzarako 50 errezeta\" loading=\"lazy\"><div class=\"vc_gitem-zone-mini\"><div class=\"vc_gitem_row vc_row vc_gitem-row-position-top\"><div class=\"vc_col-sm-12 vc_gitem-col vc_gitem-col-align- vc_custom_1643016875389\"><div field_61ea9bbf8a9fb class=\"vc_gitem-acf videoWrapper vc_gitem-align-justify field_61ea9bbf8a9fb\"><\/div><\/div><\/div><\/div><\/div><\/div><div class=\"vc_gitem-zone vc_gitem-zone-c vc_custom_1643015000822\"><div class=\"vc_gitem-zone-mini\"><div class=\"vc_gitem_row vc_row vc_gitem-row-position-top\"><div class=\"vc_col-sm-12 vc_gitem-col vc_gitem-col-align- vc_custom_1643015126761\"><div class=\"vc_custom_heading vc_gitem-post-data vc_gitem-post-data-source-post_title\" ><h3 style=\"font-size: 22px;color: #000000;line-height: 24px;text-align: left;font-family:Exo;font-weight:500;font-style:normal\" ><a href=\"https:\/\/franciscodevitoria.eus\/eu\/bizikidetzarako-50-errezeta\/\" class=\"vc_gitem-link\" title=\"Bizikidetzarako 50 errezeta\">Bizikidetzarako 50 errezeta<\/a><\/h3><\/div><div class=\"vc_custom_heading vc_custom_1643014169565 vc_gitem-post-data vc_gitem-post-data-source-post_date\" ><div style=\"font-size: 18px;color: #82368c;line-height: 1.1;text-align: left;font-family:Roboto Condensed;font-weight:700;font-style:normal\" >2023\/11\/22<\/div><\/div><div class=\"vc_separator wpb_content_element vc_separator_align_center vc_sep_width_30 vc_sep_border_width_3 vc_sep_pos_align_left vc_separator_no_text wpb_content_element  wpb_content_element\" ><span class=\"vc_sep_holder vc_sep_holder_l\"><span style=\"border-color:#5b9c28;\" class=\"vc_sep_line\"><\/span><\/span><span class=\"vc_sep_holder vc_sep_holder_r\"><span style=\"border-color:#5b9c28;\" class=\"vc_sep_line\"><\/span><\/span>\n<\/div><div class=\"vc_gitem-post-meta-field-resumen resumen_size_mini vc_gitem-align-justify\">Francisco de Vitoria BHI bere ikasleen familiek egindako plater tipikoekin liburua prestatzen ari da.\r\n\r\n\r\n<\/div><div class=\"vc_empty_space\"   style=\"height: 20px\"><span class=\"vc_empty_space_inner\"><\/span><\/div><div class=\"vc_btn3-container  btn_background_news_mini vc_btn3-center vc_custom_1648212009051\"><a onmouseleave=\"this.style.borderColor='#82368c'; this.style.backgroundColor='transparent'; this.style.color='#82368c'\" onmouseenter=\"this.style.borderColor='#82368c'; this.style.backgroundColor='#82368c'; this.style.color='#ffffff';\" style=\"border-color:#82368c; color:#82368c;\" class=\"vc_general vc_btn3 vc_btn3-size-xs vc_btn3-shape-square vc_btn3-style-outline-custom\" a href=\"https:\/\/franciscodevitoria.eus\/eu\/bizikidetzarako-50-errezeta\/\" class=\"vc_gitem-link vc_general vc_btn3 vc_general vc_btn3 vc_btn3-size-xs vc_btn3-shape-square vc_btn3-style-outline-custom btn_background_news_mini\" title=\"Gehiago irakurri\">Gehiago irakurri<\/a><\/div><\/div><\/div><\/div><\/div><\/div><div class=\"vc_clearfix\"><\/div><\/div><div class=\"vc_grid-item vc_clearfix vc_col-sm-4 vc_grid-item-zone-c-bottom\"><div class=\"vc_grid-item-mini vc_clearfix \"><div class=\"vc_gitem-animated-block\" ><div class=\"vc_gitem-zone vc_gitem-zone-a vc_custom_1643014993987 vc-gitem-zone-height-mode-auto vc-gitem-zone-height-mode-auto-16-9\" style=\"background-image: url('https:\/\/franciscodevitoria.eus\/wp-content\/uploads\/2023\/10\/Captura de pantalla 2023-10-31 124143.png') !important;\"><img class=\"vc_gitem-zone-img\" src=\"https:\/\/franciscodevitoria.eus\/wp-content\/uploads\/2023\/10\/Captura de pantalla 2023-10-31 124143.png\" alt=\"Ikasleek mamu eta armiarma-sareekin jantzi dituzte ikastetxeak\" loading=\"lazy\"><div class=\"vc_gitem-zone-mini\"><div class=\"vc_gitem_row vc_row vc_gitem-row-position-top\"><div class=\"vc_col-sm-12 vc_gitem-col vc_gitem-col-align- vc_custom_1643016875389\"><div field_61ea9bbf8a9fb class=\"vc_gitem-acf videoWrapper vc_gitem-align-justify field_61ea9bbf8a9fb\"><\/div><\/div><\/div><\/div><\/div><\/div><div class=\"vc_gitem-zone vc_gitem-zone-c vc_custom_1643015000822\"><div class=\"vc_gitem-zone-mini\"><div class=\"vc_gitem_row vc_row vc_gitem-row-position-top\"><div class=\"vc_col-sm-12 vc_gitem-col vc_gitem-col-align- vc_custom_1643015126761\"><div class=\"vc_custom_heading vc_gitem-post-data vc_gitem-post-data-source-post_title\" ><h3 style=\"font-size: 22px;color: #000000;line-height: 24px;text-align: left;font-family:Exo;font-weight:500;font-style:normal\" ><a href=\"https:\/\/franciscodevitoria.eus\/eu\/ikasleek-mamu-eta-armiarma-sareekin-jantzi-dituzte-ikastetxeak\/\" class=\"vc_gitem-link\" title=\"Ikasleek mamu eta armiarma-sareekin jantzi dituzte ikastetxeak\">Ikasleek mamu eta armiarma-sareekin jantzi dituzte ikastetxeak<\/a><\/h3><\/div><div class=\"vc_custom_heading vc_custom_1643014169565 vc_gitem-post-data vc_gitem-post-data-source-post_date\" ><div style=\"font-size: 18px;color: #82368c;line-height: 1.1;text-align: left;font-family:Roboto Condensed;font-weight:700;font-style:normal\" >2023\/10\/31<\/div><\/div><div class=\"vc_separator wpb_content_element vc_separator_align_center vc_sep_width_30 vc_sep_border_width_3 vc_sep_pos_align_left vc_separator_no_text wpb_content_element  wpb_content_element\" ><span class=\"vc_sep_holder vc_sep_holder_l\"><span style=\"border-color:#5b9c28;\" class=\"vc_sep_line\"><\/span><\/span><span class=\"vc_sep_holder vc_sep_holder_r\"><span style=\"border-color:#5b9c28;\" class=\"vc_sep_line\"><\/span><\/span>\n<\/div><div class=\"vc_gitem-post-meta-field-resumen resumen_size_mini vc_gitem-align-justify\">Gau Beltza, Arimen Gaua edo Halloween eguneko ospakizunekin bat egin dute ikasleek, eta Halloween edo Gau Beltzaren motiboekin jantzi dituzte Francisco de Vitoria eta Garibai ikastetxeen sarrera eta korridoreak. Mamu, armiarma-sare, hilkutxa eta armiarmen artean, musika beldurgarriarekin sartu dira goizean goiz ikasleak ikastetxera. Arratsaldean, mozorroak jantzi eta Xanduli, manduli, kikirriki\u2026 eman gozokiak guri! esanez, gozoki bila aterako dira asko.\r\n\r\nESKERRIK ASKO!!<\/div><div class=\"vc_empty_space\"   style=\"height: 20px\"><span class=\"vc_empty_space_inner\"><\/span><\/div><div class=\"vc_btn3-container  btn_background_news_mini vc_btn3-center vc_custom_1648212009051\"><a onmouseleave=\"this.style.borderColor='#82368c'; this.style.backgroundColor='transparent'; this.style.color='#82368c'\" onmouseenter=\"this.style.borderColor='#82368c'; this.style.backgroundColor='#82368c'; this.style.color='#ffffff';\" style=\"border-color:#82368c; color:#82368c;\" class=\"vc_general vc_btn3 vc_btn3-size-xs vc_btn3-shape-square vc_btn3-style-outline-custom\" a href=\"https:\/\/franciscodevitoria.eus\/eu\/ikasleek-mamu-eta-armiarma-sareekin-jantzi-dituzte-ikastetxeak\/\" class=\"vc_gitem-link vc_general vc_btn3 vc_general vc_btn3 vc_btn3-size-xs vc_btn3-shape-square vc_btn3-style-outline-custom btn_background_news_mini\" title=\"Gehiago irakurri\">Gehiago irakurri<\/a><\/div><\/div><\/div><\/div><\/div><\/div><div class=\"vc_clearfix\"><\/div><\/div><div class=\"vc_grid-item vc_clearfix vc_col-sm-4 vc_grid-item-zone-c-bottom\"><div class=\"vc_grid-item-mini vc_clearfix \"><div class=\"vc_gitem-animated-block\" ><div class=\"vc_gitem-zone vc_gitem-zone-a vc_custom_1643014993987 vc-gitem-zone-height-mode-auto vc-gitem-zone-height-mode-auto-16-9\" style=\"background-image: url('https:\/\/franciscodevitoria.eus\/wp-content\/uploads\/2023\/10\/Captura de pantalla 2023-10-27 102512.png') !important;\"><img class=\"vc_gitem-zone-img\" src=\"https:\/\/franciscodevitoria.eus\/wp-content\/uploads\/2023\/10\/Captura de pantalla 2023-10-27 102512.png\" alt=\"TXAGORRITXU eta ZADORRA egoitzetara bisita egin dute ikasleek\" loading=\"lazy\"><div class=\"vc_gitem-zone-mini\"><div class=\"vc_gitem_row vc_row vc_gitem-row-position-top\"><div class=\"vc_col-sm-12 vc_gitem-col vc_gitem-col-align- vc_custom_1643016875389\"><div field_61ea9bbf8a9fb class=\"vc_gitem-acf videoWrapper vc_gitem-align-justify field_61ea9bbf8a9fb\"><\/div><\/div><\/div><\/div><\/div><\/div><div class=\"vc_gitem-zone vc_gitem-zone-c vc_custom_1643015000822\"><div class=\"vc_gitem-zone-mini\"><div class=\"vc_gitem_row vc_row vc_gitem-row-position-top\"><div class=\"vc_col-sm-12 vc_gitem-col vc_gitem-col-align- vc_custom_1643015126761\"><div class=\"vc_custom_heading vc_gitem-post-data vc_gitem-post-data-source-post_title\" ><h3 style=\"font-size: 22px;color: #000000;line-height: 24px;text-align: left;font-family:Exo;font-weight:500;font-style:normal\" ><a href=\"https:\/\/franciscodevitoria.eus\/eu\/txagorritxu-eta-zadorra-egoitzetara-bisita-egin-dute-ikasleek\/\" class=\"vc_gitem-link\" title=\"TXAGORRITXU eta ZADORRA egoitzetara bisita egin dute ikasleek\">TXAGORRITXU eta ZADORRA egoitzetara bisita egin dute ikasleek<\/a><\/h3><\/div><div class=\"vc_custom_heading vc_custom_1643014169565 vc_gitem-post-data vc_gitem-post-data-source-post_date\" ><div style=\"font-size: 18px;color: #82368c;line-height: 1.1;text-align: left;font-family:Roboto Condensed;font-weight:700;font-style:normal\" >2023\/10\/27<\/div><\/div><div class=\"vc_separator wpb_content_element vc_separator_align_center vc_sep_width_30 vc_sep_border_width_3 vc_sep_pos_align_left vc_separator_no_text wpb_content_element  wpb_content_element\" ><span class=\"vc_sep_holder vc_sep_holder_l\"><span style=\"border-color:#5b9c28;\" class=\"vc_sep_line\"><\/span><\/span><span class=\"vc_sep_holder vc_sep_holder_r\"><span style=\"border-color:#5b9c28;\" class=\"vc_sep_line\"><\/span><\/span>\n<\/div><div class=\"vc_gitem-post-meta-field-resumen resumen_size_mini vc_gitem-align-justify\">Francisco de Vitoriak eskaintzen duen Erizaintza Zaintza Osagarriak zikloko ikasleek etorkizuneean egin beharko duten lana zertan datzan ezagutu ahal izan dute. Izan ere, Txagorritxu eta Zadorra egoitzetan izan dira, bertako langileek egiten duten lana ikusteko. Besteak beste, egunerokotasuna eta eremu desberdinak ikusteaz gain, bertako profesionalen eginkizunak zeintzuk diren ikusi dute 1. mailako ikasleek; batez ere, erizain laguntzaileena.<\/div><div class=\"vc_empty_space\"   style=\"height: 20px\"><span class=\"vc_empty_space_inner\"><\/span><\/div><div class=\"vc_btn3-container  btn_background_news_mini vc_btn3-center vc_custom_1648212009051\"><a onmouseleave=\"this.style.borderColor='#82368c'; this.style.backgroundColor='transparent'; this.style.color='#82368c'\" onmouseenter=\"this.style.borderColor='#82368c'; this.style.backgroundColor='#82368c'; this.style.color='#ffffff';\" style=\"border-color:#82368c; color:#82368c;\" class=\"vc_general vc_btn3 vc_btn3-size-xs vc_btn3-shape-square vc_btn3-style-outline-custom\" a href=\"https:\/\/franciscodevitoria.eus\/eu\/txagorritxu-eta-zadorra-egoitzetara-bisita-egin-dute-ikasleek\/\" class=\"vc_gitem-link vc_general vc_btn3 vc_general vc_btn3 vc_btn3-size-xs vc_btn3-shape-square vc_btn3-style-outline-custom btn_background_news_mini\" title=\"Gehiago irakurri\">Gehiago irakurri<\/a><\/div><\/div><\/div><\/div><\/div><\/div><div class=\"vc_clearfix\"><\/div><\/div><div class=\"vc_grid-item vc_clearfix vc_col-sm-4 vc_grid-item-zone-c-bottom\"><div class=\"vc_grid-item-mini vc_clearfix \"><div class=\"vc_gitem-animated-block\" ><div class=\"vc_gitem-zone vc_gitem-zone-a vc_custom_1643014993987 vc-gitem-zone-height-mode-auto vc-gitem-zone-height-mode-auto-16-9\" style=\"background-image: url('https:\/\/franciscodevitoria.eus\/wp-content\/uploads\/2022\/05\/template-img.jpg') !important;\"><img class=\"vc_gitem-zone-img\" src=\"https:\/\/franciscodevitoria.eus\/wp-content\/uploads\/2022\/05\/template-img.jpg\" alt=\"\\\"El Pilar, auzo baten historia\\\"\" loading=\"lazy\"><div class=\"vc_gitem-zone-mini\"><div class=\"vc_gitem_row vc_row vc_gitem-row-position-top\"><div class=\"vc_col-sm-12 vc_gitem-col vc_gitem-col-align- vc_custom_1643016875389\"><div field_61ea9bbf8a9fb class=\"vc_gitem-acf videoWrapper vc_gitem-align-justify field_61ea9bbf8a9fb\"><iframe title=\"EL PILAR, Historia de un barrio, EL PILAR,  auzo baten historia\" width=\"640\" height=\"360\" src=\"https:\/\/www.youtube.com\/embed\/xE56f85V8IU?feature=oembed\" frameborder=\"0\" allow=\"accelerometer; autoplay; clipboard-write; encrypted-media; gyroscope; picture-in-picture; web-share\" referrerpolicy=\"strict-origin-when-cross-origin\" allowfullscreen><\/iframe><\/div><\/div><\/div><\/div><\/div><\/div><div class=\"vc_gitem-zone vc_gitem-zone-c vc_custom_1643015000822\"><div class=\"vc_gitem-zone-mini\"><div class=\"vc_gitem_row vc_row vc_gitem-row-position-top\"><div class=\"vc_col-sm-12 vc_gitem-col vc_gitem-col-align- vc_custom_1643015126761\"><div class=\"vc_custom_heading vc_gitem-post-data vc_gitem-post-data-source-post_title\" ><h3 style=\"font-size: 22px;color: #000000;line-height: 24px;text-align: left;font-family:Exo;font-weight:500;font-style:normal\" ><a href=\"https:\/\/franciscodevitoria.eus\/eu\/el-pilar-auzo-baten-historia\/\" class=\"vc_gitem-link\" title=\"\\&#8221;El Pilar, auzo baten historia\\&#8221;\">\\&#8221;El Pilar, auzo baten historia\\&#8221;<\/a><\/h3><\/div><div class=\"vc_custom_heading vc_custom_1643014169565 vc_gitem-post-data vc_gitem-post-data-source-post_date\" ><div style=\"font-size: 18px;color: #82368c;line-height: 1.1;text-align: left;font-family:Roboto Condensed;font-weight:700;font-style:normal\" >2023\/10\/23<\/div><\/div><div class=\"vc_separator wpb_content_element vc_separator_align_center vc_sep_width_30 vc_sep_border_width_3 vc_sep_pos_align_left vc_separator_no_text wpb_content_element  wpb_content_element\" ><span class=\"vc_sep_holder vc_sep_holder_l\"><span style=\"border-color:#5b9c28;\" class=\"vc_sep_line\"><\/span><\/span><span class=\"vc_sep_holder vc_sep_holder_r\"><span style=\"border-color:#5b9c28;\" class=\"vc_sep_line\"><\/span><\/span>\n<\/div><div class=\"vc_gitem-post-meta-field-resumen resumen_size_mini vc_gitem-align-justify\">\"El Pilar, auzo baten historia\", auzo eragileen sareak bere sorreraren 60. urteurrena ospatzeko egindako ikus-entzunezkoa da.\r\nAuzotarrek euren istorioen eta auzoarekin duten harremanaren kontakizuna egiten dute. Auzoan bizi edota lan egiten dutenak,  auzoaren hastapenak bizi zutenek eta  sartu berriak direnak ere. Adin eta  jatorri desberdinetakoak, guztiak nortasun komuna ematen dien komunitate bereko kideak dira: auzoa.<\/div><div class=\"vc_empty_space\"   style=\"height: 20px\"><span class=\"vc_empty_space_inner\"><\/span><\/div><div class=\"vc_btn3-container  btn_background_news_mini vc_btn3-center vc_custom_1648212009051\"><a onmouseleave=\"this.style.borderColor='#82368c'; this.style.backgroundColor='transparent'; this.style.color='#82368c'\" onmouseenter=\"this.style.borderColor='#82368c'; this.style.backgroundColor='#82368c'; this.style.color='#ffffff';\" style=\"border-color:#82368c; color:#82368c;\" class=\"vc_general vc_btn3 vc_btn3-size-xs vc_btn3-shape-square vc_btn3-style-outline-custom\" a href=\"https:\/\/franciscodevitoria.eus\/eu\/el-pilar-auzo-baten-historia\/\" class=\"vc_gitem-link vc_general vc_btn3 vc_general vc_btn3 vc_btn3-size-xs vc_btn3-shape-square vc_btn3-style-outline-custom btn_background_news_mini\" title=\"Gehiago irakurri\">Gehiago irakurri<\/a><\/div><\/div><\/div><\/div><\/div><\/div><div class=\"vc_clearfix\"><\/div><\/div><div class=\"vc_grid-item vc_clearfix vc_col-sm-4 vc_grid-item-zone-c-bottom\"><div class=\"vc_grid-item-mini vc_clearfix \"><div class=\"vc_gitem-animated-block\" ><div class=\"vc_gitem-zone vc_gitem-zone-a vc_custom_1643014993987 vc-gitem-zone-height-mode-auto vc-gitem-zone-height-mode-auto-16-9\" style=\"background-image: url('https:\/\/franciscodevitoria.eus\/wp-content\/uploads\/2023\/10\/Gorbea_cumbre_y_cruz.jpg') !important;\"><img class=\"vc_gitem-zone-img\" src=\"https:\/\/franciscodevitoria.eus\/wp-content\/uploads\/2023\/10\/Gorbea_cumbre_y_cruz.jpg\" alt=\"Gure ikasleak Gorbeian izan dira\" loading=\"lazy\"><div class=\"vc_gitem-zone-mini\"><div class=\"vc_gitem_row vc_row vc_gitem-row-position-top\"><div class=\"vc_col-sm-12 vc_gitem-col vc_gitem-col-align- vc_custom_1643016875389\"><div field_61ea9bbf8a9fb class=\"vc_gitem-acf videoWrapper vc_gitem-align-justify field_61ea9bbf8a9fb\"><\/div><\/div><\/div><\/div><\/div><\/div><div class=\"vc_gitem-zone vc_gitem-zone-c vc_custom_1643015000822\"><div class=\"vc_gitem-zone-mini\"><div class=\"vc_gitem_row vc_row vc_gitem-row-position-top\"><div class=\"vc_col-sm-12 vc_gitem-col vc_gitem-col-align- vc_custom_1643015126761\"><div class=\"vc_custom_heading vc_gitem-post-data vc_gitem-post-data-source-post_title\" ><h3 style=\"font-size: 22px;color: #000000;line-height: 24px;text-align: left;font-family:Exo;font-weight:500;font-style:normal\" ><a href=\"https:\/\/franciscodevitoria.eus\/eu\/gure-ikasleak-gorbeian-izan-dira\/\" class=\"vc_gitem-link\" title=\"Gure ikasleak Gorbeian izan dira\">Gure ikasleak Gorbeian izan dira<\/a><\/h3><\/div><div class=\"vc_custom_heading vc_custom_1643014169565 vc_gitem-post-data vc_gitem-post-data-source-post_date\" ><div style=\"font-size: 18px;color: #82368c;line-height: 1.1;text-align: left;font-family:Roboto Condensed;font-weight:700;font-style:normal\" >2023\/10\/23<\/div><\/div><div class=\"vc_separator wpb_content_element vc_separator_align_center vc_sep_width_30 vc_sep_border_width_3 vc_sep_pos_align_left vc_separator_no_text wpb_content_element  wpb_content_element\" ><span class=\"vc_sep_holder vc_sep_holder_l\"><span style=\"border-color:#5b9c28;\" class=\"vc_sep_line\"><\/span><\/span><span class=\"vc_sep_holder vc_sep_holder_r\"><span style=\"border-color:#5b9c28;\" class=\"vc_sep_line\"><\/span><\/span>\n<\/div><div class=\"vc_gitem-post-meta-field-resumen resumen_size_mini vc_gitem-align-justify\">Urriaren 18an Gorbeiako parke naturalean barrena ibili ziren Francisco de Vitoria BHI institutuko DBH 2. mailako ikasleak. Lehenengo, basoan murgildu ziren, zuhaitz mota desberdinak ezagutuz eta bertako animaliak gertutik aztertuz. Ondoren, Gorbeiako Parketxea bisitatzeko aukera izan zuten.<\/div><div class=\"vc_empty_space\"   style=\"height: 20px\"><span class=\"vc_empty_space_inner\"><\/span><\/div><div class=\"vc_btn3-container  btn_background_news_mini vc_btn3-center vc_custom_1648212009051\"><a onmouseleave=\"this.style.borderColor='#82368c'; this.style.backgroundColor='transparent'; this.style.color='#82368c'\" onmouseenter=\"this.style.borderColor='#82368c'; this.style.backgroundColor='#82368c'; this.style.color='#ffffff';\" style=\"border-color:#82368c; color:#82368c;\" class=\"vc_general vc_btn3 vc_btn3-size-xs vc_btn3-shape-square vc_btn3-style-outline-custom\" a href=\"https:\/\/franciscodevitoria.eus\/eu\/gure-ikasleak-gorbeian-izan-dira\/\" class=\"vc_gitem-link vc_general vc_btn3 vc_general vc_btn3 vc_btn3-size-xs vc_btn3-shape-square vc_btn3-style-outline-custom btn_background_news_mini\" title=\"Gehiago irakurri\">Gehiago irakurri<\/a><\/div><\/div><\/div><\/div><\/div><\/div><div class=\"vc_clearfix\"><\/div><\/div><div class=\"vc_grid-item vc_clearfix vc_col-sm-4 vc_grid-item-zone-c-bottom\"><div class=\"vc_grid-item-mini vc_clearfix \"><div class=\"vc_gitem-animated-block\" ><div class=\"vc_gitem-zone vc_gitem-zone-a vc_custom_1643014993987 vc-gitem-zone-height-mode-auto vc-gitem-zone-height-mode-auto-16-9\" style=\"background-image: url('https:\/\/franciscodevitoria.eus\/wp-content\/uploads\/2023\/10\/democratic.png') !important;\"><img class=\"vc_gitem-zone-img\" src=\"https:\/\/franciscodevitoria.eus\/wp-content\/uploads\/2023\/10\/democratic.png\" alt=\"FRANCISCO DE VITORIA EUROPAKO KONTSEILUAN\" loading=\"lazy\"><div class=\"vc_gitem-zone-mini\"><div class=\"vc_gitem_row vc_row vc_gitem-row-position-top\"><div class=\"vc_col-sm-12 vc_gitem-col vc_gitem-col-align- vc_custom_1643016875389\"><div field_61ea9bbf8a9fb class=\"vc_gitem-acf videoWrapper vc_gitem-align-justify field_61ea9bbf8a9fb\"><\/div><\/div><\/div><\/div><\/div><\/div><div class=\"vc_gitem-zone vc_gitem-zone-c vc_custom_1643015000822\"><div class=\"vc_gitem-zone-mini\"><div class=\"vc_gitem_row vc_row vc_gitem-row-position-top\"><div class=\"vc_col-sm-12 vc_gitem-col vc_gitem-col-align- vc_custom_1643015126761\"><div class=\"vc_custom_heading vc_gitem-post-data vc_gitem-post-data-source-post_title\" ><h3 style=\"font-size: 22px;color: #000000;line-height: 24px;text-align: left;font-family:Exo;font-weight:500;font-style:normal\" ><a href=\"https:\/\/franciscodevitoria.eus\/eu\/francisco-de-vitoria-europako-kontseiluan\/\" class=\"vc_gitem-link\" title=\"FRANCISCO DE VITORIA EUROPAKO KONTSEILUAN\">FRANCISCO DE VITORIA EUROPAKO KONTSEILUAN<\/a><\/h3><\/div><div class=\"vc_custom_heading vc_custom_1643014169565 vc_gitem-post-data vc_gitem-post-data-source-post_date\" ><div style=\"font-size: 18px;color: #82368c;line-height: 1.1;text-align: left;font-family:Roboto Condensed;font-weight:700;font-style:normal\" >2023\/10\/10<\/div><\/div><div class=\"vc_separator wpb_content_element vc_separator_align_center vc_sep_width_30 vc_sep_border_width_3 vc_sep_pos_align_left vc_separator_no_text wpb_content_element  wpb_content_element\" ><span class=\"vc_sep_holder vc_sep_holder_l\"><span style=\"border-color:#5b9c28;\" class=\"vc_sep_line\"><\/span><\/span><span class=\"vc_sep_holder vc_sep_holder_r\"><span style=\"border-color:#5b9c28;\" class=\"vc_sep_line\"><\/span><\/span>\n<\/div><div class=\"vc_gitem-post-meta-field-resumen resumen_size_mini vc_gitem-align-justify\">Irailaren 5ean, Arrate Gamiz Iba\u00f1ez, Aho eta Hortzen Higienea zikloko irakasleak, Estrasburgoko Europako jauregian ospatu zen \"Thematic Event on the Reference Framework of Competences for Democratic Culture and Vocational Education and Training\" topaketan parte hartu zuen.<\/div><div class=\"vc_empty_space\"   style=\"height: 20px\"><span class=\"vc_empty_space_inner\"><\/span><\/div><div class=\"vc_btn3-container  btn_background_news_mini vc_btn3-center vc_custom_1648212009051\"><a onmouseleave=\"this.style.borderColor='#82368c'; this.style.backgroundColor='transparent'; this.style.color='#82368c'\" onmouseenter=\"this.style.borderColor='#82368c'; this.style.backgroundColor='#82368c'; this.style.color='#ffffff';\" style=\"border-color:#82368c; color:#82368c;\" class=\"vc_general vc_btn3 vc_btn3-size-xs vc_btn3-shape-square vc_btn3-style-outline-custom\" a href=\"https:\/\/franciscodevitoria.eus\/eu\/francisco-de-vitoria-europako-kontseiluan\/\" class=\"vc_gitem-link vc_general vc_btn3 vc_general vc_btn3 vc_btn3-size-xs vc_btn3-shape-square vc_btn3-style-outline-custom btn_background_news_mini\" title=\"Gehiago irakurri\">Gehiago irakurri<\/a><\/div><\/div><\/div><\/div><\/div><\/div><div class=\"vc_clearfix\"><\/div><\/div><div class=\"vc_grid-item vc_clearfix vc_col-sm-4 vc_grid-item-zone-c-bottom\"><div class=\"vc_grid-item-mini vc_clearfix \"><div class=\"vc_gitem-animated-block\" ><div class=\"vc_gitem-zone vc_gitem-zone-a vc_custom_1643014993987 vc-gitem-zone-height-mode-auto vc-gitem-zone-height-mode-auto-16-9\" style=\"background-image: url('https:\/\/franciscodevitoria.eus\/wp-content\/uploads\/2022\/06\/matricula_foto_noti.jpg') !important;\"><img class=\"vc_gitem-zone-img\" src=\"https:\/\/franciscodevitoria.eus\/wp-content\/uploads\/2022\/06\/matricula_foto_noti.jpg\" alt=\"2023-2024 kurtsoko matrikulazio protzesuari buruzko informazioa\" loading=\"lazy\"><div class=\"vc_gitem-zone-mini\"><div class=\"vc_gitem_row vc_row vc_gitem-row-position-top\"><div class=\"vc_col-sm-12 vc_gitem-col vc_gitem-col-align- vc_custom_1643016875389\"><div field_61ea9bbf8a9fb class=\"vc_gitem-acf videoWrapper vc_gitem-align-justify field_61ea9bbf8a9fb\"><\/div><\/div><\/div><\/div><\/div><\/div><div class=\"vc_gitem-zone vc_gitem-zone-c vc_custom_1643015000822\"><div class=\"vc_gitem-zone-mini\"><div class=\"vc_gitem_row vc_row vc_gitem-row-position-top\"><div class=\"vc_col-sm-12 vc_gitem-col vc_gitem-col-align- vc_custom_1643015126761\"><div class=\"vc_custom_heading vc_gitem-post-data vc_gitem-post-data-source-post_title\" ><h3 style=\"font-size: 22px;color: #000000;line-height: 24px;text-align: left;font-family:Exo;font-weight:500;font-style:normal\" ><a href=\"https:\/\/franciscodevitoria.eus\/eu\/2023-2024-kurtsoko-matrikulazio-protzesuari-buruzko-informazioa\/\" class=\"vc_gitem-link\" title=\"2023-2024 kurtsoko matrikulazio protzesuari buruzko informazioa\">2023-2024 kurtsoko matrikulazio protzesuari buruzko informazioa<\/a><\/h3><\/div><div class=\"vc_custom_heading vc_custom_1643014169565 vc_gitem-post-data vc_gitem-post-data-source-post_date\" ><div style=\"font-size: 18px;color: #82368c;line-height: 1.1;text-align: left;font-family:Roboto Condensed;font-weight:700;font-style:normal\" >2023\/06\/27<\/div><\/div><div class=\"vc_separator wpb_content_element vc_separator_align_center vc_sep_width_30 vc_sep_border_width_3 vc_sep_pos_align_left vc_separator_no_text wpb_content_element  wpb_content_element\" ><span class=\"vc_sep_holder vc_sep_holder_l\"><span style=\"border-color:#5b9c28;\" class=\"vc_sep_line\"><\/span><\/span><span class=\"vc_sep_holder vc_sep_holder_r\"><span style=\"border-color:#5b9c28;\" class=\"vc_sep_line\"><\/span><\/span>\n<\/div><div class=\"vc_gitem-post-meta-field-resumen resumen_size_mini vc_gitem-align-justify\">Eskabideak eta dokumentazioaren aurkezpena:<\/div><div class=\"vc_empty_space\"   style=\"height: 20px\"><span class=\"vc_empty_space_inner\"><\/span><\/div><div class=\"vc_btn3-container  btn_background_news_mini vc_btn3-center vc_custom_1648212009051\"><a onmouseleave=\"this.style.borderColor='#82368c'; this.style.backgroundColor='transparent'; this.style.color='#82368c'\" onmouseenter=\"this.style.borderColor='#82368c'; this.style.backgroundColor='#82368c'; this.style.color='#ffffff';\" style=\"border-color:#82368c; color:#82368c;\" class=\"vc_general vc_btn3 vc_btn3-size-xs vc_btn3-shape-square vc_btn3-style-outline-custom\" a href=\"https:\/\/franciscodevitoria.eus\/eu\/2023-2024-kurtsoko-matrikulazio-protzesuari-buruzko-informazioa\/\" class=\"vc_gitem-link vc_general vc_btn3 vc_general vc_btn3 vc_btn3-size-xs vc_btn3-shape-square vc_btn3-style-outline-custom btn_background_news_mini\" title=\"Gehiago irakurri\">Gehiago irakurri<\/a><\/div><\/div><\/div><\/div><\/div><\/div><div class=\"vc_clearfix\"><\/div><\/div><div class=\"vc_grid-item vc_clearfix vc_col-sm-4 vc_grid-item-zone-c-bottom\"><div class=\"vc_grid-item-mini vc_clearfix \"><div class=\"vc_gitem-animated-block\" ><div class=\"vc_gitem-zone vc_gitem-zone-a vc_custom_1643014993987 vc-gitem-zone-height-mode-auto vc-gitem-zone-height-mode-auto-16-9\" style=\"background-image: url('https:\/\/franciscodevitoria.eus\/wp-content\/uploads\/2023\/05\/cartel-presentacion-60-pdf.jpg') !important;\"><img class=\"vc_gitem-zone-img\" src=\"https:\/\/franciscodevitoria.eus\/wp-content\/uploads\/2023\/05\/cartel-presentacion-60-pdf.jpg\" alt=\"EL PILAR 60 URTE\" loading=\"lazy\"><div class=\"vc_gitem-zone-mini\"><div class=\"vc_gitem_row vc_row vc_gitem-row-position-top\"><div class=\"vc_col-sm-12 vc_gitem-col vc_gitem-col-align- vc_custom_1643016875389\"><div field_61ea9bbf8a9fb class=\"vc_gitem-acf videoWrapper vc_gitem-align-justify field_61ea9bbf8a9fb\"><\/div><\/div><\/div><\/div><\/div><\/div><div class=\"vc_gitem-zone vc_gitem-zone-c vc_custom_1643015000822\"><div class=\"vc_gitem-zone-mini\"><div class=\"vc_gitem_row vc_row vc_gitem-row-position-top\"><div class=\"vc_col-sm-12 vc_gitem-col vc_gitem-col-align- vc_custom_1643015126761\"><div class=\"vc_custom_heading vc_gitem-post-data vc_gitem-post-data-source-post_title\" ><h3 style=\"font-size: 22px;color: #000000;line-height: 24px;text-align: left;font-family:Exo;font-weight:500;font-style:normal\" ><a href=\"https:\/\/franciscodevitoria.eus\/eu\/el-pilar-60-urte\/\" class=\"vc_gitem-link\" title=\"EL PILAR 60 URTE\">EL PILAR 60 URTE<\/a><\/h3><\/div><div class=\"vc_custom_heading vc_custom_1643014169565 vc_gitem-post-data vc_gitem-post-data-source-post_date\" ><div style=\"font-size: 18px;color: #82368c;line-height: 1.1;text-align: left;font-family:Roboto Condensed;font-weight:700;font-style:normal\" >2023\/05\/08<\/div><\/div><div class=\"vc_separator wpb_content_element vc_separator_align_center vc_sep_width_30 vc_sep_border_width_3 vc_sep_pos_align_left vc_separator_no_text wpb_content_element  wpb_content_element\" ><span class=\"vc_sep_holder vc_sep_holder_l\"><span style=\"border-color:#5b9c28;\" class=\"vc_sep_line\"><\/span><\/span><span class=\"vc_sep_holder vc_sep_holder_r\"><span style=\"border-color:#5b9c28;\" class=\"vc_sep_line\"><\/span><\/span>\n<\/div><div class=\"vc_gitem-post-meta-field-resumen resumen_size_mini vc_gitem-align-justify\"><\/div><div class=\"vc_empty_space\"   style=\"height: 20px\"><span class=\"vc_empty_space_inner\"><\/span><\/div><div class=\"vc_btn3-container  btn_background_news_mini vc_btn3-center vc_custom_1648212009051\"><a onmouseleave=\"this.style.borderColor='#82368c'; this.style.backgroundColor='transparent'; this.style.color='#82368c'\" onmouseenter=\"this.style.borderColor='#82368c'; this.style.backgroundColor='#82368c'; this.style.color='#ffffff';\" style=\"border-color:#82368c; color:#82368c;\" class=\"vc_general vc_btn3 vc_btn3-size-xs vc_btn3-shape-square vc_btn3-style-outline-custom\" a href=\"https:\/\/franciscodevitoria.eus\/eu\/el-pilar-60-urte\/\" class=\"vc_gitem-link vc_general vc_btn3 vc_general vc_btn3 vc_btn3-size-xs vc_btn3-shape-square vc_btn3-style-outline-custom btn_background_news_mini\" title=\"Gehiago irakurri\">Gehiago irakurri<\/a><\/div><\/div><\/div><\/div><\/div><\/div><div class=\"vc_clearfix\"><\/div><\/div><div class=\"vc_grid-item vc_clearfix vc_col-sm-4 vc_grid-item-zone-c-bottom\"><div class=\"vc_grid-item-mini vc_clearfix \"><div class=\"vc_gitem-animated-block\" ><div class=\"vc_gitem-zone vc_gitem-zone-a vc_custom_1643014993987 vc-gitem-zone-height-mode-auto vc-gitem-zone-height-mode-auto-16-9\" style=\"background-image: url('https:\/\/franciscodevitoria.eus\/wp-content\/uploads\/2023\/04\/1-821367267.jpg') !important;\"><img class=\"vc_gitem-zone-img\" src=\"https:\/\/franciscodevitoria.eus\/wp-content\/uploads\/2023\/04\/1-821367267.jpg\" alt=\"Valderejo\" loading=\"lazy\"><div class=\"vc_gitem-zone-mini\"><div class=\"vc_gitem_row vc_row vc_gitem-row-position-top\"><div class=\"vc_col-sm-12 vc_gitem-col vc_gitem-col-align- vc_custom_1643016875389\"><div field_61ea9bbf8a9fb class=\"vc_gitem-acf videoWrapper vc_gitem-align-justify field_61ea9bbf8a9fb\"><a href=\"https:\/\/drive.google.com\/file\/d\/1U9PGSHgi_Fd_zKnHtG-le-se4bUqCZwR\/view?usp=sharing\">https:\/\/drive.google.com\/file\/d\/1U9PGSHgi_Fd_zKnHtG-le-se4bUqCZwR\/view?usp=sharing<\/a><\/div><\/div><\/div><\/div><\/div><\/div><div class=\"vc_gitem-zone vc_gitem-zone-c vc_custom_1643015000822\"><div class=\"vc_gitem-zone-mini\"><div class=\"vc_gitem_row vc_row vc_gitem-row-position-top\"><div class=\"vc_col-sm-12 vc_gitem-col vc_gitem-col-align- vc_custom_1643015126761\"><div class=\"vc_custom_heading vc_gitem-post-data vc_gitem-post-data-source-post_title\" ><h3 style=\"font-size: 22px;color: #000000;line-height: 24px;text-align: left;font-family:Exo;font-weight:500;font-style:normal\" ><a href=\"https:\/\/franciscodevitoria.eus\/eu\/valderejo\/\" class=\"vc_gitem-link\" title=\"Valderejo\">Valderejo<\/a><\/h3><\/div><div class=\"vc_custom_heading vc_custom_1643014169565 vc_gitem-post-data vc_gitem-post-data-source-post_date\" ><div style=\"font-size: 18px;color: #82368c;line-height: 1.1;text-align: left;font-family:Roboto Condensed;font-weight:700;font-style:normal\" >2023\/04\/29<\/div><\/div><div class=\"vc_separator wpb_content_element vc_separator_align_center vc_sep_width_30 vc_sep_border_width_3 vc_sep_pos_align_left vc_separator_no_text wpb_content_element  wpb_content_element\" ><span class=\"vc_sep_holder vc_sep_holder_l\"><span style=\"border-color:#5b9c28;\" class=\"vc_sep_line\"><\/span><\/span><span class=\"vc_sep_holder vc_sep_holder_r\"><span style=\"border-color:#5b9c28;\" class=\"vc_sep_line\"><\/span><\/span>\n<\/div><div class=\"vc_gitem-post-meta-field-resumen resumen_size_mini vc_gitem-align-justify\">Apirilaren 26an DBH4. mailako ikasleak Valderejora joan ziren eta oso ondo pasatu zuten. Hasieran, Lalastran kokaturik dagoen interpretazio zentroan parkeari eta bertako izaki bizidunei buruzko informazioa jaso zuten eta gero Herr\u00e1n herrirantz abiatu ziren. Eguraldi bikaina izan zuten eta giro ederra egon zen ikasleen eta irakasleen artean.<\/div><div class=\"vc_empty_space\"   style=\"height: 20px\"><span class=\"vc_empty_space_inner\"><\/span><\/div><div class=\"vc_btn3-container  btn_background_news_mini vc_btn3-center vc_custom_1648212009051\"><a onmouseleave=\"this.style.borderColor='#82368c'; this.style.backgroundColor='transparent'; this.style.color='#82368c'\" onmouseenter=\"this.style.borderColor='#82368c'; this.style.backgroundColor='#82368c'; this.style.color='#ffffff';\" style=\"border-color:#82368c; color:#82368c;\" class=\"vc_general vc_btn3 vc_btn3-size-xs vc_btn3-shape-square vc_btn3-style-outline-custom\" a href=\"https:\/\/franciscodevitoria.eus\/eu\/valderejo\/\" class=\"vc_gitem-link vc_general vc_btn3 vc_general vc_btn3 vc_btn3-size-xs vc_btn3-shape-square vc_btn3-style-outline-custom btn_background_news_mini\" title=\"Gehiago irakurri\">Gehiago irakurri<\/a><\/div><\/div><\/div><\/div><\/div><\/div><div class=\"vc_clearfix\"><\/div><\/div><div class=\"vc_grid-item vc_clearfix vc_col-sm-4 vc_grid-item-zone-c-bottom\"><div class=\"vc_grid-item-mini vc_clearfix \"><div class=\"vc_gitem-animated-block\" ><div class=\"vc_gitem-zone vc_gitem-zone-a vc_custom_1643014993987 vc-gitem-zone-height-mode-auto vc-gitem-zone-height-mode-auto-16-9\" style=\"background-image: url('https:\/\/franciscodevitoria.eus\/wp-content\/uploads\/2023\/04\/2030.jpg') !important;\"><img class=\"vc_gitem-zone-img\" src=\"https:\/\/franciscodevitoria.eus\/wp-content\/uploads\/2023\/04\/2030.jpg\" alt=\"Agenda 2030eko Eskola Foroa\" loading=\"lazy\"><div class=\"vc_gitem-zone-mini\"><div class=\"vc_gitem_row vc_row vc_gitem-row-position-top\"><div class=\"vc_col-sm-12 vc_gitem-col vc_gitem-col-align- vc_custom_1643016875389\"><div field_61ea9bbf8a9fb class=\"vc_gitem-acf videoWrapper vc_gitem-align-justify field_61ea9bbf8a9fb\"><\/div><\/div><\/div><\/div><\/div><\/div><div class=\"vc_gitem-zone vc_gitem-zone-c vc_custom_1643015000822\"><div class=\"vc_gitem-zone-mini\"><div class=\"vc_gitem_row vc_row vc_gitem-row-position-top\"><div class=\"vc_col-sm-12 vc_gitem-col vc_gitem-col-align- vc_custom_1643015126761\"><div class=\"vc_custom_heading vc_gitem-post-data vc_gitem-post-data-source-post_title\" ><h3 style=\"font-size: 22px;color: #000000;line-height: 24px;text-align: left;font-family:Exo;font-weight:500;font-style:normal\" ><a href=\"https:\/\/franciscodevitoria.eus\/eu\/agenda-2030eko-eskola-foroa\/\" class=\"vc_gitem-link\" title=\"Agenda 2030eko Eskola Foroa\">Agenda 2030eko Eskola Foroa<\/a><\/h3><\/div><div class=\"vc_custom_heading vc_custom_1643014169565 vc_gitem-post-data vc_gitem-post-data-source-post_date\" ><div style=\"font-size: 18px;color: #82368c;line-height: 1.1;text-align: left;font-family:Roboto Condensed;font-weight:700;font-style:normal\" >2023\/04\/25<\/div><\/div><div class=\"vc_separator wpb_content_element vc_separator_align_center vc_sep_width_30 vc_sep_border_width_3 vc_sep_pos_align_left vc_separator_no_text wpb_content_element  wpb_content_element\" ><span class=\"vc_sep_holder vc_sep_holder_l\"><span style=\"border-color:#5b9c28;\" class=\"vc_sep_line\"><\/span><\/span><span class=\"vc_sep_holder vc_sep_holder_r\"><span style=\"border-color:#5b9c28;\" class=\"vc_sep_line\"><\/span><\/span>\n<\/div><div class=\"vc_gitem-post-meta-field-resumen resumen_size_mini vc_gitem-align-justify\">Atzo, DBH4ko ekoliderrak Aldabe gizarte etxera joan ziren, gure institutuko ordezkari gisa, Agenda 2030eko Eskola foroan parte hartzera. Bertan, Gasteizko beste institutuko ikasleekin aritu ziren elkarlanean 7. Garapen Jasangarriko Helburuari buruzko konpromezuak hartzen eta udalari proposamenak egiten.<\/div><div class=\"vc_empty_space\"   style=\"height: 20px\"><span class=\"vc_empty_space_inner\"><\/span><\/div><div class=\"vc_btn3-container  btn_background_news_mini vc_btn3-center vc_custom_1648212009051\"><a onmouseleave=\"this.style.borderColor='#82368c'; this.style.backgroundColor='transparent'; this.style.color='#82368c'\" onmouseenter=\"this.style.borderColor='#82368c'; this.style.backgroundColor='#82368c'; this.style.color='#ffffff';\" style=\"border-color:#82368c; color:#82368c;\" class=\"vc_general vc_btn3 vc_btn3-size-xs vc_btn3-shape-square vc_btn3-style-outline-custom\" a href=\"https:\/\/franciscodevitoria.eus\/eu\/agenda-2030eko-eskola-foroa\/\" class=\"vc_gitem-link vc_general vc_btn3 vc_general vc_btn3 vc_btn3-size-xs vc_btn3-shape-square vc_btn3-style-outline-custom btn_background_news_mini\" title=\"Gehiago irakurri\">Gehiago irakurri<\/a><\/div><\/div><\/div><\/div><\/div><\/div><div class=\"vc_clearfix\"><\/div><\/div><div class=\"vc_grid-item vc_clearfix vc_col-sm-4 vc_grid-item-zone-c-bottom\"><div class=\"vc_grid-item-mini vc_clearfix \"><div class=\"vc_gitem-animated-block\" ><div class=\"vc_gitem-zone vc_gitem-zone-a vc_custom_1643014993987 vc-gitem-zone-height-mode-auto vc-gitem-zone-height-mode-auto-16-9\" style=\"background-image: url('https:\/\/franciscodevitoria.eus\/wp-content\/uploads\/2023\/04\/FdV. Ekoliderrak.jpg') !important;\"><img class=\"vc_gitem-zone-img\" src=\"https:\/\/franciscodevitoria.eus\/wp-content\/uploads\/2023\/04\/FdV. Ekoliderrak.jpg\" alt=\"Agenda 2030\" loading=\"lazy\"><div class=\"vc_gitem-zone-mini\"><div class=\"vc_gitem_row vc_row vc_gitem-row-position-top\"><div class=\"vc_col-sm-12 vc_gitem-col vc_gitem-col-align- vc_custom_1643016875389\"><div field_61ea9bbf8a9fb class=\"vc_gitem-acf videoWrapper vc_gitem-align-justify field_61ea9bbf8a9fb\"><\/div><\/div><\/div><\/div><\/div><\/div><div class=\"vc_gitem-zone vc_gitem-zone-c vc_custom_1643015000822\"><div class=\"vc_gitem-zone-mini\"><div class=\"vc_gitem_row vc_row vc_gitem-row-position-top\"><div class=\"vc_col-sm-12 vc_gitem-col vc_gitem-col-align- vc_custom_1643015126761\"><div class=\"vc_custom_heading vc_gitem-post-data vc_gitem-post-data-source-post_title\" ><h3 style=\"font-size: 22px;color: #000000;line-height: 24px;text-align: left;font-family:Exo;font-weight:500;font-style:normal\" ><a href=\"https:\/\/franciscodevitoria.eus\/eu\/agenda-2030\/\" class=\"vc_gitem-link\" title=\"Agenda 2030\">Agenda 2030<\/a><\/h3><\/div><div class=\"vc_custom_heading vc_custom_1643014169565 vc_gitem-post-data vc_gitem-post-data-source-post_date\" ><div style=\"font-size: 18px;color: #82368c;line-height: 1.1;text-align: left;font-family:Roboto Condensed;font-weight:700;font-style:normal\" >2023\/04\/14<\/div><\/div><div class=\"vc_separator wpb_content_element vc_separator_align_center vc_sep_width_30 vc_sep_border_width_3 vc_sep_pos_align_left vc_separator_no_text wpb_content_element  wpb_content_element\" ><span class=\"vc_sep_holder vc_sep_holder_l\"><span style=\"border-color:#5b9c28;\" class=\"vc_sep_line\"><\/span><\/span><span class=\"vc_sep_holder vc_sep_holder_r\"><span style=\"border-color:#5b9c28;\" class=\"vc_sep_line\"><\/span><\/span>\n<\/div><div class=\"vc_gitem-post-meta-field-resumen resumen_size_mini vc_gitem-align-justify\">Martxoaren 24an DBHko ikasleek, Agenda 2030 irakasle taldeak eta ekoliderrek sustatuta, Garapen Jasangarriko Helburuekin eta aldaketa klimatikoarekin loturiko hainbat jarduera egin zituzten txoko desberdinetan.<\/div><div class=\"vc_empty_space\"   style=\"height: 20px\"><span class=\"vc_empty_space_inner\"><\/span><\/div><div class=\"vc_btn3-container  btn_background_news_mini vc_btn3-center vc_custom_1648212009051\"><a onmouseleave=\"this.style.borderColor='#82368c'; this.style.backgroundColor='transparent'; this.style.color='#82368c'\" onmouseenter=\"this.style.borderColor='#82368c'; this.style.backgroundColor='#82368c'; this.style.color='#ffffff';\" style=\"border-color:#82368c; color:#82368c;\" class=\"vc_general vc_btn3 vc_btn3-size-xs vc_btn3-shape-square vc_btn3-style-outline-custom\" a href=\"https:\/\/franciscodevitoria.eus\/eu\/agenda-2030\/\" class=\"vc_gitem-link vc_general vc_btn3 vc_general vc_btn3 vc_btn3-size-xs vc_btn3-shape-square vc_btn3-style-outline-custom btn_background_news_mini\" title=\"Gehiago irakurri\">Gehiago irakurri<\/a><\/div><\/div><\/div><\/div><\/div><\/div><div class=\"vc_clearfix\"><\/div><\/div><div class=\"vc_grid-item vc_clearfix vc_col-sm-4 vc_grid-item-zone-c-bottom\"><div class=\"vc_grid-item-mini vc_clearfix \"><div class=\"vc_gitem-animated-block\" ><div class=\"vc_gitem-zone vc_gitem-zone-a vc_custom_1643014993987 vc-gitem-zone-height-mode-auto vc-gitem-zone-height-mode-auto-16-9\" style=\"background-image: url('https:\/\/franciscodevitoria.eus\/wp-content\/uploads\/2023\/03\/puertas_abiertas_2023_b.jpg') !important;\"><img class=\"vc_gitem-zone-img\" src=\"https:\/\/franciscodevitoria.eus\/wp-content\/uploads\/2023\/03\/puertas_abiertas_2023_b.jpg\" alt=\"Ate Irekien Jaurdunaldia Maiatzak 9\" loading=\"lazy\"><div class=\"vc_gitem-zone-mini\"><div class=\"vc_gitem_row vc_row vc_gitem-row-position-top\"><div class=\"vc_col-sm-12 vc_gitem-col vc_gitem-col-align- vc_custom_1643016875389\"><div field_61ea9bbf8a9fb class=\"vc_gitem-acf videoWrapper vc_gitem-align-justify field_61ea9bbf8a9fb\"><\/div><\/div><\/div><\/div><\/div><\/div><div class=\"vc_gitem-zone vc_gitem-zone-c vc_custom_1643015000822\"><div class=\"vc_gitem-zone-mini\"><div class=\"vc_gitem_row vc_row vc_gitem-row-position-top\"><div class=\"vc_col-sm-12 vc_gitem-col vc_gitem-col-align- vc_custom_1643015126761\"><div class=\"vc_custom_heading vc_gitem-post-data vc_gitem-post-data-source-post_title\" ><h3 style=\"font-size: 22px;color: #000000;line-height: 24px;text-align: left;font-family:Exo;font-weight:500;font-style:normal\" ><a href=\"https:\/\/franciscodevitoria.eus\/eu\/ate-irekien-jaurdunaldia-maiatzak-9\/\" class=\"vc_gitem-link\" title=\"Ate Irekien Jaurdunaldia Maiatzak 9\">Ate Irekien Jaurdunaldia Maiatzak 9<\/a><\/h3><\/div><div class=\"vc_custom_heading vc_custom_1643014169565 vc_gitem-post-data vc_gitem-post-data-source-post_date\" ><div style=\"font-size: 18px;color: #82368c;line-height: 1.1;text-align: left;font-family:Roboto Condensed;font-weight:700;font-style:normal\" >2023\/03\/23<\/div><\/div><div class=\"vc_separator wpb_content_element vc_separator_align_center vc_sep_width_30 vc_sep_border_width_3 vc_sep_pos_align_left vc_separator_no_text wpb_content_element  wpb_content_element\" ><span class=\"vc_sep_holder vc_sep_holder_l\"><span style=\"border-color:#5b9c28;\" class=\"vc_sep_line\"><\/span><\/span><span class=\"vc_sep_holder vc_sep_holder_r\"><span style=\"border-color:#5b9c28;\" class=\"vc_sep_line\"><\/span><\/span>\n<\/div><div class=\"vc_gitem-post-meta-field-resumen resumen_size_mini vc_gitem-align-justify\">Erdi edo Goi Mailako Heziketa Ziklo bat ikastea pentsatzen ari bazara, IES FRANCISCO DE VITORIA BHIk maiatzaren 9an irekiko ditu ateak, 16: 00etan, ikastetxea eta haren prestakuntza-eskaintza ezagutu ditzazun.<\/div><div class=\"vc_empty_space\"   style=\"height: 20px\"><span class=\"vc_empty_space_inner\"><\/span><\/div><div class=\"vc_btn3-container  btn_background_news_mini vc_btn3-center vc_custom_1648212009051\"><a onmouseleave=\"this.style.borderColor='#82368c'; this.style.backgroundColor='transparent'; this.style.color='#82368c'\" onmouseenter=\"this.style.borderColor='#82368c'; this.style.backgroundColor='#82368c'; this.style.color='#ffffff';\" style=\"border-color:#82368c; color:#82368c;\" class=\"vc_general vc_btn3 vc_btn3-size-xs vc_btn3-shape-square vc_btn3-style-outline-custom\" a href=\"https:\/\/franciscodevitoria.eus\/eu\/ate-irekien-jaurdunaldia-maiatzak-9\/\" class=\"vc_gitem-link vc_general vc_btn3 vc_general vc_btn3 vc_btn3-size-xs vc_btn3-shape-square vc_btn3-style-outline-custom btn_background_news_mini\" title=\"Gehiago irakurri\">Gehiago irakurri<\/a><\/div><\/div><\/div><\/div><\/div><\/div><div class=\"vc_clearfix\"><\/div><\/div><div class=\"vc_grid-item vc_clearfix vc_col-sm-4 vc_grid-item-zone-c-bottom\"><div class=\"vc_grid-item-mini vc_clearfix \"><div class=\"vc_gitem-animated-block\" ><div class=\"vc_gitem-zone vc_gitem-zone-a vc_custom_1643014993987 vc-gitem-zone-height-mode-auto vc-gitem-zone-height-mode-auto-16-9\" style=\"background-image: url('https:\/\/franciscodevitoria.eus\/wp-content\/uploads\/2023\/03\/2_IMG-20230306-WA0007.jpg') !important;\"><img class=\"vc_gitem-zone-img\" src=\"https:\/\/franciscodevitoria.eus\/wp-content\/uploads\/2023\/03\/2_IMG-20230306-WA0007.jpg\" alt=\"Startinnova sariak\" loading=\"lazy\"><div class=\"vc_gitem-zone-mini\"><div class=\"vc_gitem_row vc_row vc_gitem-row-position-top\"><div class=\"vc_col-sm-12 vc_gitem-col vc_gitem-col-align- vc_custom_1643016875389\"><div field_61ea9bbf8a9fb class=\"vc_gitem-acf videoWrapper vc_gitem-align-justify field_61ea9bbf8a9fb\"><\/div><\/div><\/div><\/div><\/div><\/div><div class=\"vc_gitem-zone vc_gitem-zone-c vc_custom_1643015000822\"><div class=\"vc_gitem-zone-mini\"><div class=\"vc_gitem_row vc_row vc_gitem-row-position-top\"><div class=\"vc_col-sm-12 vc_gitem-col vc_gitem-col-align- vc_custom_1643015126761\"><div class=\"vc_custom_heading vc_gitem-post-data vc_gitem-post-data-source-post_title\" ><h3 style=\"font-size: 22px;color: #000000;line-height: 24px;text-align: left;font-family:Exo;font-weight:500;font-style:normal\" ><a href=\"https:\/\/franciscodevitoria.eus\/eu\/startinnova-sariak\/\" class=\"vc_gitem-link\" title=\"Startinnova sariak\">Startinnova sariak<\/a><\/h3><\/div><div class=\"vc_custom_heading vc_custom_1643014169565 vc_gitem-post-data vc_gitem-post-data-source-post_date\" ><div style=\"font-size: 18px;color: #82368c;line-height: 1.1;text-align: left;font-family:Roboto Condensed;font-weight:700;font-style:normal\" >2023\/03\/09<\/div><\/div><div class=\"vc_separator wpb_content_element vc_separator_align_center vc_sep_width_30 vc_sep_border_width_3 vc_sep_pos_align_left vc_separator_no_text wpb_content_element  wpb_content_element\" ><span class=\"vc_sep_holder vc_sep_holder_l\"><span style=\"border-color:#5b9c28;\" class=\"vc_sep_line\"><\/span><\/span><span class=\"vc_sep_holder vc_sep_holder_r\"><span style=\"border-color:#5b9c28;\" class=\"vc_sep_line\"><\/span><\/span>\n<\/div><div class=\"vc_gitem-post-meta-field-resumen resumen_size_mini vc_gitem-align-justify\">Gure institutuko 2 ikasle talde finalista geratu dira beren proiektuarekin.<\/div><div class=\"vc_empty_space\"   style=\"height: 20px\"><span class=\"vc_empty_space_inner\"><\/span><\/div><div class=\"vc_btn3-container  btn_background_news_mini vc_btn3-center vc_custom_1648212009051\"><a onmouseleave=\"this.style.borderColor='#82368c'; this.style.backgroundColor='transparent'; this.style.color='#82368c'\" onmouseenter=\"this.style.borderColor='#82368c'; this.style.backgroundColor='#82368c'; this.style.color='#ffffff';\" style=\"border-color:#82368c; color:#82368c;\" class=\"vc_general vc_btn3 vc_btn3-size-xs vc_btn3-shape-square vc_btn3-style-outline-custom\" a href=\"https:\/\/franciscodevitoria.eus\/eu\/startinnova-sariak\/\" class=\"vc_gitem-link vc_general vc_btn3 vc_general vc_btn3 vc_btn3-size-xs vc_btn3-shape-square vc_btn3-style-outline-custom btn_background_news_mini\" title=\"Gehiago irakurri\">Gehiago irakurri<\/a><\/div><\/div><\/div><\/div><\/div><\/div><div class=\"vc_clearfix\"><\/div><\/div><div class=\"vc_grid-item vc_clearfix vc_col-sm-4 vc_grid-item-zone-c-bottom\"><div class=\"vc_grid-item-mini vc_clearfix \"><div class=\"vc_gitem-animated-block\" ><div class=\"vc_gitem-zone vc_gitem-zone-a vc_custom_1643014993987 vc-gitem-zone-height-mode-auto vc-gitem-zone-height-mode-auto-16-9\" style=\"background-image: url('https:\/\/franciscodevitoria.eus\/wp-content\/uploads\/2023\/03\/20230303_074758.jpg') !important;\"><img class=\"vc_gitem-zone-img\" src=\"https:\/\/franciscodevitoria.eus\/wp-content\/uploads\/2023\/03\/20230303_074758.jpg\" alt=\"Gure dieta\u2026 osasungarria eta jasangarria da?\" loading=\"lazy\"><div class=\"vc_gitem-zone-mini\"><div class=\"vc_gitem_row vc_row vc_gitem-row-position-top\"><div class=\"vc_col-sm-12 vc_gitem-col vc_gitem-col-align- vc_custom_1643016875389\"><div field_61ea9bbf8a9fb class=\"vc_gitem-acf videoWrapper vc_gitem-align-justify field_61ea9bbf8a9fb\"><\/div><\/div><\/div><\/div><\/div><\/div><div class=\"vc_gitem-zone vc_gitem-zone-c vc_custom_1643015000822\"><div class=\"vc_gitem-zone-mini\"><div class=\"vc_gitem_row vc_row vc_gitem-row-position-top\"><div class=\"vc_col-sm-12 vc_gitem-col vc_gitem-col-align- vc_custom_1643015126761\"><div class=\"vc_custom_heading vc_gitem-post-data vc_gitem-post-data-source-post_title\" ><h3 style=\"font-size: 22px;color: #000000;line-height: 24px;text-align: left;font-family:Exo;font-weight:500;font-style:normal\" ><a href=\"https:\/\/franciscodevitoria.eus\/eu\/gure-dieta-osasungarria-eta-jasangarria-da\/\" class=\"vc_gitem-link\" title=\"Gure dieta\u2026 osasungarria eta jasangarria da?\">Gure dieta\u2026 osasungarria eta jasangarria da?<\/a><\/h3><\/div><div class=\"vc_custom_heading vc_custom_1643014169565 vc_gitem-post-data vc_gitem-post-data-source-post_date\" ><div style=\"font-size: 18px;color: #82368c;line-height: 1.1;text-align: left;font-family:Roboto Condensed;font-weight:700;font-style:normal\" >2023\/03\/03<\/div><\/div><div class=\"vc_separator wpb_content_element vc_separator_align_center vc_sep_width_30 vc_sep_border_width_3 vc_sep_pos_align_left vc_separator_no_text wpb_content_element  wpb_content_element\" ><span class=\"vc_sep_holder vc_sep_holder_l\"><span style=\"border-color:#5b9c28;\" class=\"vc_sep_line\"><\/span><\/span><span class=\"vc_sep_holder vc_sep_holder_r\"><span style=\"border-color:#5b9c28;\" class=\"vc_sep_line\"><\/span><\/span>\n<\/div><div class=\"vc_gitem-post-meta-field-resumen resumen_size_mini vc_gitem-align-justify\">3. DBHko \u201cProyecto Comunitario\u201dko ikasleek, Agenda 2030 programaren barnean, erakusketa bat prestatu dute Francisco de Vitoria eraikineko beheko solairuan gai honen inguruan: \u201cGure dieta\u2026 osasungarria eta jasangarria da?\u201d.<\/div><div class=\"vc_empty_space\"   style=\"height: 20px\"><span class=\"vc_empty_space_inner\"><\/span><\/div><div class=\"vc_btn3-container  btn_background_news_mini vc_btn3-center vc_custom_1648212009051\"><a onmouseleave=\"this.style.borderColor='#82368c'; this.style.backgroundColor='transparent'; this.style.color='#82368c'\" onmouseenter=\"this.style.borderColor='#82368c'; this.style.backgroundColor='#82368c'; this.style.color='#ffffff';\" style=\"border-color:#82368c; color:#82368c;\" class=\"vc_general vc_btn3 vc_btn3-size-xs vc_btn3-shape-square vc_btn3-style-outline-custom\" a href=\"https:\/\/franciscodevitoria.eus\/eu\/gure-dieta-osasungarria-eta-jasangarria-da\/\" class=\"vc_gitem-link vc_general vc_btn3 vc_general vc_btn3 vc_btn3-size-xs vc_btn3-shape-square vc_btn3-style-outline-custom btn_background_news_mini\" title=\"Gehiago irakurri\">Gehiago irakurri<\/a><\/div><\/div><\/div><\/div><\/div><\/div><div class=\"vc_clearfix\"><\/div><\/div><div class=\"vc_grid-item vc_clearfix vc_col-sm-4 vc_grid-item-zone-c-bottom\"><div class=\"vc_grid-item-mini vc_clearfix \"><div class=\"vc_gitem-animated-block\" ><div class=\"vc_gitem-zone vc_gitem-zone-a vc_custom_1643014993987 vc-gitem-zone-height-mode-auto vc-gitem-zone-height-mode-auto-16-9\" style=\"background-image: url('https:\/\/franciscodevitoria.eus\/wp-content\/uploads\/2023\/02\/2_IMG_2137(1).JPG') !important;\"><img class=\"vc_gitem-zone-img\" src=\"https:\/\/franciscodevitoria.eus\/wp-content\/uploads\/2023\/02\/2_IMG_2137(1).JPG\" alt=\"Kuadrilen Azoka\" loading=\"lazy\"><div class=\"vc_gitem-zone-mini\"><div class=\"vc_gitem_row vc_row vc_gitem-row-position-top\"><div class=\"vc_col-sm-12 vc_gitem-col vc_gitem-col-align- vc_custom_1643016875389\"><div field_61ea9bbf8a9fb class=\"vc_gitem-acf videoWrapper vc_gitem-align-justify field_61ea9bbf8a9fb\"><\/div><\/div><\/div><\/div><\/div><\/div><div class=\"vc_gitem-zone vc_gitem-zone-c vc_custom_1643015000822\"><div class=\"vc_gitem-zone-mini\"><div class=\"vc_gitem_row vc_row vc_gitem-row-position-top\"><div class=\"vc_col-sm-12 vc_gitem-col vc_gitem-col-align- vc_custom_1643015126761\"><div class=\"vc_custom_heading vc_gitem-post-data vc_gitem-post-data-source-post_title\" ><h3 style=\"font-size: 22px;color: #000000;line-height: 24px;text-align: left;font-family:Exo;font-weight:500;font-style:normal\" ><a href=\"https:\/\/franciscodevitoria.eus\/eu\/kuadrilen-azoka\/\" class=\"vc_gitem-link\" title=\"Kuadrilen Azoka\">Kuadrilen Azoka<\/a><\/h3><\/div><div class=\"vc_custom_heading vc_custom_1643014169565 vc_gitem-post-data vc_gitem-post-data-source-post_date\" ><div style=\"font-size: 18px;color: #82368c;line-height: 1.1;text-align: left;font-family:Roboto Condensed;font-weight:700;font-style:normal\" >2023\/02\/24<\/div><\/div><div class=\"vc_separator wpb_content_element vc_separator_align_center vc_sep_width_30 vc_sep_border_width_3 vc_sep_pos_align_left vc_separator_no_text wpb_content_element  wpb_content_element\" ><span class=\"vc_sep_holder vc_sep_holder_l\"><span style=\"border-color:#5b9c28;\" class=\"vc_sep_line\"><\/span><\/span><span class=\"vc_sep_holder vc_sep_holder_r\"><span style=\"border-color:#5b9c28;\" class=\"vc_sep_line\"><\/span><\/span>\n<\/div><div class=\"vc_gitem-post-meta-field-resumen resumen_size_mini vc_gitem-align-justify\">Otsailaren 2an turismoko 1. mailako ikasleek Arabako Koadrilen Azoka antolatu zuten, hainbat zikloetako ikasleak eta ikastetxeko zuzendaritza gerturatu zen. Koadrilen Azoka bost stand ezberdinetan banatu zen, bost kuadrilarekin: Aiara, A\u00f1ana, Arabako Lautada, Arabako Errioxa eta Gorbeialdea. Stand horietan, taldeetako kideek beren kuadrilei buruzko informazioa eman zuten, eta, ondoren, bisitatzeko puntu ezberdinak eta baliabide turistikoen berri eman zieten bertaratutakoei. Talde bakoitzak egun osoko jarduera antolatu zuen, horrek arrakasta handia izan zuen bertaratutakoen artean.<\/div><div class=\"vc_empty_space\"   style=\"height: 20px\"><span class=\"vc_empty_space_inner\"><\/span><\/div><div class=\"vc_btn3-container  btn_background_news_mini vc_btn3-center vc_custom_1648212009051\"><a onmouseleave=\"this.style.borderColor='#82368c'; this.style.backgroundColor='transparent'; this.style.color='#82368c'\" onmouseenter=\"this.style.borderColor='#82368c'; this.style.backgroundColor='#82368c'; this.style.color='#ffffff';\" style=\"border-color:#82368c; color:#82368c;\" class=\"vc_general vc_btn3 vc_btn3-size-xs vc_btn3-shape-square vc_btn3-style-outline-custom\" a href=\"https:\/\/franciscodevitoria.eus\/eu\/kuadrilen-azoka\/\" class=\"vc_gitem-link vc_general vc_btn3 vc_general vc_btn3 vc_btn3-size-xs vc_btn3-shape-square vc_btn3-style-outline-custom btn_background_news_mini\" title=\"Gehiago irakurri\">Gehiago irakurri<\/a><\/div><\/div><\/div><\/div><\/div><\/div><div class=\"vc_clearfix\"><\/div><\/div><div class=\"vc_grid-item vc_clearfix vc_col-sm-4 vc_grid-item-zone-c-bottom\"><div class=\"vc_grid-item-mini vc_clearfix \"><div class=\"vc_gitem-animated-block\" ><div class=\"vc_gitem-zone vc_gitem-zone-a vc_custom_1643014993987 vc-gitem-zone-height-mode-auto vc-gitem-zone-height-mode-auto-16-9\" style=\"background-image: url('https:\/\/franciscodevitoria.eus\/wp-content\/uploads\/2023\/02\/IMG-20230209-WA0000.jpg') !important;\"><img class=\"vc_gitem-zone-img\" src=\"https:\/\/franciscodevitoria.eus\/wp-content\/uploads\/2023\/02\/IMG-20230209-WA0000.jpg\" alt=\"Harambee proiektuak mantak bidali ditu Ukrainara\" loading=\"lazy\"><div class=\"vc_gitem-zone-mini\"><div class=\"vc_gitem_row vc_row vc_gitem-row-position-top\"><div class=\"vc_col-sm-12 vc_gitem-col vc_gitem-col-align- vc_custom_1643016875389\"><div field_61ea9bbf8a9fb class=\"vc_gitem-acf videoWrapper vc_gitem-align-justify field_61ea9bbf8a9fb\"><\/div><\/div><\/div><\/div><\/div><\/div><div class=\"vc_gitem-zone vc_gitem-zone-c vc_custom_1643015000822\"><div class=\"vc_gitem-zone-mini\"><div class=\"vc_gitem_row vc_row vc_gitem-row-position-top\"><div class=\"vc_col-sm-12 vc_gitem-col vc_gitem-col-align- vc_custom_1643015126761\"><div class=\"vc_custom_heading vc_gitem-post-data vc_gitem-post-data-source-post_title\" ><h3 style=\"font-size: 22px;color: #000000;line-height: 24px;text-align: left;font-family:Exo;font-weight:500;font-style:normal\" ><a href=\"https:\/\/franciscodevitoria.eus\/eu\/harambee-proiektuak-mantak-bidali-ditu-ukrainara\/\" class=\"vc_gitem-link\" title=\"Harambee proiektuak mantak bidali ditu Ukrainara\">Harambee proiektuak mantak bidali ditu Ukrainara<\/a><\/h3><\/div><div class=\"vc_custom_heading vc_custom_1643014169565 vc_gitem-post-data vc_gitem-post-data-source-post_date\" ><div style=\"font-size: 18px;color: #82368c;line-height: 1.1;text-align: left;font-family:Roboto Condensed;font-weight:700;font-style:normal\" >2023\/02\/09<\/div><\/div><div class=\"vc_separator wpb_content_element vc_separator_align_center vc_sep_width_30 vc_sep_border_width_3 vc_sep_pos_align_left vc_separator_no_text wpb_content_element  wpb_content_element\" ><span class=\"vc_sep_holder vc_sep_holder_l\"><span style=\"border-color:#5b9c28;\" class=\"vc_sep_line\"><\/span><\/span><span class=\"vc_sep_holder vc_sep_holder_r\"><span style=\"border-color:#5b9c28;\" class=\"vc_sep_line\"><\/span><\/span>\n<\/div><div class=\"vc_gitem-post-meta-field-resumen resumen_size_mini vc_gitem-align-justify\">Meriem, representante del proyecto Harambee, hace entrega a Andrii de las mantas que ser\u00e1n enviadas a Ucrania con el dinero recogido en la campa\u00f1a solidaria organizada por Harambee.\r\n<\/div><div class=\"vc_empty_space\"   style=\"height: 20px\"><span class=\"vc_empty_space_inner\"><\/span><\/div><div class=\"vc_btn3-container  btn_background_news_mini vc_btn3-center vc_custom_1648212009051\"><a onmouseleave=\"this.style.borderColor='#82368c'; this.style.backgroundColor='transparent'; this.style.color='#82368c'\" onmouseenter=\"this.style.borderColor='#82368c'; this.style.backgroundColor='#82368c'; this.style.color='#ffffff';\" style=\"border-color:#82368c; color:#82368c;\" class=\"vc_general vc_btn3 vc_btn3-size-xs vc_btn3-shape-square vc_btn3-style-outline-custom\" a href=\"https:\/\/franciscodevitoria.eus\/eu\/harambee-proiektuak-mantak-bidali-ditu-ukrainara\/\" class=\"vc_gitem-link vc_general vc_btn3 vc_general vc_btn3 vc_btn3-size-xs vc_btn3-shape-square vc_btn3-style-outline-custom btn_background_news_mini\" title=\"Gehiago irakurri\">Gehiago irakurri<\/a><\/div><\/div><\/div><\/div><\/div><\/div><div class=\"vc_clearfix\"><\/div><\/div><div class=\"vc_grid-item vc_clearfix vc_col-sm-4 vc_grid-item-zone-c-bottom\"><div class=\"vc_grid-item-mini vc_clearfix \"><div class=\"vc_gitem-animated-block\" ><div class=\"vc_gitem-zone vc_gitem-zone-a vc_custom_1643014993987 vc-gitem-zone-height-mode-auto vc-gitem-zone-height-mode-auto-16-9\" style=\"background-image: url('https:\/\/franciscodevitoria.eus\/wp-content\/uploads\/2023\/01\/Abenduak13_IrteeraIbaiondo.JPG') !important;\"><img class=\"vc_gitem-zone-img\" src=\"https:\/\/franciscodevitoria.eus\/wp-content\/uploads\/2023\/01\/Abenduak13_IrteeraIbaiondo.JPG\" alt=\"IBAIONDO GIZARTE ETXERA IRTEERA \u201cBizitza Luzea eta Oparotasuna\u201d FILMA IKUSTEKO\" loading=\"lazy\"><div class=\"vc_gitem-zone-mini\"><div class=\"vc_gitem_row vc_row vc_gitem-row-position-top\"><div class=\"vc_col-sm-12 vc_gitem-col vc_gitem-col-align- vc_custom_1643016875389\"><div field_61ea9bbf8a9fb class=\"vc_gitem-acf videoWrapper vc_gitem-align-justify field_61ea9bbf8a9fb\"><\/div><\/div><\/div><\/div><\/div><\/div><div class=\"vc_gitem-zone vc_gitem-zone-c vc_custom_1643015000822\"><div class=\"vc_gitem-zone-mini\"><div class=\"vc_gitem_row vc_row vc_gitem-row-position-top\"><div class=\"vc_col-sm-12 vc_gitem-col vc_gitem-col-align- vc_custom_1643015126761\"><div class=\"vc_custom_heading vc_gitem-post-data vc_gitem-post-data-source-post_title\" ><h3 style=\"font-size: 22px;color: #000000;line-height: 24px;text-align: left;font-family:Exo;font-weight:500;font-style:normal\" ><a href=\"https:\/\/franciscodevitoria.eus\/eu\/ibaiondo-gizarte-etxera-irteera-bizitza-luzea-eta-oparotasuna-filma-ikusteko\/\" class=\"vc_gitem-link\" title=\"IBAIONDO GIZARTE ETXERA IRTEERA \u201cBizitza Luzea eta Oparotasuna\u201d FILMA IKUSTEKO\">IBAIONDO GIZARTE ETXERA IRTEERA \u201cBizitza Luzea eta Oparotasuna\u201d FILMA IKUSTEKO<\/a><\/h3><\/div><div class=\"vc_custom_heading vc_custom_1643014169565 vc_gitem-post-data vc_gitem-post-data-source-post_date\" ><div style=\"font-size: 18px;color: #82368c;line-height: 1.1;text-align: left;font-family:Roboto Condensed;font-weight:700;font-style:normal\" >2023\/01\/12<\/div><\/div><div class=\"vc_separator wpb_content_element vc_separator_align_center vc_sep_width_30 vc_sep_border_width_3 vc_sep_pos_align_left vc_separator_no_text wpb_content_element  wpb_content_element\" ><span class=\"vc_sep_holder vc_sep_holder_l\"><span style=\"border-color:#5b9c28;\" class=\"vc_sep_line\"><\/span><\/span><span class=\"vc_sep_holder vc_sep_holder_r\"><span style=\"border-color:#5b9c28;\" class=\"vc_sep_line\"><\/span><\/span>\n<\/div><div class=\"vc_gitem-post-meta-field-resumen resumen_size_mini vc_gitem-align-justify\"><\/div><div class=\"vc_empty_space\"   style=\"height: 20px\"><span class=\"vc_empty_space_inner\"><\/span><\/div><div class=\"vc_btn3-container  btn_background_news_mini vc_btn3-center vc_custom_1648212009051\"><a onmouseleave=\"this.style.borderColor='#82368c'; this.style.backgroundColor='transparent'; this.style.color='#82368c'\" onmouseenter=\"this.style.borderColor='#82368c'; this.style.backgroundColor='#82368c'; this.style.color='#ffffff';\" style=\"border-color:#82368c; color:#82368c;\" class=\"vc_general vc_btn3 vc_btn3-size-xs vc_btn3-shape-square vc_btn3-style-outline-custom\" a href=\"https:\/\/franciscodevitoria.eus\/eu\/ibaiondo-gizarte-etxera-irteera-bizitza-luzea-eta-oparotasuna-filma-ikusteko\/\" class=\"vc_gitem-link vc_general vc_btn3 vc_general vc_btn3 vc_btn3-size-xs vc_btn3-shape-square vc_btn3-style-outline-custom btn_background_news_mini\" title=\"Gehiago irakurri\">Gehiago irakurri<\/a><\/div><\/div><\/div><\/div><\/div><\/div><div class=\"vc_clearfix\"><\/div><\/div><div class=\"vc_grid-item vc_clearfix vc_col-sm-4 vc_grid-item-zone-c-bottom\"><div class=\"vc_grid-item-mini vc_clearfix \"><div class=\"vc_gitem-animated-block\" ><div class=\"vc_gitem-zone vc_gitem-zone-a vc_custom_1643014993987 vc-gitem-zone-height-mode-auto vc-gitem-zone-height-mode-auto-16-9\" style=\"background-image: url('https:\/\/franciscodevitoria.eus\/wp-content\/uploads\/2023\/01\/3_Azaroak25_FotoColectiva.jpg') !important;\"><img class=\"vc_gitem-zone-img\" src=\"https:\/\/franciscodevitoria.eus\/wp-content\/uploads\/2023\/01\/3_Azaroak25_FotoColectiva.jpg\" alt=\"AZAROAK 25.  EMAKUMEEN AURKAKO INDARKERIA EZABATZEKO NAZIOARTEKO EGUNA\" loading=\"lazy\"><div class=\"vc_gitem-zone-mini\"><div class=\"vc_gitem_row vc_row vc_gitem-row-position-top\"><div class=\"vc_col-sm-12 vc_gitem-col vc_gitem-col-align- vc_custom_1643016875389\"><div field_61ea9bbf8a9fb class=\"vc_gitem-acf videoWrapper vc_gitem-align-justify field_61ea9bbf8a9fb\"><\/div><\/div><\/div><\/div><\/div><\/div><div class=\"vc_gitem-zone vc_gitem-zone-c vc_custom_1643015000822\"><div class=\"vc_gitem-zone-mini\"><div class=\"vc_gitem_row vc_row vc_gitem-row-position-top\"><div class=\"vc_col-sm-12 vc_gitem-col vc_gitem-col-align- vc_custom_1643015126761\"><div class=\"vc_custom_heading vc_gitem-post-data vc_gitem-post-data-source-post_title\" ><h3 style=\"font-size: 22px;color: #000000;line-height: 24px;text-align: left;font-family:Exo;font-weight:500;font-style:normal\" ><a href=\"https:\/\/franciscodevitoria.eus\/eu\/azaroak-25-emakumeen-aurkako-indarkeria-ezabatzeko-nazioarteko-eguna\/\" class=\"vc_gitem-link\" title=\"AZAROAK 25.  EMAKUMEEN AURKAKO INDARKERIA EZABATZEKO NAZIOARTEKO EGUNA\">AZAROAK 25.  EMAKUMEEN AURKAKO INDARKERIA EZABATZEKO NAZIOARTEKO EGUNA<\/a><\/h3><\/div><div class=\"vc_custom_heading vc_custom_1643014169565 vc_gitem-post-data vc_gitem-post-data-source-post_date\" ><div style=\"font-size: 18px;color: #82368c;line-height: 1.1;text-align: left;font-family:Roboto Condensed;font-weight:700;font-style:normal\" >2023\/01\/09<\/div><\/div><div class=\"vc_separator wpb_content_element vc_separator_align_center vc_sep_width_30 vc_sep_border_width_3 vc_sep_pos_align_left vc_separator_no_text wpb_content_element  wpb_content_element\" ><span class=\"vc_sep_holder vc_sep_holder_l\"><span style=\"border-color:#5b9c28;\" class=\"vc_sep_line\"><\/span><\/span><span class=\"vc_sep_holder vc_sep_holder_r\"><span style=\"border-color:#5b9c28;\" class=\"vc_sep_line\"><\/span><\/span>\n<\/div><div class=\"vc_gitem-post-meta-field-resumen resumen_size_mini vc_gitem-align-justify\"><\/div><div class=\"vc_empty_space\"   style=\"height: 20px\"><span class=\"vc_empty_space_inner\"><\/span><\/div><div class=\"vc_btn3-container  btn_background_news_mini vc_btn3-center vc_custom_1648212009051\"><a onmouseleave=\"this.style.borderColor='#82368c'; this.style.backgroundColor='transparent'; this.style.color='#82368c'\" onmouseenter=\"this.style.borderColor='#82368c'; this.style.backgroundColor='#82368c'; this.style.color='#ffffff';\" style=\"border-color:#82368c; color:#82368c;\" class=\"vc_general vc_btn3 vc_btn3-size-xs vc_btn3-shape-square vc_btn3-style-outline-custom\" a href=\"https:\/\/franciscodevitoria.eus\/eu\/azaroak-25-emakumeen-aurkako-indarkeria-ezabatzeko-nazioarteko-eguna\/\" class=\"vc_gitem-link vc_general vc_btn3 vc_general vc_btn3 vc_btn3-size-xs vc_btn3-shape-square vc_btn3-style-outline-custom btn_background_news_mini\" title=\"Gehiago irakurri\">Gehiago irakurri<\/a><\/div><\/div><\/div><\/div><\/div><\/div><div class=\"vc_clearfix\"><\/div><\/div><div class=\"vc_grid-item vc_clearfix vc_col-sm-4 vc_grid-item-zone-c-bottom\"><div class=\"vc_grid-item-mini vc_clearfix \"><div class=\"vc_gitem-animated-block\" ><div class=\"vc_gitem-zone vc_gitem-zone-a vc_custom_1643014993987 vc-gitem-zone-height-mode-auto vc-gitem-zone-height-mode-auto-16-9\" style=\"background-image: url('https:\/\/franciscodevitoria.eus\/wp-content\/uploads\/2022\/11\/Cartel.jpg') !important;\"><img class=\"vc_gitem-zone-img\" src=\"https:\/\/franciscodevitoria.eus\/wp-content\/uploads\/2022\/11\/Cartel.jpg\" alt=\"Lan-orientzazio eta enplegagarritasunaren jardunaldiak\" loading=\"lazy\"><div class=\"vc_gitem-zone-mini\"><div class=\"vc_gitem_row vc_row vc_gitem-row-position-top\"><div class=\"vc_col-sm-12 vc_gitem-col vc_gitem-col-align- vc_custom_1643016875389\"><div field_61ea9bbf8a9fb class=\"vc_gitem-acf videoWrapper vc_gitem-align-justify field_61ea9bbf8a9fb\"><iframe title=\"FP ON LH Arabako Enplegarritasun jardunaldiak. Lan Azoka\" width=\"640\" height=\"360\" src=\"https:\/\/www.youtube.com\/embed\/knPJIiCIjrk?feature=oembed\" frameborder=\"0\" allow=\"accelerometer; autoplay; clipboard-write; encrypted-media; gyroscope; picture-in-picture; web-share\" referrerpolicy=\"strict-origin-when-cross-origin\" allowfullscreen><\/iframe><\/div><\/div><\/div><\/div><\/div><\/div><div class=\"vc_gitem-zone vc_gitem-zone-c vc_custom_1643015000822\"><div class=\"vc_gitem-zone-mini\"><div class=\"vc_gitem_row vc_row vc_gitem-row-position-top\"><div class=\"vc_col-sm-12 vc_gitem-col vc_gitem-col-align- vc_custom_1643015126761\"><div class=\"vc_custom_heading vc_gitem-post-data vc_gitem-post-data-source-post_title\" ><h3 style=\"font-size: 22px;color: #000000;line-height: 24px;text-align: left;font-family:Exo;font-weight:500;font-style:normal\" ><a href=\"https:\/\/franciscodevitoria.eus\/eu\/lan-orientzazio-eta-enplegagarritasunaren-jardunaldiak\/\" class=\"vc_gitem-link\" title=\"Lan-orientzazio eta enplegagarritasunaren jardunaldiak\">Lan-orientzazio eta enplegagarritasunaren jardunaldiak<\/a><\/h3><\/div><div class=\"vc_custom_heading vc_custom_1643014169565 vc_gitem-post-data vc_gitem-post-data-source-post_date\" ><div style=\"font-size: 18px;color: #82368c;line-height: 1.1;text-align: left;font-family:Roboto Condensed;font-weight:700;font-style:normal\" >2022\/11\/21<\/div><\/div><div class=\"vc_separator wpb_content_element vc_separator_align_center vc_sep_width_30 vc_sep_border_width_3 vc_sep_pos_align_left vc_separator_no_text wpb_content_element  wpb_content_element\" ><span class=\"vc_sep_holder vc_sep_holder_l\"><span style=\"border-color:#5b9c28;\" class=\"vc_sep_line\"><\/span><\/span><span class=\"vc_sep_holder vc_sep_holder_r\"><span style=\"border-color:#5b9c28;\" class=\"vc_sep_line\"><\/span><\/span>\n<\/div><div class=\"vc_gitem-post-meta-field-resumen resumen_size_mini vc_gitem-align-justify\">Arabako Lanbide Heziketak 350 ikasle baino gehiago bilduko ditu lan-orientazioa eta enplegagarritasuna bultzatzeko. Jardunaldiaren helburu orokorra komunikazio- eta truke-gune bat izatea da, pertsonen enplegagarritasuna errazteko, eta lan-merkatuaren egungo eta etorkizuneko beharretara hurbiltzeko.<\/div><div class=\"vc_empty_space\"   style=\"height: 20px\"><span class=\"vc_empty_space_inner\"><\/span><\/div><div class=\"vc_btn3-container  btn_background_news_mini vc_btn3-center vc_custom_1648212009051\"><a onmouseleave=\"this.style.borderColor='#82368c'; this.style.backgroundColor='transparent'; this.style.color='#82368c'\" onmouseenter=\"this.style.borderColor='#82368c'; this.style.backgroundColor='#82368c'; this.style.color='#ffffff';\" style=\"border-color:#82368c; color:#82368c;\" class=\"vc_general vc_btn3 vc_btn3-size-xs vc_btn3-shape-square vc_btn3-style-outline-custom\" a href=\"https:\/\/franciscodevitoria.eus\/eu\/lan-orientzazio-eta-enplegagarritasunaren-jardunaldiak\/\" class=\"vc_gitem-link vc_general vc_btn3 vc_general vc_btn3 vc_btn3-size-xs vc_btn3-shape-square vc_btn3-style-outline-custom btn_background_news_mini\" title=\"Gehiago irakurri\">Gehiago irakurri<\/a><\/div><\/div><\/div><\/div><\/div><\/div><div class=\"vc_clearfix\"><\/div><\/div><div class=\"vc_grid-item vc_clearfix vc_col-sm-4 vc_grid-item-zone-c-bottom\"><div class=\"vc_grid-item-mini vc_clearfix \"><div class=\"vc_gitem-animated-block\" ><div class=\"vc_gitem-zone vc_gitem-zone-a vc_custom_1643014993987 vc-gitem-zone-height-mode-auto vc-gitem-zone-height-mode-auto-16-9\" style=\"background-image: url('https:\/\/franciscodevitoria.eus\/wp-content\/uploads\/2022\/11\/Screenshot_20221026-215811_Chrome.jpg') !important;\"><img class=\"vc_gitem-zone-img\" src=\"https:\/\/franciscodevitoria.eus\/wp-content\/uploads\/2022\/11\/Screenshot_20221026-215811_Chrome.jpg\" alt=\"Talur elkartearen hitzaldia\" loading=\"lazy\"><div class=\"vc_gitem-zone-mini\"><div class=\"vc_gitem_row vc_row vc_gitem-row-position-top\"><div class=\"vc_col-sm-12 vc_gitem-col vc_gitem-col-align- vc_custom_1643016875389\"><div field_61ea9bbf8a9fb class=\"vc_gitem-acf videoWrapper vc_gitem-align-justify field_61ea9bbf8a9fb\"><\/div><\/div><\/div><\/div><\/div><\/div><div class=\"vc_gitem-zone vc_gitem-zone-c vc_custom_1643015000822\"><div class=\"vc_gitem-zone-mini\"><div class=\"vc_gitem_row vc_row vc_gitem-row-position-top\"><div class=\"vc_col-sm-12 vc_gitem-col vc_gitem-col-align- vc_custom_1643015126761\"><div class=\"vc_custom_heading vc_gitem-post-data vc_gitem-post-data-source-post_title\" ><h3 style=\"font-size: 22px;color: #000000;line-height: 24px;text-align: left;font-family:Exo;font-weight:500;font-style:normal\" ><a href=\"https:\/\/franciscodevitoria.eus\/eu\/talur-elkartearen-hitzaldia\/\" class=\"vc_gitem-link\" title=\"Talur elkartearen hitzaldia\">Talur elkartearen hitzaldia<\/a><\/h3><\/div><div class=\"vc_custom_heading vc_custom_1643014169565 vc_gitem-post-data vc_gitem-post-data-source-post_date\" ><div style=\"font-size: 18px;color: #82368c;line-height: 1.1;text-align: left;font-family:Roboto Condensed;font-weight:700;font-style:normal\" >2022\/11\/09<\/div><\/div><div class=\"vc_separator wpb_content_element vc_separator_align_center vc_sep_width_30 vc_sep_border_width_3 vc_sep_pos_align_left vc_separator_no_text wpb_content_element  wpb_content_element\" ><span class=\"vc_sep_holder vc_sep_holder_l\"><span style=\"border-color:#5b9c28;\" class=\"vc_sep_line\"><\/span><\/span><span class=\"vc_sep_holder vc_sep_holder_r\"><span style=\"border-color:#5b9c28;\" class=\"vc_sep_line\"><\/span><\/span>\n<\/div><div class=\"vc_gitem-post-meta-field-resumen resumen_size_mini vc_gitem-align-justify\">Mila esker Talur elkarteko Almudena eta Adrianari, 2. mailako Gizarteratze ikasleei emandako hitzaldiagatik. Betiere, aisialdi inklusiboaren eta desgaitasuna duten pertsonen gizarteratzearen aldeko apustua eginez.<\/div><div class=\"vc_empty_space\"   style=\"height: 20px\"><span class=\"vc_empty_space_inner\"><\/span><\/div><div class=\"vc_btn3-container  btn_background_news_mini vc_btn3-center vc_custom_1648212009051\"><a onmouseleave=\"this.style.borderColor='#82368c'; this.style.backgroundColor='transparent'; this.style.color='#82368c'\" onmouseenter=\"this.style.borderColor='#82368c'; this.style.backgroundColor='#82368c'; this.style.color='#ffffff';\" style=\"border-color:#82368c; color:#82368c;\" class=\"vc_general vc_btn3 vc_btn3-size-xs vc_btn3-shape-square vc_btn3-style-outline-custom\" a href=\"https:\/\/franciscodevitoria.eus\/eu\/talur-elkartearen-hitzaldia\/\" class=\"vc_gitem-link vc_general vc_btn3 vc_general vc_btn3 vc_btn3-size-xs vc_btn3-shape-square vc_btn3-style-outline-custom btn_background_news_mini\" title=\"Gehiago irakurri\">Gehiago irakurri<\/a><\/div><\/div><\/div><\/div><\/div><\/div><div class=\"vc_clearfix\"><\/div><\/div><div class=\"vc_grid-item vc_clearfix vc_col-sm-4 vc_grid-item-zone-c-bottom\"><div class=\"vc_grid-item-mini vc_clearfix \"><div class=\"vc_gitem-animated-block\" ><div class=\"vc_gitem-zone vc_gitem-zone-a vc_custom_1643014993987 vc-gitem-zone-height-mode-auto vc-gitem-zone-height-mode-auto-16-9\" style=\"background-image: url('https:\/\/franciscodevitoria.eus\/wp-content\/uploads\/2022\/11\/Donostia_(9179553778).jpg') !important;\"><img class=\"vc_gitem-zone-img\" src=\"https:\/\/franciscodevitoria.eus\/wp-content\/uploads\/2022\/11\/Donostia_(9179553778).jpg\" alt=\"DONOSTIARA!!!\" loading=\"lazy\"><div class=\"vc_gitem-zone-mini\"><div class=\"vc_gitem_row vc_row vc_gitem-row-position-top\"><div class=\"vc_col-sm-12 vc_gitem-col vc_gitem-col-align- vc_custom_1643016875389\"><div field_61ea9bbf8a9fb class=\"vc_gitem-acf videoWrapper vc_gitem-align-justify field_61ea9bbf8a9fb\"><\/div><\/div><\/div><\/div><\/div><\/div><div class=\"vc_gitem-zone vc_gitem-zone-c vc_custom_1643015000822\"><div class=\"vc_gitem-zone-mini\"><div class=\"vc_gitem_row vc_row vc_gitem-row-position-top\"><div class=\"vc_col-sm-12 vc_gitem-col vc_gitem-col-align- vc_custom_1643015126761\"><div class=\"vc_custom_heading vc_gitem-post-data vc_gitem-post-data-source-post_title\" ><h3 style=\"font-size: 22px;color: #000000;line-height: 24px;text-align: left;font-family:Exo;font-weight:500;font-style:normal\" ><a href=\"https:\/\/franciscodevitoria.eus\/eu\/donostiara\/\" class=\"vc_gitem-link\" title=\"DONOSTIARA!!!\">DONOSTIARA!!!<\/a><\/h3><\/div><div class=\"vc_custom_heading vc_custom_1643014169565 vc_gitem-post-data vc_gitem-post-data-source-post_date\" ><div style=\"font-size: 18px;color: #82368c;line-height: 1.1;text-align: left;font-family:Roboto Condensed;font-weight:700;font-style:normal\" >2022\/11\/03<\/div><\/div><div class=\"vc_separator wpb_content_element vc_separator_align_center vc_sep_width_30 vc_sep_border_width_3 vc_sep_pos_align_left vc_separator_no_text wpb_content_element  wpb_content_element\" ><span class=\"vc_sep_holder vc_sep_holder_l\"><span style=\"border-color:#5b9c28;\" class=\"vc_sep_line\"><\/span><\/span><span class=\"vc_sep_holder vc_sep_holder_r\"><span style=\"border-color:#5b9c28;\" class=\"vc_sep_line\"><\/span><\/span>\n<\/div><div class=\"vc_gitem-post-meta-field-resumen resumen_size_mini vc_gitem-align-justify\">Atzo Biologia eta Geologia ikasgaia ikasten ari diren DBHko 4. mailako ikasleek bisita gidatua egin zuten Donostiako geologia ezagutzeko. Bi ordu baino gehiago eman zituzten hiriko kale eta leku esanguratsuenetan zehar, eta ikasitakoa bertatik bertara ikusi ahal izan zuten.\r\n<\/div><div class=\"vc_empty_space\"   style=\"height: 20px\"><span class=\"vc_empty_space_inner\"><\/span><\/div><div class=\"vc_btn3-container  btn_background_news_mini vc_btn3-center vc_custom_1648212009051\"><a onmouseleave=\"this.style.borderColor='#82368c'; this.style.backgroundColor='transparent'; this.style.color='#82368c'\" onmouseenter=\"this.style.borderColor='#82368c'; this.style.backgroundColor='#82368c'; this.style.color='#ffffff';\" style=\"border-color:#82368c; color:#82368c;\" class=\"vc_general vc_btn3 vc_btn3-size-xs vc_btn3-shape-square vc_btn3-style-outline-custom\" a href=\"https:\/\/franciscodevitoria.eus\/eu\/donostiara\/\" class=\"vc_gitem-link vc_general vc_btn3 vc_general vc_btn3 vc_btn3-size-xs vc_btn3-shape-square vc_btn3-style-outline-custom btn_background_news_mini\" title=\"Gehiago irakurri\">Gehiago irakurri<\/a><\/div><\/div><\/div><\/div><\/div><\/div><div class=\"vc_clearfix\"><\/div><\/div><div class=\"vc_grid-item vc_clearfix vc_col-sm-4 vc_grid-item-zone-c-bottom\"><div class=\"vc_grid-item-mini vc_clearfix \"><div class=\"vc_gitem-animated-block\" ><div class=\"vc_gitem-zone vc_gitem-zone-a vc_custom_1643014993987 vc-gitem-zone-height-mode-auto vc-gitem-zone-height-mode-auto-16-9\" style=\"background-image: url('https:\/\/franciscodevitoria.eus\/wp-content\/uploads\/2022\/10\/20221028_093445.jpg') !important;\"><img class=\"vc_gitem-zone-img\" src=\"https:\/\/franciscodevitoria.eus\/wp-content\/uploads\/2022\/10\/20221028_093445.jpg\" alt=\"ELIKAGAI BILKETARAKO KANPAINA\" loading=\"lazy\"><div class=\"vc_gitem-zone-mini\"><div class=\"vc_gitem_row vc_row vc_gitem-row-position-top\"><div class=\"vc_col-sm-12 vc_gitem-col vc_gitem-col-align- vc_custom_1643016875389\"><div field_61ea9bbf8a9fb class=\"vc_gitem-acf videoWrapper vc_gitem-align-justify field_61ea9bbf8a9fb\"><\/div><\/div><\/div><\/div><\/div><\/div><div class=\"vc_gitem-zone vc_gitem-zone-c vc_custom_1643015000822\"><div class=\"vc_gitem-zone-mini\"><div class=\"vc_gitem_row vc_row vc_gitem-row-position-top\"><div class=\"vc_col-sm-12 vc_gitem-col vc_gitem-col-align- vc_custom_1643015126761\"><div class=\"vc_custom_heading vc_gitem-post-data vc_gitem-post-data-source-post_title\" ><h3 style=\"font-size: 22px;color: #000000;line-height: 24px;text-align: left;font-family:Exo;font-weight:500;font-style:normal\" ><a href=\"https:\/\/franciscodevitoria.eus\/eu\/elikagai-bilketarako-kanpaina\/\" class=\"vc_gitem-link\" title=\"ELIKAGAI BILKETARAKO KANPAINA\">ELIKAGAI BILKETARAKO KANPAINA<\/a><\/h3><\/div><div class=\"vc_custom_heading vc_custom_1643014169565 vc_gitem-post-data vc_gitem-post-data-source-post_date\" ><div style=\"font-size: 18px;color: #82368c;line-height: 1.1;text-align: left;font-family:Roboto Condensed;font-weight:700;font-style:normal\" >2022\/10\/28<\/div><\/div><div class=\"vc_separator wpb_content_element vc_separator_align_center vc_sep_width_30 vc_sep_border_width_3 vc_sep_pos_align_left vc_separator_no_text wpb_content_element  wpb_content_element\" ><span class=\"vc_sep_holder vc_sep_holder_l\"><span style=\"border-color:#5b9c28;\" class=\"vc_sep_line\"><\/span><\/span><span class=\"vc_sep_holder vc_sep_holder_r\"><span style=\"border-color:#5b9c28;\" class=\"vc_sep_line\"><\/span><\/span>\n<\/div><div class=\"vc_gitem-post-meta-field-resumen resumen_size_mini vc_gitem-align-justify\">DBH3ko ikasleek ELIKAGAI BILKETARAKO KANPAINA abiarazi dute. 111 gelan elikagaiak jasoko ditugu urriaren 24tik azaroaren 14ra, patio orduan, hau da, 11:05-11:20. Elikagaiak batzerakoan Arabako Elikagai Bankura bideratuko ditugu eurek banatu ditzaten. Atzo eta gaur erakunde honetako arduradunak etorri dira ikaslegoaren parte hartzea sustatzeko eta eurek egiten duten lana DBH eta Lanbide Heziketako ekoodezkari eta ordezkarien artean zabaltzeko.\r\n\r\nParte hatzera gonbidatzen zaitugu, \u00a1COMPARTE!<\/div><div class=\"vc_empty_space\"   style=\"height: 20px\"><span class=\"vc_empty_space_inner\"><\/span><\/div><div class=\"vc_btn3-container  btn_background_news_mini vc_btn3-center vc_custom_1648212009051\"><a onmouseleave=\"this.style.borderColor='#82368c'; this.style.backgroundColor='transparent'; this.style.color='#82368c'\" onmouseenter=\"this.style.borderColor='#82368c'; this.style.backgroundColor='#82368c'; this.style.color='#ffffff';\" style=\"border-color:#82368c; color:#82368c;\" class=\"vc_general vc_btn3 vc_btn3-size-xs vc_btn3-shape-square vc_btn3-style-outline-custom\" a href=\"https:\/\/franciscodevitoria.eus\/eu\/elikagai-bilketarako-kanpaina\/\" class=\"vc_gitem-link vc_general vc_btn3 vc_general vc_btn3 vc_btn3-size-xs vc_btn3-shape-square vc_btn3-style-outline-custom btn_background_news_mini\" title=\"Gehiago irakurri\">Gehiago irakurri<\/a><\/div><\/div><\/div><\/div><\/div><\/div><div class=\"vc_clearfix\"><\/div><\/div><div class=\"vc_grid-item vc_clearfix vc_col-sm-4 vc_grid-item-zone-c-bottom\"><div class=\"vc_grid-item-mini vc_clearfix \"><div class=\"vc_gitem-animated-block\" ><div class=\"vc_gitem-zone vc_gitem-zone-a vc_custom_1643014993987 vc-gitem-zone-height-mode-auto vc-gitem-zone-height-mode-auto-16-9\" style=\"background-image: url('https:\/\/franciscodevitoria.eus\/wp-content\/uploads\/2022\/10\/3e24c6a4-b6d1-4df6-ae8a-d7e56cadb414.JPG') !important;\"><img class=\"vc_gitem-zone-img\" src=\"https:\/\/franciscodevitoria.eus\/wp-content\/uploads\/2022\/10\/3e24c6a4-b6d1-4df6-ae8a-d7e56cadb414.JPG\" alt=\"Bisita auzoko Lan Zentrora\" loading=\"lazy\"><div class=\"vc_gitem-zone-mini\"><div class=\"vc_gitem_row vc_row vc_gitem-row-position-top\"><div class=\"vc_col-sm-12 vc_gitem-col vc_gitem-col-align- vc_custom_1643016875389\"><div field_61ea9bbf8a9fb class=\"vc_gitem-acf videoWrapper vc_gitem-align-justify field_61ea9bbf8a9fb\"><\/div><\/div><\/div><\/div><\/div><\/div><div class=\"vc_gitem-zone vc_gitem-zone-c vc_custom_1643015000822\"><div class=\"vc_gitem-zone-mini\"><div class=\"vc_gitem_row vc_row vc_gitem-row-position-top\"><div class=\"vc_col-sm-12 vc_gitem-col vc_gitem-col-align- vc_custom_1643015126761\"><div class=\"vc_custom_heading vc_gitem-post-data vc_gitem-post-data-source-post_title\" ><h3 style=\"font-size: 22px;color: #000000;line-height: 24px;text-align: left;font-family:Exo;font-weight:500;font-style:normal\" ><a href=\"https:\/\/franciscodevitoria.eus\/eu\/bisita-auzoko-lan-zentrora\/\" class=\"vc_gitem-link\" title=\"Bisita auzoko Lan Zentrora\">Bisita auzoko Lan Zentrora<\/a><\/h3><\/div><div class=\"vc_custom_heading vc_custom_1643014169565 vc_gitem-post-data vc_gitem-post-data-source-post_date\" ><div style=\"font-size: 18px;color: #82368c;line-height: 1.1;text-align: left;font-family:Roboto Condensed;font-weight:700;font-style:normal\" >2022\/10\/27<\/div><\/div><div class=\"vc_separator wpb_content_element vc_separator_align_center vc_sep_width_30 vc_sep_border_width_3 vc_sep_pos_align_left vc_separator_no_text wpb_content_element  wpb_content_element\" ><span class=\"vc_sep_holder vc_sep_holder_l\"><span style=\"border-color:#5b9c28;\" class=\"vc_sep_line\"><\/span><\/span><span class=\"vc_sep_holder vc_sep_holder_r\"><span style=\"border-color:#5b9c28;\" class=\"vc_sep_line\"><\/span><\/span>\n<\/div><div class=\"vc_gitem-post-meta-field-resumen resumen_size_mini vc_gitem-align-justify\">2. MEPAko ikasleak auzoko Lan Zentroko erabiltzaileekin esperientziak partekatzen, Eli Atutxa eta Susana Ramirez irakasleekin batera.\r\n\r\n<\/div><div class=\"vc_empty_space\"   style=\"height: 20px\"><span class=\"vc_empty_space_inner\"><\/span><\/div><div class=\"vc_btn3-container  btn_background_news_mini vc_btn3-center vc_custom_1648212009051\"><a onmouseleave=\"this.style.borderColor='#82368c'; this.style.backgroundColor='transparent'; this.style.color='#82368c'\" onmouseenter=\"this.style.borderColor='#82368c'; this.style.backgroundColor='#82368c'; this.style.color='#ffffff';\" style=\"border-color:#82368c; color:#82368c;\" class=\"vc_general vc_btn3 vc_btn3-size-xs vc_btn3-shape-square vc_btn3-style-outline-custom\" a href=\"https:\/\/franciscodevitoria.eus\/eu\/bisita-auzoko-lan-zentrora\/\" class=\"vc_gitem-link vc_general vc_btn3 vc_general vc_btn3 vc_btn3-size-xs vc_btn3-shape-square vc_btn3-style-outline-custom btn_background_news_mini\" title=\"Gehiago irakurri\">Gehiago irakurri<\/a><\/div><\/div><\/div><\/div><\/div><\/div><div class=\"vc_clearfix\"><\/div><\/div><div class=\"vc_grid-item vc_clearfix vc_col-sm-4 vc_grid-item-zone-c-bottom\"><div class=\"vc_grid-item-mini vc_clearfix \"><div class=\"vc_gitem-animated-block\" ><div class=\"vc_gitem-zone vc_gitem-zone-a vc_custom_1643014993987 vc-gitem-zone-height-mode-auto vc-gitem-zone-height-mode-auto-16-9\" style=\"background-image: url('https:\/\/franciscodevitoria.eus\/wp-content\/uploads\/2022\/10\/20221018_105353.jpg') !important;\"><img class=\"vc_gitem-zone-img\" src=\"https:\/\/franciscodevitoria.eus\/wp-content\/uploads\/2022\/10\/20221018_105353.jpg\" alt=\"Puerto Rico Lanerako Zentrua bisitatzen\" loading=\"lazy\"><div class=\"vc_gitem-zone-mini\"><div class=\"vc_gitem_row vc_row vc_gitem-row-position-top\"><div class=\"vc_col-sm-12 vc_gitem-col vc_gitem-col-align- vc_custom_1643016875389\"><div field_61ea9bbf8a9fb class=\"vc_gitem-acf videoWrapper vc_gitem-align-justify field_61ea9bbf8a9fb\"><\/div><\/div><\/div><\/div><\/div><\/div><div class=\"vc_gitem-zone vc_gitem-zone-c vc_custom_1643015000822\"><div class=\"vc_gitem-zone-mini\"><div class=\"vc_gitem_row vc_row vc_gitem-row-position-top\"><div class=\"vc_col-sm-12 vc_gitem-col vc_gitem-col-align- vc_custom_1643015126761\"><div class=\"vc_custom_heading vc_gitem-post-data vc_gitem-post-data-source-post_title\" ><h3 style=\"font-size: 22px;color: #000000;line-height: 24px;text-align: left;font-family:Exo;font-weight:500;font-style:normal\" ><a href=\"https:\/\/franciscodevitoria.eus\/eu\/puerto-rico-lanerako-zentrua-bisitatzen\/\" class=\"vc_gitem-link\" title=\"Puerto Rico Lanerako Zentrua bisitatzen\">Puerto Rico Lanerako Zentrua bisitatzen<\/a><\/h3><\/div><div class=\"vc_custom_heading vc_custom_1643014169565 vc_gitem-post-data vc_gitem-post-data-source-post_date\" ><div style=\"font-size: 18px;color: #82368c;line-height: 1.1;text-align: left;font-family:Roboto Condensed;font-weight:700;font-style:normal\" >2022\/10\/26<\/div><\/div><div class=\"vc_separator wpb_content_element vc_separator_align_center vc_sep_width_30 vc_sep_border_width_3 vc_sep_pos_align_left vc_separator_no_text wpb_content_element  wpb_content_element\" ><span class=\"vc_sep_holder vc_sep_holder_l\"><span style=\"border-color:#5b9c28;\" class=\"vc_sep_line\"><\/span><\/span><span class=\"vc_sep_holder vc_sep_holder_r\"><span style=\"border-color:#5b9c28;\" class=\"vc_sep_line\"><\/span><\/span>\n<\/div><div class=\"vc_gitem-post-meta-field-resumen resumen_size_mini vc_gitem-align-justify\">Gizarteratzeko ikasleek  Puerto Rico Lanerako zentrua bisitatu zuten.  Oso esperientzia aberasgarria eta atsegina izan zen. Erabiltzaileak egindako harrera oso gertukoa izan zen.<\/div><div class=\"vc_empty_space\"   style=\"height: 20px\"><span class=\"vc_empty_space_inner\"><\/span><\/div><div class=\"vc_btn3-container  btn_background_news_mini vc_btn3-center vc_custom_1648212009051\"><a onmouseleave=\"this.style.borderColor='#82368c'; this.style.backgroundColor='transparent'; this.style.color='#82368c'\" onmouseenter=\"this.style.borderColor='#82368c'; this.style.backgroundColor='#82368c'; this.style.color='#ffffff';\" style=\"border-color:#82368c; color:#82368c;\" class=\"vc_general vc_btn3 vc_btn3-size-xs vc_btn3-shape-square vc_btn3-style-outline-custom\" a href=\"https:\/\/franciscodevitoria.eus\/eu\/puerto-rico-lanerako-zentrua-bisitatzen\/\" class=\"vc_gitem-link vc_general vc_btn3 vc_general vc_btn3 vc_btn3-size-xs vc_btn3-shape-square vc_btn3-style-outline-custom btn_background_news_mini\" title=\"Gehiago irakurri\">Gehiago irakurri<\/a><\/div><\/div><\/div><\/div><\/div><\/div><div class=\"vc_clearfix\"><\/div><\/div><div class=\"vc_grid-item vc_clearfix vc_col-sm-4 vc_grid-item-zone-c-bottom\"><div class=\"vc_grid-item-mini vc_clearfix \"><div class=\"vc_gitem-animated-block\" ><div class=\"vc_gitem-zone vc_gitem-zone-a vc_custom_1643014993987 vc-gitem-zone-height-mode-auto vc-gitem-zone-height-mode-auto-16-9\" style=\"background-image: url('https:\/\/franciscodevitoria.eus\/wp-content\/uploads\/2022\/05\/template-img.jpg') !important;\"><img class=\"vc_gitem-zone-img\" src=\"https:\/\/franciscodevitoria.eus\/wp-content\/uploads\/2022\/05\/template-img.jpg\" alt=\"HIZKELAN OROIGARRIA BAIONA HORTZ KLINIKARI\" loading=\"lazy\"><div class=\"vc_gitem-zone-mini\"><div class=\"vc_gitem_row vc_row vc_gitem-row-position-top\"><div class=\"vc_col-sm-12 vc_gitem-col vc_gitem-col-align- vc_custom_1643016875389\"><div field_61ea9bbf8a9fb class=\"vc_gitem-acf videoWrapper vc_gitem-align-justify field_61ea9bbf8a9fb\"><\/div><\/div><\/div><\/div><\/div><\/div><div class=\"vc_gitem-zone vc_gitem-zone-c vc_custom_1643015000822\"><div class=\"vc_gitem-zone-mini\"><div class=\"vc_gitem_row vc_row vc_gitem-row-position-top\"><div class=\"vc_col-sm-12 vc_gitem-col vc_gitem-col-align- vc_custom_1643015126761\"><div class=\"vc_custom_heading vc_gitem-post-data vc_gitem-post-data-source-post_title\" ><h3 style=\"font-size: 22px;color: #000000;line-height: 24px;text-align: left;font-family:Exo;font-weight:500;font-style:normal\" ><a href=\"https:\/\/franciscodevitoria.eus\/eu\/hizkelan-oroigarria-baiona-hortz-klinikari\/\" class=\"vc_gitem-link\" title=\"HIZKELAN OROIGARRIA BAIONA HORTZ KLINIKARI\">HIZKELAN OROIGARRIA BAIONA HORTZ KLINIKARI<\/a><\/h3><\/div><div class=\"vc_custom_heading vc_custom_1643014169565 vc_gitem-post-data vc_gitem-post-data-source-post_date\" ><div style=\"font-size: 18px;color: #82368c;line-height: 1.1;text-align: left;font-family:Roboto Condensed;font-weight:700;font-style:normal\" >2022\/10\/25<\/div><\/div><div class=\"vc_separator wpb_content_element vc_separator_align_center vc_sep_width_30 vc_sep_border_width_3 vc_sep_pos_align_left vc_separator_no_text wpb_content_element  wpb_content_element\" ><span class=\"vc_sep_holder vc_sep_holder_l\"><span style=\"border-color:#5b9c28;\" class=\"vc_sep_line\"><\/span><\/span><span class=\"vc_sep_holder vc_sep_holder_r\"><span style=\"border-color:#5b9c28;\" class=\"vc_sep_line\"><\/span><\/span>\n<\/div><div class=\"vc_gitem-post-meta-field-resumen resumen_size_mini vc_gitem-align-justify\">Urriaren 18an, gure institutuko Aho eta Hortzen Higienea zikloarekin elkarlanean aritzen den BAIONA HORTZ-KLINIKAri eman zioten Hizkelan oroigarria. Formazio Duala eta Lantokiko Prestakuntza moduluak euskaraz egiten dituzte bertan gure ikasleek. \r\nEskerrik asko eta zorionak institutuaren partez klinikako Nortxu eta Aitorri! \r\nEkitaldian gure ikasle ohi CHRISTIAN GILek Baiona hortz-klinikan jasotako formazioaren inguruko gogoeta egin zuen. Eskerrik asko zuri ere!<\/div><div class=\"vc_empty_space\"   style=\"height: 20px\"><span class=\"vc_empty_space_inner\"><\/span><\/div><div class=\"vc_btn3-container  btn_background_news_mini vc_btn3-center vc_custom_1648212009051\"><a onmouseleave=\"this.style.borderColor='#82368c'; this.style.backgroundColor='transparent'; this.style.color='#82368c'\" onmouseenter=\"this.style.borderColor='#82368c'; this.style.backgroundColor='#82368c'; this.style.color='#ffffff';\" style=\"border-color:#82368c; color:#82368c;\" class=\"vc_general vc_btn3 vc_btn3-size-xs vc_btn3-shape-square vc_btn3-style-outline-custom\" a href=\"https:\/\/franciscodevitoria.eus\/eu\/hizkelan-oroigarria-baiona-hortz-klinikari\/\" class=\"vc_gitem-link vc_general vc_btn3 vc_general vc_btn3 vc_btn3-size-xs vc_btn3-shape-square vc_btn3-style-outline-custom btn_background_news_mini\" title=\"Gehiago irakurri\">Gehiago irakurri<\/a><\/div><\/div><\/div><\/div><\/div><\/div><div class=\"vc_clearfix\"><\/div><\/div><div class=\"vc_grid-item vc_clearfix vc_col-sm-4 vc_grid-item-zone-c-bottom\"><div class=\"vc_grid-item-mini vc_clearfix \"><div class=\"vc_gitem-animated-block\" ><div class=\"vc_gitem-zone vc_gitem-zone-a vc_custom_1643014993987 vc-gitem-zone-height-mode-auto vc-gitem-zone-height-mode-auto-16-9\" style=\"background-image: url('https:\/\/franciscodevitoria.eus\/wp-content\/uploads\/2022\/10\/20221011_104419-rotated.jpg') !important;\"><img class=\"vc_gitem-zone-img\" src=\"https:\/\/franciscodevitoria.eus\/wp-content\/uploads\/2022\/10\/20221011_104419-rotated.jpg\" alt=\"Oinarrizko Lanbide Heziketako ikastetxeak ezagutzen, hauen eskaintzak eta zebitzuak ezagutuz!!\" loading=\"lazy\"><div class=\"vc_gitem-zone-mini\"><div class=\"vc_gitem_row vc_row vc_gitem-row-position-top\"><div class=\"vc_col-sm-12 vc_gitem-col vc_gitem-col-align- vc_custom_1643016875389\"><div field_61ea9bbf8a9fb class=\"vc_gitem-acf videoWrapper vc_gitem-align-justify field_61ea9bbf8a9fb\"><\/div><\/div><\/div><\/div><\/div><\/div><div class=\"vc_gitem-zone vc_gitem-zone-c vc_custom_1643015000822\"><div class=\"vc_gitem-zone-mini\"><div class=\"vc_gitem_row vc_row vc_gitem-row-position-top\"><div class=\"vc_col-sm-12 vc_gitem-col vc_gitem-col-align- vc_custom_1643015126761\"><div class=\"vc_custom_heading vc_gitem-post-data vc_gitem-post-data-source-post_title\" ><h3 style=\"font-size: 22px;color: #000000;line-height: 24px;text-align: left;font-family:Exo;font-weight:500;font-style:normal\" ><a href=\"https:\/\/franciscodevitoria.eus\/eu\/oinarrizko-lanbide-heziketako-ikastetxeak-ezagutzen-hauen-eskaintzak-eta-zebitzuak-ezagutuz\/\" class=\"vc_gitem-link\" title=\"Oinarrizko Lanbide Heziketako ikastetxeak ezagutzen, hauen eskaintzak eta zebitzuak ezagutuz!!\">Oinarrizko Lanbide Heziketako ikastetxeak ezagutzen, hauen eskaintzak eta zebitzuak ezagutuz!!<\/a><\/h3><\/div><div class=\"vc_custom_heading vc_custom_1643014169565 vc_gitem-post-data vc_gitem-post-data-source-post_date\" ><div style=\"font-size: 18px;color: #82368c;line-height: 1.1;text-align: left;font-family:Roboto Condensed;font-weight:700;font-style:normal\" >2022\/10\/13<\/div><\/div><div class=\"vc_separator wpb_content_element vc_separator_align_center vc_sep_width_30 vc_sep_border_width_3 vc_sep_pos_align_left vc_separator_no_text wpb_content_element  wpb_content_element\" ><span class=\"vc_sep_holder vc_sep_holder_l\"><span style=\"border-color:#5b9c28;\" class=\"vc_sep_line\"><\/span><\/span><span class=\"vc_sep_holder vc_sep_holder_r\"><span style=\"border-color:#5b9c28;\" class=\"vc_sep_line\"><\/span><\/span>\n<\/div><div class=\"vc_gitem-post-meta-field-resumen resumen_size_mini vc_gitem-align-justify\">Urriaren 11an,   Gizarteratzeko ikasleek Karmengo Ama ikastetxea bisitatu zuten. <\/div><div class=\"vc_empty_space\"   style=\"height: 20px\"><span class=\"vc_empty_space_inner\"><\/span><\/div><div class=\"vc_btn3-container  btn_background_news_mini vc_btn3-center vc_custom_1648212009051\"><a onmouseleave=\"this.style.borderColor='#82368c'; this.style.backgroundColor='transparent'; this.style.color='#82368c'\" onmouseenter=\"this.style.borderColor='#82368c'; this.style.backgroundColor='#82368c'; this.style.color='#ffffff';\" style=\"border-color:#82368c; color:#82368c;\" class=\"vc_general vc_btn3 vc_btn3-size-xs vc_btn3-shape-square vc_btn3-style-outline-custom\" a href=\"https:\/\/franciscodevitoria.eus\/eu\/oinarrizko-lanbide-heziketako-ikastetxeak-ezagutzen-hauen-eskaintzak-eta-zebitzuak-ezagutuz\/\" class=\"vc_gitem-link vc_general vc_btn3 vc_general vc_btn3 vc_btn3-size-xs vc_btn3-shape-square vc_btn3-style-outline-custom btn_background_news_mini\" title=\"Gehiago irakurri\">Gehiago irakurri<\/a><\/div><\/div><\/div><\/div><\/div><\/div><div class=\"vc_clearfix\"><\/div><\/div><div class=\"vc_grid-item vc_clearfix vc_col-sm-4 vc_grid-item-zone-c-bottom\"><div class=\"vc_grid-item-mini vc_clearfix \"><div class=\"vc_gitem-animated-block\" ><div class=\"vc_gitem-zone vc_gitem-zone-a vc_custom_1643014993987 vc-gitem-zone-height-mode-auto vc-gitem-zone-height-mode-auto-16-9\" style=\"background-image: url('https:\/\/franciscodevitoria.eus\/wp-content\/uploads\/2022\/09\/Evento-entrega-premios-merito-academico-la-fundacion-1-750x430.jpg') !important;\"><img class=\"vc_gitem-zone-img\" src=\"https:\/\/franciscodevitoria.eus\/wp-content\/uploads\/2022\/09\/Evento-entrega-premios-merito-academico-la-fundacion-1-750x430.jpg\" alt=\"Meritu Akademikoaren\" loading=\"lazy\"><div class=\"vc_gitem-zone-mini\"><div class=\"vc_gitem_row vc_row vc_gitem-row-position-top\"><div class=\"vc_col-sm-12 vc_gitem-col vc_gitem-col-align- vc_custom_1643016875389\"><div field_61ea9bbf8a9fb class=\"vc_gitem-acf videoWrapper vc_gitem-align-justify field_61ea9bbf8a9fb\"><\/div><\/div><\/div><\/div><\/div><\/div><div class=\"vc_gitem-zone vc_gitem-zone-c vc_custom_1643015000822\"><div class=\"vc_gitem-zone-mini\"><div class=\"vc_gitem_row vc_row vc_gitem-row-position-top\"><div class=\"vc_col-sm-12 vc_gitem-col vc_gitem-col-align- vc_custom_1643015126761\"><div class=\"vc_custom_heading vc_gitem-post-data vc_gitem-post-data-source-post_title\" ><h3 style=\"font-size: 22px;color: #000000;line-height: 24px;text-align: left;font-family:Exo;font-weight:500;font-style:normal\" ><a href=\"https:\/\/franciscodevitoria.eus\/eu\/meritu-akademikoaren\/\" class=\"vc_gitem-link\" title=\"Meritu Akademikoaren\">Meritu Akademikoaren<\/a><\/h3><\/div><div class=\"vc_custom_heading vc_custom_1643014169565 vc_gitem-post-data vc_gitem-post-data-source-post_date\" ><div style=\"font-size: 18px;color: #82368c;line-height: 1.1;text-align: left;font-family:Roboto Condensed;font-weight:700;font-style:normal\" >2022\/10\/04<\/div><\/div><div class=\"vc_separator wpb_content_element vc_separator_align_center vc_sep_width_30 vc_sep_border_width_3 vc_sep_pos_align_left vc_separator_no_text wpb_content_element  wpb_content_element\" ><span class=\"vc_sep_holder vc_sep_holder_l\"><span style=\"border-color:#5b9c28;\" class=\"vc_sep_line\"><\/span><\/span><span class=\"vc_sep_holder vc_sep_holder_r\"><span style=\"border-color:#5b9c28;\" class=\"vc_sep_line\"><\/span><\/span>\n<\/div><div class=\"vc_gitem-post-meta-field-resumen resumen_size_mini vc_gitem-align-justify\">Pasaden asteartean San Prudencio Fundazioak Igone ruiz saritu zuen erdi mailako zikloetako notarik onena izateagatik. Farmazia eta Parafarmazia-ko gure ikasle ohia. ZORIONAK!!<\/div><div class=\"vc_empty_space\"   style=\"height: 20px\"><span class=\"vc_empty_space_inner\"><\/span><\/div><div class=\"vc_btn3-container  btn_background_news_mini vc_btn3-center vc_custom_1648212009051\"><a onmouseleave=\"this.style.borderColor='#82368c'; this.style.backgroundColor='transparent'; this.style.color='#82368c'\" onmouseenter=\"this.style.borderColor='#82368c'; this.style.backgroundColor='#82368c'; this.style.color='#ffffff';\" style=\"border-color:#82368c; color:#82368c;\" class=\"vc_general vc_btn3 vc_btn3-size-xs vc_btn3-shape-square vc_btn3-style-outline-custom\" a href=\"https:\/\/franciscodevitoria.eus\/eu\/meritu-akademikoaren\/\" class=\"vc_gitem-link vc_general vc_btn3 vc_general vc_btn3 vc_btn3-size-xs vc_btn3-shape-square vc_btn3-style-outline-custom btn_background_news_mini\" title=\"Gehiago irakurri\">Gehiago irakurri<\/a><\/div><\/div><\/div><\/div><\/div><\/div><div class=\"vc_clearfix\"><\/div><\/div><div class=\"vc_grid-item vc_clearfix vc_col-sm-4 vc_grid-item-zone-c-bottom\"><div class=\"vc_grid-item-mini vc_clearfix \"><div class=\"vc_gitem-animated-block\" ><div class=\"vc_gitem-zone vc_gitem-zone-a vc_custom_1643014993987 vc-gitem-zone-height-mode-auto vc-gitem-zone-height-mode-auto-16-9\" style=\"background-image: url('https:\/\/franciscodevitoria.eus\/wp-content\/uploads\/2022\/09\/libro.jpg') !important;\"><img class=\"vc_gitem-zone-img\" src=\"https:\/\/franciscodevitoria.eus\/wp-content\/uploads\/2022\/09\/libro.jpg\" alt=\"DBHko liburuen erreferentzia\" loading=\"lazy\"><div class=\"vc_gitem-zone-mini\"><div class=\"vc_gitem_row vc_row vc_gitem-row-position-top\"><div class=\"vc_col-sm-12 vc_gitem-col vc_gitem-col-align- vc_custom_1643016875389\"><div field_61ea9bbf8a9fb class=\"vc_gitem-acf videoWrapper vc_gitem-align-justify field_61ea9bbf8a9fb\"><\/div><\/div><\/div><\/div><\/div><\/div><div class=\"vc_gitem-zone vc_gitem-zone-c vc_custom_1643015000822\"><div class=\"vc_gitem-zone-mini\"><div class=\"vc_gitem_row vc_row vc_gitem-row-position-top\"><div class=\"vc_col-sm-12 vc_gitem-col vc_gitem-col-align- vc_custom_1643015126761\"><div class=\"vc_custom_heading vc_gitem-post-data vc_gitem-post-data-source-post_title\" ><h3 style=\"font-size: 22px;color: #000000;line-height: 24px;text-align: left;font-family:Exo;font-weight:500;font-style:normal\" ><a href=\"https:\/\/franciscodevitoria.eus\/eu\/dbhko-liburuen-erreferentzia\/\" class=\"vc_gitem-link\" title=\"DBHko liburuen erreferentzia\">DBHko liburuen erreferentzia<\/a><\/h3><\/div><div class=\"vc_custom_heading vc_custom_1643014169565 vc_gitem-post-data vc_gitem-post-data-source-post_date\" ><div style=\"font-size: 18px;color: #82368c;line-height: 1.1;text-align: left;font-family:Roboto Condensed;font-weight:700;font-style:normal\" >2022\/09\/07<\/div><\/div><div class=\"vc_separator wpb_content_element vc_separator_align_center vc_sep_width_30 vc_sep_border_width_3 vc_sep_pos_align_left vc_separator_no_text wpb_content_element  wpb_content_element\" ><span class=\"vc_sep_holder vc_sep_holder_l\"><span style=\"border-color:#5b9c28;\" class=\"vc_sep_line\"><\/span><\/span><span class=\"vc_sep_holder vc_sep_holder_r\"><span style=\"border-color:#5b9c28;\" class=\"vc_sep_line\"><\/span><\/span>\n<\/div><div class=\"vc_gitem-post-meta-field-resumen resumen_size_mini vc_gitem-align-justify\">Erantsitako PDFan daude 2022-23 ikasturtean DBHen erabiliko ditugun liburuen erreferentziak.\r\n\r\n<\/div><div class=\"vc_empty_space\"   style=\"height: 20px\"><span class=\"vc_empty_space_inner\"><\/span><\/div><div class=\"vc_btn3-container  btn_background_news_mini vc_btn3-center vc_custom_1648212009051\"><a onmouseleave=\"this.style.borderColor='#82368c'; this.style.backgroundColor='transparent'; this.style.color='#82368c'\" onmouseenter=\"this.style.borderColor='#82368c'; this.style.backgroundColor='#82368c'; this.style.color='#ffffff';\" style=\"border-color:#82368c; color:#82368c;\" class=\"vc_general vc_btn3 vc_btn3-size-xs vc_btn3-shape-square vc_btn3-style-outline-custom\" a href=\"https:\/\/franciscodevitoria.eus\/eu\/dbhko-liburuen-erreferentzia\/\" class=\"vc_gitem-link vc_general vc_btn3 vc_general vc_btn3 vc_btn3-size-xs vc_btn3-shape-square vc_btn3-style-outline-custom btn_background_news_mini\" title=\"Gehiago irakurri\">Gehiago irakurri<\/a><\/div><\/div><\/div><\/div><\/div><\/div><div class=\"vc_clearfix\"><\/div><\/div><div class=\"vc_grid-item vc_clearfix vc_col-sm-4 vc_grid-item-zone-c-bottom\"><div class=\"vc_grid-item-mini vc_clearfix \"><div class=\"vc_gitem-animated-block\" ><div class=\"vc_gitem-zone vc_gitem-zone-a vc_custom_1643014993987 vc-gitem-zone-height-mode-auto vc-gitem-zone-height-mode-auto-16-9\" style=\"background-image: url('https:\/\/franciscodevitoria.eus\/wp-content\/uploads\/2022\/06\/Historia de Instagram Tortilla de patatas dibujos tonos marr\u00f3n.png') !important;\"><img class=\"vc_gitem-zone-img\" src=\"https:\/\/franciscodevitoria.eus\/wp-content\/uploads\/2022\/06\/Historia de Instagram Tortilla de patatas dibujos tonos marr\u00f3n.png\" alt=\"Patata tortilla lehiaketa\" loading=\"lazy\"><div class=\"vc_gitem-zone-mini\"><div class=\"vc_gitem_row vc_row vc_gitem-row-position-top\"><div class=\"vc_col-sm-12 vc_gitem-col vc_gitem-col-align- vc_custom_1643016875389\"><div field_61ea9bbf8a9fb class=\"vc_gitem-acf videoWrapper vc_gitem-align-justify field_61ea9bbf8a9fb\"><\/div><\/div><\/div><\/div><\/div><\/div><div class=\"vc_gitem-zone vc_gitem-zone-c vc_custom_1643015000822\"><div class=\"vc_gitem-zone-mini\"><div class=\"vc_gitem_row vc_row vc_gitem-row-position-top\"><div class=\"vc_col-sm-12 vc_gitem-col vc_gitem-col-align- vc_custom_1643015126761\"><div class=\"vc_custom_heading vc_gitem-post-data vc_gitem-post-data-source-post_title\" ><h3 style=\"font-size: 22px;color: #000000;line-height: 24px;text-align: left;font-family:Exo;font-weight:500;font-style:normal\" ><a href=\"https:\/\/franciscodevitoria.eus\/eu\/patata-tortilla-lehiaketa\/\" class=\"vc_gitem-link\" title=\"Patata tortilla lehiaketa\">Patata tortilla lehiaketa<\/a><\/h3><\/div><div class=\"vc_custom_heading vc_custom_1643014169565 vc_gitem-post-data vc_gitem-post-data-source-post_date\" ><div style=\"font-size: 18px;color: #82368c;line-height: 1.1;text-align: left;font-family:Roboto Condensed;font-weight:700;font-style:normal\" >2022\/06\/13<\/div><\/div><div class=\"vc_separator wpb_content_element vc_separator_align_center vc_sep_width_30 vc_sep_border_width_3 vc_sep_pos_align_left vc_separator_no_text wpb_content_element  wpb_content_element\" ><span class=\"vc_sep_holder vc_sep_holder_l\"><span style=\"border-color:#5b9c28;\" class=\"vc_sep_line\"><\/span><\/span><span class=\"vc_sep_holder vc_sep_holder_r\"><span style=\"border-color:#5b9c28;\" class=\"vc_sep_line\"><\/span><\/span>\n<\/div><div class=\"vc_gitem-post-meta-field-resumen resumen_size_mini vc_gitem-align-justify\">Zure tortilla onena al da? Erakustazu!<\/div><div class=\"vc_empty_space\"   style=\"height: 20px\"><span class=\"vc_empty_space_inner\"><\/span><\/div><div class=\"vc_btn3-container  btn_background_news_mini vc_btn3-center vc_custom_1648212009051\"><a onmouseleave=\"this.style.borderColor='#82368c'; this.style.backgroundColor='transparent'; this.style.color='#82368c'\" onmouseenter=\"this.style.borderColor='#82368c'; this.style.backgroundColor='#82368c'; this.style.color='#ffffff';\" style=\"border-color:#82368c; color:#82368c;\" class=\"vc_general vc_btn3 vc_btn3-size-xs vc_btn3-shape-square vc_btn3-style-outline-custom\" a href=\"https:\/\/franciscodevitoria.eus\/eu\/patata-tortilla-lehiaketa\/\" class=\"vc_gitem-link vc_general vc_btn3 vc_general vc_btn3 vc_btn3-size-xs vc_btn3-shape-square vc_btn3-style-outline-custom btn_background_news_mini\" title=\"Gehiago irakurri\">Gehiago irakurri<\/a><\/div><\/div><\/div><\/div><\/div><\/div><div class=\"vc_clearfix\"><\/div><\/div><div class=\"vc_grid-item vc_clearfix vc_col-sm-4 vc_grid-item-zone-c-bottom\"><div class=\"vc_grid-item-mini vc_clearfix \"><div class=\"vc_gitem-animated-block\" ><div class=\"vc_gitem-zone vc_gitem-zone-a vc_custom_1643014993987 vc-gitem-zone-height-mode-auto vc-gitem-zone-height-mode-auto-16-9\" style=\"background-image: url('https:\/\/franciscodevitoria.eus\/wp-content\/uploads\/2022\/06\/5_Hauspoa English-2.png') !important;\"><img class=\"vc_gitem-zone-img\" src=\"https:\/\/franciscodevitoria.eus\/wp-content\/uploads\/2022\/06\/5_Hauspoa English-2.png\" alt=\"JAPANESE BOOKBINDING WORKSHOP\" loading=\"lazy\"><div class=\"vc_gitem-zone-mini\"><div class=\"vc_gitem_row vc_row vc_gitem-row-position-top\"><div class=\"vc_col-sm-12 vc_gitem-col vc_gitem-col-align- vc_custom_1643016875389\"><div field_61ea9bbf8a9fb class=\"vc_gitem-acf videoWrapper vc_gitem-align-justify field_61ea9bbf8a9fb\"><\/div><\/div><\/div><\/div><\/div><\/div><div class=\"vc_gitem-zone vc_gitem-zone-c vc_custom_1643015000822\"><div class=\"vc_gitem-zone-mini\"><div class=\"vc_gitem_row vc_row vc_gitem-row-position-top\"><div class=\"vc_col-sm-12 vc_gitem-col vc_gitem-col-align- vc_custom_1643015126761\"><div class=\"vc_custom_heading vc_gitem-post-data vc_gitem-post-data-source-post_title\" ><h3 style=\"font-size: 22px;color: #000000;line-height: 24px;text-align: left;font-family:Exo;font-weight:500;font-style:normal\" ><a href=\"https:\/\/franciscodevitoria.eus\/eu\/japanese-bookbinding-workshop\/\" class=\"vc_gitem-link\" title=\"JAPANESE BOOKBINDING WORKSHOP\">JAPANESE BOOKBINDING WORKSHOP<\/a><\/h3><\/div><div class=\"vc_custom_heading vc_custom_1643014169565 vc_gitem-post-data vc_gitem-post-data-source-post_date\" ><div style=\"font-size: 18px;color: #82368c;line-height: 1.1;text-align: left;font-family:Roboto Condensed;font-weight:700;font-style:normal\" >2022\/06\/09<\/div><\/div><div class=\"vc_separator wpb_content_element vc_separator_align_center vc_sep_width_30 vc_sep_border_width_3 vc_sep_pos_align_left vc_separator_no_text wpb_content_element  wpb_content_element\" ><span class=\"vc_sep_holder vc_sep_holder_l\"><span style=\"border-color:#5b9c28;\" class=\"vc_sep_line\"><\/span><\/span><span class=\"vc_sep_holder vc_sep_holder_r\"><span style=\"border-color:#5b9c28;\" class=\"vc_sep_line\"><\/span><\/span>\n<\/div><div class=\"vc_gitem-post-meta-field-resumen resumen_size_mini vc_gitem-align-justify\">Hauspoa project - English department<\/div><div class=\"vc_empty_space\"   style=\"height: 20px\"><span class=\"vc_empty_space_inner\"><\/span><\/div><div class=\"vc_btn3-container  btn_background_news_mini vc_btn3-center vc_custom_1648212009051\"><a onmouseleave=\"this.style.borderColor='#82368c'; this.style.backgroundColor='transparent'; this.style.color='#82368c'\" onmouseenter=\"this.style.borderColor='#82368c'; this.style.backgroundColor='#82368c'; this.style.color='#ffffff';\" style=\"border-color:#82368c; color:#82368c;\" class=\"vc_general vc_btn3 vc_btn3-size-xs vc_btn3-shape-square vc_btn3-style-outline-custom\" a href=\"https:\/\/franciscodevitoria.eus\/eu\/japanese-bookbinding-workshop\/\" class=\"vc_gitem-link vc_general vc_btn3 vc_general vc_btn3 vc_btn3-size-xs vc_btn3-shape-square vc_btn3-style-outline-custom btn_background_news_mini\" title=\"Gehiago irakurri\">Gehiago irakurri<\/a><\/div><\/div><\/div><\/div><\/div><\/div><div class=\"vc_clearfix\"><\/div><\/div><div class=\"vc_grid-item vc_clearfix vc_col-sm-4 vc_grid-item-zone-c-bottom\"><div class=\"vc_grid-item-mini vc_clearfix \"><div class=\"vc_gitem-animated-block\" ><div class=\"vc_gitem-zone vc_gitem-zone-a vc_custom_1643014993987 vc-gitem-zone-height-mode-auto vc-gitem-zone-height-mode-auto-16-9\" style=\"background-image: url('https:\/\/franciscodevitoria.eus\/wp-content\/uploads\/2022\/06\/3_TENEMOS_QUE_CUIDAR_EL_MEDIO_AMBIENTE.jpeg') !important;\"><img class=\"vc_gitem-zone-img\" src=\"https:\/\/franciscodevitoria.eus\/wp-content\/uploads\/2022\/06\/3_TENEMOS_QUE_CUIDAR_EL_MEDIO_AMBIENTE.jpeg\" alt=\"Bio-Geo Podcast\" loading=\"lazy\"><div class=\"vc_gitem-zone-mini\"><div class=\"vc_gitem_row vc_row vc_gitem-row-position-top\"><div class=\"vc_col-sm-12 vc_gitem-col vc_gitem-col-align- vc_custom_1643016875389\"><div field_61ea9bbf8a9fb class=\"vc_gitem-acf videoWrapper vc_gitem-align-justify field_61ea9bbf8a9fb\"><\/div><\/div><\/div><\/div><\/div><\/div><div class=\"vc_gitem-zone vc_gitem-zone-c vc_custom_1643015000822\"><div class=\"vc_gitem-zone-mini\"><div class=\"vc_gitem_row vc_row vc_gitem-row-position-top\"><div class=\"vc_col-sm-12 vc_gitem-col vc_gitem-col-align- vc_custom_1643015126761\"><div class=\"vc_custom_heading vc_gitem-post-data vc_gitem-post-data-source-post_title\" ><h3 style=\"font-size: 22px;color: #000000;line-height: 24px;text-align: left;font-family:Exo;font-weight:500;font-style:normal\" ><a href=\"https:\/\/franciscodevitoria.eus\/eu\/bio-geo-podcast\/\" class=\"vc_gitem-link\" title=\"Bio-Geo Podcast\">Bio-Geo Podcast<\/a><\/h3><\/div><div class=\"vc_custom_heading vc_custom_1643014169565 vc_gitem-post-data vc_gitem-post-data-source-post_date\" ><div style=\"font-size: 18px;color: #82368c;line-height: 1.1;text-align: left;font-family:Roboto Condensed;font-weight:700;font-style:normal\" >2022\/06\/09<\/div><\/div><div class=\"vc_separator wpb_content_element vc_separator_align_center vc_sep_width_30 vc_sep_border_width_3 vc_sep_pos_align_left vc_separator_no_text wpb_content_element  wpb_content_element\" ><span class=\"vc_sep_holder vc_sep_holder_l\"><span style=\"border-color:#5b9c28;\" class=\"vc_sep_line\"><\/span><\/span><span class=\"vc_sep_holder vc_sep_holder_r\"><span style=\"border-color:#5b9c28;\" class=\"vc_sep_line\"><\/span><\/span>\n<\/div><div class=\"vc_gitem-post-meta-field-resumen resumen_size_mini vc_gitem-align-justify\">Ekainak 5 \"Ingurumenaren Eguna\"<\/div><div class=\"vc_empty_space\"   style=\"height: 20px\"><span class=\"vc_empty_space_inner\"><\/span><\/div><div class=\"vc_btn3-container  btn_background_news_mini vc_btn3-center vc_custom_1648212009051\"><a onmouseleave=\"this.style.borderColor='#82368c'; this.style.backgroundColor='transparent'; this.style.color='#82368c'\" onmouseenter=\"this.style.borderColor='#82368c'; this.style.backgroundColor='#82368c'; this.style.color='#ffffff';\" style=\"border-color:#82368c; color:#82368c;\" class=\"vc_general vc_btn3 vc_btn3-size-xs vc_btn3-shape-square vc_btn3-style-outline-custom\" a href=\"https:\/\/franciscodevitoria.eus\/eu\/bio-geo-podcast\/\" class=\"vc_gitem-link vc_general vc_btn3 vc_general vc_btn3 vc_btn3-size-xs vc_btn3-shape-square vc_btn3-style-outline-custom btn_background_news_mini\" title=\"Gehiago irakurri\">Gehiago irakurri<\/a><\/div><\/div><\/div><\/div><\/div><\/div><div class=\"vc_clearfix\"><\/div><\/div><div class=\"vc_grid-item vc_clearfix vc_col-sm-4 vc_grid-item-zone-c-bottom\"><div class=\"vc_grid-item-mini vc_clearfix \"><div class=\"vc_gitem-animated-block\" ><div class=\"vc_gitem-zone vc_gitem-zone-a vc_custom_1643014993987 vc-gitem-zone-height-mode-auto vc-gitem-zone-height-mode-auto-16-9\" style=\"background-image: url('https:\/\/franciscodevitoria.eus\/wp-content\/uploads\/2022\/05\/15_2_puesta_collarin.jpg') !important;\"><img class=\"vc_gitem-zone-img\" src=\"https:\/\/franciscodevitoria.eus\/wp-content\/uploads\/2022\/05\/15_2_puesta_collarin.jpg\" alt=\"FdV-ko osasun larrialdietako zikloko ikasleek neurri anitzeko lepokoko prozedura egiten dioten ahoz gora dagoen biktima bati\" loading=\"lazy\"><div class=\"vc_gitem-zone-mini\"><div class=\"vc_gitem_row vc_row vc_gitem-row-position-top\"><div class=\"vc_col-sm-12 vc_gitem-col vc_gitem-col-align- vc_custom_1643016875389\"><div field_61ea9bbf8a9fb class=\"vc_gitem-acf videoWrapper vc_gitem-align-justify field_61ea9bbf8a9fb\"><\/div><\/div><\/div><\/div><\/div><\/div><div class=\"vc_gitem-zone vc_gitem-zone-c vc_custom_1643015000822\"><div class=\"vc_gitem-zone-mini\"><div class=\"vc_gitem_row vc_row vc_gitem-row-position-top\"><div class=\"vc_col-sm-12 vc_gitem-col vc_gitem-col-align- vc_custom_1643015126761\"><div class=\"vc_custom_heading vc_gitem-post-data vc_gitem-post-data-source-post_title\" ><h3 style=\"font-size: 22px;color: #000000;line-height: 24px;text-align: left;font-family:Exo;font-weight:500;font-style:normal\" ><a href=\"https:\/\/franciscodevitoria.eus\/eu\/alumns-del-ciclo-emergencias-sanitarias-del-fdv-realizan-el-procedimiento-de-puesta-de-collarin-cervical-multitalla-a-una-victima-en-decubito-prono\/\" class=\"vc_gitem-link\" title=\"FdV-ko osasun larrialdietako zikloko ikasleek neurri anitzeko lepokoko prozedura egiten dioten ahoz gora dagoen biktima bati\">FdV-ko osasun larrialdietako zikloko ikasleek neurri anitzeko lepokoko prozedura egiten dioten ahoz gora dagoen biktima bati<\/a><\/h3><\/div><div class=\"vc_custom_heading vc_custom_1643014169565 vc_gitem-post-data vc_gitem-post-data-source-post_date\" ><div style=\"font-size: 18px;color: #82368c;line-height: 1.1;text-align: left;font-family:Roboto Condensed;font-weight:700;font-style:normal\" >2022\/05\/18<\/div><\/div><div class=\"vc_separator wpb_content_element vc_separator_align_center vc_sep_width_30 vc_sep_border_width_3 vc_sep_pos_align_left vc_separator_no_text wpb_content_element  wpb_content_element\" ><span class=\"vc_sep_holder vc_sep_holder_l\"><span style=\"border-color:#5b9c28;\" class=\"vc_sep_line\"><\/span><\/span><span class=\"vc_sep_holder vc_sep_holder_r\"><span style=\"border-color:#5b9c28;\" class=\"vc_sep_line\"><\/span><\/span>\n<\/div><div class=\"vc_gitem-post-meta-field-resumen resumen_size_mini vc_gitem-align-justify\">Hau da zikloan ikasten dugun prozedura garrantzitsuenetako bat.<\/div><div class=\"vc_empty_space\"   style=\"height: 20px\"><span class=\"vc_empty_space_inner\"><\/span><\/div><div class=\"vc_btn3-container  btn_background_news_mini vc_btn3-center vc_custom_1648212009051\"><a onmouseleave=\"this.style.borderColor='#82368c'; this.style.backgroundColor='transparent'; this.style.color='#82368c'\" onmouseenter=\"this.style.borderColor='#82368c'; this.style.backgroundColor='#82368c'; this.style.color='#ffffff';\" style=\"border-color:#82368c; color:#82368c;\" class=\"vc_general vc_btn3 vc_btn3-size-xs vc_btn3-shape-square vc_btn3-style-outline-custom\" a href=\"https:\/\/franciscodevitoria.eus\/eu\/alumns-del-ciclo-emergencias-sanitarias-del-fdv-realizan-el-procedimiento-de-puesta-de-collarin-cervical-multitalla-a-una-victima-en-decubito-prono\/\" class=\"vc_gitem-link vc_general vc_btn3 vc_general vc_btn3 vc_btn3-size-xs vc_btn3-shape-square vc_btn3-style-outline-custom btn_background_news_mini\" title=\"Gehiago irakurri\">Gehiago irakurri<\/a><\/div><\/div><\/div><\/div><\/div><\/div><div class=\"vc_clearfix\"><\/div><\/div><div class=\"vc_grid-item vc_clearfix vc_col-sm-4 vc_grid-item-zone-c-bottom\"><div class=\"vc_grid-item-mini vc_clearfix \"><div class=\"vc_gitem-animated-block\" ><div class=\"vc_gitem-zone vc_gitem-zone-a vc_custom_1643014993987 vc-gitem-zone-height-mode-auto vc-gitem-zone-height-mode-auto-16-9\" style=\"background-image: url('https:\/\/franciscodevitoria.eus\/wp-content\/uploads\/2022\/03\/noti_principal_03.jpg') !important;\"><img class=\"vc_gitem-zone-img\" src=\"https:\/\/franciscodevitoria.eus\/wp-content\/uploads\/2022\/03\/noti_principal_03.jpg\" alt=\"Basquetour firma un convenio con los tres centros p\u00fablicos de FP de Turismo para colaborar en la formaci\u00f3n del alumnado\" loading=\"lazy\"><div class=\"vc_gitem-zone-mini\"><div class=\"vc_gitem_row vc_row vc_gitem-row-position-top\"><div class=\"vc_col-sm-12 vc_gitem-col vc_gitem-col-align- vc_custom_1643016875389\"><div field_61ea9bbf8a9fb class=\"vc_gitem-acf videoWrapper vc_gitem-align-justify field_61ea9bbf8a9fb\"><\/div><\/div><\/div><\/div><\/div><\/div><div class=\"vc_gitem-zone vc_gitem-zone-c vc_custom_1643015000822\"><div class=\"vc_gitem-zone-mini\"><div class=\"vc_gitem_row vc_row vc_gitem-row-position-top\"><div class=\"vc_col-sm-12 vc_gitem-col vc_gitem-col-align- vc_custom_1643015126761\"><div class=\"vc_custom_heading vc_gitem-post-data vc_gitem-post-data-source-post_title\" ><h3 style=\"font-size: 22px;color: #000000;line-height: 24px;text-align: left;font-family:Exo;font-weight:500;font-style:normal\" ><a href=\"https:\/\/franciscodevitoria.eus\/eu\/basquetour-firma-un-convenio-con-los-tres-centros-publicos-de-fp-de-turismo-para-colaborar-en-la-formacion-del-alumnado\/\" class=\"vc_gitem-link\" title=\"Basquetour firma un convenio con los tres centros p\u00fablicos de FP de Turismo para colaborar en la formaci\u00f3n del alumnado\">Basquetour firma un convenio con los tres centros p\u00fablicos de FP de Turismo para colaborar en la formaci\u00f3n del alumnado<\/a><\/h3><\/div><div class=\"vc_custom_heading vc_custom_1643014169565 vc_gitem-post-data vc_gitem-post-data-source-post_date\" ><div style=\"font-size: 18px;color: #82368c;line-height: 1.1;text-align: left;font-family:Roboto Condensed;font-weight:700;font-style:normal\" >2022\/03\/25<\/div><\/div><div class=\"vc_separator wpb_content_element vc_separator_align_center vc_sep_width_30 vc_sep_border_width_3 vc_sep_pos_align_left vc_separator_no_text wpb_content_element  wpb_content_element\" ><span class=\"vc_sep_holder vc_sep_holder_l\"><span style=\"border-color:#5b9c28;\" class=\"vc_sep_line\"><\/span><\/span><span class=\"vc_sep_holder vc_sep_holder_r\"><span style=\"border-color:#5b9c28;\" class=\"vc_sep_line\"><\/span><\/span>\n<\/div><div class=\"vc_gitem-post-meta-field-resumen resumen_size_mini vc_gitem-align-justify\">Las jefas de los departamentos de turismo de los centros Francisco de Vitoria, Xabier Zubiri Manteo y Elorrieta-Erreka Mari, y el director de la Agencia Vasca de Turismo han suscrito el acuerdo con el fin de que el alumnado pueda completar la formaci\u00f3n y la adquisici\u00f3n de las competencias requeridas en el t\u00edtulo acad\u00e9mico.<\/div><div class=\"vc_empty_space\"   style=\"height: 20px\"><span class=\"vc_empty_space_inner\"><\/span><\/div><div class=\"vc_btn3-container  btn_background_news_mini vc_btn3-center vc_custom_1648212009051\"><a onmouseleave=\"this.style.borderColor='#82368c'; this.style.backgroundColor='transparent'; this.style.color='#82368c'\" onmouseenter=\"this.style.borderColor='#82368c'; this.style.backgroundColor='#82368c'; this.style.color='#ffffff';\" style=\"border-color:#82368c; color:#82368c;\" class=\"vc_general vc_btn3 vc_btn3-size-xs vc_btn3-shape-square vc_btn3-style-outline-custom\" a href=\"https:\/\/franciscodevitoria.eus\/eu\/basquetour-firma-un-convenio-con-los-tres-centros-publicos-de-fp-de-turismo-para-colaborar-en-la-formacion-del-alumnado\/\" class=\"vc_gitem-link vc_general vc_btn3 vc_general vc_btn3 vc_btn3-size-xs vc_btn3-shape-square vc_btn3-style-outline-custom btn_background_news_mini\" title=\"Gehiago irakurri\">Gehiago irakurri<\/a><\/div><\/div><\/div><\/div><\/div><\/div><div class=\"vc_clearfix\"><\/div><\/div><div class=\"vc_grid-item vc_clearfix vc_col-sm-4 vc_grid-item-zone-c-bottom\"><div class=\"vc_grid-item-mini vc_clearfix \"><div class=\"vc_gitem-animated-block\" ><div class=\"vc_gitem-zone vc_gitem-zone-a vc_custom_1643014993987 vc-gitem-zone-height-mode-auto vc-gitem-zone-height-mode-auto-16-9\" style=\"background-image: url('https:\/\/franciscodevitoria.eus\/wp-content\/uploads\/2022\/03\/avanza-5-FdV.jpg') !important;\"><img class=\"vc_gitem-zone-img\" src=\"https:\/\/franciscodevitoria.eus\/wp-content\/uploads\/2022\/03\/avanza-5-FdV.jpg\" alt=\"Arabako Lanbide Heziketaren azoka\" loading=\"lazy\"><div class=\"vc_gitem-zone-mini\"><div class=\"vc_gitem_row vc_row vc_gitem-row-position-top\"><div class=\"vc_col-sm-12 vc_gitem-col vc_gitem-col-align- vc_custom_1643016875389\"><div field_61ea9bbf8a9fb class=\"vc_gitem-acf videoWrapper vc_gitem-align-justify field_61ea9bbf8a9fb\"><\/div><\/div><\/div><\/div><\/div><\/div><div class=\"vc_gitem-zone vc_gitem-zone-c vc_custom_1643015000822\"><div class=\"vc_gitem-zone-mini\"><div class=\"vc_gitem_row vc_row vc_gitem-row-position-top\"><div class=\"vc_col-sm-12 vc_gitem-col vc_gitem-col-align- vc_custom_1643015126761\"><div class=\"vc_custom_heading vc_gitem-post-data vc_gitem-post-data-source-post_title\" ><h3 style=\"font-size: 22px;color: #000000;line-height: 24px;text-align: left;font-family:Exo;font-weight:500;font-style:normal\" ><a href=\"https:\/\/franciscodevitoria.eus\/eu\/arabako-lanbide-heziketaren-azoka\/\" class=\"vc_gitem-link\" title=\"Arabako Lanbide Heziketaren azoka\">Arabako Lanbide Heziketaren azoka<\/a><\/h3><\/div><div class=\"vc_custom_heading vc_custom_1643014169565 vc_gitem-post-data vc_gitem-post-data-source-post_date\" ><div style=\"font-size: 18px;color: #82368c;line-height: 1.1;text-align: left;font-family:Roboto Condensed;font-weight:700;font-style:normal\" >2022\/03\/24<\/div><\/div><div class=\"vc_separator wpb_content_element vc_separator_align_center vc_sep_width_30 vc_sep_border_width_3 vc_sep_pos_align_left vc_separator_no_text wpb_content_element  wpb_content_element\" ><span class=\"vc_sep_holder vc_sep_holder_l\"><span style=\"border-color:#5b9c28;\" class=\"vc_sep_line\"><\/span><\/span><span class=\"vc_sep_holder vc_sep_holder_r\"><span style=\"border-color:#5b9c28;\" class=\"vc_sep_line\"><\/span><\/span>\n<\/div><div class=\"vc_gitem-post-meta-field-resumen resumen_size_mini vc_gitem-align-justify\">2022ko martxoak 30 eta 31ean Arabako Lanbide Heziketaren azokan egongo gara.<\/div><div class=\"vc_empty_space\"   style=\"height: 20px\"><span class=\"vc_empty_space_inner\"><\/span><\/div><div class=\"vc_btn3-container  btn_background_news_mini vc_btn3-center vc_custom_1648212009051\"><a onmouseleave=\"this.style.borderColor='#82368c'; this.style.backgroundColor='transparent'; this.style.color='#82368c'\" onmouseenter=\"this.style.borderColor='#82368c'; this.style.backgroundColor='#82368c'; this.style.color='#ffffff';\" style=\"border-color:#82368c; color:#82368c;\" class=\"vc_general vc_btn3 vc_btn3-size-xs vc_btn3-shape-square vc_btn3-style-outline-custom\" a href=\"https:\/\/franciscodevitoria.eus\/eu\/arabako-lanbide-heziketaren-azoka\/\" class=\"vc_gitem-link vc_general vc_btn3 vc_general vc_btn3 vc_btn3-size-xs vc_btn3-shape-square vc_btn3-style-outline-custom btn_background_news_mini\" title=\"Gehiago irakurri\">Gehiago irakurri<\/a><\/div><\/div><\/div><\/div><\/div><\/div><div class=\"vc_clearfix\"><\/div><\/div><div class=\"vc_grid-item vc_clearfix vc_col-sm-4 vc_grid-item-zone-c-bottom\"><div class=\"vc_grid-item-mini vc_clearfix \"><div class=\"vc_gitem-animated-block\" ><div class=\"vc_gitem-zone vc_gitem-zone-a vc_custom_1643014993987 vc-gitem-zone-height-mode-auto vc-gitem-zone-height-mode-auto-16-9\" style=\"background-image: url('https:\/\/franciscodevitoria.eus\/wp-content\/uploads\/2022\/03\/korrika-irudia.jpg') !important;\"><img class=\"vc_gitem-zone-img\" src=\"https:\/\/franciscodevitoria.eus\/wp-content\/uploads\/2022\/03\/korrika-irudia.jpg\" alt=\"Badator Korrika!!!\" loading=\"lazy\"><div class=\"vc_gitem-zone-mini\"><div class=\"vc_gitem_row vc_row vc_gitem-row-position-top\"><div class=\"vc_col-sm-12 vc_gitem-col vc_gitem-col-align- vc_custom_1643016875389\"><div field_61ea9bbf8a9fb class=\"vc_gitem-acf videoWrapper vc_gitem-align-justify field_61ea9bbf8a9fb\"><\/div><\/div><\/div><\/div><\/div><\/div><div class=\"vc_gitem-zone vc_gitem-zone-c vc_custom_1643015000822\"><div class=\"vc_gitem-zone-mini\"><div class=\"vc_gitem_row vc_row vc_gitem-row-position-top\"><div class=\"vc_col-sm-12 vc_gitem-col vc_gitem-col-align- vc_custom_1643015126761\"><div class=\"vc_custom_heading vc_gitem-post-data vc_gitem-post-data-source-post_title\" ><h3 style=\"font-size: 22px;color: #000000;line-height: 24px;text-align: left;font-family:Exo;font-weight:500;font-style:normal\" ><a href=\"https:\/\/franciscodevitoria.eus\/eu\/badator-korrika\/\" class=\"vc_gitem-link\" title=\"Badator Korrika!!!\">Badator Korrika!!!<\/a><\/h3><\/div><div class=\"vc_custom_heading vc_custom_1643014169565 vc_gitem-post-data vc_gitem-post-data-source-post_date\" ><div style=\"font-size: 18px;color: #82368c;line-height: 1.1;text-align: left;font-family:Roboto Condensed;font-weight:700;font-style:normal\" >2022\/03\/23<\/div><\/div><div class=\"vc_separator wpb_content_element vc_separator_align_center vc_sep_width_30 vc_sep_border_width_3 vc_sep_pos_align_left vc_separator_no_text wpb_content_element  wpb_content_element\" ><span class=\"vc_sep_holder vc_sep_holder_l\"><span style=\"border-color:#5b9c28;\" class=\"vc_sep_line\"><\/span><\/span><span class=\"vc_sep_holder vc_sep_holder_r\"><span style=\"border-color:#5b9c28;\" class=\"vc_sep_line\"><\/span><\/span>\n<\/div><div class=\"vc_gitem-post-meta-field-resumen resumen_size_mini vc_gitem-align-justify\">Hori dela eta, gurekin euskararen alde KORRIKA egitera gonbidatu nahi zaitugu. <\/div><div class=\"vc_empty_space\"   style=\"height: 20px\"><span class=\"vc_empty_space_inner\"><\/span><\/div><div class=\"vc_btn3-container  btn_background_news_mini vc_btn3-center vc_custom_1648212009051\"><a onmouseleave=\"this.style.borderColor='#82368c'; this.style.backgroundColor='transparent'; this.style.color='#82368c'\" onmouseenter=\"this.style.borderColor='#82368c'; this.style.backgroundColor='#82368c'; this.style.color='#ffffff';\" style=\"border-color:#82368c; color:#82368c;\" class=\"vc_general vc_btn3 vc_btn3-size-xs vc_btn3-shape-square vc_btn3-style-outline-custom\" a href=\"https:\/\/franciscodevitoria.eus\/eu\/badator-korrika\/\" class=\"vc_gitem-link vc_general vc_btn3 vc_general vc_btn3 vc_btn3-size-xs vc_btn3-shape-square vc_btn3-style-outline-custom btn_background_news_mini\" title=\"Gehiago irakurri\">Gehiago irakurri<\/a><\/div><\/div><\/div><\/div><\/div><\/div><div class=\"vc_clearfix\"><\/div><\/div><div class=\"vc_grid-item vc_clearfix vc_col-sm-4 vc_grid-item-zone-c-bottom\"><div class=\"vc_grid-item-mini vc_clearfix \"><div class=\"vc_gitem-animated-block\" ><div class=\"vc_gitem-zone vc_gitem-zone-a vc_custom_1643014993987 vc-gitem-zone-height-mode-auto vc-gitem-zone-height-mode-auto-16-9\" style=\"background-image: url('https:\/\/franciscodevitoria.eus\/wp-content\/uploads\/2022\/03\/pitu_noticia.jpg') !important;\"><img class=\"vc_gitem-zone-img\" src=\"https:\/\/franciscodevitoria.eus\/wp-content\/uploads\/2022\/03\/pitu_noticia.jpg\" alt=\"Pitu visita\" loading=\"lazy\"><div class=\"vc_gitem-zone-mini\"><div class=\"vc_gitem_row vc_row vc_gitem-row-position-top\"><div class=\"vc_col-sm-12 vc_gitem-col vc_gitem-col-align- vc_custom_1643016875389\"><div field_61ea9bbf8a9fb class=\"vc_gitem-acf videoWrapper vc_gitem-align-justify field_61ea9bbf8a9fb\"><\/div><\/div><\/div><\/div><\/div><\/div><div class=\"vc_gitem-zone vc_gitem-zone-c vc_custom_1643015000822\"><div class=\"vc_gitem-zone-mini\"><div class=\"vc_gitem_row vc_row vc_gitem-row-position-top\"><div class=\"vc_col-sm-12 vc_gitem-col vc_gitem-col-align- vc_custom_1643015126761\"><div class=\"vc_custom_heading vc_gitem-post-data vc_gitem-post-data-source-post_title\" ><h3 style=\"font-size: 22px;color: #000000;line-height: 24px;text-align: left;font-family:Exo;font-weight:500;font-style:normal\" ><a href=\"https:\/\/franciscodevitoria.eus\/eu\/pitu-abenturazale-gazteiztarrak-bizitatzen-gaitu\/\" class=\"vc_gitem-link\" title=\"Pitu, abenturazale gasteiztarrak bizitatzen gaitu\">Pitu, abenturazale gasteiztarrak bizitatzen gaitu<\/a><\/h3><\/div><div class=\"vc_custom_heading vc_custom_1643014169565 vc_gitem-post-data vc_gitem-post-data-source-post_date\" ><div style=\"font-size: 18px;color: #82368c;line-height: 1.1;text-align: left;font-family:Roboto Condensed;font-weight:700;font-style:normal\" >2022\/03\/22<\/div><\/div><div class=\"vc_separator wpb_content_element vc_separator_align_center vc_sep_width_30 vc_sep_border_width_3 vc_sep_pos_align_left vc_separator_no_text wpb_content_element  wpb_content_element\" ><span class=\"vc_sep_holder vc_sep_holder_l\"><span style=\"border-color:#5b9c28;\" class=\"vc_sep_line\"><\/span><\/span><span class=\"vc_sep_holder vc_sep_holder_r\"><span style=\"border-color:#5b9c28;\" class=\"vc_sep_line\"><\/span><\/span>\n<\/div><div class=\"vc_gitem-post-meta-field-resumen resumen_size_mini vc_gitem-align-justify\">Martxoaren 29an, asteartea, bere bizipenei buruzko hitzaldi interesgarria emango die DBHko 4. mailako ikasleei.<\/div><div class=\"vc_empty_space\"   style=\"height: 20px\"><span class=\"vc_empty_space_inner\"><\/span><\/div><div class=\"vc_btn3-container  btn_background_news_mini vc_btn3-center vc_custom_1648212009051\"><a onmouseleave=\"this.style.borderColor='#82368c'; this.style.backgroundColor='transparent'; this.style.color='#82368c'\" onmouseenter=\"this.style.borderColor='#82368c'; this.style.backgroundColor='#82368c'; this.style.color='#ffffff';\" style=\"border-color:#82368c; color:#82368c;\" class=\"vc_general vc_btn3 vc_btn3-size-xs vc_btn3-shape-square vc_btn3-style-outline-custom\" a href=\"https:\/\/franciscodevitoria.eus\/eu\/pitu-abenturazale-gazteiztarrak-bizitatzen-gaitu\/\" class=\"vc_gitem-link vc_general vc_btn3 vc_general vc_btn3 vc_btn3-size-xs vc_btn3-shape-square vc_btn3-style-outline-custom btn_background_news_mini\" title=\"Gehiago irakurri\">Gehiago irakurri<\/a><\/div><\/div><\/div><\/div><\/div><\/div><div class=\"vc_clearfix\"><\/div><\/div><\/div><\/div>\n\t<\/div>\n<\/div><\/div><\/div><\/div><\/div><div class=\"vc_row wpb_row vc_row-fluid wpex-vc-full-width-row wpex-vc-full-width-row--centered wpex-relative\"><div class=\"wpb_column vc_column_container vc_col-sm-12\"><div class=\"vc_column-inner\"><div class=\"wpb_wrapper\"><div class=\"vcex-spacing wpex-w-100 wpex-clear\" style=\"height:1px;\"><\/div><\/div><\/div><\/div><\/div>\n<\/div>","protected":false},"excerpt":{"rendered":"Azken Albisteak Startinnova 2025-2026 edizioan +18 urteko kategoriako 5 finalisten artean IES Francisco de Vitoriako 4 talde egon dira2026\/03\/16 Martxoaren 12an ospatu zen sari banaketan Komunikazio Bitartekotzako bigarren mailako ikasleak izan ziren garaile. Martina, Nerea, Anne, Aitzol eta Sarak osatutako InkluNet taldea. Gehiago irakurri Institutura bisita2026\/02\/13 Institutuaren eraginkortasun energetikoa hobetzeko lanak amaitu ondoren, otsailaren 12an,&hellip;","protected":false},"author":1,"featured_media":0,"parent":0,"menu_order":0,"comment_status":"closed","ping_status":"closed","template":"","meta":{"_acf_changed":false,"footnotes":""},"class_list":["post-7075","page","type-page","status-publish","hentry","entry","no-media"],"acf":[],"yoast_head":"<!-- This site is optimized with the Yoast SEO plugin v27.4 - https:\/\/yoast.com\/product\/yoast-seo-wordpress\/ -->\n<title>Albisteak - IES Francisco de Vitoria BHI<\/title>\n<meta name=\"robots\" content=\"index, follow, max-snippet:-1, max-image-preview:large, max-video-preview:-1\" \/>\n<link rel=\"canonical\" href=\"https:\/\/franciscodevitoria.eus\/eu\/noticias\/\" \/>\n<meta property=\"og:locale\" content=\"eu_ES\" \/>\n<meta property=\"og:type\" content=\"article\" \/>\n<meta property=\"og:title\" content=\"Albisteak - IES Francisco de Vitoria BHI\" \/>\n<meta property=\"og:url\" content=\"https:\/\/franciscodevitoria.eus\/eu\/noticias\/\" \/>\n<meta property=\"og:site_name\" content=\"IES Francisco de Vitoria BHI\" \/>\n<meta property=\"article:publisher\" content=\"https:\/\/www.facebook.com\/IES-Francisco-de-Vitoria-BHI-189128608245045\/\" \/>\n<meta property=\"article:modified_time\" content=\"2026-04-27T07:52:16+00:00\" \/>\n<meta property=\"og:image\" content=\"https:\/\/franciscodevitoria.eus\/wp-content\/uploads\/2024\/08\/yoast_por_defecto.jpg\" \/>\n\t<meta property=\"og:image:width\" content=\"1200\" \/>\n\t<meta property=\"og:image:height\" content=\"675\" \/>\n\t<meta property=\"og:image:type\" content=\"image\/jpeg\" \/>\n<meta name=\"twitter:card\" content=\"summary_large_image\" \/>\n<meta name=\"twitter:site\" content=\"@IES_FDV_BHI\" \/>\n<meta name=\"twitter:label1\" content=\"Est. reading time\" \/>\n\t<meta name=\"twitter:data1\" content=\"1 minute\" \/>\n<script type=\"application\/ld+json\" class=\"yoast-schema-graph\">{\"@context\":\"https:\\\/\\\/schema.org\",\"@graph\":[{\"@type\":\"WebPage\",\"@id\":\"https:\\\/\\\/franciscodevitoria.eus\\\/eu\\\/noticias\\\/\",\"url\":\"https:\\\/\\\/franciscodevitoria.eus\\\/eu\\\/noticias\\\/\",\"name\":\"Albisteak - IES Francisco de Vitoria BHI\",\"isPartOf\":{\"@id\":\"https:\\\/\\\/franciscodevitoria.eus\\\/#website\"},\"datePublished\":\"2022-02-02T17:00:44+00:00\",\"dateModified\":\"2026-04-27T07:52:16+00:00\",\"breadcrumb\":{\"@id\":\"https:\\\/\\\/franciscodevitoria.eus\\\/eu\\\/noticias\\\/#breadcrumb\"},\"inLanguage\":\"eu-ES\",\"potentialAction\":[{\"@type\":\"ReadAction\",\"target\":[\"https:\\\/\\\/franciscodevitoria.eus\\\/eu\\\/noticias\\\/\"]}]},{\"@type\":\"BreadcrumbList\",\"@id\":\"https:\\\/\\\/franciscodevitoria.eus\\\/eu\\\/noticias\\\/#breadcrumb\",\"itemListElement\":[{\"@type\":\"ListItem\",\"position\":1,\"name\":\"Portada\",\"item\":\"https:\\\/\\\/franciscodevitoria.eus\\\/eu\\\/\"},{\"@type\":\"ListItem\",\"position\":2,\"name\":\"Albisteak\"}]},{\"@type\":\"WebSite\",\"@id\":\"https:\\\/\\\/franciscodevitoria.eus\\\/#website\",\"url\":\"https:\\\/\\\/franciscodevitoria.eus\\\/\",\"name\":\"IES Francisco de Vitoria BHI\",\"description\":\"Instituto de Ense\u00f1anza Secundaria - Francisco de Vitoria en Vitoria-Gasteiz (Araba)\",\"publisher\":{\"@id\":\"https:\\\/\\\/franciscodevitoria.eus\\\/#organization\"},\"alternateName\":\"IES Francisco de Vitoria BHI\",\"potentialAction\":[{\"@type\":\"SearchAction\",\"target\":{\"@type\":\"EntryPoint\",\"urlTemplate\":\"https:\\\/\\\/franciscodevitoria.eus\\\/?s={search_term_string}\"},\"query-input\":{\"@type\":\"PropertyValueSpecification\",\"valueRequired\":true,\"valueName\":\"search_term_string\"}}],\"inLanguage\":\"eu-ES\"},{\"@type\":\"Organization\",\"@id\":\"https:\\\/\\\/franciscodevitoria.eus\\\/#organization\",\"name\":\"IES Francisco de Vitoria BHI\",\"url\":\"https:\\\/\\\/franciscodevitoria.eus\\\/\",\"logo\":{\"@type\":\"ImageObject\",\"inLanguage\":\"eu-ES\",\"@id\":\"https:\\\/\\\/franciscodevitoria.eus\\\/#\\\/schema\\\/logo\\\/image\\\/\",\"url\":\"https:\\\/\\\/franciscodevitoria.eus\\\/wp-content\\\/uploads\\\/2022\\\/04\\\/logo_francisco_vitoria_mail.png\",\"contentUrl\":\"https:\\\/\\\/franciscodevitoria.eus\\\/wp-content\\\/uploads\\\/2022\\\/04\\\/logo_francisco_vitoria_mail.png\",\"width\":180,\"height\":78,\"caption\":\"IES Francisco de Vitoria BHI\"},\"image\":{\"@id\":\"https:\\\/\\\/franciscodevitoria.eus\\\/#\\\/schema\\\/logo\\\/image\\\/\"},\"sameAs\":[\"https:\\\/\\\/www.facebook.com\\\/IES-Francisco-de-Vitoria-BHI-189128608245045\\\/\",\"https:\\\/\\\/x.com\\\/IES_FDV_BHI\",\"https:\\\/\\\/www.instagram.com\\\/omij_fdv\\\/\",\"https:\\\/\\\/www.youtube.com\\\/@FDVStreaming\\\/streams\"]}]}<\/script>\n<!-- \/ Yoast SEO plugin. -->","yoast_head_json":{"title":"Albisteak - IES Francisco de Vitoria BHI","robots":{"index":"index","follow":"follow","max-snippet":"max-snippet:-1","max-image-preview":"max-image-preview:large","max-video-preview":"max-video-preview:-1"},"canonical":"https:\/\/franciscodevitoria.eus\/eu\/noticias\/","og_locale":"eu_ES","og_type":"article","og_title":"Albisteak - IES Francisco de Vitoria BHI","og_url":"https:\/\/franciscodevitoria.eus\/eu\/noticias\/","og_site_name":"IES Francisco de Vitoria BHI","article_publisher":"https:\/\/www.facebook.com\/IES-Francisco-de-Vitoria-BHI-189128608245045\/","article_modified_time":"2026-04-27T07:52:16+00:00","og_image":[{"width":1200,"height":675,"url":"https:\/\/franciscodevitoria.eus\/wp-content\/uploads\/2024\/08\/yoast_por_defecto.jpg","type":"image\/jpeg"}],"twitter_card":"summary_large_image","twitter_site":"@IES_FDV_BHI","twitter_misc":{"Est. reading time":"1 minute"},"schema":{"@context":"https:\/\/schema.org","@graph":[{"@type":"WebPage","@id":"https:\/\/franciscodevitoria.eus\/eu\/noticias\/","url":"https:\/\/franciscodevitoria.eus\/eu\/noticias\/","name":"Albisteak - IES Francisco de Vitoria BHI","isPartOf":{"@id":"https:\/\/franciscodevitoria.eus\/#website"},"datePublished":"2022-02-02T17:00:44+00:00","dateModified":"2026-04-27T07:52:16+00:00","breadcrumb":{"@id":"https:\/\/franciscodevitoria.eus\/eu\/noticias\/#breadcrumb"},"inLanguage":"eu-ES","potentialAction":[{"@type":"ReadAction","target":["https:\/\/franciscodevitoria.eus\/eu\/noticias\/"]}]},{"@type":"BreadcrumbList","@id":"https:\/\/franciscodevitoria.eus\/eu\/noticias\/#breadcrumb","itemListElement":[{"@type":"ListItem","position":1,"name":"Portada","item":"https:\/\/franciscodevitoria.eus\/eu\/"},{"@type":"ListItem","position":2,"name":"Albisteak"}]},{"@type":"WebSite","@id":"https:\/\/franciscodevitoria.eus\/#website","url":"https:\/\/franciscodevitoria.eus\/","name":"IES Francisco de Vitoria BHI","description":"Instituto de Ense\u00f1anza Secundaria - Francisco de Vitoria en Vitoria-Gasteiz (Araba)","publisher":{"@id":"https:\/\/franciscodevitoria.eus\/#organization"},"alternateName":"IES Francisco de Vitoria BHI","potentialAction":[{"@type":"SearchAction","target":{"@type":"EntryPoint","urlTemplate":"https:\/\/franciscodevitoria.eus\/?s={search_term_string}"},"query-input":{"@type":"PropertyValueSpecification","valueRequired":true,"valueName":"search_term_string"}}],"inLanguage":"eu-ES"},{"@type":"Organization","@id":"https:\/\/franciscodevitoria.eus\/#organization","name":"IES Francisco de Vitoria BHI","url":"https:\/\/franciscodevitoria.eus\/","logo":{"@type":"ImageObject","inLanguage":"eu-ES","@id":"https:\/\/franciscodevitoria.eus\/#\/schema\/logo\/image\/","url":"https:\/\/franciscodevitoria.eus\/wp-content\/uploads\/2022\/04\/logo_francisco_vitoria_mail.png","contentUrl":"https:\/\/franciscodevitoria.eus\/wp-content\/uploads\/2022\/04\/logo_francisco_vitoria_mail.png","width":180,"height":78,"caption":"IES Francisco de Vitoria BHI"},"image":{"@id":"https:\/\/franciscodevitoria.eus\/#\/schema\/logo\/image\/"},"sameAs":["https:\/\/www.facebook.com\/IES-Francisco-de-Vitoria-BHI-189128608245045\/","https:\/\/x.com\/IES_FDV_BHI","https:\/\/www.instagram.com\/omij_fdv\/","https:\/\/www.youtube.com\/@FDVStreaming\/streams"]}]}},"_links":{"self":[{"href":"https:\/\/franciscodevitoria.eus\/eu\/wp-json\/wp\/v2\/pages\/7075","targetHints":{"allow":["GET"]}}],"collection":[{"href":"https:\/\/franciscodevitoria.eus\/eu\/wp-json\/wp\/v2\/pages"}],"about":[{"href":"https:\/\/franciscodevitoria.eus\/eu\/wp-json\/wp\/v2\/types\/page"}],"author":[{"embeddable":true,"href":"https:\/\/franciscodevitoria.eus\/eu\/wp-json\/wp\/v2\/users\/1"}],"replies":[{"embeddable":true,"href":"https:\/\/franciscodevitoria.eus\/eu\/wp-json\/wp\/v2\/comments?post=7075"}],"version-history":[{"count":29,"href":"https:\/\/franciscodevitoria.eus\/eu\/wp-json\/wp\/v2\/pages\/7075\/revisions"}],"predecessor-version":[{"id":14751,"href":"https:\/\/franciscodevitoria.eus\/eu\/wp-json\/wp\/v2\/pages\/7075\/revisions\/14751"}],"wp:attachment":[{"href":"https:\/\/franciscodevitoria.eus\/eu\/wp-json\/wp\/v2\/media?parent=7075"}],"curies":[{"name":"wp","href":"https:\/\/api.w.org\/{rel}","templated":true}]}}